{"id":6974,"date":"2021-03-26T20:07:08","date_gmt":"2021-03-26T19:07:08","guid":{"rendered":"https:\/\/www.covb.cat\/formacio\/curs-en-linia-sobre-lus-prudent-dantibiotics\/"},"modified":"2021-03-26T20:07:59","modified_gmt":"2021-03-26T19:07:59","slug":"curs-en-linia-sobre-lus-prudent-dantibiotics","status":"publish","type":"tribe_events","link":"https:\/\/www.covb.cat\/es\/formacio\/curs-en-linia-sobre-lus-prudent-dantibiotics\/","title":{"rendered":"Curs en l\u00ednia sobre l\u2019\u00fas prudent d\u2019antibi\u00f2tics"},"content":{"rendered":"<p>El Consejo de Colegios Veterinarios de Catalu\u00f1a pone en marcha durante el mes de abril un curso de formaci\u00f3n en l\u00ednea sobre el uso prudente de antibi\u00f3ticos especialmente en el \u00e1mbito de la producci\u00f3n. El curso se estructura en tres sesiones y una mesa redonda y tiene como objetivo reducir las resistencias a los antimicrobianos.<\/p>\n<ul>\n<li>Sesi\u00f3n 1, 8 de abril de 17h-18: 30h: Plan Nacional Resistencia Antibi\u00f3ticos 2.019-2.021. Ponencia a cargo de Cristina Mu\u00f1oz.<\/li>\n<li>Sesi\u00f3n 2, 15 de abril de 17h- 18: 30h: El marco normativo del medicamento veterinario. Ponencia a cargo de Mili Vueltas.<\/li>\n<li>Sesi\u00f3n 3, 22 de abril de 17h-18: 30h: Selecci\u00f3n adecuada de antimicrobianos, donde estamos en porcino y c\u00f3mo podemos avanzar en otras especies. Ponencia a cargo de Lorenzo Fraile.<\/li>\n<li>Mesa Redonda, 29 de abril de 17h -18: 30h: Os prudente de antibi\u00f3ticos. Con la participaci\u00f3n de los ponentes y moderada por Ricard Par\u00e9s.<\/li>\n<\/ul>\n<p>El curso es gratuito para todos los veterinarios colegiados. Si desea asistir s\u00f3lo hay que inscribirse a trav\u00e9s del correo electr\u00f3nico: <a href=\"mailto:covb@covb.cat\">covb@covb.cat<\/a>.<\/p>\n<p><a href=\"https:\/\/mcusercontent.com\/c131463000c5688473b8b34ba\/files\/26e70dcb-2d61-49c3-a9e5-f82adc347aa9\/Curs_u_s_Prudent_Antibio_tics.pdf\" data-saferedirecturl=\"https:\/\/www.google.com\/url?q=https:\/\/mcusercontent.com\/c131463000c5688473b8b34ba\/files\/26e70dcb-2d61-49c3-a9e5-f82adc347aa9\/Curs_u_s_Prudent_Antibio_tics.pdf&amp;source=gmail&amp;ust=1616870785105000&amp;usg=AFQjCNEEu7XV_pSiNfKqtYfJdcIZCPkisw\"><strong>M\u00e9s informaci\u00f3<\/strong><\/a><\/p>\n<p>&nbsp;<\/p>\n","protected":false},"excerpt":{"rendered":"<p>El Consejo de Colegios Veterinarios de Catalu\u00f1a pone en marcha durante el mes de abril un curso de formaci\u00f3n en l\u00ednea sobre el uso prudente de antibi\u00f3ticos especialmente en el \u00e1mbito de la producci\u00f3n. El curso se estructura en tres sesiones y una mesa redonda y tiene como objetivo reducir las resistencias a los antimicrobianos. [&hellip;]<\/p>\n","protected":false},"author":106,"featured_media":6971,"template":"","meta":{"_monsterinsights_skip_tracking":false,"_monsterinsights_sitenote_active":false,"_monsterinsights_sitenote_note":"","_monsterinsights_sitenote_category":0,"footnotes":""},"tags":[],"tribe_events_cat":[100],"class_list":["post-6974","tribe_events","type-tribe_events","status-publish","has-post-thumbnail","hentry","tribe_events_cat-pequenos-animales","cat_pequenos-animales"],"yoast_head":"<!-- This site is optimized with the Yoast SEO plugin v27.0 - https:\/\/yoast.com\/product\/yoast-seo-wordpress\/ -->\n<title>Curs en l\u00ednia sobre l\u2019\u00fas prudent d\u2019antibi\u00f2tics - COVB - Col\u00b7legi Oficial de Veterinaris de Barcelona<\/title>\n<meta name=\"description\" content=\"El Consejo de Colegios Veterinarios de Catalu\u00f1a pone en marcha durante el mes de abril un curso de formaci\u00f3n en l\u00ednea sobre el uso prudente de\" \/>\n<meta name=\"robots\" content=\"index, follow, max-snippet:-1, max-image-preview:large, max-video-preview:-1\" \/>\n<link rel=\"canonical\" href=\"https:\/\/www.covb.cat\/es\/formacio\/curs-en-linia-sobre-lus-prudent-dantibiotics\/\" \/>\n<meta property=\"og:locale\" content=\"es_ES\" \/>\n<meta property=\"og:type\" content=\"article\" \/>\n<meta property=\"og:title\" content=\"Curs en l\u00ednia sobre l\u2019\u00fas prudent d\u2019antibi\u00f2tics - COVB - Col\u00b7legi Oficial de Veterinaris de Barcelona\" \/>\n<meta property=\"og:description\" content=\"El Consejo de Colegios Veterinarios de Catalu\u00f1a pone en marcha durante el mes de abril un curso de formaci\u00f3n en l\u00ednea sobre el uso prudente de\" \/>\n<meta property=\"og:url\" content=\"https:\/\/www.covb.cat\/es\/formacio\/curs-en-linia-sobre-lus-prudent-dantibiotics\/\" \/>\n<meta property=\"og:site_name\" content=\"COVB\" \/>\n<meta property=\"article:publisher\" content=\"https:\/\/www.facebook.com\/COVBcat\/\" \/>\n<meta property=\"article:modified_time\" content=\"2021-03-26T19:07:59+00:00\" \/>\n<meta property=\"og:image\" content=\"https:\/\/www.covb.cat\/wp-content\/uploads\/2021\/03\/bgantibiotics-1.jpg\" \/>\n\t<meta property=\"og:image:width\" content=\"600\" \/>\n\t<meta property=\"og:image:height\" content=\"247\" \/>\n\t<meta property=\"og:image:type\" content=\"image\/jpeg\" \/>\n<meta name=\"twitter:card\" content=\"summary_large_image\" \/>\n<meta name=\"twitter:site\" content=\"@COVBcat\" \/>\n<meta name=\"twitter:label1\" content=\"Tiempo de lectura\" \/>\n\t<meta name=\"twitter:data1\" content=\"1 minuto\" \/>\n<script type=\"application\/ld+json\" class=\"yoast-schema-graph\">{\"@context\":\"https:\/\/schema.org\",\"@graph\":[{\"@type\":\"WebPage\",\"@id\":\"https:\/\/www.covb.cat\/es\/formacio\/curs-en-linia-sobre-lus-prudent-dantibiotics\/\",\"url\":\"https:\/\/www.covb.cat\/es\/formacio\/curs-en-linia-sobre-lus-prudent-dantibiotics\/\",\"name\":\"Curs en l\u00ednia sobre l\u2019\u00fas prudent d\u2019antibi\u00f2tics - COVB - Col\u00b7legi Oficial de Veterinaris de Barcelona\",\"isPartOf\":{\"@id\":\"https:\/\/www.covb.cat\/es\/#website\"},\"primaryImageOfPage\":{\"@id\":\"https:\/\/www.covb.cat\/es\/formacio\/curs-en-linia-sobre-lus-prudent-dantibiotics\/#primaryimage\"},\"image\":{\"@id\":\"https:\/\/www.covb.cat\/es\/formacio\/curs-en-linia-sobre-lus-prudent-dantibiotics\/#primaryimage\"},\"thumbnailUrl\":\"https:\/\/www.covb.cat\/wp-content\/uploads\/2021\/03\/bgantibiotics-1.jpg\",\"datePublished\":\"2021-03-26T19:07:08+00:00\",\"dateModified\":\"2021-03-26T19:07:59+00:00\",\"description\":\"El Consejo de Colegios Veterinarios de Catalu\u00f1a pone en marcha durante el mes de abril un curso de formaci\u00f3n en l\u00ednea sobre el uso prudente de\",\"breadcrumb\":{\"@id\":\"https:\/\/www.covb.cat\/es\/formacio\/curs-en-linia-sobre-lus-prudent-dantibiotics\/#breadcrumb\"},\"inLanguage\":\"es\",\"potentialAction\":[{\"@type\":\"ReadAction\",\"target\":[\"https:\/\/www.covb.cat\/es\/formacio\/curs-en-linia-sobre-lus-prudent-dantibiotics\/\"]}]},{\"@type\":\"ImageObject\",\"inLanguage\":\"es\",\"@id\":\"https:\/\/www.covb.cat\/es\/formacio\/curs-en-linia-sobre-lus-prudent-dantibiotics\/#primaryimage\",\"url\":\"https:\/\/www.covb.cat\/wp-content\/uploads\/2021\/03\/bgantibiotics-1.jpg\",\"contentUrl\":\"https:\/\/www.covb.cat\/wp-content\/uploads\/2021\/03\/bgantibiotics-1.jpg\",\"width\":600,\"height\":247},{\"@type\":\"BreadcrumbList\",\"@id\":\"https:\/\/www.covb.cat\/es\/formacio\/curs-en-linia-sobre-lus-prudent-dantibiotics\/#breadcrumb\",\"itemListElement\":[{\"@type\":\"ListItem\",\"position\":1,\"name\":\"Inici\",\"item\":\"https:\/\/www.covb.cat\/es\/\"},{\"@type\":\"ListItem\",\"position\":2,\"name\":\"Esdeveniments\",\"item\":\"https:\/\/www.covb.cat\/formacions\/\"},{\"@type\":\"ListItem\",\"position\":3,\"name\":\"Curs en l\u00ednia sobre l\u2019\u00fas prudent d\u2019antibi\u00f2tics\"}]},{\"@type\":\"WebSite\",\"@id\":\"https:\/\/www.covb.cat\/es\/#website\",\"url\":\"https:\/\/www.covb.cat\/es\/\",\"name\":\"COVB\",\"description\":\"Col\u00b7legi Oficial de Veterinaris de Barcelona\",\"publisher\":{\"@id\":\"https:\/\/www.covb.cat\/es\/#organization\"},\"potentialAction\":[{\"@type\":\"SearchAction\",\"target\":{\"@type\":\"EntryPoint\",\"urlTemplate\":\"https:\/\/www.covb.cat\/es\/?s={search_term_string}\"},\"query-input\":{\"@type\":\"PropertyValueSpecification\",\"valueRequired\":true,\"valueName\":\"search_term_string\"}}],\"inLanguage\":\"es\"},{\"@type\":\"Organization\",\"@id\":\"https:\/\/www.covb.cat\/es\/#organization\",\"name\":\"COVB\",\"url\":\"https:\/\/www.covb.cat\/es\/\",\"logo\":{\"@type\":\"ImageObject\",\"inLanguage\":\"es\",\"@id\":\"https:\/\/www.covb.cat\/es\/#\/schema\/logo\/image\/\",\"url\":\"https:\/\/www.covb.cat\/wp-content\/uploads\/2018\/07\/favicon-covb.png\",\"contentUrl\":\"https:\/\/www.covb.cat\/wp-content\/uploads\/2018\/07\/favicon-covb.png\",\"width\":512,\"height\":512,\"caption\":\"COVB\"},\"image\":{\"@id\":\"https:\/\/www.covb.cat\/es\/#\/schema\/logo\/image\/\"},\"sameAs\":[\"https:\/\/www.facebook.com\/COVBcat\/\",\"https:\/\/x.com\/COVBcat\",\"https:\/\/www.youtube.com\/user\/covbcn\"]}]}<\/script>\n<!-- \/ Yoast SEO plugin. -->","yoast_head_json":{"title":"Curs en l\u00ednia sobre l\u2019\u00fas prudent d\u2019antibi\u00f2tics - COVB - Col\u00b7legi Oficial de Veterinaris de Barcelona","description":"El Consejo de Colegios Veterinarios de Catalu\u00f1a pone en marcha durante el mes de abril un curso de formaci\u00f3n en l\u00ednea sobre el uso prudente de","robots":{"index":"index","follow":"follow","max-snippet":"max-snippet:-1","max-image-preview":"max-image-preview:large","max-video-preview":"max-video-preview:-1"},"canonical":"https:\/\/www.covb.cat\/es\/formacio\/curs-en-linia-sobre-lus-prudent-dantibiotics\/","og_locale":"es_ES","og_type":"article","og_title":"Curs en l\u00ednia sobre l\u2019\u00fas prudent d\u2019antibi\u00f2tics - COVB - Col\u00b7legi Oficial de Veterinaris de Barcelona","og_description":"El Consejo de Colegios Veterinarios de Catalu\u00f1a pone en marcha durante el mes de abril un curso de formaci\u00f3n en l\u00ednea sobre el uso prudente de","og_url":"https:\/\/www.covb.cat\/es\/formacio\/curs-en-linia-sobre-lus-prudent-dantibiotics\/","og_site_name":"COVB","article_publisher":"https:\/\/www.facebook.com\/COVBcat\/","article_modified_time":"2021-03-26T19:07:59+00:00","og_image":[{"width":600,"height":247,"url":"https:\/\/www.covb.cat\/wp-content\/uploads\/2021\/03\/bgantibiotics-1.jpg","type":"image\/jpeg"}],"twitter_card":"summary_large_image","twitter_site":"@COVBcat","twitter_misc":{"Tiempo de lectura":"1 minuto"},"schema":{"@context":"https:\/\/schema.org","@graph":[{"@type":"WebPage","@id":"https:\/\/www.covb.cat\/es\/formacio\/curs-en-linia-sobre-lus-prudent-dantibiotics\/","url":"https:\/\/www.covb.cat\/es\/formacio\/curs-en-linia-sobre-lus-prudent-dantibiotics\/","name":"Curs en l\u00ednia sobre l\u2019\u00fas prudent d\u2019antibi\u00f2tics - COVB - Col\u00b7legi Oficial de Veterinaris de Barcelona","isPartOf":{"@id":"https:\/\/www.covb.cat\/es\/#website"},"primaryImageOfPage":{"@id":"https:\/\/www.covb.cat\/es\/formacio\/curs-en-linia-sobre-lus-prudent-dantibiotics\/#primaryimage"},"image":{"@id":"https:\/\/www.covb.cat\/es\/formacio\/curs-en-linia-sobre-lus-prudent-dantibiotics\/#primaryimage"},"thumbnailUrl":"https:\/\/www.covb.cat\/wp-content\/uploads\/2021\/03\/bgantibiotics-1.jpg","datePublished":"2021-03-26T19:07:08+00:00","dateModified":"2021-03-26T19:07:59+00:00","description":"El Consejo de Colegios Veterinarios de Catalu\u00f1a pone en marcha durante el mes de abril un curso de formaci\u00f3n en l\u00ednea sobre el uso prudente de","breadcrumb":{"@id":"https:\/\/www.covb.cat\/es\/formacio\/curs-en-linia-sobre-lus-prudent-dantibiotics\/#breadcrumb"},"inLanguage":"es","potentialAction":[{"@type":"ReadAction","target":["https:\/\/www.covb.cat\/es\/formacio\/curs-en-linia-sobre-lus-prudent-dantibiotics\/"]}]},{"@type":"ImageObject","inLanguage":"es","@id":"https:\/\/www.covb.cat\/es\/formacio\/curs-en-linia-sobre-lus-prudent-dantibiotics\/#primaryimage","url":"https:\/\/www.covb.cat\/wp-content\/uploads\/2021\/03\/bgantibiotics-1.jpg","contentUrl":"https:\/\/www.covb.cat\/wp-content\/uploads\/2021\/03\/bgantibiotics-1.jpg","width":600,"height":247},{"@type":"BreadcrumbList","@id":"https:\/\/www.covb.cat\/es\/formacio\/curs-en-linia-sobre-lus-prudent-dantibiotics\/#breadcrumb","itemListElement":[{"@type":"ListItem","position":1,"name":"Inici","item":"https:\/\/www.covb.cat\/es\/"},{"@type":"ListItem","position":2,"name":"Esdeveniments","item":"https:\/\/www.covb.cat\/formacions\/"},{"@type":"ListItem","position":3,"name":"Curs en l\u00ednia sobre l\u2019\u00fas prudent d\u2019antibi\u00f2tics"}]},{"@type":"WebSite","@id":"https:\/\/www.covb.cat\/es\/#website","url":"https:\/\/www.covb.cat\/es\/","name":"COVB","description":"Col\u00b7legi Oficial de Veterinaris de Barcelona","publisher":{"@id":"https:\/\/www.covb.cat\/es\/#organization"},"potentialAction":[{"@type":"SearchAction","target":{"@type":"EntryPoint","urlTemplate":"https:\/\/www.covb.cat\/es\/?s={search_term_string}"},"query-input":{"@type":"PropertyValueSpecification","valueRequired":true,"valueName":"search_term_string"}}],"inLanguage":"es"},{"@type":"Organization","@id":"https:\/\/www.covb.cat\/es\/#organization","name":"COVB","url":"https:\/\/www.covb.cat\/es\/","logo":{"@type":"ImageObject","inLanguage":"es","@id":"https:\/\/www.covb.cat\/es\/#\/schema\/logo\/image\/","url":"https:\/\/www.covb.cat\/wp-content\/uploads\/2018\/07\/favicon-covb.png","contentUrl":"https:\/\/www.covb.cat\/wp-content\/uploads\/2018\/07\/favicon-covb.png","width":512,"height":512,"caption":"COVB"},"image":{"@id":"https:\/\/www.covb.cat\/es\/#\/schema\/logo\/image\/"},"sameAs":["https:\/\/www.facebook.com\/COVBcat\/","https:\/\/x.com\/COVBcat","https:\/\/www.youtube.com\/user\/covbcn"]}]}},"jetpack_sharing_enabled":true,"_links":{"self":[{"href":"https:\/\/www.covb.cat\/es\/wp-json\/wp\/v2\/tribe_events\/6974","targetHints":{"allow":["GET"]}}],"collection":[{"href":"https:\/\/www.covb.cat\/es\/wp-json\/wp\/v2\/tribe_events"}],"about":[{"href":"https:\/\/www.covb.cat\/es\/wp-json\/wp\/v2\/types\/tribe_events"}],"author":[{"embeddable":true,"href":"https:\/\/www.covb.cat\/es\/wp-json\/wp\/v2\/users\/106"}],"version-history":[{"count":0,"href":"https:\/\/www.covb.cat\/es\/wp-json\/wp\/v2\/tribe_events\/6974\/revisions"}],"wp:featuredmedia":[{"embeddable":true,"href":"https:\/\/www.covb.cat\/es\/wp-json\/wp\/v2\/media\/6971"}],"wp:attachment":[{"href":"https:\/\/www.covb.cat\/es\/wp-json\/wp\/v2\/media?parent=6974"}],"wp:term":[{"taxonomy":"post_tag","embeddable":true,"href":"https:\/\/www.covb.cat\/es\/wp-json\/wp\/v2\/tags?post=6974"},{"taxonomy":"tribe_events_cat","embeddable":true,"href":"https:\/\/www.covb.cat\/es\/wp-json\/wp\/v2\/tribe_events_cat?post=6974"}],"curies":[{"name":"wp","href":"https:\/\/api.w.org\/{rel}","templated":true}]}}