{"id":69084,"date":"2026-04-20T10:18:08","date_gmt":"2026-04-20T08:18:08","guid":{"rendered":"https:\/\/www.covb.cat\/formacio\/diploma-despecialitzacio-en-la-salut-dels-professionals-de-la-salut-i-dels-dalta-transcendencia-social\/"},"modified":"2026-04-20T10:19:22","modified_gmt":"2026-04-20T08:19:22","slug":"diploma-de-especializacion-en-la-salud-de-los-profesionales-de-la-salud-y-de-los-de-alta-trascendencia-social","status":"publish","type":"tribe_events","link":"https:\/\/www.covb.cat\/es\/formacio\/diploma-de-especializacion-en-la-salud-de-los-profesionales-de-la-salud-y-de-los-de-alta-trascendencia-social\/","title":{"rendered":"Diploma de Especializaci\u00f3n en la salud de los profesionales de la salud y de los de alta trascendencia social"},"content":{"rendered":"<p>La C\u00e1tedra Galatea \u2013 Mutual M\u00e9dica impulsa una nueva edici\u00f3n del <strong>Diploma de Especializaci\u00f3n en la salud de los profesionales de la salud y de los de alta trascendencia social<\/strong>, una formaci\u00f3n acreditada por la Universitat Aut\u00f2noma de Barcelona y orientada a capacitar a profesionales para detectar riesgos, prevenir el malestar psicol\u00f3gico y promover entornos laborales saludables en organizaciones de elevada exigencia. Se trata de una propuesta especialmente relevante en un contexto en el que la salud mental de los profesionales se ha convertido en una cuesti\u00f3n estrat\u00e9gica para la calidad de los servicios esenciales y la sostenibilidad de los equipos.<\/p>\n<p>El diploma parte de un enfoque multidisciplinar y aplicado, con el objetivo de formar especialistas capaces de comprender los factores individuales, relacionales, organizativos y estructurales que influyen en el bienestar de los profesionales de la salud y de los colectivos de alta trascendencia social. El programa pone el foco en la prevenci\u00f3n, la promoci\u00f3n de la salud mental, el abordaje de los trastornos m\u00e1s frecuentes, el autocuidado profesional, el cuidado de los equipos y el liderazgo orientado al cambio organizativo.<\/p>\n<p>Entre los contenidos destacados, la formaci\u00f3n ofrece herramientas avanzadas de autocuidado profesional para favorecer la sostenibilidad emocional y prevenir el burnout, competencias para liderar y gestionar equipos en entornos complejos, y capacitaci\u00f3n para dise\u00f1ar, implementar y evaluar programas de prevenci\u00f3n, promoci\u00f3n y atenci\u00f3n en salud mental. La metodolog\u00eda combina estudio online as\u00edncrono, sesiones s\u00edncronas mensuales, casos pr\u00e1cticos, simulaciones y un trabajo final tutorizado orientado a transferir los aprendizajes al entorno profesional.<\/p>\n<p>Esta formaci\u00f3n est\u00e1 dirigida a profesionales de la salud y a profesionales de alta trascendencia social, as\u00ed como a responsables de equipos, mandos intermedios y perfiles de recursos humanos, salud laboral, prevenci\u00f3n de riesgos, gesti\u00f3n y direcci\u00f3n que quieran impulsar cambios sostenibles en entornos laborales de alta exigencia. En el claustro docente participan tambi\u00e9n perfiles vinculados al sector veterinario, como <strong>Jaume Fatj\u00f3 Rios<\/strong>, veterinario y profesor del Departamento de Psiquiatr\u00eda y Medicina Legal de la UAB, y <strong>Elena Garcia Callado<\/strong>, veterinaria en la C\u00e1tedra Fundaci\u00f3n Affinity Animales y Salud, Vet Bonds.<\/p>\n<p>\ud83d\udcc5 <strong>Fechas:<\/strong> Del 6 de octubre de 2026 al 25 de junio de 2027<br \/>\n\u23f3 <strong>Duraci\u00f3n:<\/strong> 750 horas<br \/>\n\ud83c\udf93 <strong>Acreditaci\u00f3n:<\/strong> 30 ECTS<br \/>\n\ud83d\udcbb <strong>Modalidad:<\/strong> Online<br \/>\n\ud83d\udde3\ufe0f <strong>Idioma:<\/strong> Catal\u00e1n o castellano<br \/>\n\ud83d\udccd <strong>Lugar:<\/strong> Campus virtual IFMiL<br \/>\n\ud83d\udc65 <strong>Plazas:<\/strong> 50<br \/>\n\ud83d\udcb0 <strong>Precio:<\/strong> 3.330 \u20ac (tasas universitarias no incluidas en el precio). <strong>Descuento:<\/strong> 5% para Alumni UAB<br \/>\n\ud83d\udce9 <strong>M\u00e1s informaci\u00f3n e inscripciones:<\/strong> en el PDF adjunto o en la <a href=\"https:\/\/www.ifmil.com\/ca\/curs\/122754\/diploma-despecialitzacio-en-la-salut-dels-professionals-de-la-salut-i-dels-professionals-dalta-transcendencia-social?utm_source=comb&amp;utm_medium=newscomb&amp;utm_campaign=noudiploma_2026&amp;utm_content=noticiacreacio&amp;utm_term=cat\">web de l\u2019IFMiL<\/a> .<\/p>\n<p>Desde el COVB os animamos a conocer esta propuesta formativa y a valorarla como una oportunidad para profundizar en salud mental, liderazgo y bienestar profesional en entornos de alta responsabilidad.<\/p>\n<p><a href=\"https:\/\/www.covb.cat\/wp-content\/uploads\/2026\/04\/Diploma-en-Salut-dels-Professionals-Sanitaris-i-PATS.pdf\" target=\"_blank\" rel=\"noopener\">Diploma en Salud de los Profesionales Sanitarios y PATS (PDF)<\/a><\/p>\n","protected":false},"excerpt":{"rendered":"<p>La C\u00e1tedra Galatea \u2013 Mutual M\u00e9dica impulsa una nueva edici\u00f3n del Diploma de Especializaci\u00f3n en la salud de los profesionales de la salud y de los de alta trascendencia social, una formaci\u00f3n acreditada por la Universitat Aut\u00f2noma de Barcelona y orientada a capacitar a profesionales para detectar riesgos, prevenir el malestar psicol\u00f3gico y promover entornos [&hellip;]<\/p>\n","protected":false},"author":2985,"featured_media":69081,"template":"","meta":{"_monsterinsights_skip_tracking":false,"_monsterinsights_sitenote_active":false,"_monsterinsights_sitenote_note":"","_monsterinsights_sitenote_category":0,"footnotes":""},"tags":[150],"tribe_events_cat":[291],"class_list":["post-69084","tribe_events","type-tribe_events","status-publish","has-post-thumbnail","hentry","tag-no_formulari-es","tribe_events_cat-habilidades-personales","cat_habilidades-personales"],"yoast_head":"<!-- This site is optimized with the Yoast SEO plugin v27.0 - https:\/\/yoast.com\/product\/yoast-seo-wordpress\/ -->\n<title>Diploma de Especializaci\u00f3n en la salud de los profesionales de la salud y de los de alta trascendencia social - COVB - Col\u00b7legi Oficial de Veterinaris de Barcelona<\/title>\n<meta name=\"description\" content=\"La C\u00e1tedra Galatea \u2013 Mutual M\u00e9dica impulsa una nueva edici\u00f3n del Diploma de Especializaci\u00f3n en la salud de los profesionales de la salud y de los de alta\" \/>\n<meta name=\"robots\" content=\"index, follow, max-snippet:-1, max-image-preview:large, max-video-preview:-1\" \/>\n<link rel=\"canonical\" href=\"https:\/\/www.covb.cat\/es\/formacio\/diploma-de-especializacion-en-la-salud-de-los-profesionales-de-la-salud-y-de-los-de-alta-trascendencia-social\/\" \/>\n<meta property=\"og:locale\" content=\"es_ES\" \/>\n<meta property=\"og:type\" content=\"article\" \/>\n<meta property=\"og:title\" content=\"Diploma de Especializaci\u00f3n en la salud de los profesionales de la salud y de los de alta trascendencia social - COVB - Col\u00b7legi Oficial de Veterinaris de Barcelona\" \/>\n<meta property=\"og:description\" content=\"La C\u00e1tedra Galatea \u2013 Mutual M\u00e9dica impulsa una nueva edici\u00f3n del Diploma de Especializaci\u00f3n en la salud de los profesionales de la salud y de los de alta\" \/>\n<meta property=\"og:url\" content=\"https:\/\/www.covb.cat\/es\/formacio\/diploma-de-especializacion-en-la-salud-de-los-profesionales-de-la-salud-y-de-los-de-alta-trascendencia-social\/\" \/>\n<meta property=\"og:site_name\" content=\"COVB\" \/>\n<meta property=\"article:publisher\" content=\"https:\/\/www.facebook.com\/COVBcat\/\" \/>\n<meta property=\"article:modified_time\" content=\"2026-04-20T08:19:22+00:00\" \/>\n<meta property=\"og:image\" content=\"https:\/\/www.covb.cat\/wp-content\/uploads\/2026\/04\/Certificat-Fundacio-Galatea-WEB.jpg\" \/>\n\t<meta property=\"og:image:width\" content=\"1200\" \/>\n\t<meta property=\"og:image:height\" content=\"800\" \/>\n\t<meta property=\"og:image:type\" content=\"image\/jpeg\" \/>\n<meta name=\"twitter:card\" content=\"summary_large_image\" \/>\n<meta name=\"twitter:site\" content=\"@COVBcat\" \/>\n<meta name=\"twitter:label1\" content=\"Tiempo de lectura\" \/>\n\t<meta name=\"twitter:data1\" content=\"3 minutos\" \/>\n<script type=\"application\/ld+json\" class=\"yoast-schema-graph\">{\"@context\":\"https:\/\/schema.org\",\"@graph\":[{\"@type\":\"WebPage\",\"@id\":\"https:\/\/www.covb.cat\/es\/formacio\/diploma-de-especializacion-en-la-salud-de-los-profesionales-de-la-salud-y-de-los-de-alta-trascendencia-social\/\",\"url\":\"https:\/\/www.covb.cat\/es\/formacio\/diploma-de-especializacion-en-la-salud-de-los-profesionales-de-la-salud-y-de-los-de-alta-trascendencia-social\/\",\"name\":\"Diploma de Especializaci\u00f3n en la salud de los profesionales de la salud y de los de alta trascendencia social - COVB - Col\u00b7legi Oficial de Veterinaris de Barcelona\",\"isPartOf\":{\"@id\":\"https:\/\/www.covb.cat\/es\/#website\"},\"primaryImageOfPage\":{\"@id\":\"https:\/\/www.covb.cat\/es\/formacio\/diploma-de-especializacion-en-la-salud-de-los-profesionales-de-la-salud-y-de-los-de-alta-trascendencia-social\/#primaryimage\"},\"image\":{\"@id\":\"https:\/\/www.covb.cat\/es\/formacio\/diploma-de-especializacion-en-la-salud-de-los-profesionales-de-la-salud-y-de-los-de-alta-trascendencia-social\/#primaryimage\"},\"thumbnailUrl\":\"https:\/\/www.covb.cat\/wp-content\/uploads\/2026\/04\/Certificat-Fundacio-Galatea-WEB.jpg\",\"datePublished\":\"2026-04-20T08:18:08+00:00\",\"dateModified\":\"2026-04-20T08:19:22+00:00\",\"description\":\"La C\u00e1tedra Galatea \u2013 Mutual M\u00e9dica impulsa una nueva edici\u00f3n del Diploma de Especializaci\u00f3n en la salud de los profesionales de la salud y de los de alta\",\"breadcrumb\":{\"@id\":\"https:\/\/www.covb.cat\/es\/formacio\/diploma-de-especializacion-en-la-salud-de-los-profesionales-de-la-salud-y-de-los-de-alta-trascendencia-social\/#breadcrumb\"},\"inLanguage\":\"es\",\"potentialAction\":[{\"@type\":\"ReadAction\",\"target\":[\"https:\/\/www.covb.cat\/es\/formacio\/diploma-de-especializacion-en-la-salud-de-los-profesionales-de-la-salud-y-de-los-de-alta-trascendencia-social\/\"]}]},{\"@type\":\"ImageObject\",\"inLanguage\":\"es\",\"@id\":\"https:\/\/www.covb.cat\/es\/formacio\/diploma-de-especializacion-en-la-salud-de-los-profesionales-de-la-salud-y-de-los-de-alta-trascendencia-social\/#primaryimage\",\"url\":\"https:\/\/www.covb.cat\/wp-content\/uploads\/2026\/04\/Certificat-Fundacio-Galatea-WEB.jpg\",\"contentUrl\":\"https:\/\/www.covb.cat\/wp-content\/uploads\/2026\/04\/Certificat-Fundacio-Galatea-WEB.jpg\",\"width\":1200,\"height\":800},{\"@type\":\"BreadcrumbList\",\"@id\":\"https:\/\/www.covb.cat\/es\/formacio\/diploma-de-especializacion-en-la-salud-de-los-profesionales-de-la-salud-y-de-los-de-alta-trascendencia-social\/#breadcrumb\",\"itemListElement\":[{\"@type\":\"ListItem\",\"position\":1,\"name\":\"Inici\",\"item\":\"https:\/\/www.covb.cat\/es\/\"},{\"@type\":\"ListItem\",\"position\":2,\"name\":\"Esdeveniments\",\"item\":\"https:\/\/www.covb.cat\/formacions\/\"},{\"@type\":\"ListItem\",\"position\":3,\"name\":\"Diploma de Especializaci\u00f3n en la salud de los profesionales de la salud y de los de alta trascendencia social\"}]},{\"@type\":\"WebSite\",\"@id\":\"https:\/\/www.covb.cat\/es\/#website\",\"url\":\"https:\/\/www.covb.cat\/es\/\",\"name\":\"COVB\",\"description\":\"Col\u00b7legi Oficial de Veterinaris de Barcelona\",\"publisher\":{\"@id\":\"https:\/\/www.covb.cat\/es\/#organization\"},\"potentialAction\":[{\"@type\":\"SearchAction\",\"target\":{\"@type\":\"EntryPoint\",\"urlTemplate\":\"https:\/\/www.covb.cat\/es\/?s={search_term_string}\"},\"query-input\":{\"@type\":\"PropertyValueSpecification\",\"valueRequired\":true,\"valueName\":\"search_term_string\"}}],\"inLanguage\":\"es\"},{\"@type\":\"Organization\",\"@id\":\"https:\/\/www.covb.cat\/es\/#organization\",\"name\":\"COVB\",\"url\":\"https:\/\/www.covb.cat\/es\/\",\"logo\":{\"@type\":\"ImageObject\",\"inLanguage\":\"es\",\"@id\":\"https:\/\/www.covb.cat\/es\/#\/schema\/logo\/image\/\",\"url\":\"https:\/\/www.covb.cat\/wp-content\/uploads\/2018\/07\/favicon-covb.png\",\"contentUrl\":\"https:\/\/www.covb.cat\/wp-content\/uploads\/2018\/07\/favicon-covb.png\",\"width\":512,\"height\":512,\"caption\":\"COVB\"},\"image\":{\"@id\":\"https:\/\/www.covb.cat\/es\/#\/schema\/logo\/image\/\"},\"sameAs\":[\"https:\/\/www.facebook.com\/COVBcat\/\",\"https:\/\/x.com\/COVBcat\",\"https:\/\/www.youtube.com\/user\/covbcn\"]}]}<\/script>\n<!-- \/ Yoast SEO plugin. -->","yoast_head_json":{"title":"Diploma de Especializaci\u00f3n en la salud de los profesionales de la salud y de los de alta trascendencia social - COVB - Col\u00b7legi Oficial de Veterinaris de Barcelona","description":"La C\u00e1tedra Galatea \u2013 Mutual M\u00e9dica impulsa una nueva edici\u00f3n del Diploma de Especializaci\u00f3n en la salud de los profesionales de la salud y de los de alta","robots":{"index":"index","follow":"follow","max-snippet":"max-snippet:-1","max-image-preview":"max-image-preview:large","max-video-preview":"max-video-preview:-1"},"canonical":"https:\/\/www.covb.cat\/es\/formacio\/diploma-de-especializacion-en-la-salud-de-los-profesionales-de-la-salud-y-de-los-de-alta-trascendencia-social\/","og_locale":"es_ES","og_type":"article","og_title":"Diploma de Especializaci\u00f3n en la salud de los profesionales de la salud y de los de alta trascendencia social - COVB - Col\u00b7legi Oficial de Veterinaris de Barcelona","og_description":"La C\u00e1tedra Galatea \u2013 Mutual M\u00e9dica impulsa una nueva edici\u00f3n del Diploma de Especializaci\u00f3n en la salud de los profesionales de la salud y de los de alta","og_url":"https:\/\/www.covb.cat\/es\/formacio\/diploma-de-especializacion-en-la-salud-de-los-profesionales-de-la-salud-y-de-los-de-alta-trascendencia-social\/","og_site_name":"COVB","article_publisher":"https:\/\/www.facebook.com\/COVBcat\/","article_modified_time":"2026-04-20T08:19:22+00:00","og_image":[{"width":1200,"height":800,"url":"https:\/\/www.covb.cat\/wp-content\/uploads\/2026\/04\/Certificat-Fundacio-Galatea-WEB.jpg","type":"image\/jpeg"}],"twitter_card":"summary_large_image","twitter_site":"@COVBcat","twitter_misc":{"Tiempo de lectura":"3 minutos"},"schema":{"@context":"https:\/\/schema.org","@graph":[{"@type":"WebPage","@id":"https:\/\/www.covb.cat\/es\/formacio\/diploma-de-especializacion-en-la-salud-de-los-profesionales-de-la-salud-y-de-los-de-alta-trascendencia-social\/","url":"https:\/\/www.covb.cat\/es\/formacio\/diploma-de-especializacion-en-la-salud-de-los-profesionales-de-la-salud-y-de-los-de-alta-trascendencia-social\/","name":"Diploma de Especializaci\u00f3n en la salud de los profesionales de la salud y de los de alta trascendencia social - COVB - Col\u00b7legi Oficial de Veterinaris de Barcelona","isPartOf":{"@id":"https:\/\/www.covb.cat\/es\/#website"},"primaryImageOfPage":{"@id":"https:\/\/www.covb.cat\/es\/formacio\/diploma-de-especializacion-en-la-salud-de-los-profesionales-de-la-salud-y-de-los-de-alta-trascendencia-social\/#primaryimage"},"image":{"@id":"https:\/\/www.covb.cat\/es\/formacio\/diploma-de-especializacion-en-la-salud-de-los-profesionales-de-la-salud-y-de-los-de-alta-trascendencia-social\/#primaryimage"},"thumbnailUrl":"https:\/\/www.covb.cat\/wp-content\/uploads\/2026\/04\/Certificat-Fundacio-Galatea-WEB.jpg","datePublished":"2026-04-20T08:18:08+00:00","dateModified":"2026-04-20T08:19:22+00:00","description":"La C\u00e1tedra Galatea \u2013 Mutual M\u00e9dica impulsa una nueva edici\u00f3n del Diploma de Especializaci\u00f3n en la salud de los profesionales de la salud y de los de alta","breadcrumb":{"@id":"https:\/\/www.covb.cat\/es\/formacio\/diploma-de-especializacion-en-la-salud-de-los-profesionales-de-la-salud-y-de-los-de-alta-trascendencia-social\/#breadcrumb"},"inLanguage":"es","potentialAction":[{"@type":"ReadAction","target":["https:\/\/www.covb.cat\/es\/formacio\/diploma-de-especializacion-en-la-salud-de-los-profesionales-de-la-salud-y-de-los-de-alta-trascendencia-social\/"]}]},{"@type":"ImageObject","inLanguage":"es","@id":"https:\/\/www.covb.cat\/es\/formacio\/diploma-de-especializacion-en-la-salud-de-los-profesionales-de-la-salud-y-de-los-de-alta-trascendencia-social\/#primaryimage","url":"https:\/\/www.covb.cat\/wp-content\/uploads\/2026\/04\/Certificat-Fundacio-Galatea-WEB.jpg","contentUrl":"https:\/\/www.covb.cat\/wp-content\/uploads\/2026\/04\/Certificat-Fundacio-Galatea-WEB.jpg","width":1200,"height":800},{"@type":"BreadcrumbList","@id":"https:\/\/www.covb.cat\/es\/formacio\/diploma-de-especializacion-en-la-salud-de-los-profesionales-de-la-salud-y-de-los-de-alta-trascendencia-social\/#breadcrumb","itemListElement":[{"@type":"ListItem","position":1,"name":"Inici","item":"https:\/\/www.covb.cat\/es\/"},{"@type":"ListItem","position":2,"name":"Esdeveniments","item":"https:\/\/www.covb.cat\/formacions\/"},{"@type":"ListItem","position":3,"name":"Diploma de Especializaci\u00f3n en la salud de los profesionales de la salud y de los de alta trascendencia social"}]},{"@type":"WebSite","@id":"https:\/\/www.covb.cat\/es\/#website","url":"https:\/\/www.covb.cat\/es\/","name":"COVB","description":"Col\u00b7legi Oficial de Veterinaris de Barcelona","publisher":{"@id":"https:\/\/www.covb.cat\/es\/#organization"},"potentialAction":[{"@type":"SearchAction","target":{"@type":"EntryPoint","urlTemplate":"https:\/\/www.covb.cat\/es\/?s={search_term_string}"},"query-input":{"@type":"PropertyValueSpecification","valueRequired":true,"valueName":"search_term_string"}}],"inLanguage":"es"},{"@type":"Organization","@id":"https:\/\/www.covb.cat\/es\/#organization","name":"COVB","url":"https:\/\/www.covb.cat\/es\/","logo":{"@type":"ImageObject","inLanguage":"es","@id":"https:\/\/www.covb.cat\/es\/#\/schema\/logo\/image\/","url":"https:\/\/www.covb.cat\/wp-content\/uploads\/2018\/07\/favicon-covb.png","contentUrl":"https:\/\/www.covb.cat\/wp-content\/uploads\/2018\/07\/favicon-covb.png","width":512,"height":512,"caption":"COVB"},"image":{"@id":"https:\/\/www.covb.cat\/es\/#\/schema\/logo\/image\/"},"sameAs":["https:\/\/www.facebook.com\/COVBcat\/","https:\/\/x.com\/COVBcat","https:\/\/www.youtube.com\/user\/covbcn"]}]}},"jetpack_sharing_enabled":true,"_links":{"self":[{"href":"https:\/\/www.covb.cat\/es\/wp-json\/wp\/v2\/tribe_events\/69084","targetHints":{"allow":["GET"]}}],"collection":[{"href":"https:\/\/www.covb.cat\/es\/wp-json\/wp\/v2\/tribe_events"}],"about":[{"href":"https:\/\/www.covb.cat\/es\/wp-json\/wp\/v2\/types\/tribe_events"}],"author":[{"embeddable":true,"href":"https:\/\/www.covb.cat\/es\/wp-json\/wp\/v2\/users\/2985"}],"version-history":[{"count":1,"href":"https:\/\/www.covb.cat\/es\/wp-json\/wp\/v2\/tribe_events\/69084\/revisions"}],"predecessor-version":[{"id":69085,"href":"https:\/\/www.covb.cat\/es\/wp-json\/wp\/v2\/tribe_events\/69084\/revisions\/69085"}],"wp:featuredmedia":[{"embeddable":true,"href":"https:\/\/www.covb.cat\/es\/wp-json\/wp\/v2\/media\/69081"}],"wp:attachment":[{"href":"https:\/\/www.covb.cat\/es\/wp-json\/wp\/v2\/media?parent=69084"}],"wp:term":[{"taxonomy":"post_tag","embeddable":true,"href":"https:\/\/www.covb.cat\/es\/wp-json\/wp\/v2\/tags?post=69084"},{"taxonomy":"tribe_events_cat","embeddable":true,"href":"https:\/\/www.covb.cat\/es\/wp-json\/wp\/v2\/tribe_events_cat?post=69084"}],"curies":[{"name":"wp","href":"https:\/\/api.w.org\/{rel}","templated":true}]}}