{"id":66270,"date":"2026-01-26T20:25:46","date_gmt":"2026-01-26T19:25:46","guid":{"rendered":"https:\/\/www.covb.cat\/formacio\/iv-congres-internacional-de-sanitat-i-benestar-animal-2\/"},"modified":"2026-01-26T20:26:49","modified_gmt":"2026-01-26T19:26:49","slug":"iv-congreso-internacional-de-sanidad-y-bienestar-animal-2","status":"publish","type":"tribe_events","link":"https:\/\/www.covb.cat\/es\/formacio\/iv-congreso-internacional-de-sanidad-y-bienestar-animal-2\/","title":{"rendered":"IV Congreso Internacional de sanidad y bienestar animal"},"content":{"rendered":"<p>Los d\u00edas <strong>7, 8 y 9 de mayo de 2026<\/strong>, la ciudad de <strong>Valencia<\/strong> acoger\u00e1 el <strong>IV Congreso Internacional de Sanidad y Bienestar Animal<\/strong>, una cita de referencia para la profesi\u00f3n veterinaria promovida por la Organizaci\u00f3n Colegial Veterinaria (OCV). El congreso tendr\u00e1 lugar en el <strong>Ateneo Mercantil de Valencia<\/strong>, situado en la Plaza del Ayuntamiento.<\/p>\n<p>Ya se ha abierto el <strong>plazo de inscripci\u00f3n<\/strong> y el <strong>periodo de presentaci\u00f3n de comunicaciones cient\u00edficas<\/strong>, y la p\u00e1gina web oficial del Congreso se encuentra plenamente operativa. En ella se puede consultar el formulario de inscripci\u00f3n, las normas para el env\u00edo de res\u00famenes de comunicaciones \u2014cuyo plazo finaliza el <strong>20 de marzo<\/strong>\u2014 y un programa provisional.<\/p>\n<p>El programa se estructurar\u00e1 en torno a <strong>cuatro grandes ejes tem\u00e1ticos<\/strong>, que se desarrollar\u00e1n mediante ponencias individuales y mesas redondas con especialistas de reconocido prestigio:<\/p>\n<ul>\n<li><strong>Enfermedades emergentes, sanidad animal y salud p\u00fablica:<\/strong> vigilancia y control de infecciones, impacto del cambio clim\u00e1tico en los animales de compa\u00f1\u00eda, biomonitorizaci\u00f3n, medicina preventiva veterinaria, zoonosis como la fiebre Q y aplicaci\u00f3n de la normativa del medicamento veterinario.<\/li>\n<li><strong>Reglamentaci\u00f3n de la Ley de protecci\u00f3n del derecho y bienestar animal:<\/strong> animales de compa\u00f1\u00eda de especies no dom\u00e9sticas, aspectos legales y sanitarios, listado positivo, evaluaci\u00f3n del comportamiento animal, control poblacional, identificaci\u00f3n y trazabilidad.<\/li>\n<li><strong>Bioseguridad, bienestar y sanidad:<\/strong> aplicaci\u00f3n de la inteligencia artificial al bienestar y la salud animal y an\u00e1lisis de este equilibrio en sectores como vacuno de leche, porcino, avicultura, acuicultura, parques zool\u00f3gicos y otros establecimientos ganaderos.<\/li>\n<li><strong>Sanidad y bienestar animal en contextos de emergencia:<\/strong> preparaci\u00f3n, respuesta y resiliencia ante cat\u00e1strofes, experiencias en emergencias, Protecci\u00f3n Civil y gesti\u00f3n animal frente a desastres naturales.<\/li>\n<\/ul>\n<p>El Congreso presta una atenci\u00f3n especial a la <strong>bioseguridad<\/strong> y a las <strong>enfermedades emergentes<\/strong>, en un momento de especial complejidad sanitaria, con la presencia de patolog\u00edas como la lengua azul, la gripe aviar, la dermatosis nodular contagiosa o la peste porcina africana. Este contexto refuerza la necesidad de apostar por la prevenci\u00f3n, la coordinaci\u00f3n de recursos y una respuesta eficaz ante las crisis sanitarias, poniendo en valor el papel fundamental de la profesi\u00f3n veterinaria dentro del modelo <strong>Una Sola Salud<\/strong>.<\/p>\n<p><strong>COMUNICACIONES CIENT\u00cdFICAS<\/strong><\/p>\n<p>Los profesionales interesados podr\u00e1n presentar <strong>res\u00famenes de comunicaciones<\/strong> sobre sanidad y bienestar animal. Las comunicaciones seleccionadas se expondr\u00e1n en una sesi\u00f3n espec\u00edfica del Congreso, con <strong>10 minutos de presentaci\u00f3n y 5 minutos de debate<\/strong>.<br \/>\nSe otorgar\u00e1 un <strong>premio a la mejor comunicaci\u00f3n<\/strong>, dotado con <strong>600 \u20ac<\/strong>, y un <strong>acc\u00e9sit de 300 \u20ac<\/strong> al segundo trabajo clasificado. Todas las comunicaciones aceptadas se publicar\u00e1n en el libro de res\u00famenes del Congreso o en la revista del Consejo General de Colegios de la Profesi\u00f3n Veterinaria de Espa\u00f1a.<\/p>\n<p><strong>INSCRIPCI\u00d3N Y SUBVENCI\u00d3N<\/strong><\/p>\n<p>Las inscripciones pueden realizarse a trav\u00e9s de la web oficial del Congreso, con diferentes tarifas seg\u00fan el perfil profesional. El Consejo General de Colegios Veterinarios subvencionar\u00e1 cada inscripci\u00f3n con <strong>50 \u20ac<\/strong>, debiendo los colegiados consultar con su Colegio provincial la tramitaci\u00f3n de dicha subvenci\u00f3n.<\/p>\n<p><strong>M\u00e1s informaci\u00f3n <\/strong><a href=\"https:\/\/congreso.colvet.es\/cgr\/v6\"><strong>aqu\u00ed<\/strong><\/a><strong> .<\/strong><\/p>\n","protected":false},"excerpt":{"rendered":"<p>Los d\u00edas 7, 8 y 9 de mayo de 2026, la ciudad de Valencia acoger\u00e1 el IV Congreso Internacional de Sanidad y Bienestar Animal, una cita de referencia para la profesi\u00f3n veterinaria promovida por la Organizaci\u00f3n Colegial Veterinaria (OCV). El congreso tendr\u00e1 lugar en el Ateneo Mercantil de Valencia, situado en la Plaza del Ayuntamiento. [&hellip;]<\/p>\n","protected":false},"author":2985,"featured_media":66267,"template":"","meta":{"_monsterinsights_skip_tracking":false,"_monsterinsights_sitenote_active":false,"_monsterinsights_sitenote_note":"","_monsterinsights_sitenote_category":0,"footnotes":""},"tags":[150],"tribe_events_cat":[285,349,427],"class_list":["post-66270","tribe_events","type-tribe_events","status-publish","has-post-thumbnail","hentry","tag-no_formulari-es","tribe_events_cat-bienestar-animal","tribe_events_cat-onehealth-es","tribe_events_cat-sanitat-es","cat_bienestar-animal","cat_onehealth-es","cat_sanitat-es"],"yoast_head":"<!-- This site is optimized with the Yoast SEO plugin v27.0 - https:\/\/yoast.com\/product\/yoast-seo-wordpress\/ -->\n<title>IV Congreso Internacional de sanidad y bienestar animal - COVB - Col\u00b7legi Oficial de Veterinaris de Barcelona<\/title>\n<meta name=\"description\" content=\"Los d\u00edas 7, 8 y 9 de mayo de 2026, la ciudad de Valencia acoger\u00e1 el IV Congreso Internacional de Sanidad y Bienestar Animal, una cita de referencia para\" \/>\n<meta name=\"robots\" content=\"index, follow, max-snippet:-1, max-image-preview:large, max-video-preview:-1\" \/>\n<link rel=\"canonical\" href=\"https:\/\/www.covb.cat\/es\/formacio\/iv-congreso-internacional-de-sanidad-y-bienestar-animal-2\/\" \/>\n<meta property=\"og:locale\" content=\"es_ES\" \/>\n<meta property=\"og:type\" content=\"article\" \/>\n<meta property=\"og:title\" content=\"IV Congreso Internacional de sanidad y bienestar animal - COVB - Col\u00b7legi Oficial de Veterinaris de Barcelona\" \/>\n<meta property=\"og:description\" content=\"Los d\u00edas 7, 8 y 9 de mayo de 2026, la ciudad de Valencia acoger\u00e1 el IV Congreso Internacional de Sanidad y Bienestar Animal, una cita de referencia para\" \/>\n<meta property=\"og:url\" content=\"https:\/\/www.covb.cat\/es\/formacio\/iv-congreso-internacional-de-sanidad-y-bienestar-animal-2\/\" \/>\n<meta property=\"og:site_name\" content=\"COVB\" \/>\n<meta property=\"article:publisher\" content=\"https:\/\/www.facebook.com\/COVBcat\/\" \/>\n<meta property=\"article:modified_time\" content=\"2026-01-26T19:26:49+00:00\" \/>\n<meta property=\"og:image\" content=\"https:\/\/www.covb.cat\/wp-content\/uploads\/2026\/01\/Congreso-Sanidad-y-Bienestar-Animal-WEB.jpg\" \/>\n\t<meta property=\"og:image:width\" content=\"1200\" \/>\n\t<meta property=\"og:image:height\" content=\"800\" \/>\n\t<meta property=\"og:image:type\" content=\"image\/jpeg\" \/>\n<meta name=\"twitter:card\" content=\"summary_large_image\" \/>\n<meta name=\"twitter:site\" content=\"@COVBcat\" \/>\n<meta name=\"twitter:label1\" content=\"Tiempo de lectura\" \/>\n\t<meta name=\"twitter:data1\" content=\"3 minutos\" \/>\n<script type=\"application\/ld+json\" class=\"yoast-schema-graph\">{\"@context\":\"https:\/\/schema.org\",\"@graph\":[{\"@type\":\"WebPage\",\"@id\":\"https:\/\/www.covb.cat\/es\/formacio\/iv-congreso-internacional-de-sanidad-y-bienestar-animal-2\/\",\"url\":\"https:\/\/www.covb.cat\/es\/formacio\/iv-congreso-internacional-de-sanidad-y-bienestar-animal-2\/\",\"name\":\"IV Congreso Internacional de sanidad y bienestar animal - COVB - Col\u00b7legi Oficial de Veterinaris de Barcelona\",\"isPartOf\":{\"@id\":\"https:\/\/www.covb.cat\/es\/#website\"},\"primaryImageOfPage\":{\"@id\":\"https:\/\/www.covb.cat\/es\/formacio\/iv-congreso-internacional-de-sanidad-y-bienestar-animal-2\/#primaryimage\"},\"image\":{\"@id\":\"https:\/\/www.covb.cat\/es\/formacio\/iv-congreso-internacional-de-sanidad-y-bienestar-animal-2\/#primaryimage\"},\"thumbnailUrl\":\"https:\/\/www.covb.cat\/wp-content\/uploads\/2026\/01\/Congreso-Sanidad-y-Bienestar-Animal-WEB.jpg\",\"datePublished\":\"2026-01-26T19:25:46+00:00\",\"dateModified\":\"2026-01-26T19:26:49+00:00\",\"description\":\"Los d\u00edas 7, 8 y 9 de mayo de 2026, la ciudad de Valencia acoger\u00e1 el IV Congreso Internacional de Sanidad y Bienestar Animal, una cita de referencia para\",\"breadcrumb\":{\"@id\":\"https:\/\/www.covb.cat\/es\/formacio\/iv-congreso-internacional-de-sanidad-y-bienestar-animal-2\/#breadcrumb\"},\"inLanguage\":\"es\",\"potentialAction\":[{\"@type\":\"ReadAction\",\"target\":[\"https:\/\/www.covb.cat\/es\/formacio\/iv-congreso-internacional-de-sanidad-y-bienestar-animal-2\/\"]}]},{\"@type\":\"ImageObject\",\"inLanguage\":\"es\",\"@id\":\"https:\/\/www.covb.cat\/es\/formacio\/iv-congreso-internacional-de-sanidad-y-bienestar-animal-2\/#primaryimage\",\"url\":\"https:\/\/www.covb.cat\/wp-content\/uploads\/2026\/01\/Congreso-Sanidad-y-Bienestar-Animal-WEB.jpg\",\"contentUrl\":\"https:\/\/www.covb.cat\/wp-content\/uploads\/2026\/01\/Congreso-Sanidad-y-Bienestar-Animal-WEB.jpg\",\"width\":1200,\"height\":800},{\"@type\":\"BreadcrumbList\",\"@id\":\"https:\/\/www.covb.cat\/es\/formacio\/iv-congreso-internacional-de-sanidad-y-bienestar-animal-2\/#breadcrumb\",\"itemListElement\":[{\"@type\":\"ListItem\",\"position\":1,\"name\":\"Inici\",\"item\":\"https:\/\/www.covb.cat\/es\/\"},{\"@type\":\"ListItem\",\"position\":2,\"name\":\"Esdeveniments\",\"item\":\"https:\/\/www.covb.cat\/formacions\/\"},{\"@type\":\"ListItem\",\"position\":3,\"name\":\"IV Congreso Internacional de sanidad y bienestar animal\"}]},{\"@type\":\"WebSite\",\"@id\":\"https:\/\/www.covb.cat\/es\/#website\",\"url\":\"https:\/\/www.covb.cat\/es\/\",\"name\":\"COVB\",\"description\":\"Col\u00b7legi Oficial de Veterinaris de Barcelona\",\"publisher\":{\"@id\":\"https:\/\/www.covb.cat\/es\/#organization\"},\"potentialAction\":[{\"@type\":\"SearchAction\",\"target\":{\"@type\":\"EntryPoint\",\"urlTemplate\":\"https:\/\/www.covb.cat\/es\/?s={search_term_string}\"},\"query-input\":{\"@type\":\"PropertyValueSpecification\",\"valueRequired\":true,\"valueName\":\"search_term_string\"}}],\"inLanguage\":\"es\"},{\"@type\":\"Organization\",\"@id\":\"https:\/\/www.covb.cat\/es\/#organization\",\"name\":\"COVB\",\"url\":\"https:\/\/www.covb.cat\/es\/\",\"logo\":{\"@type\":\"ImageObject\",\"inLanguage\":\"es\",\"@id\":\"https:\/\/www.covb.cat\/es\/#\/schema\/logo\/image\/\",\"url\":\"https:\/\/www.covb.cat\/wp-content\/uploads\/2018\/07\/favicon-covb.png\",\"contentUrl\":\"https:\/\/www.covb.cat\/wp-content\/uploads\/2018\/07\/favicon-covb.png\",\"width\":512,\"height\":512,\"caption\":\"COVB\"},\"image\":{\"@id\":\"https:\/\/www.covb.cat\/es\/#\/schema\/logo\/image\/\"},\"sameAs\":[\"https:\/\/www.facebook.com\/COVBcat\/\",\"https:\/\/x.com\/COVBcat\",\"https:\/\/www.youtube.com\/user\/covbcn\"]}]}<\/script>\n<!-- \/ Yoast SEO plugin. -->","yoast_head_json":{"title":"IV Congreso Internacional de sanidad y bienestar animal - COVB - Col\u00b7legi Oficial de Veterinaris de Barcelona","description":"Los d\u00edas 7, 8 y 9 de mayo de 2026, la ciudad de Valencia acoger\u00e1 el IV Congreso Internacional de Sanidad y Bienestar Animal, una cita de referencia para","robots":{"index":"index","follow":"follow","max-snippet":"max-snippet:-1","max-image-preview":"max-image-preview:large","max-video-preview":"max-video-preview:-1"},"canonical":"https:\/\/www.covb.cat\/es\/formacio\/iv-congreso-internacional-de-sanidad-y-bienestar-animal-2\/","og_locale":"es_ES","og_type":"article","og_title":"IV Congreso Internacional de sanidad y bienestar animal - COVB - Col\u00b7legi Oficial de Veterinaris de Barcelona","og_description":"Los d\u00edas 7, 8 y 9 de mayo de 2026, la ciudad de Valencia acoger\u00e1 el IV Congreso Internacional de Sanidad y Bienestar Animal, una cita de referencia para","og_url":"https:\/\/www.covb.cat\/es\/formacio\/iv-congreso-internacional-de-sanidad-y-bienestar-animal-2\/","og_site_name":"COVB","article_publisher":"https:\/\/www.facebook.com\/COVBcat\/","article_modified_time":"2026-01-26T19:26:49+00:00","og_image":[{"width":1200,"height":800,"url":"https:\/\/www.covb.cat\/wp-content\/uploads\/2026\/01\/Congreso-Sanidad-y-Bienestar-Animal-WEB.jpg","type":"image\/jpeg"}],"twitter_card":"summary_large_image","twitter_site":"@COVBcat","twitter_misc":{"Tiempo de lectura":"3 minutos"},"schema":{"@context":"https:\/\/schema.org","@graph":[{"@type":"WebPage","@id":"https:\/\/www.covb.cat\/es\/formacio\/iv-congreso-internacional-de-sanidad-y-bienestar-animal-2\/","url":"https:\/\/www.covb.cat\/es\/formacio\/iv-congreso-internacional-de-sanidad-y-bienestar-animal-2\/","name":"IV Congreso Internacional de sanidad y bienestar animal - COVB - Col\u00b7legi Oficial de Veterinaris de Barcelona","isPartOf":{"@id":"https:\/\/www.covb.cat\/es\/#website"},"primaryImageOfPage":{"@id":"https:\/\/www.covb.cat\/es\/formacio\/iv-congreso-internacional-de-sanidad-y-bienestar-animal-2\/#primaryimage"},"image":{"@id":"https:\/\/www.covb.cat\/es\/formacio\/iv-congreso-internacional-de-sanidad-y-bienestar-animal-2\/#primaryimage"},"thumbnailUrl":"https:\/\/www.covb.cat\/wp-content\/uploads\/2026\/01\/Congreso-Sanidad-y-Bienestar-Animal-WEB.jpg","datePublished":"2026-01-26T19:25:46+00:00","dateModified":"2026-01-26T19:26:49+00:00","description":"Los d\u00edas 7, 8 y 9 de mayo de 2026, la ciudad de Valencia acoger\u00e1 el IV Congreso Internacional de Sanidad y Bienestar Animal, una cita de referencia para","breadcrumb":{"@id":"https:\/\/www.covb.cat\/es\/formacio\/iv-congreso-internacional-de-sanidad-y-bienestar-animal-2\/#breadcrumb"},"inLanguage":"es","potentialAction":[{"@type":"ReadAction","target":["https:\/\/www.covb.cat\/es\/formacio\/iv-congreso-internacional-de-sanidad-y-bienestar-animal-2\/"]}]},{"@type":"ImageObject","inLanguage":"es","@id":"https:\/\/www.covb.cat\/es\/formacio\/iv-congreso-internacional-de-sanidad-y-bienestar-animal-2\/#primaryimage","url":"https:\/\/www.covb.cat\/wp-content\/uploads\/2026\/01\/Congreso-Sanidad-y-Bienestar-Animal-WEB.jpg","contentUrl":"https:\/\/www.covb.cat\/wp-content\/uploads\/2026\/01\/Congreso-Sanidad-y-Bienestar-Animal-WEB.jpg","width":1200,"height":800},{"@type":"BreadcrumbList","@id":"https:\/\/www.covb.cat\/es\/formacio\/iv-congreso-internacional-de-sanidad-y-bienestar-animal-2\/#breadcrumb","itemListElement":[{"@type":"ListItem","position":1,"name":"Inici","item":"https:\/\/www.covb.cat\/es\/"},{"@type":"ListItem","position":2,"name":"Esdeveniments","item":"https:\/\/www.covb.cat\/formacions\/"},{"@type":"ListItem","position":3,"name":"IV Congreso Internacional de sanidad y bienestar animal"}]},{"@type":"WebSite","@id":"https:\/\/www.covb.cat\/es\/#website","url":"https:\/\/www.covb.cat\/es\/","name":"COVB","description":"Col\u00b7legi Oficial de Veterinaris de Barcelona","publisher":{"@id":"https:\/\/www.covb.cat\/es\/#organization"},"potentialAction":[{"@type":"SearchAction","target":{"@type":"EntryPoint","urlTemplate":"https:\/\/www.covb.cat\/es\/?s={search_term_string}"},"query-input":{"@type":"PropertyValueSpecification","valueRequired":true,"valueName":"search_term_string"}}],"inLanguage":"es"},{"@type":"Organization","@id":"https:\/\/www.covb.cat\/es\/#organization","name":"COVB","url":"https:\/\/www.covb.cat\/es\/","logo":{"@type":"ImageObject","inLanguage":"es","@id":"https:\/\/www.covb.cat\/es\/#\/schema\/logo\/image\/","url":"https:\/\/www.covb.cat\/wp-content\/uploads\/2018\/07\/favicon-covb.png","contentUrl":"https:\/\/www.covb.cat\/wp-content\/uploads\/2018\/07\/favicon-covb.png","width":512,"height":512,"caption":"COVB"},"image":{"@id":"https:\/\/www.covb.cat\/es\/#\/schema\/logo\/image\/"},"sameAs":["https:\/\/www.facebook.com\/COVBcat\/","https:\/\/x.com\/COVBcat","https:\/\/www.youtube.com\/user\/covbcn"]}]}},"jetpack_sharing_enabled":true,"_links":{"self":[{"href":"https:\/\/www.covb.cat\/es\/wp-json\/wp\/v2\/tribe_events\/66270","targetHints":{"allow":["GET"]}}],"collection":[{"href":"https:\/\/www.covb.cat\/es\/wp-json\/wp\/v2\/tribe_events"}],"about":[{"href":"https:\/\/www.covb.cat\/es\/wp-json\/wp\/v2\/types\/tribe_events"}],"author":[{"embeddable":true,"href":"https:\/\/www.covb.cat\/es\/wp-json\/wp\/v2\/users\/2985"}],"version-history":[{"count":1,"href":"https:\/\/www.covb.cat\/es\/wp-json\/wp\/v2\/tribe_events\/66270\/revisions"}],"predecessor-version":[{"id":66271,"href":"https:\/\/www.covb.cat\/es\/wp-json\/wp\/v2\/tribe_events\/66270\/revisions\/66271"}],"wp:featuredmedia":[{"embeddable":true,"href":"https:\/\/www.covb.cat\/es\/wp-json\/wp\/v2\/media\/66267"}],"wp:attachment":[{"href":"https:\/\/www.covb.cat\/es\/wp-json\/wp\/v2\/media?parent=66270"}],"wp:term":[{"taxonomy":"post_tag","embeddable":true,"href":"https:\/\/www.covb.cat\/es\/wp-json\/wp\/v2\/tags?post=66270"},{"taxonomy":"tribe_events_cat","embeddable":true,"href":"https:\/\/www.covb.cat\/es\/wp-json\/wp\/v2\/tribe_events_cat?post=66270"}],"curies":[{"name":"wp","href":"https:\/\/api.w.org\/{rel}","templated":true}]}}