{"id":64453,"date":"2025-11-25T08:56:21","date_gmt":"2025-11-25T07:56:21","guid":{"rendered":"https:\/\/www.covb.cat\/formacio\/jornada-patt-sobre-la-llei-de-la-cadena-alimentaria\/"},"modified":"2025-11-25T08:57:04","modified_gmt":"2025-11-25T07:57:04","slug":"jornada-patt-sobre-la-ley-de-la-cadena-alimentaria","status":"publish","type":"tribe_events","link":"https:\/\/www.covb.cat\/es\/formacio\/jornada-patt-sobre-la-ley-de-la-cadena-alimentaria\/","title":{"rendered":"Jornada PATT sobre la ley de la cadena alimentaria"},"content":{"rendered":"<p>La Subdirecci\u00f3n General de Empresas Agroalimentarias, Calidad y Gastronom\u00eda, nos ha solicitado que informemos que el <strong>jueves 4 de diciembre de 2025<\/strong> se celebrar\u00e1 una <strong>jornada del Plan Anual de Transferencia Tecnol\u00f3gica (PATT)<\/strong> dedicada a la aplicaci\u00f3n de la <strong>Ley 12\/2013 de la cadena alimentaria<\/strong> en Catalu\u00f1a.<br \/>\nEl encuentro contar\u00e1 con la participaci\u00f3n de la <strong>Agencia de Informaci\u00f3n y Control Alimentarios (AICA)<\/strong>, junto con representantes del Departamento de Agricultura, Ganader\u00eda, Pesca y Alimentaci\u00f3n (DARPA).<\/p>\n<p>Seg\u00fan el programa oficial incluido en el documento de la jornada \u2014en el que se detallan los contenidos, horarios y ponentes\u2014 la sesi\u00f3n abordar\u00e1 los aspectos normativos principales, las obligaciones establecidas por la ley y el papel de las administraciones en su seguimiento y control.<\/p>\n<p>Tambi\u00e9n se celebrar\u00e1 una mesa redonda con representantes del sector agroalimentario, destinada a compartir perspectivas y resolver dudas sobre la aplicaci\u00f3n pr\u00e1ctica de la norma en Catalu\u00f1a.<\/p>\n<p>\ud83d\udcc5 <strong>Fecha:<\/strong> jueves 4 de diciembre de 2025<br \/>\n\u231a <strong>Horario:<\/strong> de 10:30 h a 13:30 h<br \/>\n\ud83d\udccd <strong>Modalidad:<\/strong> presencial y en l\u00ednea<br \/>\n\ud83c\udfdb <strong>Lugar:<\/strong> Sala de actos, Gran Via de les Corts Catalanes 612-614, Barcelona<br \/>\n\ud83d\udd17 <strong>Inscripciones:<\/strong> disponibles a trav\u00e9s de RuralCat (modalidad presencial y online)<\/p>\n<p>El documento oficial tambi\u00e9n proporciona el contacto del <strong>Servei d\u2019Ind\u00fastries Agroaliment\u00e0ries i Millora de l\u2019Equilibri de la Cadena Agroaliment\u00e0ria<\/strong> para ampliar informaci\u00f3n.<\/p>\n<p><a href=\"https:\/\/www.covb.cat\/wp-content\/uploads\/2025\/11\/Barcelona_Cadena-Alimentaria_0412_259122.pdf\" target=\"_blank\" rel=\"noopener\">Descargar PDF<\/a><\/p>\n","protected":false},"excerpt":{"rendered":"<p>La Subdirecci\u00f3n General de Empresas Agroalimentarias, Calidad y Gastronom\u00eda, nos ha solicitado que informemos que el jueves 4 de diciembre de 2025 se celebrar\u00e1 una jornada del Plan Anual de Transferencia Tecnol\u00f3gica (PATT) dedicada a la aplicaci\u00f3n de la Ley 12\/2013 de la cadena alimentaria en Catalu\u00f1a. El encuentro contar\u00e1 con la participaci\u00f3n de la [&hellip;]<\/p>\n","protected":false},"author":2985,"featured_media":64450,"template":"","meta":{"_monsterinsights_skip_tracking":false,"_monsterinsights_sitenote_active":false,"_monsterinsights_sitenote_note":"","_monsterinsights_sitenote_category":0,"footnotes":""},"tags":[150],"tribe_events_cat":[294],"class_list":["post-64453","tribe_events","type-tribe_events","status-publish","has-post-thumbnail","hentry","tag-no_formulari-es","tribe_events_cat-salud-publica-y-seguridad-alimentaria","cat_salud-publica-y-seguridad-alimentaria"],"yoast_head":"<!-- This site is optimized with the Yoast SEO plugin v27.0 - https:\/\/yoast.com\/product\/yoast-seo-wordpress\/ -->\n<title>Jornada PATT sobre la ley de la cadena alimentaria - COVB - Col\u00b7legi Oficial de Veterinaris de Barcelona<\/title>\n<meta name=\"description\" content=\"La Subdirecci\u00f3n General de Empresas Agroalimentarias, Calidad y Gastronom\u00eda, nos ha solicitado que informemos que el jueves 4 de diciembre de 2025 se\" \/>\n<meta name=\"robots\" content=\"index, follow, max-snippet:-1, max-image-preview:large, max-video-preview:-1\" \/>\n<link rel=\"canonical\" href=\"https:\/\/www.covb.cat\/es\/formacio\/jornada-patt-sobre-la-ley-de-la-cadena-alimentaria\/\" \/>\n<meta property=\"og:locale\" content=\"es_ES\" \/>\n<meta property=\"og:type\" content=\"article\" \/>\n<meta property=\"og:title\" content=\"Jornada PATT sobre la ley de la cadena alimentaria - COVB - Col\u00b7legi Oficial de Veterinaris de Barcelona\" \/>\n<meta property=\"og:description\" content=\"La Subdirecci\u00f3n General de Empresas Agroalimentarias, Calidad y Gastronom\u00eda, nos ha solicitado que informemos que el jueves 4 de diciembre de 2025 se\" \/>\n<meta property=\"og:url\" content=\"https:\/\/www.covb.cat\/es\/formacio\/jornada-patt-sobre-la-ley-de-la-cadena-alimentaria\/\" \/>\n<meta property=\"og:site_name\" content=\"COVB\" \/>\n<meta property=\"article:publisher\" content=\"https:\/\/www.facebook.com\/COVBcat\/\" \/>\n<meta property=\"article:modified_time\" content=\"2025-11-25T07:57:04+00:00\" \/>\n<meta property=\"og:image\" content=\"https:\/\/www.covb.cat\/wp-content\/uploads\/2025\/11\/PATT-Cadena-alimentaria-WEB.jpg\" \/>\n\t<meta property=\"og:image:width\" content=\"1200\" \/>\n\t<meta property=\"og:image:height\" content=\"800\" \/>\n\t<meta property=\"og:image:type\" content=\"image\/jpeg\" \/>\n<meta name=\"twitter:card\" content=\"summary_large_image\" \/>\n<meta name=\"twitter:site\" content=\"@COVBcat\" \/>\n<meta name=\"twitter:label1\" content=\"Tiempo de lectura\" \/>\n\t<meta name=\"twitter:data1\" content=\"2 minutos\" \/>\n<script type=\"application\/ld+json\" class=\"yoast-schema-graph\">{\"@context\":\"https:\/\/schema.org\",\"@graph\":[{\"@type\":\"WebPage\",\"@id\":\"https:\/\/www.covb.cat\/es\/formacio\/jornada-patt-sobre-la-ley-de-la-cadena-alimentaria\/\",\"url\":\"https:\/\/www.covb.cat\/es\/formacio\/jornada-patt-sobre-la-ley-de-la-cadena-alimentaria\/\",\"name\":\"Jornada PATT sobre la ley de la cadena alimentaria - COVB - Col\u00b7legi Oficial de Veterinaris de Barcelona\",\"isPartOf\":{\"@id\":\"https:\/\/www.covb.cat\/es\/#website\"},\"primaryImageOfPage\":{\"@id\":\"https:\/\/www.covb.cat\/es\/formacio\/jornada-patt-sobre-la-ley-de-la-cadena-alimentaria\/#primaryimage\"},\"image\":{\"@id\":\"https:\/\/www.covb.cat\/es\/formacio\/jornada-patt-sobre-la-ley-de-la-cadena-alimentaria\/#primaryimage\"},\"thumbnailUrl\":\"https:\/\/www.covb.cat\/wp-content\/uploads\/2025\/11\/PATT-Cadena-alimentaria-WEB.jpg\",\"datePublished\":\"2025-11-25T07:56:21+00:00\",\"dateModified\":\"2025-11-25T07:57:04+00:00\",\"description\":\"La Subdirecci\u00f3n General de Empresas Agroalimentarias, Calidad y Gastronom\u00eda, nos ha solicitado que informemos que el jueves 4 de diciembre de 2025 se\",\"breadcrumb\":{\"@id\":\"https:\/\/www.covb.cat\/es\/formacio\/jornada-patt-sobre-la-ley-de-la-cadena-alimentaria\/#breadcrumb\"},\"inLanguage\":\"es\",\"potentialAction\":[{\"@type\":\"ReadAction\",\"target\":[\"https:\/\/www.covb.cat\/es\/formacio\/jornada-patt-sobre-la-ley-de-la-cadena-alimentaria\/\"]}]},{\"@type\":\"ImageObject\",\"inLanguage\":\"es\",\"@id\":\"https:\/\/www.covb.cat\/es\/formacio\/jornada-patt-sobre-la-ley-de-la-cadena-alimentaria\/#primaryimage\",\"url\":\"https:\/\/www.covb.cat\/wp-content\/uploads\/2025\/11\/PATT-Cadena-alimentaria-WEB.jpg\",\"contentUrl\":\"https:\/\/www.covb.cat\/wp-content\/uploads\/2025\/11\/PATT-Cadena-alimentaria-WEB.jpg\",\"width\":1200,\"height\":800},{\"@type\":\"BreadcrumbList\",\"@id\":\"https:\/\/www.covb.cat\/es\/formacio\/jornada-patt-sobre-la-ley-de-la-cadena-alimentaria\/#breadcrumb\",\"itemListElement\":[{\"@type\":\"ListItem\",\"position\":1,\"name\":\"Inici\",\"item\":\"https:\/\/www.covb.cat\/es\/\"},{\"@type\":\"ListItem\",\"position\":2,\"name\":\"Esdeveniments\",\"item\":\"https:\/\/www.covb.cat\/formacions\/\"},{\"@type\":\"ListItem\",\"position\":3,\"name\":\"Jornada PATT sobre la ley de la cadena alimentaria\"}]},{\"@type\":\"WebSite\",\"@id\":\"https:\/\/www.covb.cat\/es\/#website\",\"url\":\"https:\/\/www.covb.cat\/es\/\",\"name\":\"COVB\",\"description\":\"Col\u00b7legi Oficial de Veterinaris de Barcelona\",\"publisher\":{\"@id\":\"https:\/\/www.covb.cat\/es\/#organization\"},\"potentialAction\":[{\"@type\":\"SearchAction\",\"target\":{\"@type\":\"EntryPoint\",\"urlTemplate\":\"https:\/\/www.covb.cat\/es\/?s={search_term_string}\"},\"query-input\":{\"@type\":\"PropertyValueSpecification\",\"valueRequired\":true,\"valueName\":\"search_term_string\"}}],\"inLanguage\":\"es\"},{\"@type\":\"Organization\",\"@id\":\"https:\/\/www.covb.cat\/es\/#organization\",\"name\":\"COVB\",\"url\":\"https:\/\/www.covb.cat\/es\/\",\"logo\":{\"@type\":\"ImageObject\",\"inLanguage\":\"es\",\"@id\":\"https:\/\/www.covb.cat\/es\/#\/schema\/logo\/image\/\",\"url\":\"https:\/\/www.covb.cat\/wp-content\/uploads\/2018\/07\/favicon-covb.png\",\"contentUrl\":\"https:\/\/www.covb.cat\/wp-content\/uploads\/2018\/07\/favicon-covb.png\",\"width\":512,\"height\":512,\"caption\":\"COVB\"},\"image\":{\"@id\":\"https:\/\/www.covb.cat\/es\/#\/schema\/logo\/image\/\"},\"sameAs\":[\"https:\/\/www.facebook.com\/COVBcat\/\",\"https:\/\/x.com\/COVBcat\",\"https:\/\/www.youtube.com\/user\/covbcn\"]}]}<\/script>\n<!-- \/ Yoast SEO plugin. -->","yoast_head_json":{"title":"Jornada PATT sobre la ley de la cadena alimentaria - COVB - Col\u00b7legi Oficial de Veterinaris de Barcelona","description":"La Subdirecci\u00f3n General de Empresas Agroalimentarias, Calidad y Gastronom\u00eda, nos ha solicitado que informemos que el jueves 4 de diciembre de 2025 se","robots":{"index":"index","follow":"follow","max-snippet":"max-snippet:-1","max-image-preview":"max-image-preview:large","max-video-preview":"max-video-preview:-1"},"canonical":"https:\/\/www.covb.cat\/es\/formacio\/jornada-patt-sobre-la-ley-de-la-cadena-alimentaria\/","og_locale":"es_ES","og_type":"article","og_title":"Jornada PATT sobre la ley de la cadena alimentaria - COVB - Col\u00b7legi Oficial de Veterinaris de Barcelona","og_description":"La Subdirecci\u00f3n General de Empresas Agroalimentarias, Calidad y Gastronom\u00eda, nos ha solicitado que informemos que el jueves 4 de diciembre de 2025 se","og_url":"https:\/\/www.covb.cat\/es\/formacio\/jornada-patt-sobre-la-ley-de-la-cadena-alimentaria\/","og_site_name":"COVB","article_publisher":"https:\/\/www.facebook.com\/COVBcat\/","article_modified_time":"2025-11-25T07:57:04+00:00","og_image":[{"width":1200,"height":800,"url":"https:\/\/www.covb.cat\/wp-content\/uploads\/2025\/11\/PATT-Cadena-alimentaria-WEB.jpg","type":"image\/jpeg"}],"twitter_card":"summary_large_image","twitter_site":"@COVBcat","twitter_misc":{"Tiempo de lectura":"2 minutos"},"schema":{"@context":"https:\/\/schema.org","@graph":[{"@type":"WebPage","@id":"https:\/\/www.covb.cat\/es\/formacio\/jornada-patt-sobre-la-ley-de-la-cadena-alimentaria\/","url":"https:\/\/www.covb.cat\/es\/formacio\/jornada-patt-sobre-la-ley-de-la-cadena-alimentaria\/","name":"Jornada PATT sobre la ley de la cadena alimentaria - COVB - Col\u00b7legi Oficial de Veterinaris de Barcelona","isPartOf":{"@id":"https:\/\/www.covb.cat\/es\/#website"},"primaryImageOfPage":{"@id":"https:\/\/www.covb.cat\/es\/formacio\/jornada-patt-sobre-la-ley-de-la-cadena-alimentaria\/#primaryimage"},"image":{"@id":"https:\/\/www.covb.cat\/es\/formacio\/jornada-patt-sobre-la-ley-de-la-cadena-alimentaria\/#primaryimage"},"thumbnailUrl":"https:\/\/www.covb.cat\/wp-content\/uploads\/2025\/11\/PATT-Cadena-alimentaria-WEB.jpg","datePublished":"2025-11-25T07:56:21+00:00","dateModified":"2025-11-25T07:57:04+00:00","description":"La Subdirecci\u00f3n General de Empresas Agroalimentarias, Calidad y Gastronom\u00eda, nos ha solicitado que informemos que el jueves 4 de diciembre de 2025 se","breadcrumb":{"@id":"https:\/\/www.covb.cat\/es\/formacio\/jornada-patt-sobre-la-ley-de-la-cadena-alimentaria\/#breadcrumb"},"inLanguage":"es","potentialAction":[{"@type":"ReadAction","target":["https:\/\/www.covb.cat\/es\/formacio\/jornada-patt-sobre-la-ley-de-la-cadena-alimentaria\/"]}]},{"@type":"ImageObject","inLanguage":"es","@id":"https:\/\/www.covb.cat\/es\/formacio\/jornada-patt-sobre-la-ley-de-la-cadena-alimentaria\/#primaryimage","url":"https:\/\/www.covb.cat\/wp-content\/uploads\/2025\/11\/PATT-Cadena-alimentaria-WEB.jpg","contentUrl":"https:\/\/www.covb.cat\/wp-content\/uploads\/2025\/11\/PATT-Cadena-alimentaria-WEB.jpg","width":1200,"height":800},{"@type":"BreadcrumbList","@id":"https:\/\/www.covb.cat\/es\/formacio\/jornada-patt-sobre-la-ley-de-la-cadena-alimentaria\/#breadcrumb","itemListElement":[{"@type":"ListItem","position":1,"name":"Inici","item":"https:\/\/www.covb.cat\/es\/"},{"@type":"ListItem","position":2,"name":"Esdeveniments","item":"https:\/\/www.covb.cat\/formacions\/"},{"@type":"ListItem","position":3,"name":"Jornada PATT sobre la ley de la cadena alimentaria"}]},{"@type":"WebSite","@id":"https:\/\/www.covb.cat\/es\/#website","url":"https:\/\/www.covb.cat\/es\/","name":"COVB","description":"Col\u00b7legi Oficial de Veterinaris de Barcelona","publisher":{"@id":"https:\/\/www.covb.cat\/es\/#organization"},"potentialAction":[{"@type":"SearchAction","target":{"@type":"EntryPoint","urlTemplate":"https:\/\/www.covb.cat\/es\/?s={search_term_string}"},"query-input":{"@type":"PropertyValueSpecification","valueRequired":true,"valueName":"search_term_string"}}],"inLanguage":"es"},{"@type":"Organization","@id":"https:\/\/www.covb.cat\/es\/#organization","name":"COVB","url":"https:\/\/www.covb.cat\/es\/","logo":{"@type":"ImageObject","inLanguage":"es","@id":"https:\/\/www.covb.cat\/es\/#\/schema\/logo\/image\/","url":"https:\/\/www.covb.cat\/wp-content\/uploads\/2018\/07\/favicon-covb.png","contentUrl":"https:\/\/www.covb.cat\/wp-content\/uploads\/2018\/07\/favicon-covb.png","width":512,"height":512,"caption":"COVB"},"image":{"@id":"https:\/\/www.covb.cat\/es\/#\/schema\/logo\/image\/"},"sameAs":["https:\/\/www.facebook.com\/COVBcat\/","https:\/\/x.com\/COVBcat","https:\/\/www.youtube.com\/user\/covbcn"]}]}},"jetpack_sharing_enabled":true,"_links":{"self":[{"href":"https:\/\/www.covb.cat\/es\/wp-json\/wp\/v2\/tribe_events\/64453","targetHints":{"allow":["GET"]}}],"collection":[{"href":"https:\/\/www.covb.cat\/es\/wp-json\/wp\/v2\/tribe_events"}],"about":[{"href":"https:\/\/www.covb.cat\/es\/wp-json\/wp\/v2\/types\/tribe_events"}],"author":[{"embeddable":true,"href":"https:\/\/www.covb.cat\/es\/wp-json\/wp\/v2\/users\/2985"}],"version-history":[{"count":1,"href":"https:\/\/www.covb.cat\/es\/wp-json\/wp\/v2\/tribe_events\/64453\/revisions"}],"predecessor-version":[{"id":64454,"href":"https:\/\/www.covb.cat\/es\/wp-json\/wp\/v2\/tribe_events\/64453\/revisions\/64454"}],"wp:featuredmedia":[{"embeddable":true,"href":"https:\/\/www.covb.cat\/es\/wp-json\/wp\/v2\/media\/64450"}],"wp:attachment":[{"href":"https:\/\/www.covb.cat\/es\/wp-json\/wp\/v2\/media?parent=64453"}],"wp:term":[{"taxonomy":"post_tag","embeddable":true,"href":"https:\/\/www.covb.cat\/es\/wp-json\/wp\/v2\/tags?post=64453"},{"taxonomy":"tribe_events_cat","embeddable":true,"href":"https:\/\/www.covb.cat\/es\/wp-json\/wp\/v2\/tribe_events_cat?post=64453"}],"curies":[{"name":"wp","href":"https:\/\/api.w.org\/{rel}","templated":true}]}}