{"id":62533,"date":"2025-11-03T13:58:06","date_gmt":"2025-11-03T12:58:06","guid":{"rendered":"https:\/\/www.covb.cat\/formacio\/cotitzacio-i-pensio-de-la-persona-autonoma-2\/"},"modified":"2025-11-03T13:58:55","modified_gmt":"2025-11-03T12:58:55","slug":"cotizacion-y-pension-de-la-persona-autonoma-2","status":"publish","type":"tribe_events","link":"https:\/\/www.covb.cat\/es\/formacio\/cotizacion-y-pension-de-la-persona-autonoma-2\/","title":{"rendered":"Cotizaci\u00f3n y pensi\u00f3n de la persona aut\u00f3noma"},"content":{"rendered":"<p>La Asociaci\u00f3n Intercolegial de Colegios Profesionales de Catalu\u00f1a organiza una nueva sesi\u00f3n formativa dedicada a aclarar dudas sobre <strong>la cotizaci\u00f3n y la pensi\u00f3n de las personas aut\u00f3nomas<\/strong>. Esta actividad est\u00e1 dirigida a profesionales colegiados que ejercen por cuenta propia y desean comprender mejor c\u00f3mo influye su base de cotizaci\u00f3n en la futura pensi\u00f3n y en otras prestaciones sociales.<\/p>\n<p>Durante la sesi\u00f3n se revisar\u00e1n aspectos clave como el sistema de tramos, las deducciones aplicables, los periodos de cotizaci\u00f3n requeridos y los derechos derivados de incapacidad temporal, maternidad o jubilaci\u00f3n.<\/p>\n<p>\ud83d\udcc5 Fecha: 27 de noviembre de 2025<br \/>\n\ud83d\udd53 Horario: 16:00 &#8211; 17:30 h<br \/>\n\ud83d\udcbb Modalidad: Online (sesi\u00f3n en directo por Zoom)<br \/>\n\ud83c\udfdb\ufe0f Organiza: Colegio Oficial de Agentes Comerciales de Barcelona<br \/>\n\ud83d\udce9 Inscripci\u00f3n gratuita: <a href=\"https:\/\/us02web.zoom.us\/webinar\/register\/WN_zbBN0VfQSVSYMHdadCPI6A#\/registration\">Formulario de inscripci\u00f3n Zoom<\/a><\/p>\n","protected":false},"excerpt":{"rendered":"<p>La Asociaci\u00f3n Intercolegial de Colegios Profesionales de Catalu\u00f1a organiza una nueva sesi\u00f3n formativa dedicada a aclarar dudas sobre la cotizaci\u00f3n y la pensi\u00f3n de las personas aut\u00f3nomas. Esta actividad est\u00e1 dirigida a profesionales colegiados que ejercen por cuenta propia y desean comprender mejor c\u00f3mo influye su base de cotizaci\u00f3n en la futura pensi\u00f3n y en [&hellip;]<\/p>\n","protected":false},"author":2985,"featured_media":62530,"template":"","meta":{"_monsterinsights_skip_tracking":false,"_monsterinsights_sitenote_active":false,"_monsterinsights_sitenote_note":"","_monsterinsights_sitenote_category":0,"footnotes":""},"tags":[153],"tribe_events_cat":[420],"class_list":["post-62533","tribe_events","type-tribe_events","status-publish","has-post-thumbnail","hentry","tag-no_formulari-es-3","tribe_events_cat-intercollegial-es","cat_intercollegial-es"],"yoast_head":"<!-- This site is optimized with the Yoast SEO plugin v27.0 - https:\/\/yoast.com\/product\/yoast-seo-wordpress\/ -->\n<title>Cotizaci\u00f3n y pensi\u00f3n de la persona aut\u00f3noma - COVB - Col\u00b7legi Oficial de Veterinaris de Barcelona<\/title>\n<meta name=\"description\" content=\"La Asociaci\u00f3n Intercolegial de Colegios Profesionales de Catalu\u00f1a organiza una nueva sesi\u00f3n formativa dedicada a aclarar dudas sobre la cotizaci\u00f3n y la\" \/>\n<meta name=\"robots\" content=\"index, follow, max-snippet:-1, max-image-preview:large, max-video-preview:-1\" \/>\n<link rel=\"canonical\" href=\"https:\/\/www.covb.cat\/es\/formacio\/cotizacion-y-pension-de-la-persona-autonoma-2\/\" \/>\n<meta property=\"og:locale\" content=\"es_ES\" \/>\n<meta property=\"og:type\" content=\"article\" \/>\n<meta property=\"og:title\" content=\"Cotizaci\u00f3n y pensi\u00f3n de la persona aut\u00f3noma - COVB - Col\u00b7legi Oficial de Veterinaris de Barcelona\" \/>\n<meta property=\"og:description\" content=\"La Asociaci\u00f3n Intercolegial de Colegios Profesionales de Catalu\u00f1a organiza una nueva sesi\u00f3n formativa dedicada a aclarar dudas sobre la cotizaci\u00f3n y la\" \/>\n<meta property=\"og:url\" content=\"https:\/\/www.covb.cat\/es\/formacio\/cotizacion-y-pension-de-la-persona-autonoma-2\/\" \/>\n<meta property=\"og:site_name\" content=\"COVB\" \/>\n<meta property=\"article:publisher\" content=\"https:\/\/www.facebook.com\/COVBcat\/\" \/>\n<meta property=\"article:modified_time\" content=\"2025-11-03T12:58:55+00:00\" \/>\n<meta property=\"og:image\" content=\"https:\/\/www.covb.cat\/wp-content\/uploads\/2025\/11\/Cotitzacio-autonoms-WEB.jpg\" \/>\n\t<meta property=\"og:image:width\" content=\"1200\" \/>\n\t<meta property=\"og:image:height\" content=\"800\" \/>\n\t<meta property=\"og:image:type\" content=\"image\/jpeg\" \/>\n<meta name=\"twitter:card\" content=\"summary_large_image\" \/>\n<meta name=\"twitter:site\" content=\"@COVBcat\" \/>\n<meta name=\"twitter:label1\" content=\"Tiempo de lectura\" \/>\n\t<meta name=\"twitter:data1\" content=\"1 minuto\" \/>\n<script type=\"application\/ld+json\" class=\"yoast-schema-graph\">{\"@context\":\"https:\/\/schema.org\",\"@graph\":[{\"@type\":\"WebPage\",\"@id\":\"https:\/\/www.covb.cat\/es\/formacio\/cotizacion-y-pension-de-la-persona-autonoma-2\/\",\"url\":\"https:\/\/www.covb.cat\/es\/formacio\/cotizacion-y-pension-de-la-persona-autonoma-2\/\",\"name\":\"Cotizaci\u00f3n y pensi\u00f3n de la persona aut\u00f3noma - COVB - Col\u00b7legi Oficial de Veterinaris de Barcelona\",\"isPartOf\":{\"@id\":\"https:\/\/www.covb.cat\/es\/#website\"},\"primaryImageOfPage\":{\"@id\":\"https:\/\/www.covb.cat\/es\/formacio\/cotizacion-y-pension-de-la-persona-autonoma-2\/#primaryimage\"},\"image\":{\"@id\":\"https:\/\/www.covb.cat\/es\/formacio\/cotizacion-y-pension-de-la-persona-autonoma-2\/#primaryimage\"},\"thumbnailUrl\":\"https:\/\/www.covb.cat\/wp-content\/uploads\/2025\/11\/Cotitzacio-autonoms-WEB.jpg\",\"datePublished\":\"2025-11-03T12:58:06+00:00\",\"dateModified\":\"2025-11-03T12:58:55+00:00\",\"description\":\"La Asociaci\u00f3n Intercolegial de Colegios Profesionales de Catalu\u00f1a organiza una nueva sesi\u00f3n formativa dedicada a aclarar dudas sobre la cotizaci\u00f3n y la\",\"breadcrumb\":{\"@id\":\"https:\/\/www.covb.cat\/es\/formacio\/cotizacion-y-pension-de-la-persona-autonoma-2\/#breadcrumb\"},\"inLanguage\":\"es\",\"potentialAction\":[{\"@type\":\"ReadAction\",\"target\":[\"https:\/\/www.covb.cat\/es\/formacio\/cotizacion-y-pension-de-la-persona-autonoma-2\/\"]}]},{\"@type\":\"ImageObject\",\"inLanguage\":\"es\",\"@id\":\"https:\/\/www.covb.cat\/es\/formacio\/cotizacion-y-pension-de-la-persona-autonoma-2\/#primaryimage\",\"url\":\"https:\/\/www.covb.cat\/wp-content\/uploads\/2025\/11\/Cotitzacio-autonoms-WEB.jpg\",\"contentUrl\":\"https:\/\/www.covb.cat\/wp-content\/uploads\/2025\/11\/Cotitzacio-autonoms-WEB.jpg\",\"width\":1200,\"height\":800},{\"@type\":\"BreadcrumbList\",\"@id\":\"https:\/\/www.covb.cat\/es\/formacio\/cotizacion-y-pension-de-la-persona-autonoma-2\/#breadcrumb\",\"itemListElement\":[{\"@type\":\"ListItem\",\"position\":1,\"name\":\"Inici\",\"item\":\"https:\/\/www.covb.cat\/es\/\"},{\"@type\":\"ListItem\",\"position\":2,\"name\":\"Esdeveniments\",\"item\":\"https:\/\/www.covb.cat\/formacions\/\"},{\"@type\":\"ListItem\",\"position\":3,\"name\":\"Cotizaci\u00f3n y pensi\u00f3n de la persona aut\u00f3noma\"}]},{\"@type\":\"WebSite\",\"@id\":\"https:\/\/www.covb.cat\/es\/#website\",\"url\":\"https:\/\/www.covb.cat\/es\/\",\"name\":\"COVB\",\"description\":\"Col\u00b7legi Oficial de Veterinaris de Barcelona\",\"publisher\":{\"@id\":\"https:\/\/www.covb.cat\/es\/#organization\"},\"potentialAction\":[{\"@type\":\"SearchAction\",\"target\":{\"@type\":\"EntryPoint\",\"urlTemplate\":\"https:\/\/www.covb.cat\/es\/?s={search_term_string}\"},\"query-input\":{\"@type\":\"PropertyValueSpecification\",\"valueRequired\":true,\"valueName\":\"search_term_string\"}}],\"inLanguage\":\"es\"},{\"@type\":\"Organization\",\"@id\":\"https:\/\/www.covb.cat\/es\/#organization\",\"name\":\"COVB\",\"url\":\"https:\/\/www.covb.cat\/es\/\",\"logo\":{\"@type\":\"ImageObject\",\"inLanguage\":\"es\",\"@id\":\"https:\/\/www.covb.cat\/es\/#\/schema\/logo\/image\/\",\"url\":\"https:\/\/www.covb.cat\/wp-content\/uploads\/2018\/07\/favicon-covb.png\",\"contentUrl\":\"https:\/\/www.covb.cat\/wp-content\/uploads\/2018\/07\/favicon-covb.png\",\"width\":512,\"height\":512,\"caption\":\"COVB\"},\"image\":{\"@id\":\"https:\/\/www.covb.cat\/es\/#\/schema\/logo\/image\/\"},\"sameAs\":[\"https:\/\/www.facebook.com\/COVBcat\/\",\"https:\/\/x.com\/COVBcat\",\"https:\/\/www.youtube.com\/user\/covbcn\"]}]}<\/script>\n<!-- \/ Yoast SEO plugin. -->","yoast_head_json":{"title":"Cotizaci\u00f3n y pensi\u00f3n de la persona aut\u00f3noma - COVB - Col\u00b7legi Oficial de Veterinaris de Barcelona","description":"La Asociaci\u00f3n Intercolegial de Colegios Profesionales de Catalu\u00f1a organiza una nueva sesi\u00f3n formativa dedicada a aclarar dudas sobre la cotizaci\u00f3n y la","robots":{"index":"index","follow":"follow","max-snippet":"max-snippet:-1","max-image-preview":"max-image-preview:large","max-video-preview":"max-video-preview:-1"},"canonical":"https:\/\/www.covb.cat\/es\/formacio\/cotizacion-y-pension-de-la-persona-autonoma-2\/","og_locale":"es_ES","og_type":"article","og_title":"Cotizaci\u00f3n y pensi\u00f3n de la persona aut\u00f3noma - COVB - Col\u00b7legi Oficial de Veterinaris de Barcelona","og_description":"La Asociaci\u00f3n Intercolegial de Colegios Profesionales de Catalu\u00f1a organiza una nueva sesi\u00f3n formativa dedicada a aclarar dudas sobre la cotizaci\u00f3n y la","og_url":"https:\/\/www.covb.cat\/es\/formacio\/cotizacion-y-pension-de-la-persona-autonoma-2\/","og_site_name":"COVB","article_publisher":"https:\/\/www.facebook.com\/COVBcat\/","article_modified_time":"2025-11-03T12:58:55+00:00","og_image":[{"width":1200,"height":800,"url":"https:\/\/www.covb.cat\/wp-content\/uploads\/2025\/11\/Cotitzacio-autonoms-WEB.jpg","type":"image\/jpeg"}],"twitter_card":"summary_large_image","twitter_site":"@COVBcat","twitter_misc":{"Tiempo de lectura":"1 minuto"},"schema":{"@context":"https:\/\/schema.org","@graph":[{"@type":"WebPage","@id":"https:\/\/www.covb.cat\/es\/formacio\/cotizacion-y-pension-de-la-persona-autonoma-2\/","url":"https:\/\/www.covb.cat\/es\/formacio\/cotizacion-y-pension-de-la-persona-autonoma-2\/","name":"Cotizaci\u00f3n y pensi\u00f3n de la persona aut\u00f3noma - COVB - Col\u00b7legi Oficial de Veterinaris de Barcelona","isPartOf":{"@id":"https:\/\/www.covb.cat\/es\/#website"},"primaryImageOfPage":{"@id":"https:\/\/www.covb.cat\/es\/formacio\/cotizacion-y-pension-de-la-persona-autonoma-2\/#primaryimage"},"image":{"@id":"https:\/\/www.covb.cat\/es\/formacio\/cotizacion-y-pension-de-la-persona-autonoma-2\/#primaryimage"},"thumbnailUrl":"https:\/\/www.covb.cat\/wp-content\/uploads\/2025\/11\/Cotitzacio-autonoms-WEB.jpg","datePublished":"2025-11-03T12:58:06+00:00","dateModified":"2025-11-03T12:58:55+00:00","description":"La Asociaci\u00f3n Intercolegial de Colegios Profesionales de Catalu\u00f1a organiza una nueva sesi\u00f3n formativa dedicada a aclarar dudas sobre la cotizaci\u00f3n y la","breadcrumb":{"@id":"https:\/\/www.covb.cat\/es\/formacio\/cotizacion-y-pension-de-la-persona-autonoma-2\/#breadcrumb"},"inLanguage":"es","potentialAction":[{"@type":"ReadAction","target":["https:\/\/www.covb.cat\/es\/formacio\/cotizacion-y-pension-de-la-persona-autonoma-2\/"]}]},{"@type":"ImageObject","inLanguage":"es","@id":"https:\/\/www.covb.cat\/es\/formacio\/cotizacion-y-pension-de-la-persona-autonoma-2\/#primaryimage","url":"https:\/\/www.covb.cat\/wp-content\/uploads\/2025\/11\/Cotitzacio-autonoms-WEB.jpg","contentUrl":"https:\/\/www.covb.cat\/wp-content\/uploads\/2025\/11\/Cotitzacio-autonoms-WEB.jpg","width":1200,"height":800},{"@type":"BreadcrumbList","@id":"https:\/\/www.covb.cat\/es\/formacio\/cotizacion-y-pension-de-la-persona-autonoma-2\/#breadcrumb","itemListElement":[{"@type":"ListItem","position":1,"name":"Inici","item":"https:\/\/www.covb.cat\/es\/"},{"@type":"ListItem","position":2,"name":"Esdeveniments","item":"https:\/\/www.covb.cat\/formacions\/"},{"@type":"ListItem","position":3,"name":"Cotizaci\u00f3n y pensi\u00f3n de la persona aut\u00f3noma"}]},{"@type":"WebSite","@id":"https:\/\/www.covb.cat\/es\/#website","url":"https:\/\/www.covb.cat\/es\/","name":"COVB","description":"Col\u00b7legi Oficial de Veterinaris de Barcelona","publisher":{"@id":"https:\/\/www.covb.cat\/es\/#organization"},"potentialAction":[{"@type":"SearchAction","target":{"@type":"EntryPoint","urlTemplate":"https:\/\/www.covb.cat\/es\/?s={search_term_string}"},"query-input":{"@type":"PropertyValueSpecification","valueRequired":true,"valueName":"search_term_string"}}],"inLanguage":"es"},{"@type":"Organization","@id":"https:\/\/www.covb.cat\/es\/#organization","name":"COVB","url":"https:\/\/www.covb.cat\/es\/","logo":{"@type":"ImageObject","inLanguage":"es","@id":"https:\/\/www.covb.cat\/es\/#\/schema\/logo\/image\/","url":"https:\/\/www.covb.cat\/wp-content\/uploads\/2018\/07\/favicon-covb.png","contentUrl":"https:\/\/www.covb.cat\/wp-content\/uploads\/2018\/07\/favicon-covb.png","width":512,"height":512,"caption":"COVB"},"image":{"@id":"https:\/\/www.covb.cat\/es\/#\/schema\/logo\/image\/"},"sameAs":["https:\/\/www.facebook.com\/COVBcat\/","https:\/\/x.com\/COVBcat","https:\/\/www.youtube.com\/user\/covbcn"]}]}},"jetpack_sharing_enabled":true,"_links":{"self":[{"href":"https:\/\/www.covb.cat\/es\/wp-json\/wp\/v2\/tribe_events\/62533","targetHints":{"allow":["GET"]}}],"collection":[{"href":"https:\/\/www.covb.cat\/es\/wp-json\/wp\/v2\/tribe_events"}],"about":[{"href":"https:\/\/www.covb.cat\/es\/wp-json\/wp\/v2\/types\/tribe_events"}],"author":[{"embeddable":true,"href":"https:\/\/www.covb.cat\/es\/wp-json\/wp\/v2\/users\/2985"}],"version-history":[{"count":1,"href":"https:\/\/www.covb.cat\/es\/wp-json\/wp\/v2\/tribe_events\/62533\/revisions"}],"predecessor-version":[{"id":62534,"href":"https:\/\/www.covb.cat\/es\/wp-json\/wp\/v2\/tribe_events\/62533\/revisions\/62534"}],"wp:featuredmedia":[{"embeddable":true,"href":"https:\/\/www.covb.cat\/es\/wp-json\/wp\/v2\/media\/62530"}],"wp:attachment":[{"href":"https:\/\/www.covb.cat\/es\/wp-json\/wp\/v2\/media?parent=62533"}],"wp:term":[{"taxonomy":"post_tag","embeddable":true,"href":"https:\/\/www.covb.cat\/es\/wp-json\/wp\/v2\/tags?post=62533"},{"taxonomy":"tribe_events_cat","embeddable":true,"href":"https:\/\/www.covb.cat\/es\/wp-json\/wp\/v2\/tribe_events_cat?post=62533"}],"curies":[{"name":"wp","href":"https:\/\/api.w.org\/{rel}","templated":true}]}}