{"id":61665,"date":"2025-10-13T20:51:32","date_gmt":"2025-10-13T18:51:32","guid":{"rendered":"https:\/\/www.covb.cat\/?post_type=tribe_events&#038;p=61665"},"modified":"2025-10-13T20:51:32","modified_gmt":"2025-10-13T18:51:32","slug":"cuidate-para-cuidar-mejor-nuevas-formaciones-de-la-fundacion-galatea-para-profesionales-de-la-salud","status":"publish","type":"tribe_events","link":"https:\/\/www.covb.cat\/es\/formacio\/cuidate-para-cuidar-mejor-nuevas-formaciones-de-la-fundacion-galatea-para-profesionales-de-la-salud\/","title":{"rendered":"Cu\u00eddate para cuidar mejor: nuevas formaciones de la Fundaci\u00f3n Galatea para profesionales de la salud"},"content":{"rendered":"<p>La Fundaci\u00f3n Galatea presenta una nueva agenda de formaciones destinadas a mejorar el bienestar emocional y profesional de los trabajadores del \u00e1mbito sanitario. Talleres pr\u00e1cticos, sesiones vivenciales y una jornada sobre liderazgo inclusivo que invitan a reflexionar, compartir y crecer desde el cuidado propio y colectivo.<\/p>\n<p>Estas actividades combinan herramientas de gesti\u00f3n del estr\u00e9s, autocuidado y compasi\u00f3n con una visi\u00f3n \u00e9tica y humana del liderazgo y la atenci\u00f3n asistencial.<\/p>\n<p><strong>1.Taller \u201cDesestr\u00e9sate\u201d<\/strong><\/p>\n<p><strong>Fecha:<\/strong> 10 de octubre de 2025<br \/>\nVivimos con estr\u00e9s, pero sabemos poco sobre \u00e9l. En este taller pr\u00e1ctico aprender\u00e1s a identificarlo, comprenderlo y transformarlo en una herramienta funcional para tu d\u00eda a d\u00eda.<\/p>\n<p><strong>2.Curso \u201cPreservaci\u00f3n del sentido de dignidad a trav\u00e9s del tono de los cuidados\u201d<\/strong><\/p>\n<p><strong>Fechas:<\/strong> 24 y 31 de octubre de 2025 <em>(es necesario asistir ambos d\u00edas)<\/em><br \/>\nAprender\u00e1s c\u00f3mo mantener un tono de cuidados que preserve la dignidad de pacientes y familiares, mejorando la calidad asistencial y la satisfacci\u00f3n de los profesionales.<\/p>\n<p><strong>3.Jornada \u201cLiderazgos que cuidan. Rompiendo barreras para liderar con cuidado y equidad\u201d<\/strong><\/p>\n<p><strong>Fecha:<\/strong> 6 de noviembre de 2025<br \/>\nUna jornada para repensar los liderazgos desde una mirada m\u00e1s justa, emp\u00e1tica e inclusiva, fomentando equipos saludables y formas de dirigir basadas en el cuidado y la equidad.<\/p>\n<p><strong>4.Taller \u201cCompasi\u00f3n como herramienta de cuidado y autocuidado\u201d<\/strong><\/p>\n<p><strong>Fecha:<\/strong> 12 de noviembre de 2025<br \/>\nSesi\u00f3n en l\u00ednea para descubrir la compasi\u00f3n como recurso para cuidar y cuidarse. Adquirir\u00e1s herramientas pr\u00e1cticas para cultivarla y aplicarla en tu entorno profesional y personal.<\/p>\n<p><strong>5.Nueva formaci\u00f3n \u201cAutocuidado Nivel 2. Trascendiendo barreras, encarnando la pr\u00e1ctica\u201d<\/strong><br \/>\n<strong>Fecha:<\/strong> 16 de enero de 2026<br \/>\nUna formaci\u00f3n avanzada para integrar el autocuidado en la pr\u00e1ctica cl\u00ednica diaria y consolidar h\u00e1bitos de bienestar personal y profesional.<\/p>\n<p>Adem\u00e1s, en octubre se ha iniciado la segunda fase del proyecto de investigaci\u00f3n conjunto con la UOC y el apoyo del Observatorio Social de la Fundaci\u00f3n \u201cla Caixa\u201d sobre <strong>profesionales de la salud sin <em>burnout.<\/em><\/strong><\/p>\n<p>Consulta la agenda completa en la web de la Fundaci\u00f3n Galatea y elige las formaciones que mejor se adapten a ti. \u00a0<a href=\"https:\/\/www.fgalatea.org\">Fundaci\u00f3n Galatea \u2013 Agenda de formaciones<\/a><\/p>\n","protected":false},"excerpt":{"rendered":"<p>La Fundaci\u00f3n Galatea presenta una nueva agenda de formaciones destinadas a mejorar el bienestar emocional y profesional de los trabajadores del \u00e1mbito sanitario. Talleres pr\u00e1cticos, sesiones vivenciales y una jornada sobre liderazgo inclusivo que invitan a reflexionar, compartir y crecer desde el cuidado propio y colectivo. Estas actividades combinan herramientas de gesti\u00f3n del estr\u00e9s, autocuidado [&hellip;]<\/p>\n","protected":false},"author":2985,"featured_media":61663,"template":"","meta":{"_monsterinsights_skip_tracking":false,"_monsterinsights_sitenote_active":false,"_monsterinsights_sitenote_note":"","_monsterinsights_sitenote_category":0,"footnotes":""},"tags":[150],"tribe_events_cat":[291],"class_list":["post-61665","tribe_events","type-tribe_events","status-publish","has-post-thumbnail","hentry","tag-no_formulari-es","tribe_events_cat-habilidades-personales","cat_habilidades-personales"],"yoast_head":"<!-- This site is optimized with the Yoast SEO plugin v27.0 - https:\/\/yoast.com\/product\/yoast-seo-wordpress\/ -->\n<title>Cu\u00eddate para cuidar mejor: nuevas formaciones de la Fundaci\u00f3n Galatea para profesionales de la salud - COVB - Col\u00b7legi Oficial de Veterinaris de Barcelona<\/title>\n<meta name=\"description\" content=\"La Fundaci\u00f3n Galatea presenta una nueva agenda de formaciones destinadas a mejorar el bienestar emocional y profesional de los trabajadores del \u00e1mbito\" \/>\n<meta name=\"robots\" content=\"index, follow, max-snippet:-1, max-image-preview:large, max-video-preview:-1\" \/>\n<link rel=\"canonical\" href=\"https:\/\/www.covb.cat\/es\/formacio\/cuidate-para-cuidar-mejor-nuevas-formaciones-de-la-fundacion-galatea-para-profesionales-de-la-salud\/\" \/>\n<meta property=\"og:locale\" content=\"es_ES\" \/>\n<meta property=\"og:type\" content=\"article\" \/>\n<meta property=\"og:title\" content=\"Cu\u00eddate para cuidar mejor: nuevas formaciones de la Fundaci\u00f3n Galatea para profesionales de la salud - COVB - Col\u00b7legi Oficial de Veterinaris de Barcelona\" \/>\n<meta property=\"og:description\" content=\"La Fundaci\u00f3n Galatea presenta una nueva agenda de formaciones destinadas a mejorar el bienestar emocional y profesional de los trabajadores del \u00e1mbito\" \/>\n<meta property=\"og:url\" content=\"https:\/\/www.covb.cat\/es\/formacio\/cuidate-para-cuidar-mejor-nuevas-formaciones-de-la-fundacion-galatea-para-profesionales-de-la-salud\/\" \/>\n<meta property=\"og:site_name\" content=\"COVB\" \/>\n<meta property=\"article:publisher\" content=\"https:\/\/www.facebook.com\/COVBcat\/\" \/>\n<meta property=\"og:image\" content=\"https:\/\/www.covb.cat\/wp-content\/uploads\/2025\/10\/Fundacio-Galatea-WEB.jpg\" \/>\n\t<meta property=\"og:image:width\" content=\"1200\" \/>\n\t<meta property=\"og:image:height\" content=\"800\" \/>\n\t<meta property=\"og:image:type\" content=\"image\/jpeg\" \/>\n<meta name=\"twitter:card\" content=\"summary_large_image\" \/>\n<meta name=\"twitter:site\" content=\"@COVBcat\" \/>\n<meta name=\"twitter:label1\" content=\"Tiempo de lectura\" \/>\n\t<meta name=\"twitter:data1\" content=\"2 minutos\" \/>\n<script type=\"application\/ld+json\" class=\"yoast-schema-graph\">{\"@context\":\"https:\/\/schema.org\",\"@graph\":[{\"@type\":\"WebPage\",\"@id\":\"https:\/\/www.covb.cat\/es\/formacio\/cuidate-para-cuidar-mejor-nuevas-formaciones-de-la-fundacion-galatea-para-profesionales-de-la-salud\/\",\"url\":\"https:\/\/www.covb.cat\/es\/formacio\/cuidate-para-cuidar-mejor-nuevas-formaciones-de-la-fundacion-galatea-para-profesionales-de-la-salud\/\",\"name\":\"Cu\u00eddate para cuidar mejor: nuevas formaciones de la Fundaci\u00f3n Galatea para profesionales de la salud - COVB - Col\u00b7legi Oficial de Veterinaris de Barcelona\",\"isPartOf\":{\"@id\":\"https:\/\/www.covb.cat\/es\/#website\"},\"primaryImageOfPage\":{\"@id\":\"https:\/\/www.covb.cat\/es\/formacio\/cuidate-para-cuidar-mejor-nuevas-formaciones-de-la-fundacion-galatea-para-profesionales-de-la-salud\/#primaryimage\"},\"image\":{\"@id\":\"https:\/\/www.covb.cat\/es\/formacio\/cuidate-para-cuidar-mejor-nuevas-formaciones-de-la-fundacion-galatea-para-profesionales-de-la-salud\/#primaryimage\"},\"thumbnailUrl\":\"https:\/\/www.covb.cat\/wp-content\/uploads\/2025\/10\/Fundacio-Galatea-WEB.jpg\",\"datePublished\":\"2025-10-13T18:51:32+00:00\",\"description\":\"La Fundaci\u00f3n Galatea presenta una nueva agenda de formaciones destinadas a mejorar el bienestar emocional y profesional de los trabajadores del \u00e1mbito\",\"breadcrumb\":{\"@id\":\"https:\/\/www.covb.cat\/es\/formacio\/cuidate-para-cuidar-mejor-nuevas-formaciones-de-la-fundacion-galatea-para-profesionales-de-la-salud\/#breadcrumb\"},\"inLanguage\":\"es\",\"potentialAction\":[{\"@type\":\"ReadAction\",\"target\":[\"https:\/\/www.covb.cat\/es\/formacio\/cuidate-para-cuidar-mejor-nuevas-formaciones-de-la-fundacion-galatea-para-profesionales-de-la-salud\/\"]}]},{\"@type\":\"ImageObject\",\"inLanguage\":\"es\",\"@id\":\"https:\/\/www.covb.cat\/es\/formacio\/cuidate-para-cuidar-mejor-nuevas-formaciones-de-la-fundacion-galatea-para-profesionales-de-la-salud\/#primaryimage\",\"url\":\"https:\/\/www.covb.cat\/wp-content\/uploads\/2025\/10\/Fundacio-Galatea-WEB.jpg\",\"contentUrl\":\"https:\/\/www.covb.cat\/wp-content\/uploads\/2025\/10\/Fundacio-Galatea-WEB.jpg\",\"width\":1200,\"height\":800},{\"@type\":\"BreadcrumbList\",\"@id\":\"https:\/\/www.covb.cat\/es\/formacio\/cuidate-para-cuidar-mejor-nuevas-formaciones-de-la-fundacion-galatea-para-profesionales-de-la-salud\/#breadcrumb\",\"itemListElement\":[{\"@type\":\"ListItem\",\"position\":1,\"name\":\"Inici\",\"item\":\"https:\/\/www.covb.cat\/es\/\"},{\"@type\":\"ListItem\",\"position\":2,\"name\":\"Esdeveniments\",\"item\":\"https:\/\/www.covb.cat\/formacions\/\"},{\"@type\":\"ListItem\",\"position\":3,\"name\":\"Cu\u00eddate para cuidar mejor: nuevas formaciones de la Fundaci\u00f3n Galatea para profesionales de la salud\"}]},{\"@type\":\"WebSite\",\"@id\":\"https:\/\/www.covb.cat\/es\/#website\",\"url\":\"https:\/\/www.covb.cat\/es\/\",\"name\":\"COVB\",\"description\":\"Col\u00b7legi Oficial de Veterinaris de Barcelona\",\"publisher\":{\"@id\":\"https:\/\/www.covb.cat\/es\/#organization\"},\"potentialAction\":[{\"@type\":\"SearchAction\",\"target\":{\"@type\":\"EntryPoint\",\"urlTemplate\":\"https:\/\/www.covb.cat\/es\/?s={search_term_string}\"},\"query-input\":{\"@type\":\"PropertyValueSpecification\",\"valueRequired\":true,\"valueName\":\"search_term_string\"}}],\"inLanguage\":\"es\"},{\"@type\":\"Organization\",\"@id\":\"https:\/\/www.covb.cat\/es\/#organization\",\"name\":\"COVB\",\"url\":\"https:\/\/www.covb.cat\/es\/\",\"logo\":{\"@type\":\"ImageObject\",\"inLanguage\":\"es\",\"@id\":\"https:\/\/www.covb.cat\/es\/#\/schema\/logo\/image\/\",\"url\":\"https:\/\/www.covb.cat\/wp-content\/uploads\/2018\/07\/favicon-covb.png\",\"contentUrl\":\"https:\/\/www.covb.cat\/wp-content\/uploads\/2018\/07\/favicon-covb.png\",\"width\":512,\"height\":512,\"caption\":\"COVB\"},\"image\":{\"@id\":\"https:\/\/www.covb.cat\/es\/#\/schema\/logo\/image\/\"},\"sameAs\":[\"https:\/\/www.facebook.com\/COVBcat\/\",\"https:\/\/x.com\/COVBcat\",\"https:\/\/www.youtube.com\/user\/covbcn\"]}]}<\/script>\n<!-- \/ Yoast SEO plugin. -->","yoast_head_json":{"title":"Cu\u00eddate para cuidar mejor: nuevas formaciones de la Fundaci\u00f3n Galatea para profesionales de la salud - COVB - Col\u00b7legi Oficial de Veterinaris de Barcelona","description":"La Fundaci\u00f3n Galatea presenta una nueva agenda de formaciones destinadas a mejorar el bienestar emocional y profesional de los trabajadores del \u00e1mbito","robots":{"index":"index","follow":"follow","max-snippet":"max-snippet:-1","max-image-preview":"max-image-preview:large","max-video-preview":"max-video-preview:-1"},"canonical":"https:\/\/www.covb.cat\/es\/formacio\/cuidate-para-cuidar-mejor-nuevas-formaciones-de-la-fundacion-galatea-para-profesionales-de-la-salud\/","og_locale":"es_ES","og_type":"article","og_title":"Cu\u00eddate para cuidar mejor: nuevas formaciones de la Fundaci\u00f3n Galatea para profesionales de la salud - COVB - Col\u00b7legi Oficial de Veterinaris de Barcelona","og_description":"La Fundaci\u00f3n Galatea presenta una nueva agenda de formaciones destinadas a mejorar el bienestar emocional y profesional de los trabajadores del \u00e1mbito","og_url":"https:\/\/www.covb.cat\/es\/formacio\/cuidate-para-cuidar-mejor-nuevas-formaciones-de-la-fundacion-galatea-para-profesionales-de-la-salud\/","og_site_name":"COVB","article_publisher":"https:\/\/www.facebook.com\/COVBcat\/","og_image":[{"width":1200,"height":800,"url":"https:\/\/www.covb.cat\/wp-content\/uploads\/2025\/10\/Fundacio-Galatea-WEB.jpg","type":"image\/jpeg"}],"twitter_card":"summary_large_image","twitter_site":"@COVBcat","twitter_misc":{"Tiempo de lectura":"2 minutos"},"schema":{"@context":"https:\/\/schema.org","@graph":[{"@type":"WebPage","@id":"https:\/\/www.covb.cat\/es\/formacio\/cuidate-para-cuidar-mejor-nuevas-formaciones-de-la-fundacion-galatea-para-profesionales-de-la-salud\/","url":"https:\/\/www.covb.cat\/es\/formacio\/cuidate-para-cuidar-mejor-nuevas-formaciones-de-la-fundacion-galatea-para-profesionales-de-la-salud\/","name":"Cu\u00eddate para cuidar mejor: nuevas formaciones de la Fundaci\u00f3n Galatea para profesionales de la salud - COVB - Col\u00b7legi Oficial de Veterinaris de Barcelona","isPartOf":{"@id":"https:\/\/www.covb.cat\/es\/#website"},"primaryImageOfPage":{"@id":"https:\/\/www.covb.cat\/es\/formacio\/cuidate-para-cuidar-mejor-nuevas-formaciones-de-la-fundacion-galatea-para-profesionales-de-la-salud\/#primaryimage"},"image":{"@id":"https:\/\/www.covb.cat\/es\/formacio\/cuidate-para-cuidar-mejor-nuevas-formaciones-de-la-fundacion-galatea-para-profesionales-de-la-salud\/#primaryimage"},"thumbnailUrl":"https:\/\/www.covb.cat\/wp-content\/uploads\/2025\/10\/Fundacio-Galatea-WEB.jpg","datePublished":"2025-10-13T18:51:32+00:00","description":"La Fundaci\u00f3n Galatea presenta una nueva agenda de formaciones destinadas a mejorar el bienestar emocional y profesional de los trabajadores del \u00e1mbito","breadcrumb":{"@id":"https:\/\/www.covb.cat\/es\/formacio\/cuidate-para-cuidar-mejor-nuevas-formaciones-de-la-fundacion-galatea-para-profesionales-de-la-salud\/#breadcrumb"},"inLanguage":"es","potentialAction":[{"@type":"ReadAction","target":["https:\/\/www.covb.cat\/es\/formacio\/cuidate-para-cuidar-mejor-nuevas-formaciones-de-la-fundacion-galatea-para-profesionales-de-la-salud\/"]}]},{"@type":"ImageObject","inLanguage":"es","@id":"https:\/\/www.covb.cat\/es\/formacio\/cuidate-para-cuidar-mejor-nuevas-formaciones-de-la-fundacion-galatea-para-profesionales-de-la-salud\/#primaryimage","url":"https:\/\/www.covb.cat\/wp-content\/uploads\/2025\/10\/Fundacio-Galatea-WEB.jpg","contentUrl":"https:\/\/www.covb.cat\/wp-content\/uploads\/2025\/10\/Fundacio-Galatea-WEB.jpg","width":1200,"height":800},{"@type":"BreadcrumbList","@id":"https:\/\/www.covb.cat\/es\/formacio\/cuidate-para-cuidar-mejor-nuevas-formaciones-de-la-fundacion-galatea-para-profesionales-de-la-salud\/#breadcrumb","itemListElement":[{"@type":"ListItem","position":1,"name":"Inici","item":"https:\/\/www.covb.cat\/es\/"},{"@type":"ListItem","position":2,"name":"Esdeveniments","item":"https:\/\/www.covb.cat\/formacions\/"},{"@type":"ListItem","position":3,"name":"Cu\u00eddate para cuidar mejor: nuevas formaciones de la Fundaci\u00f3n Galatea para profesionales de la salud"}]},{"@type":"WebSite","@id":"https:\/\/www.covb.cat\/es\/#website","url":"https:\/\/www.covb.cat\/es\/","name":"COVB","description":"Col\u00b7legi Oficial de Veterinaris de Barcelona","publisher":{"@id":"https:\/\/www.covb.cat\/es\/#organization"},"potentialAction":[{"@type":"SearchAction","target":{"@type":"EntryPoint","urlTemplate":"https:\/\/www.covb.cat\/es\/?s={search_term_string}"},"query-input":{"@type":"PropertyValueSpecification","valueRequired":true,"valueName":"search_term_string"}}],"inLanguage":"es"},{"@type":"Organization","@id":"https:\/\/www.covb.cat\/es\/#organization","name":"COVB","url":"https:\/\/www.covb.cat\/es\/","logo":{"@type":"ImageObject","inLanguage":"es","@id":"https:\/\/www.covb.cat\/es\/#\/schema\/logo\/image\/","url":"https:\/\/www.covb.cat\/wp-content\/uploads\/2018\/07\/favicon-covb.png","contentUrl":"https:\/\/www.covb.cat\/wp-content\/uploads\/2018\/07\/favicon-covb.png","width":512,"height":512,"caption":"COVB"},"image":{"@id":"https:\/\/www.covb.cat\/es\/#\/schema\/logo\/image\/"},"sameAs":["https:\/\/www.facebook.com\/COVBcat\/","https:\/\/x.com\/COVBcat","https:\/\/www.youtube.com\/user\/covbcn"]}]}},"jetpack_sharing_enabled":true,"_links":{"self":[{"href":"https:\/\/www.covb.cat\/es\/wp-json\/wp\/v2\/tribe_events\/61665","targetHints":{"allow":["GET"]}}],"collection":[{"href":"https:\/\/www.covb.cat\/es\/wp-json\/wp\/v2\/tribe_events"}],"about":[{"href":"https:\/\/www.covb.cat\/es\/wp-json\/wp\/v2\/types\/tribe_events"}],"author":[{"embeddable":true,"href":"https:\/\/www.covb.cat\/es\/wp-json\/wp\/v2\/users\/2985"}],"version-history":[{"count":1,"href":"https:\/\/www.covb.cat\/es\/wp-json\/wp\/v2\/tribe_events\/61665\/revisions"}],"predecessor-version":[{"id":61666,"href":"https:\/\/www.covb.cat\/es\/wp-json\/wp\/v2\/tribe_events\/61665\/revisions\/61666"}],"wp:featuredmedia":[{"embeddable":true,"href":"https:\/\/www.covb.cat\/es\/wp-json\/wp\/v2\/media\/61663"}],"wp:attachment":[{"href":"https:\/\/www.covb.cat\/es\/wp-json\/wp\/v2\/media?parent=61665"}],"wp:term":[{"taxonomy":"post_tag","embeddable":true,"href":"https:\/\/www.covb.cat\/es\/wp-json\/wp\/v2\/tags?post=61665"},{"taxonomy":"tribe_events_cat","embeddable":true,"href":"https:\/\/www.covb.cat\/es\/wp-json\/wp\/v2\/tribe_events_cat?post=61665"}],"curies":[{"name":"wp","href":"https:\/\/api.w.org\/{rel}","templated":true}]}}