{"id":61277,"date":"2025-10-06T14:02:07","date_gmt":"2025-10-06T12:02:07","guid":{"rendered":"https:\/\/www.covb.cat\/formacio\/abordatge-de-lantibioterapia-al-pacient-critic\/"},"modified":"2025-10-06T14:10:33","modified_gmt":"2025-10-06T12:10:33","slug":"abordaje-de-la-antibioterapia-en-el-paciente-critico","status":"publish","type":"tribe_events","link":"https:\/\/www.covb.cat\/es\/formacio\/abordaje-de-la-antibioterapia-en-el-paciente-critico\/","title":{"rendered":"Abordaje de la antibioterapia en el paciente cr\u00edtico"},"content":{"rendered":"<p>Los pacientes cr\u00edticos suelen presentar cambios fisiopatol\u00f3gicos que afectan la respuesta a los tratamientos m\u00e9dicos, especialmente a los antimicrobianos. Comprender c\u00f3mo estas alteraciones modifican la farmacocin\u00e9tica de los antibi\u00f3ticos es esencial para garantizar la eficacia terap\u00e9utica y reducir el riesgo de resistencias.<\/p>\n<p>Esta sesi\u00f3n formativa ofrecer\u00e1 una visi\u00f3n pr\u00e1ctica sobre la estrategia antibi\u00f3tica en pacientes cr\u00edticos, ilustrada con casos cl\u00ednicos reales.<\/p>\n<p>\ud83d\udc68\u200d\ud83c\udfeb <strong>Ponente:<\/strong><br \/>\n<strong>Marcos Fumero Hern\u00e1ndez<\/strong>, GV, PhD, residente del <em>European College of Veterinary Emergency and Critical Care (ECVECC)<\/em> en la Universidad Aut\u00f3noma de Barcelona.<br \/>\nDoctor en Medicina Veterinaria por la Universidad de Las Palmas de Gran Canaria, ha participado en congresos nacionales e internacionales presentando comunicaciones cient\u00edficas y es autor de art\u00edculos en revistas veterinarias de alto impacto. Su principal \u00e1rea de inter\u00e9s es la sepsis y sus complicaciones.<\/p>\n<p>\ud83d\udcc5 <strong>Fecha:<\/strong> 13 de noviembre de 2025<br \/>\n\ud83d\udd53 <strong>Horario:<\/strong> de 14:00 a 16:00 h<br \/>\n\ud83d\udccd <strong>Lugar:<\/strong> Sede del COVB (Av. Rep\u00fablica Argentina, 21-25, Barcelona)<br \/>\n\ud83d\udcbb <strong>Modalidad:<\/strong> Presencial<br \/>\n\ud83d\udcb0 <strong>Precio:<\/strong> Gratuito para colegiados\/as del COVB<br \/>\n\ud83d\udce9 <strong>Inscripci\u00f3n:<\/strong> Enviar un correo a <a href=\"mailto:formacio@covb.cat\">formacio@covb.cat<\/a><br \/>\n\ud83d\udcc6 <strong>Plazo de inscripci\u00f3n:<\/strong> hasta el 10 de noviembre de 2025 (incluido)<br \/>\n\u26a0\ufe0f <strong>Plazas limitadas<\/strong> por riguroso orden de inscripci\u00f3n.<\/p>\n<p><a href=\"https:\/\/www.covb.cat\/wp-content\/uploads\/2025\/10\/Flyer-Abordatje-de-la-antibioterapia.pdf\" target=\"_blank\" rel=\"noopener\">Descargar PDF<\/a><\/p>\n","protected":false},"excerpt":{"rendered":"<p>Los pacientes cr\u00edticos suelen presentar cambios fisiopatol\u00f3gicos que afectan la respuesta a los tratamientos m\u00e9dicos, especialmente a los antimicrobianos. Comprender c\u00f3mo estas alteraciones modifican la farmacocin\u00e9tica de los antibi\u00f3ticos es esencial para garantizar la eficacia terap\u00e9utica y reducir el riesgo de resistencias. Esta sesi\u00f3n formativa ofrecer\u00e1 una visi\u00f3n pr\u00e1ctica sobre la estrategia antibi\u00f3tica en pacientes [&hellip;]<\/p>\n","protected":false},"author":2985,"featured_media":61309,"template":"","meta":{"_monsterinsights_skip_tracking":false,"_monsterinsights_sitenote_active":false,"_monsterinsights_sitenote_note":"","_monsterinsights_sitenote_category":0,"footnotes":""},"tags":[],"tribe_events_cat":[100],"class_list":["post-61277","tribe_events","type-tribe_events","status-publish","has-post-thumbnail","hentry","tribe_events_cat-pequenos-animales","cat_pequenos-animales"],"yoast_head":"<!-- This site is optimized with the Yoast SEO plugin v27.0 - https:\/\/yoast.com\/product\/yoast-seo-wordpress\/ -->\n<title>Abordaje de la antibioterapia en el paciente cr\u00edtico - COVB - Col\u00b7legi Oficial de Veterinaris de Barcelona<\/title>\n<meta name=\"description\" content=\"Los pacientes cr\u00edticos suelen presentar cambios fisiopatol\u00f3gicos que afectan la respuesta a los tratamientos m\u00e9dicos, especialmente a los antimicrobianos.\" \/>\n<meta name=\"robots\" content=\"index, follow, max-snippet:-1, max-image-preview:large, max-video-preview:-1\" \/>\n<link rel=\"canonical\" href=\"https:\/\/www.covb.cat\/es\/formacio\/abordaje-de-la-antibioterapia-en-el-paciente-critico\/\" \/>\n<meta property=\"og:locale\" content=\"es_ES\" \/>\n<meta property=\"og:type\" content=\"article\" \/>\n<meta property=\"og:title\" content=\"Abordaje de la antibioterapia en el paciente cr\u00edtico - COVB - Col\u00b7legi Oficial de Veterinaris de Barcelona\" \/>\n<meta property=\"og:description\" content=\"Los pacientes cr\u00edticos suelen presentar cambios fisiopatol\u00f3gicos que afectan la respuesta a los tratamientos m\u00e9dicos, especialmente a los antimicrobianos.\" \/>\n<meta property=\"og:url\" content=\"https:\/\/www.covb.cat\/es\/formacio\/abordaje-de-la-antibioterapia-en-el-paciente-critico\/\" \/>\n<meta property=\"og:site_name\" content=\"COVB\" \/>\n<meta property=\"article:publisher\" content=\"https:\/\/www.facebook.com\/COVBcat\/\" \/>\n<meta property=\"article:modified_time\" content=\"2025-10-06T12:10:33+00:00\" \/>\n<meta name=\"twitter:card\" content=\"summary_large_image\" \/>\n<meta name=\"twitter:site\" content=\"@COVBcat\" \/>\n<meta name=\"twitter:label1\" content=\"Tiempo de lectura\" \/>\n\t<meta name=\"twitter:data1\" content=\"2 minutos\" \/>\n<script type=\"application\/ld+json\" class=\"yoast-schema-graph\">{\"@context\":\"https:\/\/schema.org\",\"@graph\":[{\"@type\":\"WebPage\",\"@id\":\"https:\/\/www.covb.cat\/es\/formacio\/abordaje-de-la-antibioterapia-en-el-paciente-critico\/\",\"url\":\"https:\/\/www.covb.cat\/es\/formacio\/abordaje-de-la-antibioterapia-en-el-paciente-critico\/\",\"name\":\"Abordaje de la antibioterapia en el paciente cr\u00edtico - COVB - Col\u00b7legi Oficial de Veterinaris de Barcelona\",\"isPartOf\":{\"@id\":\"https:\/\/www.covb.cat\/es\/#website\"},\"primaryImageOfPage\":{\"@id\":\"https:\/\/www.covb.cat\/es\/formacio\/abordaje-de-la-antibioterapia-en-el-paciente-critico\/#primaryimage\"},\"image\":{\"@id\":\"https:\/\/www.covb.cat\/es\/formacio\/abordaje-de-la-antibioterapia-en-el-paciente-critico\/#primaryimage\"},\"thumbnailUrl\":\"https:\/\/www.covb.cat\/wp-content\/uploads\/2025\/10\/Antibioterapia-WEB.jpg\",\"datePublished\":\"2025-10-06T12:02:07+00:00\",\"dateModified\":\"2025-10-06T12:10:33+00:00\",\"description\":\"Los pacientes cr\u00edticos suelen presentar cambios fisiopatol\u00f3gicos que afectan la respuesta a los tratamientos m\u00e9dicos, especialmente a los antimicrobianos.\",\"breadcrumb\":{\"@id\":\"https:\/\/www.covb.cat\/es\/formacio\/abordaje-de-la-antibioterapia-en-el-paciente-critico\/#breadcrumb\"},\"inLanguage\":\"es\",\"potentialAction\":[{\"@type\":\"ReadAction\",\"target\":[\"https:\/\/www.covb.cat\/es\/formacio\/abordaje-de-la-antibioterapia-en-el-paciente-critico\/\"]}]},{\"@type\":\"ImageObject\",\"inLanguage\":\"es\",\"@id\":\"https:\/\/www.covb.cat\/es\/formacio\/abordaje-de-la-antibioterapia-en-el-paciente-critico\/#primaryimage\",\"url\":\"https:\/\/www.covb.cat\/wp-content\/uploads\/2025\/10\/Antibioterapia-WEB.jpg\",\"contentUrl\":\"https:\/\/www.covb.cat\/wp-content\/uploads\/2025\/10\/Antibioterapia-WEB.jpg\",\"width\":1200,\"height\":800},{\"@type\":\"BreadcrumbList\",\"@id\":\"https:\/\/www.covb.cat\/es\/formacio\/abordaje-de-la-antibioterapia-en-el-paciente-critico\/#breadcrumb\",\"itemListElement\":[{\"@type\":\"ListItem\",\"position\":1,\"name\":\"Inici\",\"item\":\"https:\/\/www.covb.cat\/es\/\"},{\"@type\":\"ListItem\",\"position\":2,\"name\":\"Esdeveniments\",\"item\":\"https:\/\/www.covb.cat\/formacions\/\"},{\"@type\":\"ListItem\",\"position\":3,\"name\":\"Abordaje de la antibioterapia en el paciente cr\u00edtico\"}]},{\"@type\":\"WebSite\",\"@id\":\"https:\/\/www.covb.cat\/es\/#website\",\"url\":\"https:\/\/www.covb.cat\/es\/\",\"name\":\"COVB\",\"description\":\"Col\u00b7legi Oficial de Veterinaris de Barcelona\",\"publisher\":{\"@id\":\"https:\/\/www.covb.cat\/es\/#organization\"},\"potentialAction\":[{\"@type\":\"SearchAction\",\"target\":{\"@type\":\"EntryPoint\",\"urlTemplate\":\"https:\/\/www.covb.cat\/es\/?s={search_term_string}\"},\"query-input\":{\"@type\":\"PropertyValueSpecification\",\"valueRequired\":true,\"valueName\":\"search_term_string\"}}],\"inLanguage\":\"es\"},{\"@type\":\"Organization\",\"@id\":\"https:\/\/www.covb.cat\/es\/#organization\",\"name\":\"COVB\",\"url\":\"https:\/\/www.covb.cat\/es\/\",\"logo\":{\"@type\":\"ImageObject\",\"inLanguage\":\"es\",\"@id\":\"https:\/\/www.covb.cat\/es\/#\/schema\/logo\/image\/\",\"url\":\"https:\/\/www.covb.cat\/wp-content\/uploads\/2018\/07\/favicon-covb.png\",\"contentUrl\":\"https:\/\/www.covb.cat\/wp-content\/uploads\/2018\/07\/favicon-covb.png\",\"width\":512,\"height\":512,\"caption\":\"COVB\"},\"image\":{\"@id\":\"https:\/\/www.covb.cat\/es\/#\/schema\/logo\/image\/\"},\"sameAs\":[\"https:\/\/www.facebook.com\/COVBcat\/\",\"https:\/\/x.com\/COVBcat\",\"https:\/\/www.youtube.com\/user\/covbcn\"]}]}<\/script>\n<!-- \/ Yoast SEO plugin. -->","yoast_head_json":{"title":"Abordaje de la antibioterapia en el paciente cr\u00edtico - COVB - Col\u00b7legi Oficial de Veterinaris de Barcelona","description":"Los pacientes cr\u00edticos suelen presentar cambios fisiopatol\u00f3gicos que afectan la respuesta a los tratamientos m\u00e9dicos, especialmente a los antimicrobianos.","robots":{"index":"index","follow":"follow","max-snippet":"max-snippet:-1","max-image-preview":"max-image-preview:large","max-video-preview":"max-video-preview:-1"},"canonical":"https:\/\/www.covb.cat\/es\/formacio\/abordaje-de-la-antibioterapia-en-el-paciente-critico\/","og_locale":"es_ES","og_type":"article","og_title":"Abordaje de la antibioterapia en el paciente cr\u00edtico - COVB - Col\u00b7legi Oficial de Veterinaris de Barcelona","og_description":"Los pacientes cr\u00edticos suelen presentar cambios fisiopatol\u00f3gicos que afectan la respuesta a los tratamientos m\u00e9dicos, especialmente a los antimicrobianos.","og_url":"https:\/\/www.covb.cat\/es\/formacio\/abordaje-de-la-antibioterapia-en-el-paciente-critico\/","og_site_name":"COVB","article_publisher":"https:\/\/www.facebook.com\/COVBcat\/","article_modified_time":"2025-10-06T12:10:33+00:00","twitter_card":"summary_large_image","twitter_site":"@COVBcat","twitter_misc":{"Tiempo de lectura":"2 minutos"},"schema":{"@context":"https:\/\/schema.org","@graph":[{"@type":"WebPage","@id":"https:\/\/www.covb.cat\/es\/formacio\/abordaje-de-la-antibioterapia-en-el-paciente-critico\/","url":"https:\/\/www.covb.cat\/es\/formacio\/abordaje-de-la-antibioterapia-en-el-paciente-critico\/","name":"Abordaje de la antibioterapia en el paciente cr\u00edtico - COVB - Col\u00b7legi Oficial de Veterinaris de Barcelona","isPartOf":{"@id":"https:\/\/www.covb.cat\/es\/#website"},"primaryImageOfPage":{"@id":"https:\/\/www.covb.cat\/es\/formacio\/abordaje-de-la-antibioterapia-en-el-paciente-critico\/#primaryimage"},"image":{"@id":"https:\/\/www.covb.cat\/es\/formacio\/abordaje-de-la-antibioterapia-en-el-paciente-critico\/#primaryimage"},"thumbnailUrl":"https:\/\/www.covb.cat\/wp-content\/uploads\/2025\/10\/Antibioterapia-WEB.jpg","datePublished":"2025-10-06T12:02:07+00:00","dateModified":"2025-10-06T12:10:33+00:00","description":"Los pacientes cr\u00edticos suelen presentar cambios fisiopatol\u00f3gicos que afectan la respuesta a los tratamientos m\u00e9dicos, especialmente a los antimicrobianos.","breadcrumb":{"@id":"https:\/\/www.covb.cat\/es\/formacio\/abordaje-de-la-antibioterapia-en-el-paciente-critico\/#breadcrumb"},"inLanguage":"es","potentialAction":[{"@type":"ReadAction","target":["https:\/\/www.covb.cat\/es\/formacio\/abordaje-de-la-antibioterapia-en-el-paciente-critico\/"]}]},{"@type":"ImageObject","inLanguage":"es","@id":"https:\/\/www.covb.cat\/es\/formacio\/abordaje-de-la-antibioterapia-en-el-paciente-critico\/#primaryimage","url":"https:\/\/www.covb.cat\/wp-content\/uploads\/2025\/10\/Antibioterapia-WEB.jpg","contentUrl":"https:\/\/www.covb.cat\/wp-content\/uploads\/2025\/10\/Antibioterapia-WEB.jpg","width":1200,"height":800},{"@type":"BreadcrumbList","@id":"https:\/\/www.covb.cat\/es\/formacio\/abordaje-de-la-antibioterapia-en-el-paciente-critico\/#breadcrumb","itemListElement":[{"@type":"ListItem","position":1,"name":"Inici","item":"https:\/\/www.covb.cat\/es\/"},{"@type":"ListItem","position":2,"name":"Esdeveniments","item":"https:\/\/www.covb.cat\/formacions\/"},{"@type":"ListItem","position":3,"name":"Abordaje de la antibioterapia en el paciente cr\u00edtico"}]},{"@type":"WebSite","@id":"https:\/\/www.covb.cat\/es\/#website","url":"https:\/\/www.covb.cat\/es\/","name":"COVB","description":"Col\u00b7legi Oficial de Veterinaris de Barcelona","publisher":{"@id":"https:\/\/www.covb.cat\/es\/#organization"},"potentialAction":[{"@type":"SearchAction","target":{"@type":"EntryPoint","urlTemplate":"https:\/\/www.covb.cat\/es\/?s={search_term_string}"},"query-input":{"@type":"PropertyValueSpecification","valueRequired":true,"valueName":"search_term_string"}}],"inLanguage":"es"},{"@type":"Organization","@id":"https:\/\/www.covb.cat\/es\/#organization","name":"COVB","url":"https:\/\/www.covb.cat\/es\/","logo":{"@type":"ImageObject","inLanguage":"es","@id":"https:\/\/www.covb.cat\/es\/#\/schema\/logo\/image\/","url":"https:\/\/www.covb.cat\/wp-content\/uploads\/2018\/07\/favicon-covb.png","contentUrl":"https:\/\/www.covb.cat\/wp-content\/uploads\/2018\/07\/favicon-covb.png","width":512,"height":512,"caption":"COVB"},"image":{"@id":"https:\/\/www.covb.cat\/es\/#\/schema\/logo\/image\/"},"sameAs":["https:\/\/www.facebook.com\/COVBcat\/","https:\/\/x.com\/COVBcat","https:\/\/www.youtube.com\/user\/covbcn"]}]}},"jetpack_sharing_enabled":true,"_links":{"self":[{"href":"https:\/\/www.covb.cat\/es\/wp-json\/wp\/v2\/tribe_events\/61277","targetHints":{"allow":["GET"]}}],"collection":[{"href":"https:\/\/www.covb.cat\/es\/wp-json\/wp\/v2\/tribe_events"}],"about":[{"href":"https:\/\/www.covb.cat\/es\/wp-json\/wp\/v2\/types\/tribe_events"}],"author":[{"embeddable":true,"href":"https:\/\/www.covb.cat\/es\/wp-json\/wp\/v2\/users\/2985"}],"version-history":[{"count":2,"href":"https:\/\/www.covb.cat\/es\/wp-json\/wp\/v2\/tribe_events\/61277\/revisions"}],"predecessor-version":[{"id":61299,"href":"https:\/\/www.covb.cat\/es\/wp-json\/wp\/v2\/tribe_events\/61277\/revisions\/61299"}],"wp:featuredmedia":[{"embeddable":true,"href":"https:\/\/www.covb.cat\/es\/wp-json\/wp\/v2\/media\/61309"}],"wp:attachment":[{"href":"https:\/\/www.covb.cat\/es\/wp-json\/wp\/v2\/media?parent=61277"}],"wp:term":[{"taxonomy":"post_tag","embeddable":true,"href":"https:\/\/www.covb.cat\/es\/wp-json\/wp\/v2\/tags?post=61277"},{"taxonomy":"tribe_events_cat","embeddable":true,"href":"https:\/\/www.covb.cat\/es\/wp-json\/wp\/v2\/tribe_events_cat?post=61277"}],"curies":[{"name":"wp","href":"https:\/\/api.w.org\/{rel}","templated":true}]}}