{"id":60679,"date":"2025-09-18T19:48:01","date_gmt":"2025-09-18T17:48:01","guid":{"rendered":"https:\/\/www.covb.cat\/formacio\/formacio-i-actualitzacio-en-el-diagnostic-de-la-tuberculosi-bovina\/"},"modified":"2025-09-18T19:49:49","modified_gmt":"2025-09-18T17:49:49","slug":"formacio-i-actualitzacio-en-el-diagnostic-de-la-tuberculosi-bovina","status":"publish","type":"tribe_events","link":"https:\/\/www.covb.cat\/es\/formacio\/formacio-i-actualitzacio-en-el-diagnostic-de-la-tuberculosi-bovina\/","title":{"rendered":"Formaci\u00f3n y actualizaci\u00f3n en el diagn\u00f3stico de la tuberculosis bovina"},"content":{"rendered":"<p>En noviembre tendr\u00e1n lugar nuevas ediciones de los cursos oficiales de formaci\u00f3n y actualizaci\u00f3n en el diagn\u00f3stico de la tuberculosis bovina, imprescindibles para mantener la habilitaci\u00f3n en la realizaci\u00f3n de las pruebas IDT.<\/p>\n<p>Tal y como establece el <strong>Programa Nacional de Erradicaci\u00f3n de la Tuberculosis Bovina 2025:<\/strong><\/p>\n<ul>\n<li>El curso inicial es obligatorio para habilitarse.<\/li>\n<li>A los 3 a\u00f1os debe realizarse la primera actualizaci\u00f3n.<\/li>\n<li>Las posteriores actualizaciones tienen una validez de 5 a\u00f1os.<\/li>\n<\/ul>\n<p><strong>Fechas y modalidades<\/strong><\/p>\n<ul>\n<li><strong>32\u00aa Edici\u00f3n del Programa de Formaci\u00f3n<\/strong><br \/>\nDel 20 al 23 de noviembre de 2025 \u00b7 Modalidad presencial o semipresencial<\/li>\n<li><strong>9\u00aa Edici\u00f3n del Programa de Actualizaci\u00f3n Unificado<\/strong><br \/>\n19 de noviembre de 2025 \u00b7 Modalidad online<\/li>\n<\/ul>\n<p><strong>Homologaci\u00f3n:<\/strong> Programa reconocido por el MAPA y cofinanciado por la Uni\u00f3n Europea.<\/p>\n<p><strong>Inscripciones:<\/strong> <a href=\"https:\/\/curso.tuberculosisbovina.es\/index.php\/inscripcion-nueva\">Formulario online<\/a><\/p>\n<p><strong>M\u00e1s informaci\u00f3n:<\/strong> <a href=\"https:\/\/curso.tuberculosisbovina.es\/\">https:\/\/curso.tuberculosisbovina.es\/<\/a><\/p>\n<p>Recordatorio: una vez superada la formaci\u00f3n, es necesario enviar el certificado al DARP mediante petici\u00f3n gen\u00e9rica para mantener la habilitaci\u00f3n correspondiente.<\/p>\n","protected":false},"excerpt":{"rendered":"<p>En noviembre tendr\u00e1n lugar nuevas ediciones de los cursos oficiales de formaci\u00f3n y actualizaci\u00f3n en el diagn\u00f3stico de la tuberculosis bovina, imprescindibles para mantener la habilitaci\u00f3n en la realizaci\u00f3n de las pruebas IDT. Tal y como establece el Programa Nacional de Erradicaci\u00f3n de la Tuberculosis Bovina 2025: El curso inicial es obligatorio para habilitarse. A [&hellip;]<\/p>\n","protected":false},"author":2985,"featured_media":60676,"template":"","meta":{"_monsterinsights_skip_tracking":false,"_monsterinsights_sitenote_active":false,"_monsterinsights_sitenote_note":"","_monsterinsights_sitenote_category":0,"footnotes":""},"tags":[150],"tribe_events_cat":[284],"class_list":["post-60679","tribe_events","type-tribe_events","status-publish","has-post-thumbnail","hentry","tag-no_formulari-es","tribe_events_cat-granja-es","cat_granja-es"],"yoast_head":"<!-- This site is optimized with the Yoast SEO plugin v27.0 - https:\/\/yoast.com\/product\/yoast-seo-wordpress\/ -->\n<title>Formaci\u00f3n y actualizaci\u00f3n en el diagn\u00f3stico de la tuberculosis bovina - COVB - Col\u00b7legi Oficial de Veterinaris de Barcelona<\/title>\n<meta name=\"description\" content=\"En noviembre tendr\u00e1n lugar nuevas ediciones de los cursos oficiales de formaci\u00f3n y actualizaci\u00f3n en el diagn\u00f3stico de la tuberculosis bovina,\" \/>\n<meta name=\"robots\" content=\"index, follow, max-snippet:-1, max-image-preview:large, max-video-preview:-1\" \/>\n<link rel=\"canonical\" href=\"https:\/\/www.covb.cat\/es\/formacio\/formacio-i-actualitzacio-en-el-diagnostic-de-la-tuberculosi-bovina\/\" \/>\n<meta property=\"og:locale\" content=\"es_ES\" \/>\n<meta property=\"og:type\" content=\"article\" \/>\n<meta property=\"og:title\" content=\"Formaci\u00f3n y actualizaci\u00f3n en el diagn\u00f3stico de la tuberculosis bovina - COVB - Col\u00b7legi Oficial de Veterinaris de Barcelona\" \/>\n<meta property=\"og:description\" content=\"En noviembre tendr\u00e1n lugar nuevas ediciones de los cursos oficiales de formaci\u00f3n y actualizaci\u00f3n en el diagn\u00f3stico de la tuberculosis bovina,\" \/>\n<meta property=\"og:url\" content=\"https:\/\/www.covb.cat\/es\/formacio\/formacio-i-actualitzacio-en-el-diagnostic-de-la-tuberculosi-bovina\/\" \/>\n<meta property=\"og:site_name\" content=\"COVB\" \/>\n<meta property=\"article:publisher\" content=\"https:\/\/www.facebook.com\/COVBcat\/\" \/>\n<meta property=\"article:modified_time\" content=\"2025-09-18T17:49:49+00:00\" \/>\n<meta property=\"og:image\" content=\"https:\/\/www.covb.cat\/wp-content\/uploads\/2025\/09\/Formacio-tuberculosis-WEB.jpg\" \/>\n\t<meta property=\"og:image:width\" content=\"1200\" \/>\n\t<meta property=\"og:image:height\" content=\"800\" \/>\n\t<meta property=\"og:image:type\" content=\"image\/jpeg\" \/>\n<meta name=\"twitter:card\" content=\"summary_large_image\" \/>\n<meta name=\"twitter:site\" content=\"@COVBcat\" \/>\n<meta name=\"twitter:label1\" content=\"Tiempo de lectura\" \/>\n\t<meta name=\"twitter:data1\" content=\"2 minutos\" \/>\n<script type=\"application\/ld+json\" class=\"yoast-schema-graph\">{\"@context\":\"https:\/\/schema.org\",\"@graph\":[{\"@type\":\"WebPage\",\"@id\":\"https:\/\/www.covb.cat\/es\/formacio\/formacio-i-actualitzacio-en-el-diagnostic-de-la-tuberculosi-bovina\/\",\"url\":\"https:\/\/www.covb.cat\/es\/formacio\/formacio-i-actualitzacio-en-el-diagnostic-de-la-tuberculosi-bovina\/\",\"name\":\"Formaci\u00f3n y actualizaci\u00f3n en el diagn\u00f3stico de la tuberculosis bovina - COVB - Col\u00b7legi Oficial de Veterinaris de Barcelona\",\"isPartOf\":{\"@id\":\"https:\/\/www.covb.cat\/es\/#website\"},\"primaryImageOfPage\":{\"@id\":\"https:\/\/www.covb.cat\/es\/formacio\/formacio-i-actualitzacio-en-el-diagnostic-de-la-tuberculosi-bovina\/#primaryimage\"},\"image\":{\"@id\":\"https:\/\/www.covb.cat\/es\/formacio\/formacio-i-actualitzacio-en-el-diagnostic-de-la-tuberculosi-bovina\/#primaryimage\"},\"thumbnailUrl\":\"https:\/\/www.covb.cat\/wp-content\/uploads\/2025\/09\/Formacio-tuberculosis-WEB.jpg\",\"datePublished\":\"2025-09-18T17:48:01+00:00\",\"dateModified\":\"2025-09-18T17:49:49+00:00\",\"description\":\"En noviembre tendr\u00e1n lugar nuevas ediciones de los cursos oficiales de formaci\u00f3n y actualizaci\u00f3n en el diagn\u00f3stico de la tuberculosis bovina,\",\"breadcrumb\":{\"@id\":\"https:\/\/www.covb.cat\/es\/formacio\/formacio-i-actualitzacio-en-el-diagnostic-de-la-tuberculosi-bovina\/#breadcrumb\"},\"inLanguage\":\"es\",\"potentialAction\":[{\"@type\":\"ReadAction\",\"target\":[\"https:\/\/www.covb.cat\/es\/formacio\/formacio-i-actualitzacio-en-el-diagnostic-de-la-tuberculosi-bovina\/\"]}]},{\"@type\":\"ImageObject\",\"inLanguage\":\"es\",\"@id\":\"https:\/\/www.covb.cat\/es\/formacio\/formacio-i-actualitzacio-en-el-diagnostic-de-la-tuberculosi-bovina\/#primaryimage\",\"url\":\"https:\/\/www.covb.cat\/wp-content\/uploads\/2025\/09\/Formacio-tuberculosis-WEB.jpg\",\"contentUrl\":\"https:\/\/www.covb.cat\/wp-content\/uploads\/2025\/09\/Formacio-tuberculosis-WEB.jpg\",\"width\":1200,\"height\":800},{\"@type\":\"BreadcrumbList\",\"@id\":\"https:\/\/www.covb.cat\/es\/formacio\/formacio-i-actualitzacio-en-el-diagnostic-de-la-tuberculosi-bovina\/#breadcrumb\",\"itemListElement\":[{\"@type\":\"ListItem\",\"position\":1,\"name\":\"Inici\",\"item\":\"https:\/\/www.covb.cat\/es\/\"},{\"@type\":\"ListItem\",\"position\":2,\"name\":\"Esdeveniments\",\"item\":\"https:\/\/www.covb.cat\/formacions\/\"},{\"@type\":\"ListItem\",\"position\":3,\"name\":\"Formaci\u00f3n y actualizaci\u00f3n en el diagn\u00f3stico de la tuberculosis bovina\"}]},{\"@type\":\"WebSite\",\"@id\":\"https:\/\/www.covb.cat\/es\/#website\",\"url\":\"https:\/\/www.covb.cat\/es\/\",\"name\":\"COVB\",\"description\":\"Col\u00b7legi Oficial de Veterinaris de Barcelona\",\"publisher\":{\"@id\":\"https:\/\/www.covb.cat\/es\/#organization\"},\"potentialAction\":[{\"@type\":\"SearchAction\",\"target\":{\"@type\":\"EntryPoint\",\"urlTemplate\":\"https:\/\/www.covb.cat\/es\/?s={search_term_string}\"},\"query-input\":{\"@type\":\"PropertyValueSpecification\",\"valueRequired\":true,\"valueName\":\"search_term_string\"}}],\"inLanguage\":\"es\"},{\"@type\":\"Organization\",\"@id\":\"https:\/\/www.covb.cat\/es\/#organization\",\"name\":\"COVB\",\"url\":\"https:\/\/www.covb.cat\/es\/\",\"logo\":{\"@type\":\"ImageObject\",\"inLanguage\":\"es\",\"@id\":\"https:\/\/www.covb.cat\/es\/#\/schema\/logo\/image\/\",\"url\":\"https:\/\/www.covb.cat\/wp-content\/uploads\/2018\/07\/favicon-covb.png\",\"contentUrl\":\"https:\/\/www.covb.cat\/wp-content\/uploads\/2018\/07\/favicon-covb.png\",\"width\":512,\"height\":512,\"caption\":\"COVB\"},\"image\":{\"@id\":\"https:\/\/www.covb.cat\/es\/#\/schema\/logo\/image\/\"},\"sameAs\":[\"https:\/\/www.facebook.com\/COVBcat\/\",\"https:\/\/x.com\/COVBcat\",\"https:\/\/www.youtube.com\/user\/covbcn\"]}]}<\/script>\n<!-- \/ Yoast SEO plugin. -->","yoast_head_json":{"title":"Formaci\u00f3n y actualizaci\u00f3n en el diagn\u00f3stico de la tuberculosis bovina - COVB - Col\u00b7legi Oficial de Veterinaris de Barcelona","description":"En noviembre tendr\u00e1n lugar nuevas ediciones de los cursos oficiales de formaci\u00f3n y actualizaci\u00f3n en el diagn\u00f3stico de la tuberculosis bovina,","robots":{"index":"index","follow":"follow","max-snippet":"max-snippet:-1","max-image-preview":"max-image-preview:large","max-video-preview":"max-video-preview:-1"},"canonical":"https:\/\/www.covb.cat\/es\/formacio\/formacio-i-actualitzacio-en-el-diagnostic-de-la-tuberculosi-bovina\/","og_locale":"es_ES","og_type":"article","og_title":"Formaci\u00f3n y actualizaci\u00f3n en el diagn\u00f3stico de la tuberculosis bovina - COVB - Col\u00b7legi Oficial de Veterinaris de Barcelona","og_description":"En noviembre tendr\u00e1n lugar nuevas ediciones de los cursos oficiales de formaci\u00f3n y actualizaci\u00f3n en el diagn\u00f3stico de la tuberculosis bovina,","og_url":"https:\/\/www.covb.cat\/es\/formacio\/formacio-i-actualitzacio-en-el-diagnostic-de-la-tuberculosi-bovina\/","og_site_name":"COVB","article_publisher":"https:\/\/www.facebook.com\/COVBcat\/","article_modified_time":"2025-09-18T17:49:49+00:00","og_image":[{"width":1200,"height":800,"url":"https:\/\/www.covb.cat\/wp-content\/uploads\/2025\/09\/Formacio-tuberculosis-WEB.jpg","type":"image\/jpeg"}],"twitter_card":"summary_large_image","twitter_site":"@COVBcat","twitter_misc":{"Tiempo de lectura":"2 minutos"},"schema":{"@context":"https:\/\/schema.org","@graph":[{"@type":"WebPage","@id":"https:\/\/www.covb.cat\/es\/formacio\/formacio-i-actualitzacio-en-el-diagnostic-de-la-tuberculosi-bovina\/","url":"https:\/\/www.covb.cat\/es\/formacio\/formacio-i-actualitzacio-en-el-diagnostic-de-la-tuberculosi-bovina\/","name":"Formaci\u00f3n y actualizaci\u00f3n en el diagn\u00f3stico de la tuberculosis bovina - COVB - Col\u00b7legi Oficial de Veterinaris de Barcelona","isPartOf":{"@id":"https:\/\/www.covb.cat\/es\/#website"},"primaryImageOfPage":{"@id":"https:\/\/www.covb.cat\/es\/formacio\/formacio-i-actualitzacio-en-el-diagnostic-de-la-tuberculosi-bovina\/#primaryimage"},"image":{"@id":"https:\/\/www.covb.cat\/es\/formacio\/formacio-i-actualitzacio-en-el-diagnostic-de-la-tuberculosi-bovina\/#primaryimage"},"thumbnailUrl":"https:\/\/www.covb.cat\/wp-content\/uploads\/2025\/09\/Formacio-tuberculosis-WEB.jpg","datePublished":"2025-09-18T17:48:01+00:00","dateModified":"2025-09-18T17:49:49+00:00","description":"En noviembre tendr\u00e1n lugar nuevas ediciones de los cursos oficiales de formaci\u00f3n y actualizaci\u00f3n en el diagn\u00f3stico de la tuberculosis bovina,","breadcrumb":{"@id":"https:\/\/www.covb.cat\/es\/formacio\/formacio-i-actualitzacio-en-el-diagnostic-de-la-tuberculosi-bovina\/#breadcrumb"},"inLanguage":"es","potentialAction":[{"@type":"ReadAction","target":["https:\/\/www.covb.cat\/es\/formacio\/formacio-i-actualitzacio-en-el-diagnostic-de-la-tuberculosi-bovina\/"]}]},{"@type":"ImageObject","inLanguage":"es","@id":"https:\/\/www.covb.cat\/es\/formacio\/formacio-i-actualitzacio-en-el-diagnostic-de-la-tuberculosi-bovina\/#primaryimage","url":"https:\/\/www.covb.cat\/wp-content\/uploads\/2025\/09\/Formacio-tuberculosis-WEB.jpg","contentUrl":"https:\/\/www.covb.cat\/wp-content\/uploads\/2025\/09\/Formacio-tuberculosis-WEB.jpg","width":1200,"height":800},{"@type":"BreadcrumbList","@id":"https:\/\/www.covb.cat\/es\/formacio\/formacio-i-actualitzacio-en-el-diagnostic-de-la-tuberculosi-bovina\/#breadcrumb","itemListElement":[{"@type":"ListItem","position":1,"name":"Inici","item":"https:\/\/www.covb.cat\/es\/"},{"@type":"ListItem","position":2,"name":"Esdeveniments","item":"https:\/\/www.covb.cat\/formacions\/"},{"@type":"ListItem","position":3,"name":"Formaci\u00f3n y actualizaci\u00f3n en el diagn\u00f3stico de la tuberculosis bovina"}]},{"@type":"WebSite","@id":"https:\/\/www.covb.cat\/es\/#website","url":"https:\/\/www.covb.cat\/es\/","name":"COVB","description":"Col\u00b7legi Oficial de Veterinaris de Barcelona","publisher":{"@id":"https:\/\/www.covb.cat\/es\/#organization"},"potentialAction":[{"@type":"SearchAction","target":{"@type":"EntryPoint","urlTemplate":"https:\/\/www.covb.cat\/es\/?s={search_term_string}"},"query-input":{"@type":"PropertyValueSpecification","valueRequired":true,"valueName":"search_term_string"}}],"inLanguage":"es"},{"@type":"Organization","@id":"https:\/\/www.covb.cat\/es\/#organization","name":"COVB","url":"https:\/\/www.covb.cat\/es\/","logo":{"@type":"ImageObject","inLanguage":"es","@id":"https:\/\/www.covb.cat\/es\/#\/schema\/logo\/image\/","url":"https:\/\/www.covb.cat\/wp-content\/uploads\/2018\/07\/favicon-covb.png","contentUrl":"https:\/\/www.covb.cat\/wp-content\/uploads\/2018\/07\/favicon-covb.png","width":512,"height":512,"caption":"COVB"},"image":{"@id":"https:\/\/www.covb.cat\/es\/#\/schema\/logo\/image\/"},"sameAs":["https:\/\/www.facebook.com\/COVBcat\/","https:\/\/x.com\/COVBcat","https:\/\/www.youtube.com\/user\/covbcn"]}]}},"jetpack_sharing_enabled":true,"_links":{"self":[{"href":"https:\/\/www.covb.cat\/es\/wp-json\/wp\/v2\/tribe_events\/60679","targetHints":{"allow":["GET"]}}],"collection":[{"href":"https:\/\/www.covb.cat\/es\/wp-json\/wp\/v2\/tribe_events"}],"about":[{"href":"https:\/\/www.covb.cat\/es\/wp-json\/wp\/v2\/types\/tribe_events"}],"author":[{"embeddable":true,"href":"https:\/\/www.covb.cat\/es\/wp-json\/wp\/v2\/users\/2985"}],"version-history":[{"count":1,"href":"https:\/\/www.covb.cat\/es\/wp-json\/wp\/v2\/tribe_events\/60679\/revisions"}],"predecessor-version":[{"id":60680,"href":"https:\/\/www.covb.cat\/es\/wp-json\/wp\/v2\/tribe_events\/60679\/revisions\/60680"}],"wp:featuredmedia":[{"embeddable":true,"href":"https:\/\/www.covb.cat\/es\/wp-json\/wp\/v2\/media\/60676"}],"wp:attachment":[{"href":"https:\/\/www.covb.cat\/es\/wp-json\/wp\/v2\/media?parent=60679"}],"wp:term":[{"taxonomy":"post_tag","embeddable":true,"href":"https:\/\/www.covb.cat\/es\/wp-json\/wp\/v2\/tags?post=60679"},{"taxonomy":"tribe_events_cat","embeddable":true,"href":"https:\/\/www.covb.cat\/es\/wp-json\/wp\/v2\/tribe_events_cat?post=60679"}],"curies":[{"name":"wp","href":"https:\/\/api.w.org\/{rel}","templated":true}]}}