{"id":60656,"date":"2025-09-18T14:15:55","date_gmt":"2025-09-18T12:15:55","guid":{"rendered":"https:\/\/www.covb.cat\/formacio\/xv-congres-de-laveec-gestio-de-la-clinica-equina-benestar-emocional-i-neonatologia\/"},"modified":"2025-09-29T17:37:36","modified_gmt":"2025-09-29T15:37:36","slug":"xv-congres-de-laveec-gestio-de-la-clinica-equina-benestar-emocional-i-neonatologia","status":"publish","type":"tribe_events","link":"https:\/\/www.covb.cat\/es\/formacio\/xv-congres-de-laveec-gestio-de-la-clinica-equina-benestar-emocional-i-neonatologia\/","title":{"rendered":"XV Congreso de la AVEEC: gesti\u00f3n de la cl\u00ednica equina, bienestar emocional y neonatolog\u00eda"},"content":{"rendered":"<p>Del <strong>23 al 25 de octubre de 2025<\/strong>, la <strong>Asociaci\u00f3n de Veterinarios Especialistas en \u00c9quidos de Catalu\u00f1a (AVEEC)<\/strong> celebra su <strong>XV Congreso<\/strong> en el <strong>Hotel Granollers<\/strong>.<br \/>\nEste a\u00f1o, el programa se ampl\u00eda a tres d\u00edas e incorpora como novedad la posibilidad de presentar p\u00f3sters cient\u00edficos.<\/p>\n<p>Los asistentes podr\u00e1n disfrutar de sesiones sobre <strong>gesti\u00f3n y bienestar emocional en la profesi\u00f3n veterinaria<\/strong> (con Federico Nieto y Beatriz Quintero) y de ponencias de <strong>neonatolog\u00eda equina<\/strong> a cargo del Dr. <strong>Kevin Corley<\/strong>, referente internacional en medicina de potros. Tambi\u00e9n se tratar\u00e1n temas de actualidad como el uso de inteligencia artificial en la medicina equina.<\/p>\n<p>\ud83d\udccc Los <strong>p\u00f3sters cient\u00edficos<\/strong> podr\u00e1n enviarse hasta el <strong>6 de octubre<\/strong> al correo <a href=\"mailto:aveec.info@gmail.com\">aveec.info@gmail.com<\/a>. En caso de ser aceptados, deber\u00e1n entregarse el 22 de octubre por la tarde en el Hotel Granollers en formato cart\u00f3n pluma (90&#215;120 cm).<\/p>\n<p>Como es tradici\u00f3n, el primer d\u00eda se celebrar\u00e1 la <strong>Asamblea General de la AVEEC<\/strong>, seguida de la <strong>cena de hermandad<\/strong> (con inscripci\u00f3n previa y abierta a acompa\u00f1antes).<\/p>\n<p><strong>Informaci\u00f3n pr\u00e1ctica<\/strong><br \/>\n\ud83d\udcc5 Fechas: 23, 24 y 25 de octubre de 2025<br \/>\n\ud83d\udccd Lugar: Hotel Granollers (Av. Francesc Maci\u00e0, 300, Granollers)<br \/>\n\ud83d\udcbb Inscripci\u00f3n: Formulario online <a href=\"https:\/\/docs.google.com\/forms\/d\/e\/1FAIpQLSc-fxSjz_HsoB3h3NIgg47uCA7INqtIqNeOuWptyIIf1uj-bQ\/viewform?usp=header\">aqu\u00ed<\/a><br \/>\n\ud83d\udce9 Enviar comprobante y acreditaci\u00f3n (si procede) a <a href=\"mailto:aveec.info@gmail.com\">aveec.info@gmail.com<\/a><br \/>\n\u2139\ufe0f M\u00e1s informaci\u00f3n en el tr\u00edptico oficial del congreso.<\/p>\n<p>&nbsp;<\/p>\n<p><a href=\"https:\/\/www.covb.cat\/wp-content\/uploads\/2025\/09\/250722_Triptic-XV-Congres-AVEEC-catala-1.pdf\" target=\"_blank\" rel=\"noopener\">Descargar PDF<\/a><\/p>\n","protected":false},"excerpt":{"rendered":"<p>Del 23 al 25 de octubre de 2025, la Asociaci\u00f3n de Veterinarios Especialistas en \u00c9quidos de Catalu\u00f1a (AVEEC) celebra su XV Congreso en el Hotel Granollers. Este a\u00f1o, el programa se ampl\u00eda a tres d\u00edas e incorpora como novedad la posibilidad de presentar p\u00f3sters cient\u00edficos. Los asistentes podr\u00e1n disfrutar de sesiones sobre gesti\u00f3n y bienestar [&hellip;]<\/p>\n","protected":false},"author":2985,"featured_media":60653,"template":"","meta":{"_monsterinsights_skip_tracking":false,"_monsterinsights_sitenote_active":false,"_monsterinsights_sitenote_note":"","_monsterinsights_sitenote_category":0,"footnotes":""},"tags":[150],"tribe_events_cat":[287],"class_list":["post-60656","tribe_events","type-tribe_events","status-publish","has-post-thumbnail","hentry","tag-no_formulari-es","tribe_events_cat-equidos","cat_equidos"],"yoast_head":"<!-- This site is optimized with the Yoast SEO plugin v27.0 - https:\/\/yoast.com\/product\/yoast-seo-wordpress\/ -->\n<title>XV Congreso de la AVEEC: gesti\u00f3n de la cl\u00ednica equina, bienestar emocional y neonatolog\u00eda - COVB - Col\u00b7legi Oficial de Veterinaris de Barcelona<\/title>\n<meta name=\"description\" content=\"Del 23 al 25 de octubre de 2025, la Asociaci\u00f3n de Veterinarios Especialistas en \u00c9quidos de Catalu\u00f1a (AVEEC) celebra su XV Congreso en el Hotel Granollers.\" \/>\n<meta name=\"robots\" content=\"index, follow, max-snippet:-1, max-image-preview:large, max-video-preview:-1\" \/>\n<link rel=\"canonical\" href=\"https:\/\/www.covb.cat\/es\/formacio\/xv-congres-de-laveec-gestio-de-la-clinica-equina-benestar-emocional-i-neonatologia\/\" \/>\n<meta property=\"og:locale\" content=\"es_ES\" \/>\n<meta property=\"og:type\" content=\"article\" \/>\n<meta property=\"og:title\" content=\"XV Congreso de la AVEEC: gesti\u00f3n de la cl\u00ednica equina, bienestar emocional y neonatolog\u00eda - COVB - Col\u00b7legi Oficial de Veterinaris de Barcelona\" \/>\n<meta property=\"og:description\" content=\"Del 23 al 25 de octubre de 2025, la Asociaci\u00f3n de Veterinarios Especialistas en \u00c9quidos de Catalu\u00f1a (AVEEC) celebra su XV Congreso en el Hotel Granollers.\" \/>\n<meta property=\"og:url\" content=\"https:\/\/www.covb.cat\/es\/formacio\/xv-congres-de-laveec-gestio-de-la-clinica-equina-benestar-emocional-i-neonatologia\/\" \/>\n<meta property=\"og:site_name\" content=\"COVB\" \/>\n<meta property=\"article:publisher\" content=\"https:\/\/www.facebook.com\/COVBcat\/\" \/>\n<meta property=\"article:modified_time\" content=\"2025-09-29T15:37:36+00:00\" \/>\n<meta property=\"og:image\" content=\"https:\/\/www.covb.cat\/wp-content\/uploads\/2025\/09\/Congreso-AVEE-WEB.jpg\" \/>\n\t<meta property=\"og:image:width\" content=\"1200\" \/>\n\t<meta property=\"og:image:height\" content=\"800\" \/>\n\t<meta property=\"og:image:type\" content=\"image\/jpeg\" \/>\n<meta name=\"twitter:card\" content=\"summary_large_image\" \/>\n<meta name=\"twitter:site\" content=\"@COVBcat\" \/>\n<meta name=\"twitter:label1\" content=\"Tiempo de lectura\" \/>\n\t<meta name=\"twitter:data1\" content=\"2 minutos\" \/>\n<script type=\"application\/ld+json\" class=\"yoast-schema-graph\">{\"@context\":\"https:\/\/schema.org\",\"@graph\":[{\"@type\":\"WebPage\",\"@id\":\"https:\/\/www.covb.cat\/es\/formacio\/xv-congres-de-laveec-gestio-de-la-clinica-equina-benestar-emocional-i-neonatologia\/\",\"url\":\"https:\/\/www.covb.cat\/es\/formacio\/xv-congres-de-laveec-gestio-de-la-clinica-equina-benestar-emocional-i-neonatologia\/\",\"name\":\"XV Congreso de la AVEEC: gesti\u00f3n de la cl\u00ednica equina, bienestar emocional y neonatolog\u00eda - COVB - Col\u00b7legi Oficial de Veterinaris de Barcelona\",\"isPartOf\":{\"@id\":\"https:\/\/www.covb.cat\/es\/#website\"},\"primaryImageOfPage\":{\"@id\":\"https:\/\/www.covb.cat\/es\/formacio\/xv-congres-de-laveec-gestio-de-la-clinica-equina-benestar-emocional-i-neonatologia\/#primaryimage\"},\"image\":{\"@id\":\"https:\/\/www.covb.cat\/es\/formacio\/xv-congres-de-laveec-gestio-de-la-clinica-equina-benestar-emocional-i-neonatologia\/#primaryimage\"},\"thumbnailUrl\":\"https:\/\/www.covb.cat\/wp-content\/uploads\/2025\/09\/Congreso-AVEE-WEB.jpg\",\"datePublished\":\"2025-09-18T12:15:55+00:00\",\"dateModified\":\"2025-09-29T15:37:36+00:00\",\"description\":\"Del 23 al 25 de octubre de 2025, la Asociaci\u00f3n de Veterinarios Especialistas en \u00c9quidos de Catalu\u00f1a (AVEEC) celebra su XV Congreso en el Hotel Granollers.\",\"breadcrumb\":{\"@id\":\"https:\/\/www.covb.cat\/es\/formacio\/xv-congres-de-laveec-gestio-de-la-clinica-equina-benestar-emocional-i-neonatologia\/#breadcrumb\"},\"inLanguage\":\"es\",\"potentialAction\":[{\"@type\":\"ReadAction\",\"target\":[\"https:\/\/www.covb.cat\/es\/formacio\/xv-congres-de-laveec-gestio-de-la-clinica-equina-benestar-emocional-i-neonatologia\/\"]}]},{\"@type\":\"ImageObject\",\"inLanguage\":\"es\",\"@id\":\"https:\/\/www.covb.cat\/es\/formacio\/xv-congres-de-laveec-gestio-de-la-clinica-equina-benestar-emocional-i-neonatologia\/#primaryimage\",\"url\":\"https:\/\/www.covb.cat\/wp-content\/uploads\/2025\/09\/Congreso-AVEE-WEB.jpg\",\"contentUrl\":\"https:\/\/www.covb.cat\/wp-content\/uploads\/2025\/09\/Congreso-AVEE-WEB.jpg\",\"width\":1200,\"height\":800},{\"@type\":\"BreadcrumbList\",\"@id\":\"https:\/\/www.covb.cat\/es\/formacio\/xv-congres-de-laveec-gestio-de-la-clinica-equina-benestar-emocional-i-neonatologia\/#breadcrumb\",\"itemListElement\":[{\"@type\":\"ListItem\",\"position\":1,\"name\":\"Inici\",\"item\":\"https:\/\/www.covb.cat\/es\/\"},{\"@type\":\"ListItem\",\"position\":2,\"name\":\"Esdeveniments\",\"item\":\"https:\/\/www.covb.cat\/formacions\/\"},{\"@type\":\"ListItem\",\"position\":3,\"name\":\"XV Congreso de la AVEEC: gesti\u00f3n de la cl\u00ednica equina, bienestar emocional y neonatolog\u00eda\"}]},{\"@type\":\"WebSite\",\"@id\":\"https:\/\/www.covb.cat\/es\/#website\",\"url\":\"https:\/\/www.covb.cat\/es\/\",\"name\":\"COVB\",\"description\":\"Col\u00b7legi Oficial de Veterinaris de Barcelona\",\"publisher\":{\"@id\":\"https:\/\/www.covb.cat\/es\/#organization\"},\"potentialAction\":[{\"@type\":\"SearchAction\",\"target\":{\"@type\":\"EntryPoint\",\"urlTemplate\":\"https:\/\/www.covb.cat\/es\/?s={search_term_string}\"},\"query-input\":{\"@type\":\"PropertyValueSpecification\",\"valueRequired\":true,\"valueName\":\"search_term_string\"}}],\"inLanguage\":\"es\"},{\"@type\":\"Organization\",\"@id\":\"https:\/\/www.covb.cat\/es\/#organization\",\"name\":\"COVB\",\"url\":\"https:\/\/www.covb.cat\/es\/\",\"logo\":{\"@type\":\"ImageObject\",\"inLanguage\":\"es\",\"@id\":\"https:\/\/www.covb.cat\/es\/#\/schema\/logo\/image\/\",\"url\":\"https:\/\/www.covb.cat\/wp-content\/uploads\/2018\/07\/favicon-covb.png\",\"contentUrl\":\"https:\/\/www.covb.cat\/wp-content\/uploads\/2018\/07\/favicon-covb.png\",\"width\":512,\"height\":512,\"caption\":\"COVB\"},\"image\":{\"@id\":\"https:\/\/www.covb.cat\/es\/#\/schema\/logo\/image\/\"},\"sameAs\":[\"https:\/\/www.facebook.com\/COVBcat\/\",\"https:\/\/x.com\/COVBcat\",\"https:\/\/www.youtube.com\/user\/covbcn\"]}]}<\/script>\n<!-- \/ Yoast SEO plugin. -->","yoast_head_json":{"title":"XV Congreso de la AVEEC: gesti\u00f3n de la cl\u00ednica equina, bienestar emocional y neonatolog\u00eda - COVB - Col\u00b7legi Oficial de Veterinaris de Barcelona","description":"Del 23 al 25 de octubre de 2025, la Asociaci\u00f3n de Veterinarios Especialistas en \u00c9quidos de Catalu\u00f1a (AVEEC) celebra su XV Congreso en el Hotel Granollers.","robots":{"index":"index","follow":"follow","max-snippet":"max-snippet:-1","max-image-preview":"max-image-preview:large","max-video-preview":"max-video-preview:-1"},"canonical":"https:\/\/www.covb.cat\/es\/formacio\/xv-congres-de-laveec-gestio-de-la-clinica-equina-benestar-emocional-i-neonatologia\/","og_locale":"es_ES","og_type":"article","og_title":"XV Congreso de la AVEEC: gesti\u00f3n de la cl\u00ednica equina, bienestar emocional y neonatolog\u00eda - COVB - Col\u00b7legi Oficial de Veterinaris de Barcelona","og_description":"Del 23 al 25 de octubre de 2025, la Asociaci\u00f3n de Veterinarios Especialistas en \u00c9quidos de Catalu\u00f1a (AVEEC) celebra su XV Congreso en el Hotel Granollers.","og_url":"https:\/\/www.covb.cat\/es\/formacio\/xv-congres-de-laveec-gestio-de-la-clinica-equina-benestar-emocional-i-neonatologia\/","og_site_name":"COVB","article_publisher":"https:\/\/www.facebook.com\/COVBcat\/","article_modified_time":"2025-09-29T15:37:36+00:00","og_image":[{"width":1200,"height":800,"url":"https:\/\/www.covb.cat\/wp-content\/uploads\/2025\/09\/Congreso-AVEE-WEB.jpg","type":"image\/jpeg"}],"twitter_card":"summary_large_image","twitter_site":"@COVBcat","twitter_misc":{"Tiempo de lectura":"2 minutos"},"schema":{"@context":"https:\/\/schema.org","@graph":[{"@type":"WebPage","@id":"https:\/\/www.covb.cat\/es\/formacio\/xv-congres-de-laveec-gestio-de-la-clinica-equina-benestar-emocional-i-neonatologia\/","url":"https:\/\/www.covb.cat\/es\/formacio\/xv-congres-de-laveec-gestio-de-la-clinica-equina-benestar-emocional-i-neonatologia\/","name":"XV Congreso de la AVEEC: gesti\u00f3n de la cl\u00ednica equina, bienestar emocional y neonatolog\u00eda - COVB - Col\u00b7legi Oficial de Veterinaris de Barcelona","isPartOf":{"@id":"https:\/\/www.covb.cat\/es\/#website"},"primaryImageOfPage":{"@id":"https:\/\/www.covb.cat\/es\/formacio\/xv-congres-de-laveec-gestio-de-la-clinica-equina-benestar-emocional-i-neonatologia\/#primaryimage"},"image":{"@id":"https:\/\/www.covb.cat\/es\/formacio\/xv-congres-de-laveec-gestio-de-la-clinica-equina-benestar-emocional-i-neonatologia\/#primaryimage"},"thumbnailUrl":"https:\/\/www.covb.cat\/wp-content\/uploads\/2025\/09\/Congreso-AVEE-WEB.jpg","datePublished":"2025-09-18T12:15:55+00:00","dateModified":"2025-09-29T15:37:36+00:00","description":"Del 23 al 25 de octubre de 2025, la Asociaci\u00f3n de Veterinarios Especialistas en \u00c9quidos de Catalu\u00f1a (AVEEC) celebra su XV Congreso en el Hotel Granollers.","breadcrumb":{"@id":"https:\/\/www.covb.cat\/es\/formacio\/xv-congres-de-laveec-gestio-de-la-clinica-equina-benestar-emocional-i-neonatologia\/#breadcrumb"},"inLanguage":"es","potentialAction":[{"@type":"ReadAction","target":["https:\/\/www.covb.cat\/es\/formacio\/xv-congres-de-laveec-gestio-de-la-clinica-equina-benestar-emocional-i-neonatologia\/"]}]},{"@type":"ImageObject","inLanguage":"es","@id":"https:\/\/www.covb.cat\/es\/formacio\/xv-congres-de-laveec-gestio-de-la-clinica-equina-benestar-emocional-i-neonatologia\/#primaryimage","url":"https:\/\/www.covb.cat\/wp-content\/uploads\/2025\/09\/Congreso-AVEE-WEB.jpg","contentUrl":"https:\/\/www.covb.cat\/wp-content\/uploads\/2025\/09\/Congreso-AVEE-WEB.jpg","width":1200,"height":800},{"@type":"BreadcrumbList","@id":"https:\/\/www.covb.cat\/es\/formacio\/xv-congres-de-laveec-gestio-de-la-clinica-equina-benestar-emocional-i-neonatologia\/#breadcrumb","itemListElement":[{"@type":"ListItem","position":1,"name":"Inici","item":"https:\/\/www.covb.cat\/es\/"},{"@type":"ListItem","position":2,"name":"Esdeveniments","item":"https:\/\/www.covb.cat\/formacions\/"},{"@type":"ListItem","position":3,"name":"XV Congreso de la AVEEC: gesti\u00f3n de la cl\u00ednica equina, bienestar emocional y neonatolog\u00eda"}]},{"@type":"WebSite","@id":"https:\/\/www.covb.cat\/es\/#website","url":"https:\/\/www.covb.cat\/es\/","name":"COVB","description":"Col\u00b7legi Oficial de Veterinaris de Barcelona","publisher":{"@id":"https:\/\/www.covb.cat\/es\/#organization"},"potentialAction":[{"@type":"SearchAction","target":{"@type":"EntryPoint","urlTemplate":"https:\/\/www.covb.cat\/es\/?s={search_term_string}"},"query-input":{"@type":"PropertyValueSpecification","valueRequired":true,"valueName":"search_term_string"}}],"inLanguage":"es"},{"@type":"Organization","@id":"https:\/\/www.covb.cat\/es\/#organization","name":"COVB","url":"https:\/\/www.covb.cat\/es\/","logo":{"@type":"ImageObject","inLanguage":"es","@id":"https:\/\/www.covb.cat\/es\/#\/schema\/logo\/image\/","url":"https:\/\/www.covb.cat\/wp-content\/uploads\/2018\/07\/favicon-covb.png","contentUrl":"https:\/\/www.covb.cat\/wp-content\/uploads\/2018\/07\/favicon-covb.png","width":512,"height":512,"caption":"COVB"},"image":{"@id":"https:\/\/www.covb.cat\/es\/#\/schema\/logo\/image\/"},"sameAs":["https:\/\/www.facebook.com\/COVBcat\/","https:\/\/x.com\/COVBcat","https:\/\/www.youtube.com\/user\/covbcn"]}]}},"jetpack_sharing_enabled":true,"_links":{"self":[{"href":"https:\/\/www.covb.cat\/es\/wp-json\/wp\/v2\/tribe_events\/60656","targetHints":{"allow":["GET"]}}],"collection":[{"href":"https:\/\/www.covb.cat\/es\/wp-json\/wp\/v2\/tribe_events"}],"about":[{"href":"https:\/\/www.covb.cat\/es\/wp-json\/wp\/v2\/types\/tribe_events"}],"author":[{"embeddable":true,"href":"https:\/\/www.covb.cat\/es\/wp-json\/wp\/v2\/users\/2985"}],"version-history":[{"count":3,"href":"https:\/\/www.covb.cat\/es\/wp-json\/wp\/v2\/tribe_events\/60656\/revisions"}],"predecessor-version":[{"id":60974,"href":"https:\/\/www.covb.cat\/es\/wp-json\/wp\/v2\/tribe_events\/60656\/revisions\/60974"}],"wp:featuredmedia":[{"embeddable":true,"href":"https:\/\/www.covb.cat\/es\/wp-json\/wp\/v2\/media\/60653"}],"wp:attachment":[{"href":"https:\/\/www.covb.cat\/es\/wp-json\/wp\/v2\/media?parent=60656"}],"wp:term":[{"taxonomy":"post_tag","embeddable":true,"href":"https:\/\/www.covb.cat\/es\/wp-json\/wp\/v2\/tags?post=60656"},{"taxonomy":"tribe_events_cat","embeddable":true,"href":"https:\/\/www.covb.cat\/es\/wp-json\/wp\/v2\/tribe_events_cat?post=60656"}],"curies":[{"name":"wp","href":"https:\/\/api.w.org\/{rel}","templated":true}]}}