{"id":58234,"date":"2025-06-28T10:19:12","date_gmt":"2025-06-28T08:19:12","guid":{"rendered":"https:\/\/www.covb.cat\/formacio\/pero-en-que-quedem-lhe-de-castrar-o-no-3\/"},"modified":"2025-07-07T11:20:27","modified_gmt":"2025-07-07T09:20:27","slug":"pero-en-que-quedamos-lo-tengo-que-castrar-o-no","status":"publish","type":"tribe_events","link":"https:\/\/www.covb.cat\/es\/formacio\/pero-en-que-quedamos-lo-tengo-que-castrar-o-no\/","title":{"rendered":"Pero, \u00bfen qu\u00e9 quedamos: lo tengo que castrar o no?"},"content":{"rendered":"<p>La castraci\u00f3n quir\u00fargica sigue siendo una de las decisiones m\u00e1s frecuentes en consulta, pero tambi\u00e9n una de las m\u00e1s complejas. Este seminario ofrecer\u00e1 una revisi\u00f3n cr\u00edtica de las nuevas <strong><em>gu\u00edas de la WSAVA<\/em><\/strong>, con evidencias cient\u00edficas actualizadas y un enfoque personalizado para cada caso cl\u00ednico.<\/p>\n<p>Con el t\u00edtulo <strong>\u201cReplanteando la castraci\u00f3n quir\u00fargica: Nuevas evidencias, riesgos a largo plazo y criterios para una mejor pr\u00e1ctica cl\u00ednica\u201d<\/strong>, <em>Lluis Ferr\u00e9 Dolcet<\/em> nos guiar\u00e1 en esta sesi\u00f3n pr\u00e1ctica y rigurosa para mejorar nuestra capacidad de tomar decisiones sobre control reproductivo.<\/p>\n<p>Programa:<\/p>\n<ul>\n<li><strong>14:00 \u2013 14:50 h<\/strong>: Gu\u00edas WSAVA y riesgos\/beneficios de la esterilizaci\u00f3n (con especial atenci\u00f3n a razas grandes y gigantes).<\/li>\n<li><strong>14:50 \u2013 15:05 h<\/strong>: Pausa.<\/li>\n<li><strong>15:05 \u2013 15:50 h<\/strong>: Discusi\u00f3n de casos cl\u00ednicos y recomendaciones personalizadas.<\/li>\n<li><strong>15:50 \u2013 16:00 h<\/strong>: Turno abierto de preguntas.<\/li>\n<\/ul>\n<p>\ud83d\udcc5 Fecha: 22 de octubre de 2025<br \/>\n\u23f3 Horario: 14:00 \u2013 16:00 h<br \/>\n\ud83d\udccd Lugar: Sala de Actos del COVB<br \/>\n\ud83d\udcb0 Precio: Gratuito (exclusivo para colegiados\/as)<br \/>\n\ud83c\udf93 Aforo limitado. Inscripci\u00f3n por orden de llegada<br \/>\n\ud83d\udce9 Inscripciones hasta el 17 de octubre en <a href=\"mailto:formacio@covb.cat\">formacio@covb.cat<\/a><\/p>\n<p>\ud83d\udc68\u200d\ud83c\udfeb <strong>Ponente<\/strong>: Lluis Ferr\u00e9 Dolcet, diplomado europeo en reproducci\u00f3n animal, con una amplia trayectoria internacional y m\u00e1s de 20 publicaciones cient\u00edficas.<\/p>\n<p style=\"text-align: left;\"><a href=\"https:\/\/www.covb.cat\/wp-content\/uploads\/2025\/06\/Pero-en-que-quedem-lhe-de-castrar-o-no-22-doctubre-1-1.pdf\" target=\"_blank\" rel=\"noopener\"><strong>Descargar pdf<\/strong><\/a><\/p>\n","protected":false},"excerpt":{"rendered":"<p>La castraci\u00f3n quir\u00fargica sigue siendo una de las decisiones m\u00e1s frecuentes en consulta, pero tambi\u00e9n una de las m\u00e1s complejas. Este seminario ofrecer\u00e1 una revisi\u00f3n cr\u00edtica de las nuevas gu\u00edas de la WSAVA, con evidencias cient\u00edficas actualizadas y un enfoque personalizado para cada caso cl\u00ednico. Con el t\u00edtulo \u201cReplanteando la castraci\u00f3n quir\u00fargica: Nuevas evidencias, riesgos [&hellip;]<\/p>\n","protected":false},"author":2985,"featured_media":58231,"template":"","meta":{"_monsterinsights_skip_tracking":false,"_monsterinsights_sitenote_active":false,"_monsterinsights_sitenote_note":"","_monsterinsights_sitenote_category":0,"footnotes":""},"tags":[150],"tribe_events_cat":[100],"class_list":["post-58234","tribe_events","type-tribe_events","status-publish","has-post-thumbnail","hentry","tag-no_formulari-es","tribe_events_cat-pequenos-animales","cat_pequenos-animales"],"yoast_head":"<!-- This site is optimized with the Yoast SEO plugin v27.0 - https:\/\/yoast.com\/product\/yoast-seo-wordpress\/ -->\n<title>Pero, \u00bfen qu\u00e9 quedamos: lo tengo que castrar o no? - COVB - Col\u00b7legi Oficial de Veterinaris de Barcelona<\/title>\n<meta name=\"description\" content=\"La castraci\u00f3n quir\u00fargica sigue siendo una de las decisiones m\u00e1s frecuentes en consulta, pero tambi\u00e9n una de las m\u00e1s complejas. Este seminario ofrecer\u00e1 una\" \/>\n<meta name=\"robots\" content=\"index, follow, max-snippet:-1, max-image-preview:large, max-video-preview:-1\" \/>\n<link rel=\"canonical\" href=\"https:\/\/www.covb.cat\/es\/formacio\/pero-en-que-quedamos-lo-tengo-que-castrar-o-no\/\" \/>\n<meta property=\"og:locale\" content=\"es_ES\" \/>\n<meta property=\"og:type\" content=\"article\" \/>\n<meta property=\"og:title\" content=\"Pero, \u00bfen qu\u00e9 quedamos: lo tengo que castrar o no? - COVB - Col\u00b7legi Oficial de Veterinaris de Barcelona\" \/>\n<meta property=\"og:description\" content=\"La castraci\u00f3n quir\u00fargica sigue siendo una de las decisiones m\u00e1s frecuentes en consulta, pero tambi\u00e9n una de las m\u00e1s complejas. Este seminario ofrecer\u00e1 una\" \/>\n<meta property=\"og:url\" content=\"https:\/\/www.covb.cat\/es\/formacio\/pero-en-que-quedamos-lo-tengo-que-castrar-o-no\/\" \/>\n<meta property=\"og:site_name\" content=\"COVB\" \/>\n<meta property=\"article:publisher\" content=\"https:\/\/www.facebook.com\/COVBcat\/\" \/>\n<meta property=\"article:modified_time\" content=\"2025-07-07T09:20:27+00:00\" \/>\n<meta property=\"og:image\" content=\"https:\/\/www.covb.cat\/wp-content\/uploads\/2025\/06\/Jornada-castracio-WEB.jpg\" \/>\n\t<meta property=\"og:image:width\" content=\"1200\" \/>\n\t<meta property=\"og:image:height\" content=\"800\" \/>\n\t<meta property=\"og:image:type\" content=\"image\/jpeg\" \/>\n<meta name=\"twitter:card\" content=\"summary_large_image\" \/>\n<meta name=\"twitter:site\" content=\"@COVBcat\" \/>\n<meta name=\"twitter:label1\" content=\"Tiempo de lectura\" \/>\n\t<meta name=\"twitter:data1\" content=\"2 minutos\" \/>\n<script type=\"application\/ld+json\" class=\"yoast-schema-graph\">{\"@context\":\"https:\/\/schema.org\",\"@graph\":[{\"@type\":\"WebPage\",\"@id\":\"https:\/\/www.covb.cat\/es\/formacio\/pero-en-que-quedamos-lo-tengo-que-castrar-o-no\/\",\"url\":\"https:\/\/www.covb.cat\/es\/formacio\/pero-en-que-quedamos-lo-tengo-que-castrar-o-no\/\",\"name\":\"Pero, \u00bfen qu\u00e9 quedamos: lo tengo que castrar o no? - COVB - Col\u00b7legi Oficial de Veterinaris de Barcelona\",\"isPartOf\":{\"@id\":\"https:\/\/www.covb.cat\/es\/#website\"},\"primaryImageOfPage\":{\"@id\":\"https:\/\/www.covb.cat\/es\/formacio\/pero-en-que-quedamos-lo-tengo-que-castrar-o-no\/#primaryimage\"},\"image\":{\"@id\":\"https:\/\/www.covb.cat\/es\/formacio\/pero-en-que-quedamos-lo-tengo-que-castrar-o-no\/#primaryimage\"},\"thumbnailUrl\":\"https:\/\/www.covb.cat\/wp-content\/uploads\/2025\/06\/Jornada-castracio-WEB.jpg\",\"datePublished\":\"2025-06-28T08:19:12+00:00\",\"dateModified\":\"2025-07-07T09:20:27+00:00\",\"description\":\"La castraci\u00f3n quir\u00fargica sigue siendo una de las decisiones m\u00e1s frecuentes en consulta, pero tambi\u00e9n una de las m\u00e1s complejas. Este seminario ofrecer\u00e1 una\",\"breadcrumb\":{\"@id\":\"https:\/\/www.covb.cat\/es\/formacio\/pero-en-que-quedamos-lo-tengo-que-castrar-o-no\/#breadcrumb\"},\"inLanguage\":\"es\",\"potentialAction\":[{\"@type\":\"ReadAction\",\"target\":[\"https:\/\/www.covb.cat\/es\/formacio\/pero-en-que-quedamos-lo-tengo-que-castrar-o-no\/\"]}]},{\"@type\":\"ImageObject\",\"inLanguage\":\"es\",\"@id\":\"https:\/\/www.covb.cat\/es\/formacio\/pero-en-que-quedamos-lo-tengo-que-castrar-o-no\/#primaryimage\",\"url\":\"https:\/\/www.covb.cat\/wp-content\/uploads\/2025\/06\/Jornada-castracio-WEB.jpg\",\"contentUrl\":\"https:\/\/www.covb.cat\/wp-content\/uploads\/2025\/06\/Jornada-castracio-WEB.jpg\",\"width\":1200,\"height\":800},{\"@type\":\"BreadcrumbList\",\"@id\":\"https:\/\/www.covb.cat\/es\/formacio\/pero-en-que-quedamos-lo-tengo-que-castrar-o-no\/#breadcrumb\",\"itemListElement\":[{\"@type\":\"ListItem\",\"position\":1,\"name\":\"Inici\",\"item\":\"https:\/\/www.covb.cat\/es\/\"},{\"@type\":\"ListItem\",\"position\":2,\"name\":\"Esdeveniments\",\"item\":\"https:\/\/www.covb.cat\/formacions\/\"},{\"@type\":\"ListItem\",\"position\":3,\"name\":\"Pero, \u00bfen qu\u00e9 quedamos: lo tengo que castrar o no?\"}]},{\"@type\":\"WebSite\",\"@id\":\"https:\/\/www.covb.cat\/es\/#website\",\"url\":\"https:\/\/www.covb.cat\/es\/\",\"name\":\"COVB\",\"description\":\"Col\u00b7legi Oficial de Veterinaris de Barcelona\",\"publisher\":{\"@id\":\"https:\/\/www.covb.cat\/es\/#organization\"},\"potentialAction\":[{\"@type\":\"SearchAction\",\"target\":{\"@type\":\"EntryPoint\",\"urlTemplate\":\"https:\/\/www.covb.cat\/es\/?s={search_term_string}\"},\"query-input\":{\"@type\":\"PropertyValueSpecification\",\"valueRequired\":true,\"valueName\":\"search_term_string\"}}],\"inLanguage\":\"es\"},{\"@type\":\"Organization\",\"@id\":\"https:\/\/www.covb.cat\/es\/#organization\",\"name\":\"COVB\",\"url\":\"https:\/\/www.covb.cat\/es\/\",\"logo\":{\"@type\":\"ImageObject\",\"inLanguage\":\"es\",\"@id\":\"https:\/\/www.covb.cat\/es\/#\/schema\/logo\/image\/\",\"url\":\"https:\/\/www.covb.cat\/wp-content\/uploads\/2018\/07\/favicon-covb.png\",\"contentUrl\":\"https:\/\/www.covb.cat\/wp-content\/uploads\/2018\/07\/favicon-covb.png\",\"width\":512,\"height\":512,\"caption\":\"COVB\"},\"image\":{\"@id\":\"https:\/\/www.covb.cat\/es\/#\/schema\/logo\/image\/\"},\"sameAs\":[\"https:\/\/www.facebook.com\/COVBcat\/\",\"https:\/\/x.com\/COVBcat\",\"https:\/\/www.youtube.com\/user\/covbcn\"]}]}<\/script>\n<!-- \/ Yoast SEO plugin. -->","yoast_head_json":{"title":"Pero, \u00bfen qu\u00e9 quedamos: lo tengo que castrar o no? - COVB - Col\u00b7legi Oficial de Veterinaris de Barcelona","description":"La castraci\u00f3n quir\u00fargica sigue siendo una de las decisiones m\u00e1s frecuentes en consulta, pero tambi\u00e9n una de las m\u00e1s complejas. Este seminario ofrecer\u00e1 una","robots":{"index":"index","follow":"follow","max-snippet":"max-snippet:-1","max-image-preview":"max-image-preview:large","max-video-preview":"max-video-preview:-1"},"canonical":"https:\/\/www.covb.cat\/es\/formacio\/pero-en-que-quedamos-lo-tengo-que-castrar-o-no\/","og_locale":"es_ES","og_type":"article","og_title":"Pero, \u00bfen qu\u00e9 quedamos: lo tengo que castrar o no? - COVB - Col\u00b7legi Oficial de Veterinaris de Barcelona","og_description":"La castraci\u00f3n quir\u00fargica sigue siendo una de las decisiones m\u00e1s frecuentes en consulta, pero tambi\u00e9n una de las m\u00e1s complejas. Este seminario ofrecer\u00e1 una","og_url":"https:\/\/www.covb.cat\/es\/formacio\/pero-en-que-quedamos-lo-tengo-que-castrar-o-no\/","og_site_name":"COVB","article_publisher":"https:\/\/www.facebook.com\/COVBcat\/","article_modified_time":"2025-07-07T09:20:27+00:00","og_image":[{"width":1200,"height":800,"url":"https:\/\/www.covb.cat\/wp-content\/uploads\/2025\/06\/Jornada-castracio-WEB.jpg","type":"image\/jpeg"}],"twitter_card":"summary_large_image","twitter_site":"@COVBcat","twitter_misc":{"Tiempo de lectura":"2 minutos"},"schema":{"@context":"https:\/\/schema.org","@graph":[{"@type":"WebPage","@id":"https:\/\/www.covb.cat\/es\/formacio\/pero-en-que-quedamos-lo-tengo-que-castrar-o-no\/","url":"https:\/\/www.covb.cat\/es\/formacio\/pero-en-que-quedamos-lo-tengo-que-castrar-o-no\/","name":"Pero, \u00bfen qu\u00e9 quedamos: lo tengo que castrar o no? - COVB - Col\u00b7legi Oficial de Veterinaris de Barcelona","isPartOf":{"@id":"https:\/\/www.covb.cat\/es\/#website"},"primaryImageOfPage":{"@id":"https:\/\/www.covb.cat\/es\/formacio\/pero-en-que-quedamos-lo-tengo-que-castrar-o-no\/#primaryimage"},"image":{"@id":"https:\/\/www.covb.cat\/es\/formacio\/pero-en-que-quedamos-lo-tengo-que-castrar-o-no\/#primaryimage"},"thumbnailUrl":"https:\/\/www.covb.cat\/wp-content\/uploads\/2025\/06\/Jornada-castracio-WEB.jpg","datePublished":"2025-06-28T08:19:12+00:00","dateModified":"2025-07-07T09:20:27+00:00","description":"La castraci\u00f3n quir\u00fargica sigue siendo una de las decisiones m\u00e1s frecuentes en consulta, pero tambi\u00e9n una de las m\u00e1s complejas. Este seminario ofrecer\u00e1 una","breadcrumb":{"@id":"https:\/\/www.covb.cat\/es\/formacio\/pero-en-que-quedamos-lo-tengo-que-castrar-o-no\/#breadcrumb"},"inLanguage":"es","potentialAction":[{"@type":"ReadAction","target":["https:\/\/www.covb.cat\/es\/formacio\/pero-en-que-quedamos-lo-tengo-que-castrar-o-no\/"]}]},{"@type":"ImageObject","inLanguage":"es","@id":"https:\/\/www.covb.cat\/es\/formacio\/pero-en-que-quedamos-lo-tengo-que-castrar-o-no\/#primaryimage","url":"https:\/\/www.covb.cat\/wp-content\/uploads\/2025\/06\/Jornada-castracio-WEB.jpg","contentUrl":"https:\/\/www.covb.cat\/wp-content\/uploads\/2025\/06\/Jornada-castracio-WEB.jpg","width":1200,"height":800},{"@type":"BreadcrumbList","@id":"https:\/\/www.covb.cat\/es\/formacio\/pero-en-que-quedamos-lo-tengo-que-castrar-o-no\/#breadcrumb","itemListElement":[{"@type":"ListItem","position":1,"name":"Inici","item":"https:\/\/www.covb.cat\/es\/"},{"@type":"ListItem","position":2,"name":"Esdeveniments","item":"https:\/\/www.covb.cat\/formacions\/"},{"@type":"ListItem","position":3,"name":"Pero, \u00bfen qu\u00e9 quedamos: lo tengo que castrar o no?"}]},{"@type":"WebSite","@id":"https:\/\/www.covb.cat\/es\/#website","url":"https:\/\/www.covb.cat\/es\/","name":"COVB","description":"Col\u00b7legi Oficial de Veterinaris de Barcelona","publisher":{"@id":"https:\/\/www.covb.cat\/es\/#organization"},"potentialAction":[{"@type":"SearchAction","target":{"@type":"EntryPoint","urlTemplate":"https:\/\/www.covb.cat\/es\/?s={search_term_string}"},"query-input":{"@type":"PropertyValueSpecification","valueRequired":true,"valueName":"search_term_string"}}],"inLanguage":"es"},{"@type":"Organization","@id":"https:\/\/www.covb.cat\/es\/#organization","name":"COVB","url":"https:\/\/www.covb.cat\/es\/","logo":{"@type":"ImageObject","inLanguage":"es","@id":"https:\/\/www.covb.cat\/es\/#\/schema\/logo\/image\/","url":"https:\/\/www.covb.cat\/wp-content\/uploads\/2018\/07\/favicon-covb.png","contentUrl":"https:\/\/www.covb.cat\/wp-content\/uploads\/2018\/07\/favicon-covb.png","width":512,"height":512,"caption":"COVB"},"image":{"@id":"https:\/\/www.covb.cat\/es\/#\/schema\/logo\/image\/"},"sameAs":["https:\/\/www.facebook.com\/COVBcat\/","https:\/\/x.com\/COVBcat","https:\/\/www.youtube.com\/user\/covbcn"]}]}},"jetpack_sharing_enabled":true,"_links":{"self":[{"href":"https:\/\/www.covb.cat\/es\/wp-json\/wp\/v2\/tribe_events\/58234","targetHints":{"allow":["GET"]}}],"collection":[{"href":"https:\/\/www.covb.cat\/es\/wp-json\/wp\/v2\/tribe_events"}],"about":[{"href":"https:\/\/www.covb.cat\/es\/wp-json\/wp\/v2\/types\/tribe_events"}],"author":[{"embeddable":true,"href":"https:\/\/www.covb.cat\/es\/wp-json\/wp\/v2\/users\/2985"}],"version-history":[{"count":3,"href":"https:\/\/www.covb.cat\/es\/wp-json\/wp\/v2\/tribe_events\/58234\/revisions"}],"predecessor-version":[{"id":58478,"href":"https:\/\/www.covb.cat\/es\/wp-json\/wp\/v2\/tribe_events\/58234\/revisions\/58478"}],"wp:featuredmedia":[{"embeddable":true,"href":"https:\/\/www.covb.cat\/es\/wp-json\/wp\/v2\/media\/58231"}],"wp:attachment":[{"href":"https:\/\/www.covb.cat\/es\/wp-json\/wp\/v2\/media?parent=58234"}],"wp:term":[{"taxonomy":"post_tag","embeddable":true,"href":"https:\/\/www.covb.cat\/es\/wp-json\/wp\/v2\/tags?post=58234"},{"taxonomy":"tribe_events_cat","embeddable":true,"href":"https:\/\/www.covb.cat\/es\/wp-json\/wp\/v2\/tribe_events_cat?post=58234"}],"curies":[{"name":"wp","href":"https:\/\/api.w.org\/{rel}","templated":true}]}}