{"id":56282,"date":"2025-05-06T16:09:10","date_gmt":"2025-05-06T14:09:10","guid":{"rendered":"https:\/\/www.covb.cat\/formacio\/nova-xerrada-tecnica-a-la-seu-del-covb-amb-experts-en-odontologia-veterinaria\/"},"modified":"2025-05-06T16:10:32","modified_gmt":"2025-05-06T14:10:32","slug":"nova-xerrada-tecnica-a-la-seu-del-covb-amb-experts-en-odontologia-veterinaria","status":"publish","type":"tribe_events","link":"https:\/\/www.covb.cat\/es\/formacio\/nova-xerrada-tecnica-a-la-seu-del-covb-amb-experts-en-odontologia-veterinaria\/","title":{"rendered":"Nueva charla t\u00e9cnica en la sede del COVB con expertos en odontolog\u00eda veterinaria"},"content":{"rendered":"<p>El pr\u00f3ximo <strong>21 de mayo de 2025<\/strong>, el Colegio Oficial de Veterinarios de Barcelona acoger\u00e1 una charla t\u00e9cnica centrada en la salud oral de los peque\u00f1os animales, organizada por<strong><em> Swedencare<\/em><\/strong>.<\/p>\n<p>La sesi\u00f3n se dividir\u00e1 en dos partes. En la primera, <em>Alberto Climent<\/em>, responsable del servicio de odontolog\u00eda de vetMONZ\u00d3N y miembro del grupo de Odontolog\u00eda y Cirug\u00eda Oral GOVA-AVEPA, abordar\u00e1 el enfoque integral del paciente con patolog\u00eda oral.<\/p>\n<p>En la segunda parte, la <em>Dra. Ana Whyte<\/em>, profesora titular y responsable del servicio de odontolog\u00eda del Hospital Veterinario de la Universidad de Zaragoza, se centrar\u00e1 en c\u00f3mo entender y tratar las patolog\u00edas m\u00e1s frecuentes: <strong>enfermedad periodontal<\/strong>, <strong>gingivoestomatitis cr\u00f3nica felina<\/strong> y <strong>lesiones resortivas<\/strong>.<\/p>\n<p>\ud83d\udcc5 <strong>Fecha<\/strong>: 21 de mayo de 2025<br \/>\n\u23f0 <strong>Horario<\/strong>: de 13:30 a 15:00 h<br \/>\n\ud83d\udccd <strong>Lugar<\/strong>: Sede del COVB \u2013 Sala de actos (Av. Rep\u00fablica Argentina, 21-25, Barcelona)<br \/>\n\ud83d\udcbb <strong>Modalidad<\/strong>: Presencial<br \/>\n\ud83d\udcb0 <strong>Precio<\/strong>: Gratuito (plazas limitadas por orden de inscripci\u00f3n)<br \/>\n\ud83d\udce9 <strong>Inscripciones<\/strong>: escribiendo a <a href=\"mailto:oriol.palacio@swedencare.es\">oriol.palacio@swedencare.es<\/a><\/p>\n<p>&nbsp;<\/p>\n<p><a href=\"https:\/\/www.covb.cat\/wp-content\/uploads\/2025\/05\/Swedencare-Charla-Tecnica-Flyer.jpg\" target=\"_blank\" rel=\"noopener\"><img loading=\"lazy\" decoding=\"async\" class=\"alignnone wp-image-56278\" src=\"https:\/\/www.covb.cat\/wp-content\/uploads\/2025\/05\/Swedencare-Charla-Tecnica-Flyer.jpg\" alt=\"\" width=\"691\" height=\"307\" \/><\/a><\/p>\n","protected":false},"excerpt":{"rendered":"<p>El pr\u00f3ximo 21 de mayo de 2025, el Colegio Oficial de Veterinarios de Barcelona acoger\u00e1 una charla t\u00e9cnica centrada en la salud oral de los peque\u00f1os animales, organizada por Swedencare. La sesi\u00f3n se dividir\u00e1 en dos partes. En la primera, Alberto Climent, responsable del servicio de odontolog\u00eda de vetMONZ\u00d3N y miembro del grupo de Odontolog\u00eda [&hellip;]<\/p>\n","protected":false},"author":2985,"featured_media":56277,"template":"","meta":{"_monsterinsights_skip_tracking":false,"_monsterinsights_sitenote_active":false,"_monsterinsights_sitenote_note":"","_monsterinsights_sitenote_category":0,"footnotes":""},"tags":[153],"tribe_events_cat":[100],"class_list":["post-56282","tribe_events","type-tribe_events","status-publish","has-post-thumbnail","hentry","tag-no_formulari-es-3","tribe_events_cat-pequenos-animales","cat_pequenos-animales"],"yoast_head":"<!-- This site is optimized with the Yoast SEO plugin v27.0 - https:\/\/yoast.com\/product\/yoast-seo-wordpress\/ -->\n<title>Nueva charla t\u00e9cnica en la sede del COVB con expertos en odontolog\u00eda veterinaria - COVB - Col\u00b7legi Oficial de Veterinaris de Barcelona<\/title>\n<meta name=\"description\" content=\"El pr\u00f3ximo 21 de mayo de 2025, el Colegio Oficial de Veterinarios de Barcelona acoger\u00e1 una charla t\u00e9cnica centrada en la salud oral de los peque\u00f1os\" \/>\n<meta name=\"robots\" content=\"index, follow, max-snippet:-1, max-image-preview:large, max-video-preview:-1\" \/>\n<link rel=\"canonical\" href=\"https:\/\/www.covb.cat\/es\/formacio\/nova-xerrada-tecnica-a-la-seu-del-covb-amb-experts-en-odontologia-veterinaria\/\" \/>\n<meta property=\"og:locale\" content=\"es_ES\" \/>\n<meta property=\"og:type\" content=\"article\" \/>\n<meta property=\"og:title\" content=\"Nueva charla t\u00e9cnica en la sede del COVB con expertos en odontolog\u00eda veterinaria - COVB - Col\u00b7legi Oficial de Veterinaris de Barcelona\" \/>\n<meta property=\"og:description\" content=\"El pr\u00f3ximo 21 de mayo de 2025, el Colegio Oficial de Veterinarios de Barcelona acoger\u00e1 una charla t\u00e9cnica centrada en la salud oral de los peque\u00f1os\" \/>\n<meta property=\"og:url\" content=\"https:\/\/www.covb.cat\/es\/formacio\/nova-xerrada-tecnica-a-la-seu-del-covb-amb-experts-en-odontologia-veterinaria\/\" \/>\n<meta property=\"og:site_name\" content=\"COVB\" \/>\n<meta property=\"article:publisher\" content=\"https:\/\/www.facebook.com\/COVBcat\/\" \/>\n<meta property=\"article:modified_time\" content=\"2025-05-06T14:10:32+00:00\" \/>\n<meta property=\"og:image\" content=\"https:\/\/www.covb.cat\/wp-content\/uploads\/2025\/05\/Swedencare-Newsletter-WEB.jpg\" \/>\n\t<meta property=\"og:image:width\" content=\"1200\" \/>\n\t<meta property=\"og:image:height\" content=\"800\" \/>\n\t<meta property=\"og:image:type\" content=\"image\/jpeg\" \/>\n<meta name=\"twitter:card\" content=\"summary_large_image\" \/>\n<meta name=\"twitter:site\" content=\"@COVBcat\" \/>\n<meta name=\"twitter:label1\" content=\"Tiempo de lectura\" \/>\n\t<meta name=\"twitter:data1\" content=\"2 minutos\" \/>\n<script type=\"application\/ld+json\" class=\"yoast-schema-graph\">{\"@context\":\"https:\/\/schema.org\",\"@graph\":[{\"@type\":\"WebPage\",\"@id\":\"https:\/\/www.covb.cat\/es\/formacio\/nova-xerrada-tecnica-a-la-seu-del-covb-amb-experts-en-odontologia-veterinaria\/\",\"url\":\"https:\/\/www.covb.cat\/es\/formacio\/nova-xerrada-tecnica-a-la-seu-del-covb-amb-experts-en-odontologia-veterinaria\/\",\"name\":\"Nueva charla t\u00e9cnica en la sede del COVB con expertos en odontolog\u00eda veterinaria - COVB - Col\u00b7legi Oficial de Veterinaris de Barcelona\",\"isPartOf\":{\"@id\":\"https:\/\/www.covb.cat\/es\/#website\"},\"primaryImageOfPage\":{\"@id\":\"https:\/\/www.covb.cat\/es\/formacio\/nova-xerrada-tecnica-a-la-seu-del-covb-amb-experts-en-odontologia-veterinaria\/#primaryimage\"},\"image\":{\"@id\":\"https:\/\/www.covb.cat\/es\/formacio\/nova-xerrada-tecnica-a-la-seu-del-covb-amb-experts-en-odontologia-veterinaria\/#primaryimage\"},\"thumbnailUrl\":\"https:\/\/www.covb.cat\/wp-content\/uploads\/2025\/05\/Swedencare-Newsletter-WEB.jpg\",\"datePublished\":\"2025-05-06T14:09:10+00:00\",\"dateModified\":\"2025-05-06T14:10:32+00:00\",\"description\":\"El pr\u00f3ximo 21 de mayo de 2025, el Colegio Oficial de Veterinarios de Barcelona acoger\u00e1 una charla t\u00e9cnica centrada en la salud oral de los peque\u00f1os\",\"breadcrumb\":{\"@id\":\"https:\/\/www.covb.cat\/es\/formacio\/nova-xerrada-tecnica-a-la-seu-del-covb-amb-experts-en-odontologia-veterinaria\/#breadcrumb\"},\"inLanguage\":\"es\",\"potentialAction\":[{\"@type\":\"ReadAction\",\"target\":[\"https:\/\/www.covb.cat\/es\/formacio\/nova-xerrada-tecnica-a-la-seu-del-covb-amb-experts-en-odontologia-veterinaria\/\"]}]},{\"@type\":\"ImageObject\",\"inLanguage\":\"es\",\"@id\":\"https:\/\/www.covb.cat\/es\/formacio\/nova-xerrada-tecnica-a-la-seu-del-covb-amb-experts-en-odontologia-veterinaria\/#primaryimage\",\"url\":\"https:\/\/www.covb.cat\/wp-content\/uploads\/2025\/05\/Swedencare-Newsletter-WEB.jpg\",\"contentUrl\":\"https:\/\/www.covb.cat\/wp-content\/uploads\/2025\/05\/Swedencare-Newsletter-WEB.jpg\",\"width\":1200,\"height\":800},{\"@type\":\"BreadcrumbList\",\"@id\":\"https:\/\/www.covb.cat\/es\/formacio\/nova-xerrada-tecnica-a-la-seu-del-covb-amb-experts-en-odontologia-veterinaria\/#breadcrumb\",\"itemListElement\":[{\"@type\":\"ListItem\",\"position\":1,\"name\":\"Inici\",\"item\":\"https:\/\/www.covb.cat\/es\/\"},{\"@type\":\"ListItem\",\"position\":2,\"name\":\"Esdeveniments\",\"item\":\"https:\/\/www.covb.cat\/formacions\/\"},{\"@type\":\"ListItem\",\"position\":3,\"name\":\"Nueva charla t\u00e9cnica en la sede del COVB con expertos en odontolog\u00eda veterinaria\"}]},{\"@type\":\"WebSite\",\"@id\":\"https:\/\/www.covb.cat\/es\/#website\",\"url\":\"https:\/\/www.covb.cat\/es\/\",\"name\":\"COVB\",\"description\":\"Col\u00b7legi Oficial de Veterinaris de Barcelona\",\"publisher\":{\"@id\":\"https:\/\/www.covb.cat\/es\/#organization\"},\"potentialAction\":[{\"@type\":\"SearchAction\",\"target\":{\"@type\":\"EntryPoint\",\"urlTemplate\":\"https:\/\/www.covb.cat\/es\/?s={search_term_string}\"},\"query-input\":{\"@type\":\"PropertyValueSpecification\",\"valueRequired\":true,\"valueName\":\"search_term_string\"}}],\"inLanguage\":\"es\"},{\"@type\":\"Organization\",\"@id\":\"https:\/\/www.covb.cat\/es\/#organization\",\"name\":\"COVB\",\"url\":\"https:\/\/www.covb.cat\/es\/\",\"logo\":{\"@type\":\"ImageObject\",\"inLanguage\":\"es\",\"@id\":\"https:\/\/www.covb.cat\/es\/#\/schema\/logo\/image\/\",\"url\":\"https:\/\/www.covb.cat\/wp-content\/uploads\/2018\/07\/favicon-covb.png\",\"contentUrl\":\"https:\/\/www.covb.cat\/wp-content\/uploads\/2018\/07\/favicon-covb.png\",\"width\":512,\"height\":512,\"caption\":\"COVB\"},\"image\":{\"@id\":\"https:\/\/www.covb.cat\/es\/#\/schema\/logo\/image\/\"},\"sameAs\":[\"https:\/\/www.facebook.com\/COVBcat\/\",\"https:\/\/x.com\/COVBcat\",\"https:\/\/www.youtube.com\/user\/covbcn\"]}]}<\/script>\n<!-- \/ Yoast SEO plugin. -->","yoast_head_json":{"title":"Nueva charla t\u00e9cnica en la sede del COVB con expertos en odontolog\u00eda veterinaria - COVB - Col\u00b7legi Oficial de Veterinaris de Barcelona","description":"El pr\u00f3ximo 21 de mayo de 2025, el Colegio Oficial de Veterinarios de Barcelona acoger\u00e1 una charla t\u00e9cnica centrada en la salud oral de los peque\u00f1os","robots":{"index":"index","follow":"follow","max-snippet":"max-snippet:-1","max-image-preview":"max-image-preview:large","max-video-preview":"max-video-preview:-1"},"canonical":"https:\/\/www.covb.cat\/es\/formacio\/nova-xerrada-tecnica-a-la-seu-del-covb-amb-experts-en-odontologia-veterinaria\/","og_locale":"es_ES","og_type":"article","og_title":"Nueva charla t\u00e9cnica en la sede del COVB con expertos en odontolog\u00eda veterinaria - COVB - Col\u00b7legi Oficial de Veterinaris de Barcelona","og_description":"El pr\u00f3ximo 21 de mayo de 2025, el Colegio Oficial de Veterinarios de Barcelona acoger\u00e1 una charla t\u00e9cnica centrada en la salud oral de los peque\u00f1os","og_url":"https:\/\/www.covb.cat\/es\/formacio\/nova-xerrada-tecnica-a-la-seu-del-covb-amb-experts-en-odontologia-veterinaria\/","og_site_name":"COVB","article_publisher":"https:\/\/www.facebook.com\/COVBcat\/","article_modified_time":"2025-05-06T14:10:32+00:00","og_image":[{"width":1200,"height":800,"url":"https:\/\/www.covb.cat\/wp-content\/uploads\/2025\/05\/Swedencare-Newsletter-WEB.jpg","type":"image\/jpeg"}],"twitter_card":"summary_large_image","twitter_site":"@COVBcat","twitter_misc":{"Tiempo de lectura":"2 minutos"},"schema":{"@context":"https:\/\/schema.org","@graph":[{"@type":"WebPage","@id":"https:\/\/www.covb.cat\/es\/formacio\/nova-xerrada-tecnica-a-la-seu-del-covb-amb-experts-en-odontologia-veterinaria\/","url":"https:\/\/www.covb.cat\/es\/formacio\/nova-xerrada-tecnica-a-la-seu-del-covb-amb-experts-en-odontologia-veterinaria\/","name":"Nueva charla t\u00e9cnica en la sede del COVB con expertos en odontolog\u00eda veterinaria - COVB - Col\u00b7legi Oficial de Veterinaris de Barcelona","isPartOf":{"@id":"https:\/\/www.covb.cat\/es\/#website"},"primaryImageOfPage":{"@id":"https:\/\/www.covb.cat\/es\/formacio\/nova-xerrada-tecnica-a-la-seu-del-covb-amb-experts-en-odontologia-veterinaria\/#primaryimage"},"image":{"@id":"https:\/\/www.covb.cat\/es\/formacio\/nova-xerrada-tecnica-a-la-seu-del-covb-amb-experts-en-odontologia-veterinaria\/#primaryimage"},"thumbnailUrl":"https:\/\/www.covb.cat\/wp-content\/uploads\/2025\/05\/Swedencare-Newsletter-WEB.jpg","datePublished":"2025-05-06T14:09:10+00:00","dateModified":"2025-05-06T14:10:32+00:00","description":"El pr\u00f3ximo 21 de mayo de 2025, el Colegio Oficial de Veterinarios de Barcelona acoger\u00e1 una charla t\u00e9cnica centrada en la salud oral de los peque\u00f1os","breadcrumb":{"@id":"https:\/\/www.covb.cat\/es\/formacio\/nova-xerrada-tecnica-a-la-seu-del-covb-amb-experts-en-odontologia-veterinaria\/#breadcrumb"},"inLanguage":"es","potentialAction":[{"@type":"ReadAction","target":["https:\/\/www.covb.cat\/es\/formacio\/nova-xerrada-tecnica-a-la-seu-del-covb-amb-experts-en-odontologia-veterinaria\/"]}]},{"@type":"ImageObject","inLanguage":"es","@id":"https:\/\/www.covb.cat\/es\/formacio\/nova-xerrada-tecnica-a-la-seu-del-covb-amb-experts-en-odontologia-veterinaria\/#primaryimage","url":"https:\/\/www.covb.cat\/wp-content\/uploads\/2025\/05\/Swedencare-Newsletter-WEB.jpg","contentUrl":"https:\/\/www.covb.cat\/wp-content\/uploads\/2025\/05\/Swedencare-Newsletter-WEB.jpg","width":1200,"height":800},{"@type":"BreadcrumbList","@id":"https:\/\/www.covb.cat\/es\/formacio\/nova-xerrada-tecnica-a-la-seu-del-covb-amb-experts-en-odontologia-veterinaria\/#breadcrumb","itemListElement":[{"@type":"ListItem","position":1,"name":"Inici","item":"https:\/\/www.covb.cat\/es\/"},{"@type":"ListItem","position":2,"name":"Esdeveniments","item":"https:\/\/www.covb.cat\/formacions\/"},{"@type":"ListItem","position":3,"name":"Nueva charla t\u00e9cnica en la sede del COVB con expertos en odontolog\u00eda veterinaria"}]},{"@type":"WebSite","@id":"https:\/\/www.covb.cat\/es\/#website","url":"https:\/\/www.covb.cat\/es\/","name":"COVB","description":"Col\u00b7legi Oficial de Veterinaris de Barcelona","publisher":{"@id":"https:\/\/www.covb.cat\/es\/#organization"},"potentialAction":[{"@type":"SearchAction","target":{"@type":"EntryPoint","urlTemplate":"https:\/\/www.covb.cat\/es\/?s={search_term_string}"},"query-input":{"@type":"PropertyValueSpecification","valueRequired":true,"valueName":"search_term_string"}}],"inLanguage":"es"},{"@type":"Organization","@id":"https:\/\/www.covb.cat\/es\/#organization","name":"COVB","url":"https:\/\/www.covb.cat\/es\/","logo":{"@type":"ImageObject","inLanguage":"es","@id":"https:\/\/www.covb.cat\/es\/#\/schema\/logo\/image\/","url":"https:\/\/www.covb.cat\/wp-content\/uploads\/2018\/07\/favicon-covb.png","contentUrl":"https:\/\/www.covb.cat\/wp-content\/uploads\/2018\/07\/favicon-covb.png","width":512,"height":512,"caption":"COVB"},"image":{"@id":"https:\/\/www.covb.cat\/es\/#\/schema\/logo\/image\/"},"sameAs":["https:\/\/www.facebook.com\/COVBcat\/","https:\/\/x.com\/COVBcat","https:\/\/www.youtube.com\/user\/covbcn"]}]}},"jetpack_sharing_enabled":true,"_links":{"self":[{"href":"https:\/\/www.covb.cat\/es\/wp-json\/wp\/v2\/tribe_events\/56282","targetHints":{"allow":["GET"]}}],"collection":[{"href":"https:\/\/www.covb.cat\/es\/wp-json\/wp\/v2\/tribe_events"}],"about":[{"href":"https:\/\/www.covb.cat\/es\/wp-json\/wp\/v2\/types\/tribe_events"}],"author":[{"embeddable":true,"href":"https:\/\/www.covb.cat\/es\/wp-json\/wp\/v2\/users\/2985"}],"version-history":[{"count":2,"href":"https:\/\/www.covb.cat\/es\/wp-json\/wp\/v2\/tribe_events\/56282\/revisions"}],"predecessor-version":[{"id":56284,"href":"https:\/\/www.covb.cat\/es\/wp-json\/wp\/v2\/tribe_events\/56282\/revisions\/56284"}],"wp:featuredmedia":[{"embeddable":true,"href":"https:\/\/www.covb.cat\/es\/wp-json\/wp\/v2\/media\/56277"}],"wp:attachment":[{"href":"https:\/\/www.covb.cat\/es\/wp-json\/wp\/v2\/media?parent=56282"}],"wp:term":[{"taxonomy":"post_tag","embeddable":true,"href":"https:\/\/www.covb.cat\/es\/wp-json\/wp\/v2\/tags?post=56282"},{"taxonomy":"tribe_events_cat","embeddable":true,"href":"https:\/\/www.covb.cat\/es\/wp-json\/wp\/v2\/tribe_events_cat?post=56282"}],"curies":[{"name":"wp","href":"https:\/\/api.w.org\/{rel}","templated":true}]}}