{"id":56092,"date":"2025-04-29T10:41:39","date_gmt":"2025-04-29T08:41:39","guid":{"rendered":"https:\/\/www.covb.cat\/formacio\/de-boomers-a-z-una-trobada-de-perspectives\/"},"modified":"2025-04-29T10:42:25","modified_gmt":"2025-04-29T08:42:25","slug":"de-boomers-a-z-un-encuentro-de-perspectivas","status":"publish","type":"tribe_events","link":"https:\/\/www.covb.cat\/es\/formacio\/de-boomers-a-z-un-encuentro-de-perspectivas\/","title":{"rendered":"De Boomers a Z: un encuentro de perspectivas"},"content":{"rendered":"<p>\u00bfTe gustar\u00eda entender mejor a las distintas generaciones y aprender a construir equipos m\u00e1s cohesionados? La Fundaci\u00f3 Galatea organiza un taller din\u00e1mico y vivencial para explorar c\u00f3mo las diferencias intergeneracionales pueden ser una fuente de crecimiento y colaboraci\u00f3n.<\/p>\n<p>A trav\u00e9s de actividades pr\u00e1cticas y en un ambiente de respeto y empat\u00eda, trabajaremos para identificar las fortalezas de cada generaci\u00f3n y potenciar su complementariedad en el \u00e1mbito profesional.<\/p>\n<p><strong>Objetivos:<\/strong><\/p>\n<ol>\n<li>Dar a conocer las caracter\u00edsticas clave de las distintas generaciones.<\/li>\n<li>Fomentar la reflexi\u00f3n sobre sus diferencias y similitudes.<\/li>\n<li>Identificar estrategias para la colaboraci\u00f3n intergeneracional.<\/li>\n<li>Promover el respeto y la empat\u00eda.<\/li>\n<li>Facilitar la cocreaci\u00f3n de nuevas din\u00e1micas de trabajo intergeneracionales.<\/li>\n<\/ol>\n<p><strong>Programa:<\/strong><\/p>\n<ul>\n<li>Din\u00e1mica de presentaci\u00f3n e identificaci\u00f3n generacional.<\/li>\n<li>Definici\u00f3n y an\u00e1lisis de las generaciones m\u00e1s relevantes.<\/li>\n<li>Estudio de diferencias: estilo de vida, consumo, trabajo, familia y comunicaci\u00f3n.<\/li>\n<li>Actividades de interacci\u00f3n y reflexi\u00f3n conjunta.<\/li>\n<li>Dise\u00f1o de estrategias de colaboraci\u00f3n.<\/li>\n<li>Cierre y conclusiones.<\/li>\n<\/ul>\n<p><strong>Metodolog\u00eda:<\/strong><br \/>\nAprendizaje 100% vivencial basado en din\u00e1micas interactivas y ejercicios pr\u00e1cticos.<\/p>\n<p><strong>Docencia:<\/strong><br \/>\n<em>Nacha Silva<\/em>, psic\u00f3loga, psicoterapeuta y miembro del equipo de intervenciones en equipos de la Fundaci\u00f3 Galatea.<\/p>\n<p>\ud83d\udcc5 Fecha: 20 de mayo de 2025<br \/>\n\ud83d\udd58 Horario: de 9:30 a 13:30 horas<br \/>\n\ud83d\udccd Lugar: Espai Galatea (Carrer de Craywinckel, 12, Barcelona)<br \/>\n\ud83c\udfe2 Organiza: Fundaci\u00f3 Galatea<\/p>\n<p>\ud83d\udce9 Inscripcions <a href=\"https:\/\/www.fgalatea.org\/ca\/agenda\/taller-de-boomers-a-z-una-trobada-de-perspectives-enriquiment-intergeneracional\">aqu\u00ed.<\/a><\/p>\n","protected":false},"excerpt":{"rendered":"<p>\u00bfTe gustar\u00eda entender mejor a las distintas generaciones y aprender a construir equipos m\u00e1s cohesionados? La Fundaci\u00f3 Galatea organiza un taller din\u00e1mico y vivencial para explorar c\u00f3mo las diferencias intergeneracionales pueden ser una fuente de crecimiento y colaboraci\u00f3n. A trav\u00e9s de actividades pr\u00e1cticas y en un ambiente de respeto y empat\u00eda, trabajaremos para identificar las [&hellip;]<\/p>\n","protected":false},"author":2985,"featured_media":56089,"template":"","meta":{"_monsterinsights_skip_tracking":false,"_monsterinsights_sitenote_active":false,"_monsterinsights_sitenote_note":"","_monsterinsights_sitenote_category":0,"footnotes":""},"tags":[150],"tribe_events_cat":[291],"class_list":["post-56092","tribe_events","type-tribe_events","status-publish","has-post-thumbnail","hentry","tag-no_formulari-es","tribe_events_cat-habilidades-personales","cat_habilidades-personales"],"yoast_head":"<!-- This site is optimized with the Yoast SEO plugin v27.0 - https:\/\/yoast.com\/product\/yoast-seo-wordpress\/ -->\n<title>De Boomers a Z: un encuentro de perspectivas - COVB - Col\u00b7legi Oficial de Veterinaris de Barcelona<\/title>\n<meta name=\"description\" content=\"\u00bfTe gustar\u00eda entender mejor a las distintas generaciones y aprender a construir equipos m\u00e1s cohesionados? La Fundaci\u00f3 Galatea organiza un taller din\u00e1mico\" \/>\n<meta name=\"robots\" content=\"index, follow, max-snippet:-1, max-image-preview:large, max-video-preview:-1\" \/>\n<link rel=\"canonical\" href=\"https:\/\/www.covb.cat\/es\/formacio\/de-boomers-a-z-un-encuentro-de-perspectivas\/\" \/>\n<meta property=\"og:locale\" content=\"es_ES\" \/>\n<meta property=\"og:type\" content=\"article\" \/>\n<meta property=\"og:title\" content=\"De Boomers a Z: un encuentro de perspectivas - COVB - Col\u00b7legi Oficial de Veterinaris de Barcelona\" \/>\n<meta property=\"og:description\" content=\"\u00bfTe gustar\u00eda entender mejor a las distintas generaciones y aprender a construir equipos m\u00e1s cohesionados? La Fundaci\u00f3 Galatea organiza un taller din\u00e1mico\" \/>\n<meta property=\"og:url\" content=\"https:\/\/www.covb.cat\/es\/formacio\/de-boomers-a-z-un-encuentro-de-perspectivas\/\" \/>\n<meta property=\"og:site_name\" content=\"COVB\" \/>\n<meta property=\"article:publisher\" content=\"https:\/\/www.facebook.com\/COVBcat\/\" \/>\n<meta property=\"article:modified_time\" content=\"2025-04-29T08:42:25+00:00\" \/>\n<meta property=\"og:image\" content=\"https:\/\/www.covb.cat\/wp-content\/uploads\/2025\/04\/Bretxa-intergeneracional-WEB.jpg\" \/>\n\t<meta property=\"og:image:width\" content=\"1200\" \/>\n\t<meta property=\"og:image:height\" content=\"800\" \/>\n\t<meta property=\"og:image:type\" content=\"image\/jpeg\" \/>\n<meta name=\"twitter:card\" content=\"summary_large_image\" \/>\n<meta name=\"twitter:site\" content=\"@COVBcat\" \/>\n<meta name=\"twitter:label1\" content=\"Tiempo de lectura\" \/>\n\t<meta name=\"twitter:data1\" content=\"2 minutos\" \/>\n<script type=\"application\/ld+json\" class=\"yoast-schema-graph\">{\"@context\":\"https:\/\/schema.org\",\"@graph\":[{\"@type\":\"WebPage\",\"@id\":\"https:\/\/www.covb.cat\/es\/formacio\/de-boomers-a-z-un-encuentro-de-perspectivas\/\",\"url\":\"https:\/\/www.covb.cat\/es\/formacio\/de-boomers-a-z-un-encuentro-de-perspectivas\/\",\"name\":\"De Boomers a Z: un encuentro de perspectivas - COVB - Col\u00b7legi Oficial de Veterinaris de Barcelona\",\"isPartOf\":{\"@id\":\"https:\/\/www.covb.cat\/es\/#website\"},\"primaryImageOfPage\":{\"@id\":\"https:\/\/www.covb.cat\/es\/formacio\/de-boomers-a-z-un-encuentro-de-perspectivas\/#primaryimage\"},\"image\":{\"@id\":\"https:\/\/www.covb.cat\/es\/formacio\/de-boomers-a-z-un-encuentro-de-perspectivas\/#primaryimage\"},\"thumbnailUrl\":\"https:\/\/www.covb.cat\/wp-content\/uploads\/2025\/04\/Bretxa-intergeneracional-WEB.jpg\",\"datePublished\":\"2025-04-29T08:41:39+00:00\",\"dateModified\":\"2025-04-29T08:42:25+00:00\",\"description\":\"\u00bfTe gustar\u00eda entender mejor a las distintas generaciones y aprender a construir equipos m\u00e1s cohesionados? La Fundaci\u00f3 Galatea organiza un taller din\u00e1mico\",\"breadcrumb\":{\"@id\":\"https:\/\/www.covb.cat\/es\/formacio\/de-boomers-a-z-un-encuentro-de-perspectivas\/#breadcrumb\"},\"inLanguage\":\"es\",\"potentialAction\":[{\"@type\":\"ReadAction\",\"target\":[\"https:\/\/www.covb.cat\/es\/formacio\/de-boomers-a-z-un-encuentro-de-perspectivas\/\"]}]},{\"@type\":\"ImageObject\",\"inLanguage\":\"es\",\"@id\":\"https:\/\/www.covb.cat\/es\/formacio\/de-boomers-a-z-un-encuentro-de-perspectivas\/#primaryimage\",\"url\":\"https:\/\/www.covb.cat\/wp-content\/uploads\/2025\/04\/Bretxa-intergeneracional-WEB.jpg\",\"contentUrl\":\"https:\/\/www.covb.cat\/wp-content\/uploads\/2025\/04\/Bretxa-intergeneracional-WEB.jpg\",\"width\":1200,\"height\":800},{\"@type\":\"BreadcrumbList\",\"@id\":\"https:\/\/www.covb.cat\/es\/formacio\/de-boomers-a-z-un-encuentro-de-perspectivas\/#breadcrumb\",\"itemListElement\":[{\"@type\":\"ListItem\",\"position\":1,\"name\":\"Inici\",\"item\":\"https:\/\/www.covb.cat\/es\/\"},{\"@type\":\"ListItem\",\"position\":2,\"name\":\"Esdeveniments\",\"item\":\"https:\/\/www.covb.cat\/formacions\/\"},{\"@type\":\"ListItem\",\"position\":3,\"name\":\"De Boomers a Z: un encuentro de perspectivas\"}]},{\"@type\":\"WebSite\",\"@id\":\"https:\/\/www.covb.cat\/es\/#website\",\"url\":\"https:\/\/www.covb.cat\/es\/\",\"name\":\"COVB\",\"description\":\"Col\u00b7legi Oficial de Veterinaris de Barcelona\",\"publisher\":{\"@id\":\"https:\/\/www.covb.cat\/es\/#organization\"},\"potentialAction\":[{\"@type\":\"SearchAction\",\"target\":{\"@type\":\"EntryPoint\",\"urlTemplate\":\"https:\/\/www.covb.cat\/es\/?s={search_term_string}\"},\"query-input\":{\"@type\":\"PropertyValueSpecification\",\"valueRequired\":true,\"valueName\":\"search_term_string\"}}],\"inLanguage\":\"es\"},{\"@type\":\"Organization\",\"@id\":\"https:\/\/www.covb.cat\/es\/#organization\",\"name\":\"COVB\",\"url\":\"https:\/\/www.covb.cat\/es\/\",\"logo\":{\"@type\":\"ImageObject\",\"inLanguage\":\"es\",\"@id\":\"https:\/\/www.covb.cat\/es\/#\/schema\/logo\/image\/\",\"url\":\"https:\/\/www.covb.cat\/wp-content\/uploads\/2018\/07\/favicon-covb.png\",\"contentUrl\":\"https:\/\/www.covb.cat\/wp-content\/uploads\/2018\/07\/favicon-covb.png\",\"width\":512,\"height\":512,\"caption\":\"COVB\"},\"image\":{\"@id\":\"https:\/\/www.covb.cat\/es\/#\/schema\/logo\/image\/\"},\"sameAs\":[\"https:\/\/www.facebook.com\/COVBcat\/\",\"https:\/\/x.com\/COVBcat\",\"https:\/\/www.youtube.com\/user\/covbcn\"]}]}<\/script>\n<!-- \/ Yoast SEO plugin. -->","yoast_head_json":{"title":"De Boomers a Z: un encuentro de perspectivas - COVB - Col\u00b7legi Oficial de Veterinaris de Barcelona","description":"\u00bfTe gustar\u00eda entender mejor a las distintas generaciones y aprender a construir equipos m\u00e1s cohesionados? La Fundaci\u00f3 Galatea organiza un taller din\u00e1mico","robots":{"index":"index","follow":"follow","max-snippet":"max-snippet:-1","max-image-preview":"max-image-preview:large","max-video-preview":"max-video-preview:-1"},"canonical":"https:\/\/www.covb.cat\/es\/formacio\/de-boomers-a-z-un-encuentro-de-perspectivas\/","og_locale":"es_ES","og_type":"article","og_title":"De Boomers a Z: un encuentro de perspectivas - COVB - Col\u00b7legi Oficial de Veterinaris de Barcelona","og_description":"\u00bfTe gustar\u00eda entender mejor a las distintas generaciones y aprender a construir equipos m\u00e1s cohesionados? La Fundaci\u00f3 Galatea organiza un taller din\u00e1mico","og_url":"https:\/\/www.covb.cat\/es\/formacio\/de-boomers-a-z-un-encuentro-de-perspectivas\/","og_site_name":"COVB","article_publisher":"https:\/\/www.facebook.com\/COVBcat\/","article_modified_time":"2025-04-29T08:42:25+00:00","og_image":[{"width":1200,"height":800,"url":"https:\/\/www.covb.cat\/wp-content\/uploads\/2025\/04\/Bretxa-intergeneracional-WEB.jpg","type":"image\/jpeg"}],"twitter_card":"summary_large_image","twitter_site":"@COVBcat","twitter_misc":{"Tiempo de lectura":"2 minutos"},"schema":{"@context":"https:\/\/schema.org","@graph":[{"@type":"WebPage","@id":"https:\/\/www.covb.cat\/es\/formacio\/de-boomers-a-z-un-encuentro-de-perspectivas\/","url":"https:\/\/www.covb.cat\/es\/formacio\/de-boomers-a-z-un-encuentro-de-perspectivas\/","name":"De Boomers a Z: un encuentro de perspectivas - COVB - Col\u00b7legi Oficial de Veterinaris de Barcelona","isPartOf":{"@id":"https:\/\/www.covb.cat\/es\/#website"},"primaryImageOfPage":{"@id":"https:\/\/www.covb.cat\/es\/formacio\/de-boomers-a-z-un-encuentro-de-perspectivas\/#primaryimage"},"image":{"@id":"https:\/\/www.covb.cat\/es\/formacio\/de-boomers-a-z-un-encuentro-de-perspectivas\/#primaryimage"},"thumbnailUrl":"https:\/\/www.covb.cat\/wp-content\/uploads\/2025\/04\/Bretxa-intergeneracional-WEB.jpg","datePublished":"2025-04-29T08:41:39+00:00","dateModified":"2025-04-29T08:42:25+00:00","description":"\u00bfTe gustar\u00eda entender mejor a las distintas generaciones y aprender a construir equipos m\u00e1s cohesionados? La Fundaci\u00f3 Galatea organiza un taller din\u00e1mico","breadcrumb":{"@id":"https:\/\/www.covb.cat\/es\/formacio\/de-boomers-a-z-un-encuentro-de-perspectivas\/#breadcrumb"},"inLanguage":"es","potentialAction":[{"@type":"ReadAction","target":["https:\/\/www.covb.cat\/es\/formacio\/de-boomers-a-z-un-encuentro-de-perspectivas\/"]}]},{"@type":"ImageObject","inLanguage":"es","@id":"https:\/\/www.covb.cat\/es\/formacio\/de-boomers-a-z-un-encuentro-de-perspectivas\/#primaryimage","url":"https:\/\/www.covb.cat\/wp-content\/uploads\/2025\/04\/Bretxa-intergeneracional-WEB.jpg","contentUrl":"https:\/\/www.covb.cat\/wp-content\/uploads\/2025\/04\/Bretxa-intergeneracional-WEB.jpg","width":1200,"height":800},{"@type":"BreadcrumbList","@id":"https:\/\/www.covb.cat\/es\/formacio\/de-boomers-a-z-un-encuentro-de-perspectivas\/#breadcrumb","itemListElement":[{"@type":"ListItem","position":1,"name":"Inici","item":"https:\/\/www.covb.cat\/es\/"},{"@type":"ListItem","position":2,"name":"Esdeveniments","item":"https:\/\/www.covb.cat\/formacions\/"},{"@type":"ListItem","position":3,"name":"De Boomers a Z: un encuentro de perspectivas"}]},{"@type":"WebSite","@id":"https:\/\/www.covb.cat\/es\/#website","url":"https:\/\/www.covb.cat\/es\/","name":"COVB","description":"Col\u00b7legi Oficial de Veterinaris de Barcelona","publisher":{"@id":"https:\/\/www.covb.cat\/es\/#organization"},"potentialAction":[{"@type":"SearchAction","target":{"@type":"EntryPoint","urlTemplate":"https:\/\/www.covb.cat\/es\/?s={search_term_string}"},"query-input":{"@type":"PropertyValueSpecification","valueRequired":true,"valueName":"search_term_string"}}],"inLanguage":"es"},{"@type":"Organization","@id":"https:\/\/www.covb.cat\/es\/#organization","name":"COVB","url":"https:\/\/www.covb.cat\/es\/","logo":{"@type":"ImageObject","inLanguage":"es","@id":"https:\/\/www.covb.cat\/es\/#\/schema\/logo\/image\/","url":"https:\/\/www.covb.cat\/wp-content\/uploads\/2018\/07\/favicon-covb.png","contentUrl":"https:\/\/www.covb.cat\/wp-content\/uploads\/2018\/07\/favicon-covb.png","width":512,"height":512,"caption":"COVB"},"image":{"@id":"https:\/\/www.covb.cat\/es\/#\/schema\/logo\/image\/"},"sameAs":["https:\/\/www.facebook.com\/COVBcat\/","https:\/\/x.com\/COVBcat","https:\/\/www.youtube.com\/user\/covbcn"]}]}},"jetpack_sharing_enabled":true,"_links":{"self":[{"href":"https:\/\/www.covb.cat\/es\/wp-json\/wp\/v2\/tribe_events\/56092","targetHints":{"allow":["GET"]}}],"collection":[{"href":"https:\/\/www.covb.cat\/es\/wp-json\/wp\/v2\/tribe_events"}],"about":[{"href":"https:\/\/www.covb.cat\/es\/wp-json\/wp\/v2\/types\/tribe_events"}],"author":[{"embeddable":true,"href":"https:\/\/www.covb.cat\/es\/wp-json\/wp\/v2\/users\/2985"}],"version-history":[{"count":1,"href":"https:\/\/www.covb.cat\/es\/wp-json\/wp\/v2\/tribe_events\/56092\/revisions"}],"predecessor-version":[{"id":56093,"href":"https:\/\/www.covb.cat\/es\/wp-json\/wp\/v2\/tribe_events\/56092\/revisions\/56093"}],"wp:featuredmedia":[{"embeddable":true,"href":"https:\/\/www.covb.cat\/es\/wp-json\/wp\/v2\/media\/56089"}],"wp:attachment":[{"href":"https:\/\/www.covb.cat\/es\/wp-json\/wp\/v2\/media?parent=56092"}],"wp:term":[{"taxonomy":"post_tag","embeddable":true,"href":"https:\/\/www.covb.cat\/es\/wp-json\/wp\/v2\/tags?post=56092"},{"taxonomy":"tribe_events_cat","embeddable":true,"href":"https:\/\/www.covb.cat\/es\/wp-json\/wp\/v2\/tribe_events_cat?post=56092"}],"curies":[{"name":"wp","href":"https:\/\/api.w.org\/{rel}","templated":true}]}}