{"id":54012,"date":"2025-02-24T20:35:43","date_gmt":"2025-02-24T19:35:43","guid":{"rendered":"https:\/\/www.covb.cat\/formacio\/taula-rodona-sobre-associacionisme-i-interlocucio-social-en-veterinaria\/"},"modified":"2025-02-26T12:13:21","modified_gmt":"2025-02-26T11:13:21","slug":"mesa-redonda-sobre-asociacionismo-e-interlocucion-social-en-veterinaria","status":"publish","type":"tribe_events","link":"https:\/\/www.covb.cat\/es\/formacio\/mesa-redonda-sobre-asociacionismo-e-interlocucion-social-en-veterinaria\/","title":{"rendered":"POSPUESTA- Mesa redonda sobre asociacionismo e interlocuci\u00f3n social en veterinaria"},"content":{"rendered":"<h1><strong>POSPUESTA<\/strong><\/h1>\n<p>El pr\u00f3ximo <strong>4 de marzo<\/strong>, las instalaciones de <strong>Foment del Treball (Barcelona)<\/strong> acoger\u00e1n una mesa redonda para debatir sobre <strong>la importancia de la interlocuci\u00f3n social y el asociacionismo en la veterinaria<\/strong>, especialmente para veterinarios aut\u00f3nomos y empresarios del sector.<\/p>\n<p>La benvinguda a l\u2019acte ser\u00e0 a c\u00e0rrec de:<\/p>\n<p>La bienvenida al acto ser\u00e1 a cargo de:<\/p>\n<ul>\n<li><strong>David Tornos<\/strong>, Secretario General de Foment del Treball.<\/li>\n<li><strong>Joan Mesi\u00e0<\/strong>, Presidente del COVB.<\/li>\n<li><strong>Sebasti\u00e0 Rotger<\/strong>, Presidente de CEVE.<\/li>\n<\/ul>\n<p>Los temas clave que se tratar\u00e1n en esta mesa redonda ser\u00e1n:<\/p>\n<ul>\n<li>\u00bfQu\u00e9 es la interlocuci\u00f3n social?<\/li>\n<li>Tipos de asociacionismo en el sector veterinario.<\/li>\n<li>Casos de \u00e9xito:\n<ul>\n<li>Negociaci\u00f3n de un convenio colectivo \u2013 Sebasti\u00e0 Rotger (CEVE).<\/li>\n<li>PNL para la reducci\u00f3n del IVA \u2013 Joan Capdevila.<\/li>\n<li>Los centros veterinarios como sector esencial durante la COVID-19 \u2013 Antoni Pic\u00f3.<\/li>\n<\/ul>\n<\/li>\n<li>CEVE Catalu\u00f1a: pr\u00f3ximas acciones.<\/li>\n<\/ul>\n<p>\ud83d\udc68\u200d\ud83c\udfeb <strong>Ponentes:<\/strong><\/p>\n<ul>\n<li><strong>Sebasti\u00e0 Rotger<\/strong>, Presidente de CEVE.<\/li>\n<li><strong>Antoni Pic\u00f3<\/strong>, abogado y Responsable de Relaciones con las Cortes de Foment del Treball.<\/li>\n<li><strong>Joan Capdevila<\/strong>, veterinario y Senior Advisor en Vicens Consulting.<\/li>\n<\/ul>\n<p>\ud83c\udfa4 <strong>Moderador:<\/strong> Ignasi Solana, Secretario General de AEDPAC.<\/p>\n<p>&nbsp;<\/p>\n<p>Si eres veterinario, aut\u00f3nomo o empresario, esta mesa redonda te interesa. \u00a1No faltes!<\/p>\n","protected":false},"excerpt":{"rendered":"<p>POSPUESTA El pr\u00f3ximo 4 de marzo, las instalaciones de Foment del Treball (Barcelona) acoger\u00e1n una mesa redonda para debatir sobre la importancia de la interlocuci\u00f3n social y el asociacionismo en la veterinaria, especialmente para veterinarios aut\u00f3nomos y empresarios del sector. La benvinguda a l\u2019acte ser\u00e0 a c\u00e0rrec de: La bienvenida al acto ser\u00e1 a cargo [&hellip;]<\/p>\n","protected":false},"author":106,"featured_media":54009,"template":"","meta":{"_monsterinsights_skip_tracking":false,"_monsterinsights_sitenote_active":false,"_monsterinsights_sitenote_note":"","_monsterinsights_sitenote_category":0,"footnotes":""},"tags":[150],"tribe_events_cat":[291],"class_list":["post-54012","tribe_events","type-tribe_events","status-publish","has-post-thumbnail","hentry","tag-no_formulari-es","tribe_events_cat-habilidades-personales","cat_habilidades-personales"],"yoast_head":"<!-- This site is optimized with the Yoast SEO plugin v27.0 - https:\/\/yoast.com\/product\/yoast-seo-wordpress\/ -->\n<title>POSPUESTA- Mesa redonda sobre asociacionismo e interlocuci\u00f3n social en veterinaria - COVB - Col\u00b7legi Oficial de Veterinaris de Barcelona<\/title>\n<meta name=\"description\" content=\"POSPUESTA El pr\u00f3ximo 4 de marzo, las instalaciones de Foment del Treball (Barcelona) acoger\u00e1n una mesa redonda para debatir sobre la importancia de la\" \/>\n<meta name=\"robots\" content=\"index, follow, max-snippet:-1, max-image-preview:large, max-video-preview:-1\" \/>\n<link rel=\"canonical\" href=\"https:\/\/www.covb.cat\/es\/formacio\/mesa-redonda-sobre-asociacionismo-e-interlocucion-social-en-veterinaria\/\" \/>\n<meta property=\"og:locale\" content=\"es_ES\" \/>\n<meta property=\"og:type\" content=\"article\" \/>\n<meta property=\"og:title\" content=\"POSPUESTA- Mesa redonda sobre asociacionismo e interlocuci\u00f3n social en veterinaria - COVB - Col\u00b7legi Oficial de Veterinaris de Barcelona\" \/>\n<meta property=\"og:description\" content=\"POSPUESTA El pr\u00f3ximo 4 de marzo, las instalaciones de Foment del Treball (Barcelona) acoger\u00e1n una mesa redonda para debatir sobre la importancia de la\" \/>\n<meta property=\"og:url\" content=\"https:\/\/www.covb.cat\/es\/formacio\/mesa-redonda-sobre-asociacionismo-e-interlocucion-social-en-veterinaria\/\" \/>\n<meta property=\"og:site_name\" content=\"COVB\" \/>\n<meta property=\"article:publisher\" content=\"https:\/\/www.facebook.com\/COVBcat\/\" \/>\n<meta property=\"article:modified_time\" content=\"2025-02-26T11:13:21+00:00\" \/>\n<meta property=\"og:image\" content=\"https:\/\/www.covb.cat\/wp-content\/uploads\/2025\/02\/Taula-Rodona-Foment-Treball-WEB.jpg\" \/>\n\t<meta property=\"og:image:width\" content=\"1200\" \/>\n\t<meta property=\"og:image:height\" content=\"800\" \/>\n\t<meta property=\"og:image:type\" content=\"image\/jpeg\" \/>\n<meta name=\"twitter:card\" content=\"summary_large_image\" \/>\n<meta name=\"twitter:site\" content=\"@COVBcat\" \/>\n<meta name=\"twitter:label1\" content=\"Tiempo de lectura\" \/>\n\t<meta name=\"twitter:data1\" content=\"2 minutos\" \/>\n<script type=\"application\/ld+json\" class=\"yoast-schema-graph\">{\"@context\":\"https:\/\/schema.org\",\"@graph\":[{\"@type\":\"WebPage\",\"@id\":\"https:\/\/www.covb.cat\/es\/formacio\/mesa-redonda-sobre-asociacionismo-e-interlocucion-social-en-veterinaria\/\",\"url\":\"https:\/\/www.covb.cat\/es\/formacio\/mesa-redonda-sobre-asociacionismo-e-interlocucion-social-en-veterinaria\/\",\"name\":\"POSPUESTA- Mesa redonda sobre asociacionismo e interlocuci\u00f3n social en veterinaria - COVB - Col\u00b7legi Oficial de Veterinaris de Barcelona\",\"isPartOf\":{\"@id\":\"https:\/\/www.covb.cat\/es\/#website\"},\"primaryImageOfPage\":{\"@id\":\"https:\/\/www.covb.cat\/es\/formacio\/mesa-redonda-sobre-asociacionismo-e-interlocucion-social-en-veterinaria\/#primaryimage\"},\"image\":{\"@id\":\"https:\/\/www.covb.cat\/es\/formacio\/mesa-redonda-sobre-asociacionismo-e-interlocucion-social-en-veterinaria\/#primaryimage\"},\"thumbnailUrl\":\"https:\/\/www.covb.cat\/wp-content\/uploads\/2025\/02\/Taula-Rodona-Foment-Treball-WEB.jpg\",\"datePublished\":\"2025-02-24T19:35:43+00:00\",\"dateModified\":\"2025-02-26T11:13:21+00:00\",\"description\":\"POSPUESTA El pr\u00f3ximo 4 de marzo, las instalaciones de Foment del Treball (Barcelona) acoger\u00e1n una mesa redonda para debatir sobre la importancia de la\",\"breadcrumb\":{\"@id\":\"https:\/\/www.covb.cat\/es\/formacio\/mesa-redonda-sobre-asociacionismo-e-interlocucion-social-en-veterinaria\/#breadcrumb\"},\"inLanguage\":\"es\",\"potentialAction\":[{\"@type\":\"ReadAction\",\"target\":[\"https:\/\/www.covb.cat\/es\/formacio\/mesa-redonda-sobre-asociacionismo-e-interlocucion-social-en-veterinaria\/\"]}]},{\"@type\":\"ImageObject\",\"inLanguage\":\"es\",\"@id\":\"https:\/\/www.covb.cat\/es\/formacio\/mesa-redonda-sobre-asociacionismo-e-interlocucion-social-en-veterinaria\/#primaryimage\",\"url\":\"https:\/\/www.covb.cat\/wp-content\/uploads\/2025\/02\/Taula-Rodona-Foment-Treball-WEB.jpg\",\"contentUrl\":\"https:\/\/www.covb.cat\/wp-content\/uploads\/2025\/02\/Taula-Rodona-Foment-Treball-WEB.jpg\",\"width\":1200,\"height\":800},{\"@type\":\"BreadcrumbList\",\"@id\":\"https:\/\/www.covb.cat\/es\/formacio\/mesa-redonda-sobre-asociacionismo-e-interlocucion-social-en-veterinaria\/#breadcrumb\",\"itemListElement\":[{\"@type\":\"ListItem\",\"position\":1,\"name\":\"Inici\",\"item\":\"https:\/\/www.covb.cat\/es\/\"},{\"@type\":\"ListItem\",\"position\":2,\"name\":\"Esdeveniments\",\"item\":\"https:\/\/www.covb.cat\/formacions\/\"},{\"@type\":\"ListItem\",\"position\":3,\"name\":\"POSPUESTA- Mesa redonda sobre asociacionismo e interlocuci\u00f3n social en veterinaria\"}]},{\"@type\":\"WebSite\",\"@id\":\"https:\/\/www.covb.cat\/es\/#website\",\"url\":\"https:\/\/www.covb.cat\/es\/\",\"name\":\"COVB\",\"description\":\"Col\u00b7legi Oficial de Veterinaris de Barcelona\",\"publisher\":{\"@id\":\"https:\/\/www.covb.cat\/es\/#organization\"},\"potentialAction\":[{\"@type\":\"SearchAction\",\"target\":{\"@type\":\"EntryPoint\",\"urlTemplate\":\"https:\/\/www.covb.cat\/es\/?s={search_term_string}\"},\"query-input\":{\"@type\":\"PropertyValueSpecification\",\"valueRequired\":true,\"valueName\":\"search_term_string\"}}],\"inLanguage\":\"es\"},{\"@type\":\"Organization\",\"@id\":\"https:\/\/www.covb.cat\/es\/#organization\",\"name\":\"COVB\",\"url\":\"https:\/\/www.covb.cat\/es\/\",\"logo\":{\"@type\":\"ImageObject\",\"inLanguage\":\"es\",\"@id\":\"https:\/\/www.covb.cat\/es\/#\/schema\/logo\/image\/\",\"url\":\"https:\/\/www.covb.cat\/wp-content\/uploads\/2018\/07\/favicon-covb.png\",\"contentUrl\":\"https:\/\/www.covb.cat\/wp-content\/uploads\/2018\/07\/favicon-covb.png\",\"width\":512,\"height\":512,\"caption\":\"COVB\"},\"image\":{\"@id\":\"https:\/\/www.covb.cat\/es\/#\/schema\/logo\/image\/\"},\"sameAs\":[\"https:\/\/www.facebook.com\/COVBcat\/\",\"https:\/\/x.com\/COVBcat\",\"https:\/\/www.youtube.com\/user\/covbcn\"]}]}<\/script>\n<!-- \/ Yoast SEO plugin. -->","yoast_head_json":{"title":"POSPUESTA- Mesa redonda sobre asociacionismo e interlocuci\u00f3n social en veterinaria - COVB - Col\u00b7legi Oficial de Veterinaris de Barcelona","description":"POSPUESTA El pr\u00f3ximo 4 de marzo, las instalaciones de Foment del Treball (Barcelona) acoger\u00e1n una mesa redonda para debatir sobre la importancia de la","robots":{"index":"index","follow":"follow","max-snippet":"max-snippet:-1","max-image-preview":"max-image-preview:large","max-video-preview":"max-video-preview:-1"},"canonical":"https:\/\/www.covb.cat\/es\/formacio\/mesa-redonda-sobre-asociacionismo-e-interlocucion-social-en-veterinaria\/","og_locale":"es_ES","og_type":"article","og_title":"POSPUESTA- Mesa redonda sobre asociacionismo e interlocuci\u00f3n social en veterinaria - COVB - Col\u00b7legi Oficial de Veterinaris de Barcelona","og_description":"POSPUESTA El pr\u00f3ximo 4 de marzo, las instalaciones de Foment del Treball (Barcelona) acoger\u00e1n una mesa redonda para debatir sobre la importancia de la","og_url":"https:\/\/www.covb.cat\/es\/formacio\/mesa-redonda-sobre-asociacionismo-e-interlocucion-social-en-veterinaria\/","og_site_name":"COVB","article_publisher":"https:\/\/www.facebook.com\/COVBcat\/","article_modified_time":"2025-02-26T11:13:21+00:00","og_image":[{"width":1200,"height":800,"url":"https:\/\/www.covb.cat\/wp-content\/uploads\/2025\/02\/Taula-Rodona-Foment-Treball-WEB.jpg","type":"image\/jpeg"}],"twitter_card":"summary_large_image","twitter_site":"@COVBcat","twitter_misc":{"Tiempo de lectura":"2 minutos"},"schema":{"@context":"https:\/\/schema.org","@graph":[{"@type":"WebPage","@id":"https:\/\/www.covb.cat\/es\/formacio\/mesa-redonda-sobre-asociacionismo-e-interlocucion-social-en-veterinaria\/","url":"https:\/\/www.covb.cat\/es\/formacio\/mesa-redonda-sobre-asociacionismo-e-interlocucion-social-en-veterinaria\/","name":"POSPUESTA- Mesa redonda sobre asociacionismo e interlocuci\u00f3n social en veterinaria - COVB - Col\u00b7legi Oficial de Veterinaris de Barcelona","isPartOf":{"@id":"https:\/\/www.covb.cat\/es\/#website"},"primaryImageOfPage":{"@id":"https:\/\/www.covb.cat\/es\/formacio\/mesa-redonda-sobre-asociacionismo-e-interlocucion-social-en-veterinaria\/#primaryimage"},"image":{"@id":"https:\/\/www.covb.cat\/es\/formacio\/mesa-redonda-sobre-asociacionismo-e-interlocucion-social-en-veterinaria\/#primaryimage"},"thumbnailUrl":"https:\/\/www.covb.cat\/wp-content\/uploads\/2025\/02\/Taula-Rodona-Foment-Treball-WEB.jpg","datePublished":"2025-02-24T19:35:43+00:00","dateModified":"2025-02-26T11:13:21+00:00","description":"POSPUESTA El pr\u00f3ximo 4 de marzo, las instalaciones de Foment del Treball (Barcelona) acoger\u00e1n una mesa redonda para debatir sobre la importancia de la","breadcrumb":{"@id":"https:\/\/www.covb.cat\/es\/formacio\/mesa-redonda-sobre-asociacionismo-e-interlocucion-social-en-veterinaria\/#breadcrumb"},"inLanguage":"es","potentialAction":[{"@type":"ReadAction","target":["https:\/\/www.covb.cat\/es\/formacio\/mesa-redonda-sobre-asociacionismo-e-interlocucion-social-en-veterinaria\/"]}]},{"@type":"ImageObject","inLanguage":"es","@id":"https:\/\/www.covb.cat\/es\/formacio\/mesa-redonda-sobre-asociacionismo-e-interlocucion-social-en-veterinaria\/#primaryimage","url":"https:\/\/www.covb.cat\/wp-content\/uploads\/2025\/02\/Taula-Rodona-Foment-Treball-WEB.jpg","contentUrl":"https:\/\/www.covb.cat\/wp-content\/uploads\/2025\/02\/Taula-Rodona-Foment-Treball-WEB.jpg","width":1200,"height":800},{"@type":"BreadcrumbList","@id":"https:\/\/www.covb.cat\/es\/formacio\/mesa-redonda-sobre-asociacionismo-e-interlocucion-social-en-veterinaria\/#breadcrumb","itemListElement":[{"@type":"ListItem","position":1,"name":"Inici","item":"https:\/\/www.covb.cat\/es\/"},{"@type":"ListItem","position":2,"name":"Esdeveniments","item":"https:\/\/www.covb.cat\/formacions\/"},{"@type":"ListItem","position":3,"name":"POSPUESTA- Mesa redonda sobre asociacionismo e interlocuci\u00f3n social en veterinaria"}]},{"@type":"WebSite","@id":"https:\/\/www.covb.cat\/es\/#website","url":"https:\/\/www.covb.cat\/es\/","name":"COVB","description":"Col\u00b7legi Oficial de Veterinaris de Barcelona","publisher":{"@id":"https:\/\/www.covb.cat\/es\/#organization"},"potentialAction":[{"@type":"SearchAction","target":{"@type":"EntryPoint","urlTemplate":"https:\/\/www.covb.cat\/es\/?s={search_term_string}"},"query-input":{"@type":"PropertyValueSpecification","valueRequired":true,"valueName":"search_term_string"}}],"inLanguage":"es"},{"@type":"Organization","@id":"https:\/\/www.covb.cat\/es\/#organization","name":"COVB","url":"https:\/\/www.covb.cat\/es\/","logo":{"@type":"ImageObject","inLanguage":"es","@id":"https:\/\/www.covb.cat\/es\/#\/schema\/logo\/image\/","url":"https:\/\/www.covb.cat\/wp-content\/uploads\/2018\/07\/favicon-covb.png","contentUrl":"https:\/\/www.covb.cat\/wp-content\/uploads\/2018\/07\/favicon-covb.png","width":512,"height":512,"caption":"COVB"},"image":{"@id":"https:\/\/www.covb.cat\/es\/#\/schema\/logo\/image\/"},"sameAs":["https:\/\/www.facebook.com\/COVBcat\/","https:\/\/x.com\/COVBcat","https:\/\/www.youtube.com\/user\/covbcn"]}]}},"jetpack_sharing_enabled":true,"_links":{"self":[{"href":"https:\/\/www.covb.cat\/es\/wp-json\/wp\/v2\/tribe_events\/54012","targetHints":{"allow":["GET"]}}],"collection":[{"href":"https:\/\/www.covb.cat\/es\/wp-json\/wp\/v2\/tribe_events"}],"about":[{"href":"https:\/\/www.covb.cat\/es\/wp-json\/wp\/v2\/types\/tribe_events"}],"author":[{"embeddable":true,"href":"https:\/\/www.covb.cat\/es\/wp-json\/wp\/v2\/users\/106"}],"version-history":[{"count":3,"href":"https:\/\/www.covb.cat\/es\/wp-json\/wp\/v2\/tribe_events\/54012\/revisions"}],"predecessor-version":[{"id":54052,"href":"https:\/\/www.covb.cat\/es\/wp-json\/wp\/v2\/tribe_events\/54012\/revisions\/54052"}],"wp:featuredmedia":[{"embeddable":true,"href":"https:\/\/www.covb.cat\/es\/wp-json\/wp\/v2\/media\/54009"}],"wp:attachment":[{"href":"https:\/\/www.covb.cat\/es\/wp-json\/wp\/v2\/media?parent=54012"}],"wp:term":[{"taxonomy":"post_tag","embeddable":true,"href":"https:\/\/www.covb.cat\/es\/wp-json\/wp\/v2\/tags?post=54012"},{"taxonomy":"tribe_events_cat","embeddable":true,"href":"https:\/\/www.covb.cat\/es\/wp-json\/wp\/v2\/tribe_events_cat?post=54012"}],"curies":[{"name":"wp","href":"https:\/\/api.w.org\/{rel}","templated":true}]}}