{"id":41969,"date":"2024-01-16T21:38:51","date_gmt":"2024-01-16T20:38:51","guid":{"rendered":"https:\/\/www.covb.cat\/formacio\/diagnostico-y-manejo-enfermedades-dermatologicas-autoinmunes\/"},"modified":"2024-01-26T19:09:37","modified_gmt":"2024-01-26T18:09:37","slug":"diagnostico-y-manejo-enfermedades-dermatologicas-autoinmunes","status":"publish","type":"tribe_events","link":"https:\/\/www.covb.cat\/es\/formacio\/diagnostico-y-manejo-enfermedades-dermatologicas-autoinmunes\/","title":{"rendered":"Diagn\u00f3stico y manejo enfermedades dermatol\u00f3gicas autoinmunes"},"content":{"rendered":"<div>En el seminario se repasar\u00e1n las enfermedades dermatol\u00f3gicas m\u00e1s habituales, las herramientas para su reconocimiento y diagnostico. Tambi\u00e9n se realizar\u00e1 una aproximaci\u00f3n a los tratamientos que actualmente se utilizan para su control.<\/div>\n<p>&nbsp;<\/p>\n<div><strong><img loading=\"lazy\" decoding=\"async\" id=\"m_2662730675819321303_x0000_i1107\" src=\"https:\/\/ci3.googleusercontent.com\/proxy\/nc8j_NXde-fFNkIiNf0STi7VJCQaxb8PSalHKGpSqk_rb6c6I8FZc1HXzgYyG0qr6RttEkIeOalzsuo10Sow3F2pkKS1c-gcyzE04b4b3CAQS0b8p1DhPuQHfv1r0j_mPWfJyi58h-1QReT0iETiRzGYAO-bUg=s0-d-e1-ft#https:\/\/mcusercontent.com\/c131463000c5688473b8b34ba\/images\/cfe4f8bc-80fa-1d5d-527e-2befac108207.png\" width=\"28\" height=\"28\" border=\"0\" data-bit=\"iit\" \/>\u00a0 FECHA: <\/strong>27 de febrero de 2024 (10:00 horas a 14:15 horas)<br \/>\n<img loading=\"lazy\" decoding=\"async\" id=\"m_2662730675819321303_x0000_i1106\" src=\"https:\/\/ci6.googleusercontent.com\/proxy\/BFYfWoKKUzCM0B7dMBA_lg44cWyLskb87Pg9bv2Y5_kFUEMxyz4paWPumtmRLpjNzRBTsukOxIu-Fg5ZYfGZDUsbIx490Z95SC-z6ZpsDMHP_EF1bLHGrVdIFm-lfpvmK6FwhZpYZ8KJjv6d8B9_9xq6POCnTA=s0-d-e1-ft#https:\/\/mcusercontent.com\/c131463000c5688473b8b34ba\/images\/0a000af8-7a55-8180-658e-10a35d0ee978.png\" width=\"26\" height=\"26\" border=\"0\" data-bit=\"iit\" \/><strong>\u00a0 PONENTE: <\/strong>Isaac Carrasco<br \/>\n<img loading=\"lazy\" decoding=\"async\" id=\"m_2662730675819321303_x0000_i1105\" src=\"https:\/\/ci3.googleusercontent.com\/proxy\/jBSB-fwn8cZiYMzfmqgtrRaRH22ahcXn-tE_DKc42tX2XA564lcYsCkN3mrvCoHLtEvsVmqW50doncwz7qMA9xKDZ36j1S3bClDFkJ6InCZrjaKO0IqLuTmTZoN6rpZnb_h1jiqZ0KdBtbBGUMsq5muRoSmHFg=s0-d-e1-ft#https:\/\/mcusercontent.com\/c131463000c5688473b8b34ba\/images\/bd10ff7a-1dfd-4113-4bb0-a9e2f943df1b.png\" width=\"25\" height=\"25\" border=\"0\" data-bit=\"iit\" \/><strong>\u00a0 LUGAR:<\/strong>\u00a0COVB (Av. de la Rep\u00fablica Argentina, 21, 25. 08023 Barcelona)<br \/>\n<strong><img loading=\"lazy\" decoding=\"async\" id=\"m_2662730675819321303_x0000_i1104\" src=\"https:\/\/ci5.googleusercontent.com\/proxy\/6AeJKxgjkZYKDKrSQOqc3D2DDpgVUtDaNeKOLZYox7M918qMk6UVWb2EM_rU7RcKvTkBu9OpbokWzTthVyclwmoHYj9l2uaF2ASjyK4e1TBzIkoEE6_9tsyu1QMGB8UJBbYpMteYxk1xFwaxgDbeRHQeaLNqfw=s0-d-e1-ft#https:\/\/mcusercontent.com\/c131463000c5688473b8b34ba\/images\/463ff97e-1894-e557-ba75-58337dec7bc8.png\" width=\"28\" height=\"28\" border=\"0\" data-bit=\"iit\" \/>\u00a0 PROGRAMA:\u00a0<\/strong><a href=\"https:\/\/mcusercontent.com\/c131463000c5688473b8b34ba\/files\/efd4aa4d-4bec-8e9b-0718-696cdbe1955f\/Flyer_Diagn%C3%B3stico_y_manejo_enfermedades_dermatol%C3%B3gicas_autoinmunes_27.02.2024.pdf\" target=\"_blank\" rel=\"noopener\">Ver programa<\/a><br \/>\n<img loading=\"lazy\" decoding=\"async\" id=\"m_2662730675819321303_x0000_i1103\" src=\"https:\/\/ci4.googleusercontent.com\/proxy\/x3AJN6Ir8qJXb9KH10yGfagc8O5eWUEV9IEzEvmP-09IDteFeoTghXJPzDAXPfdSHMbRPOCVFhpI2Jt8SJ1iZjjw0v5Ntq55zmnXEEWDLdCwErRlNOlEmT7bh8_nPspWQyTqJ7xdhzOPT6iIFTjhJcAAuUmvSw=s0-d-e1-ft#https:\/\/mcusercontent.com\/c131463000c5688473b8b34ba\/images\/ae0f967a-ef5b-9186-1119-898ca601244f.png\" width=\"28\" height=\"28\" border=\"0\" data-bit=\"iit\" \/>\u00a0\u00a0<strong>PRECIO:<\/strong> gratuito colegiados COVB \/ 25\u20ac no col. en el COVB<\/div>\n<p>&nbsp;<\/p>\n<div><a href=\"mailto:formacio@covb.cat?subject=INSCRIPCI%C3%93%3A%20Diagn%C3%B3stico%20y%20manejo%20enfermedades%20dermatol%C3%B3gicas%20autoinmunes\" target=\"_blank\" rel=\"noopener\"><img loading=\"lazy\" decoding=\"async\" id=\"m_2662730675819321303_x0000_i1102\" src=\"https:\/\/ci3.googleusercontent.com\/proxy\/IFvL-8EOE6Mxt6iWi_BLjoL_WEbA2RHPslOPgfCLhsUYJwls_-T97YzwPvAvNvJ-ErwvIHlYH11FoaDnIJuWkkUA2uL6wvZ7XCYADgpLaC4kEWrTEXw31no1d_LaPPuR9k4kNPn-i41e3CeIJajM4XZJPaqrjA=s0-d-e1-ft#https:\/\/mcusercontent.com\/c131463000c5688473b8b34ba\/images\/12d0ac03-2e8c-043d-7e0b-0596302c0d2e.png\" width=\"200\" height=\"38\" border=\"0\" data-bit=\"iit\" \/><\/a><br \/>\n<em><strong>Plazo formalizaci\u00f3n inscripci\u00f3n:<\/strong>\u00a026\/02\/2024<\/em><\/div>\n","protected":false},"excerpt":{"rendered":"<p>En el seminario se repasar\u00e1n las enfermedades dermatol\u00f3gicas m\u00e1s habituales, las herramientas para su reconocimiento y diagnostico. Tambi\u00e9n se realizar\u00e1 una aproximaci\u00f3n a los tratamientos que actualmente se utilizan para su control. &nbsp; \u00a0 FECHA: 27 de febrero de 2024 (10:00 horas a 14:15 horas) \u00a0 PONENTE: Isaac Carrasco \u00a0 LUGAR:\u00a0COVB (Av. de la Rep\u00fablica [&hellip;]<\/p>\n","protected":false},"author":106,"featured_media":41966,"template":"","meta":{"_monsterinsights_skip_tracking":false,"_monsterinsights_sitenote_active":false,"_monsterinsights_sitenote_note":"","_monsterinsights_sitenote_category":0,"footnotes":""},"tags":[],"tribe_events_cat":[100],"class_list":["post-41969","tribe_events","type-tribe_events","status-publish","has-post-thumbnail","hentry","tribe_events_cat-pequenos-animales","cat_pequenos-animales"],"yoast_head":"<!-- This site is optimized with the Yoast SEO plugin v27.0 - https:\/\/yoast.com\/product\/yoast-seo-wordpress\/ -->\n<title>Diagn\u00f3stico y manejo enfermedades dermatol\u00f3gicas autoinmunes - COVB - Col\u00b7legi Oficial de Veterinaris de Barcelona<\/title>\n<meta name=\"description\" content=\"En el seminario se repasar\u00e1n las enfermedades dermatol\u00f3gicas m\u00e1s habituales, las herramientas para su reconocimiento y diagnostico. Tambi\u00e9n se realizar\u00e1\" \/>\n<meta name=\"robots\" content=\"index, follow, max-snippet:-1, max-image-preview:large, max-video-preview:-1\" \/>\n<link rel=\"canonical\" href=\"https:\/\/www.covb.cat\/es\/formacio\/diagnostico-y-manejo-enfermedades-dermatologicas-autoinmunes\/\" \/>\n<meta property=\"og:locale\" content=\"es_ES\" \/>\n<meta property=\"og:type\" content=\"article\" \/>\n<meta property=\"og:title\" content=\"Diagn\u00f3stico y manejo enfermedades dermatol\u00f3gicas autoinmunes - COVB - Col\u00b7legi Oficial de Veterinaris de Barcelona\" \/>\n<meta property=\"og:description\" content=\"En el seminario se repasar\u00e1n las enfermedades dermatol\u00f3gicas m\u00e1s habituales, las herramientas para su reconocimiento y diagnostico. Tambi\u00e9n se realizar\u00e1\" \/>\n<meta property=\"og:url\" content=\"https:\/\/www.covb.cat\/es\/formacio\/diagnostico-y-manejo-enfermedades-dermatologicas-autoinmunes\/\" \/>\n<meta property=\"og:site_name\" content=\"COVB\" \/>\n<meta property=\"article:publisher\" content=\"https:\/\/www.facebook.com\/COVBcat\/\" \/>\n<meta property=\"article:modified_time\" content=\"2024-01-26T18:09:37+00:00\" \/>\n<meta property=\"og:image\" content=\"https:\/\/www.covb.cat\/wp-content\/uploads\/2024\/01\/Flyer_Diagnostico_y_manejo_enfermedades_dermatologicas_autoinmunes_27.02.jpg\" \/>\n\t<meta property=\"og:image:width\" content=\"1710\" \/>\n\t<meta property=\"og:image:height\" content=\"828\" \/>\n\t<meta property=\"og:image:type\" content=\"image\/jpeg\" \/>\n<meta name=\"twitter:card\" content=\"summary_large_image\" \/>\n<meta name=\"twitter:site\" content=\"@COVBcat\" \/>\n<meta name=\"twitter:label1\" content=\"Tiempo de lectura\" \/>\n\t<meta name=\"twitter:data1\" content=\"2 minutos\" \/>\n<script type=\"application\/ld+json\" class=\"yoast-schema-graph\">{\"@context\":\"https:\/\/schema.org\",\"@graph\":[{\"@type\":\"WebPage\",\"@id\":\"https:\/\/www.covb.cat\/es\/formacio\/diagnostico-y-manejo-enfermedades-dermatologicas-autoinmunes\/\",\"url\":\"https:\/\/www.covb.cat\/es\/formacio\/diagnostico-y-manejo-enfermedades-dermatologicas-autoinmunes\/\",\"name\":\"Diagn\u00f3stico y manejo enfermedades dermatol\u00f3gicas autoinmunes - COVB - Col\u00b7legi Oficial de Veterinaris de Barcelona\",\"isPartOf\":{\"@id\":\"https:\/\/www.covb.cat\/es\/#website\"},\"primaryImageOfPage\":{\"@id\":\"https:\/\/www.covb.cat\/es\/formacio\/diagnostico-y-manejo-enfermedades-dermatologicas-autoinmunes\/#primaryimage\"},\"image\":{\"@id\":\"https:\/\/www.covb.cat\/es\/formacio\/diagnostico-y-manejo-enfermedades-dermatologicas-autoinmunes\/#primaryimage\"},\"thumbnailUrl\":\"https:\/\/www.covb.cat\/wp-content\/uploads\/2024\/01\/Flyer_Diagnostico_y_manejo_enfermedades_dermatologicas_autoinmunes_27.02.jpg\",\"datePublished\":\"2024-01-16T20:38:51+00:00\",\"dateModified\":\"2024-01-26T18:09:37+00:00\",\"description\":\"En el seminario se repasar\u00e1n las enfermedades dermatol\u00f3gicas m\u00e1s habituales, las herramientas para su reconocimiento y diagnostico. Tambi\u00e9n se realizar\u00e1\",\"breadcrumb\":{\"@id\":\"https:\/\/www.covb.cat\/es\/formacio\/diagnostico-y-manejo-enfermedades-dermatologicas-autoinmunes\/#breadcrumb\"},\"inLanguage\":\"es\",\"potentialAction\":[{\"@type\":\"ReadAction\",\"target\":[\"https:\/\/www.covb.cat\/es\/formacio\/diagnostico-y-manejo-enfermedades-dermatologicas-autoinmunes\/\"]}]},{\"@type\":\"ImageObject\",\"inLanguage\":\"es\",\"@id\":\"https:\/\/www.covb.cat\/es\/formacio\/diagnostico-y-manejo-enfermedades-dermatologicas-autoinmunes\/#primaryimage\",\"url\":\"https:\/\/www.covb.cat\/wp-content\/uploads\/2024\/01\/Flyer_Diagnostico_y_manejo_enfermedades_dermatologicas_autoinmunes_27.02.jpg\",\"contentUrl\":\"https:\/\/www.covb.cat\/wp-content\/uploads\/2024\/01\/Flyer_Diagnostico_y_manejo_enfermedades_dermatologicas_autoinmunes_27.02.jpg\",\"width\":1710,\"height\":828},{\"@type\":\"BreadcrumbList\",\"@id\":\"https:\/\/www.covb.cat\/es\/formacio\/diagnostico-y-manejo-enfermedades-dermatologicas-autoinmunes\/#breadcrumb\",\"itemListElement\":[{\"@type\":\"ListItem\",\"position\":1,\"name\":\"Inici\",\"item\":\"https:\/\/www.covb.cat\/es\/\"},{\"@type\":\"ListItem\",\"position\":2,\"name\":\"Esdeveniments\",\"item\":\"https:\/\/www.covb.cat\/formacions\/\"},{\"@type\":\"ListItem\",\"position\":3,\"name\":\"Diagn\u00f3stico y manejo enfermedades dermatol\u00f3gicas autoinmunes\"}]},{\"@type\":\"WebSite\",\"@id\":\"https:\/\/www.covb.cat\/es\/#website\",\"url\":\"https:\/\/www.covb.cat\/es\/\",\"name\":\"COVB\",\"description\":\"Col\u00b7legi Oficial de Veterinaris de Barcelona\",\"publisher\":{\"@id\":\"https:\/\/www.covb.cat\/es\/#organization\"},\"potentialAction\":[{\"@type\":\"SearchAction\",\"target\":{\"@type\":\"EntryPoint\",\"urlTemplate\":\"https:\/\/www.covb.cat\/es\/?s={search_term_string}\"},\"query-input\":{\"@type\":\"PropertyValueSpecification\",\"valueRequired\":true,\"valueName\":\"search_term_string\"}}],\"inLanguage\":\"es\"},{\"@type\":\"Organization\",\"@id\":\"https:\/\/www.covb.cat\/es\/#organization\",\"name\":\"COVB\",\"url\":\"https:\/\/www.covb.cat\/es\/\",\"logo\":{\"@type\":\"ImageObject\",\"inLanguage\":\"es\",\"@id\":\"https:\/\/www.covb.cat\/es\/#\/schema\/logo\/image\/\",\"url\":\"https:\/\/www.covb.cat\/wp-content\/uploads\/2018\/07\/favicon-covb.png\",\"contentUrl\":\"https:\/\/www.covb.cat\/wp-content\/uploads\/2018\/07\/favicon-covb.png\",\"width\":512,\"height\":512,\"caption\":\"COVB\"},\"image\":{\"@id\":\"https:\/\/www.covb.cat\/es\/#\/schema\/logo\/image\/\"},\"sameAs\":[\"https:\/\/www.facebook.com\/COVBcat\/\",\"https:\/\/x.com\/COVBcat\",\"https:\/\/www.youtube.com\/user\/covbcn\"]}]}<\/script>\n<!-- \/ Yoast SEO plugin. -->","yoast_head_json":{"title":"Diagn\u00f3stico y manejo enfermedades dermatol\u00f3gicas autoinmunes - COVB - Col\u00b7legi Oficial de Veterinaris de Barcelona","description":"En el seminario se repasar\u00e1n las enfermedades dermatol\u00f3gicas m\u00e1s habituales, las herramientas para su reconocimiento y diagnostico. Tambi\u00e9n se realizar\u00e1","robots":{"index":"index","follow":"follow","max-snippet":"max-snippet:-1","max-image-preview":"max-image-preview:large","max-video-preview":"max-video-preview:-1"},"canonical":"https:\/\/www.covb.cat\/es\/formacio\/diagnostico-y-manejo-enfermedades-dermatologicas-autoinmunes\/","og_locale":"es_ES","og_type":"article","og_title":"Diagn\u00f3stico y manejo enfermedades dermatol\u00f3gicas autoinmunes - COVB - Col\u00b7legi Oficial de Veterinaris de Barcelona","og_description":"En el seminario se repasar\u00e1n las enfermedades dermatol\u00f3gicas m\u00e1s habituales, las herramientas para su reconocimiento y diagnostico. Tambi\u00e9n se realizar\u00e1","og_url":"https:\/\/www.covb.cat\/es\/formacio\/diagnostico-y-manejo-enfermedades-dermatologicas-autoinmunes\/","og_site_name":"COVB","article_publisher":"https:\/\/www.facebook.com\/COVBcat\/","article_modified_time":"2024-01-26T18:09:37+00:00","og_image":[{"width":1710,"height":828,"url":"https:\/\/www.covb.cat\/wp-content\/uploads\/2024\/01\/Flyer_Diagnostico_y_manejo_enfermedades_dermatologicas_autoinmunes_27.02.jpg","type":"image\/jpeg"}],"twitter_card":"summary_large_image","twitter_site":"@COVBcat","twitter_misc":{"Tiempo de lectura":"2 minutos"},"schema":{"@context":"https:\/\/schema.org","@graph":[{"@type":"WebPage","@id":"https:\/\/www.covb.cat\/es\/formacio\/diagnostico-y-manejo-enfermedades-dermatologicas-autoinmunes\/","url":"https:\/\/www.covb.cat\/es\/formacio\/diagnostico-y-manejo-enfermedades-dermatologicas-autoinmunes\/","name":"Diagn\u00f3stico y manejo enfermedades dermatol\u00f3gicas autoinmunes - COVB - Col\u00b7legi Oficial de Veterinaris de Barcelona","isPartOf":{"@id":"https:\/\/www.covb.cat\/es\/#website"},"primaryImageOfPage":{"@id":"https:\/\/www.covb.cat\/es\/formacio\/diagnostico-y-manejo-enfermedades-dermatologicas-autoinmunes\/#primaryimage"},"image":{"@id":"https:\/\/www.covb.cat\/es\/formacio\/diagnostico-y-manejo-enfermedades-dermatologicas-autoinmunes\/#primaryimage"},"thumbnailUrl":"https:\/\/www.covb.cat\/wp-content\/uploads\/2024\/01\/Flyer_Diagnostico_y_manejo_enfermedades_dermatologicas_autoinmunes_27.02.jpg","datePublished":"2024-01-16T20:38:51+00:00","dateModified":"2024-01-26T18:09:37+00:00","description":"En el seminario se repasar\u00e1n las enfermedades dermatol\u00f3gicas m\u00e1s habituales, las herramientas para su reconocimiento y diagnostico. Tambi\u00e9n se realizar\u00e1","breadcrumb":{"@id":"https:\/\/www.covb.cat\/es\/formacio\/diagnostico-y-manejo-enfermedades-dermatologicas-autoinmunes\/#breadcrumb"},"inLanguage":"es","potentialAction":[{"@type":"ReadAction","target":["https:\/\/www.covb.cat\/es\/formacio\/diagnostico-y-manejo-enfermedades-dermatologicas-autoinmunes\/"]}]},{"@type":"ImageObject","inLanguage":"es","@id":"https:\/\/www.covb.cat\/es\/formacio\/diagnostico-y-manejo-enfermedades-dermatologicas-autoinmunes\/#primaryimage","url":"https:\/\/www.covb.cat\/wp-content\/uploads\/2024\/01\/Flyer_Diagnostico_y_manejo_enfermedades_dermatologicas_autoinmunes_27.02.jpg","contentUrl":"https:\/\/www.covb.cat\/wp-content\/uploads\/2024\/01\/Flyer_Diagnostico_y_manejo_enfermedades_dermatologicas_autoinmunes_27.02.jpg","width":1710,"height":828},{"@type":"BreadcrumbList","@id":"https:\/\/www.covb.cat\/es\/formacio\/diagnostico-y-manejo-enfermedades-dermatologicas-autoinmunes\/#breadcrumb","itemListElement":[{"@type":"ListItem","position":1,"name":"Inici","item":"https:\/\/www.covb.cat\/es\/"},{"@type":"ListItem","position":2,"name":"Esdeveniments","item":"https:\/\/www.covb.cat\/formacions\/"},{"@type":"ListItem","position":3,"name":"Diagn\u00f3stico y manejo enfermedades dermatol\u00f3gicas autoinmunes"}]},{"@type":"WebSite","@id":"https:\/\/www.covb.cat\/es\/#website","url":"https:\/\/www.covb.cat\/es\/","name":"COVB","description":"Col\u00b7legi Oficial de Veterinaris de Barcelona","publisher":{"@id":"https:\/\/www.covb.cat\/es\/#organization"},"potentialAction":[{"@type":"SearchAction","target":{"@type":"EntryPoint","urlTemplate":"https:\/\/www.covb.cat\/es\/?s={search_term_string}"},"query-input":{"@type":"PropertyValueSpecification","valueRequired":true,"valueName":"search_term_string"}}],"inLanguage":"es"},{"@type":"Organization","@id":"https:\/\/www.covb.cat\/es\/#organization","name":"COVB","url":"https:\/\/www.covb.cat\/es\/","logo":{"@type":"ImageObject","inLanguage":"es","@id":"https:\/\/www.covb.cat\/es\/#\/schema\/logo\/image\/","url":"https:\/\/www.covb.cat\/wp-content\/uploads\/2018\/07\/favicon-covb.png","contentUrl":"https:\/\/www.covb.cat\/wp-content\/uploads\/2018\/07\/favicon-covb.png","width":512,"height":512,"caption":"COVB"},"image":{"@id":"https:\/\/www.covb.cat\/es\/#\/schema\/logo\/image\/"},"sameAs":["https:\/\/www.facebook.com\/COVBcat\/","https:\/\/x.com\/COVBcat","https:\/\/www.youtube.com\/user\/covbcn"]}]}},"jetpack_sharing_enabled":true,"_links":{"self":[{"href":"https:\/\/www.covb.cat\/es\/wp-json\/wp\/v2\/tribe_events\/41969","targetHints":{"allow":["GET"]}}],"collection":[{"href":"https:\/\/www.covb.cat\/es\/wp-json\/wp\/v2\/tribe_events"}],"about":[{"href":"https:\/\/www.covb.cat\/es\/wp-json\/wp\/v2\/types\/tribe_events"}],"author":[{"embeddable":true,"href":"https:\/\/www.covb.cat\/es\/wp-json\/wp\/v2\/users\/106"}],"version-history":[{"count":0,"href":"https:\/\/www.covb.cat\/es\/wp-json\/wp\/v2\/tribe_events\/41969\/revisions"}],"wp:featuredmedia":[{"embeddable":true,"href":"https:\/\/www.covb.cat\/es\/wp-json\/wp\/v2\/media\/41966"}],"wp:attachment":[{"href":"https:\/\/www.covb.cat\/es\/wp-json\/wp\/v2\/media?parent=41969"}],"wp:term":[{"taxonomy":"post_tag","embeddable":true,"href":"https:\/\/www.covb.cat\/es\/wp-json\/wp\/v2\/tags?post=41969"},{"taxonomy":"tribe_events_cat","embeddable":true,"href":"https:\/\/www.covb.cat\/es\/wp-json\/wp\/v2\/tribe_events_cat?post=41969"}],"curies":[{"name":"wp","href":"https:\/\/api.w.org\/{rel}","templated":true}]}}