{"id":41583,"date":"2024-01-03T08:26:04","date_gmt":"2024-01-03T07:26:04","guid":{"rendered":"https:\/\/www.covb.cat\/formacio\/bienestar-durante-el-transporte-de-rumiantes-y-porcinos-edicion-2\/"},"modified":"2024-01-03T08:27:40","modified_gmt":"2024-01-03T07:27:40","slug":"bienestar-durante-el-transporte-de-rumiantes-y-porcinos-edicion-2","status":"publish","type":"tribe_events","link":"https:\/\/www.covb.cat\/es\/formacio\/bienestar-durante-el-transporte-de-rumiantes-y-porcinos-edicion-2\/","title":{"rendered":"Bienestar durante el transporte de rumiantes y porcinos. Edici\u00f3n 2"},"content":{"rendered":"<div>Entre los objetivos del curso destacan revisar las principales fases y pr\u00e1cticas durante el transporte de rumiantes y porcinos, conocer los principales problemas y la evaluaci\u00f3n de los indicadores de bienestar y saber las principales medidas para mejorar el bienestar.<\/div>\n<div><\/div>\n<div><strong><img loading=\"lazy\" decoding=\"async\" id=\"m_2662730675819321303_x0000_i1107\" src=\"https:\/\/ci3.googleusercontent.com\/proxy\/nc8j_NXde-fFNkIiNf0STi7VJCQaxb8PSalHKGpSqk_rb6c6I8FZc1HXzgYyG0qr6RttEkIeOalzsuo10Sow3F2pkKS1c-gcyzE04b4b3CAQS0b8p1DhPuQHfv1r0j_mPWfJyi58h-1QReT0iETiRzGYAO-bUg=s0-d-e1-ft#https:\/\/mcusercontent.com\/c131463000c5688473b8b34ba\/images\/cfe4f8bc-80fa-1d5d-527e-2befac108207.png\" width=\"28\" height=\"28\" border=\"0\" data-bit=\"iit\" \/>\u00a0 FECHA: <\/strong>15 de enero a 15 de febrero de 2024 (10 horas)<br \/>\n<img loading=\"lazy\" decoding=\"async\" id=\"m_2662730675819321303_x0000_i1106\" src=\"https:\/\/ci6.googleusercontent.com\/proxy\/BFYfWoKKUzCM0B7dMBA_lg44cWyLskb87Pg9bv2Y5_kFUEMxyz4paWPumtmRLpjNzRBTsukOxIu-Fg5ZYfGZDUsbIx490Z95SC-z6ZpsDMHP_EF1bLHGrVdIFm-lfpvmK6FwhZpYZ8KJjv6d8B9_9xq6POCnTA=s0-d-e1-ft#https:\/\/mcusercontent.com\/c131463000c5688473b8b34ba\/images\/0a000af8-7a55-8180-658e-10a35d0ee978.png\" width=\"26\" height=\"26\" border=\"0\" data-bit=\"iit\" \/><strong>\u00a0 PONENTE: <\/strong>Antonio Velarde Calvo<br \/>\n<img loading=\"lazy\" decoding=\"async\" id=\"m_2662730675819321303_x0000_i1105\" src=\"https:\/\/ci3.googleusercontent.com\/proxy\/jBSB-fwn8cZiYMzfmqgtrRaRH22ahcXn-tE_DKc42tX2XA564lcYsCkN3mrvCoHLtEvsVmqW50doncwz7qMA9xKDZ36j1S3bClDFkJ6InCZrjaKO0IqLuTmTZoN6rpZnb_h1jiqZ0KdBtbBGUMsq5muRoSmHFg=s0-d-e1-ft#https:\/\/mcusercontent.com\/c131463000c5688473b8b34ba\/images\/bd10ff7a-1dfd-4113-4bb0-a9e2f943df1b.png\" width=\"25\" height=\"25\" border=\"0\" data-bit=\"iit\" \/><strong>\u00a0 LUGAR:<\/strong> en l\u00ednea<br \/>\n<strong><img loading=\"lazy\" decoding=\"async\" id=\"m_2662730675819321303_x0000_i1104\" src=\"https:\/\/ci5.googleusercontent.com\/proxy\/6AeJKxgjkZYKDKrSQOqc3D2DDpgVUtDaNeKOLZYox7M918qMk6UVWb2EM_rU7RcKvTkBu9OpbokWzTthVyclwmoHYj9l2uaF2ASjyK4e1TBzIkoEE6_9tsyu1QMGB8UJBbYpMteYxk1xFwaxgDbeRHQeaLNqfw=s0-d-e1-ft#https:\/\/mcusercontent.com\/c131463000c5688473b8b34ba\/images\/463ff97e-1894-e557-ba75-58337dec7bc8.png\" width=\"28\" height=\"28\" border=\"0\" data-bit=\"iit\" \/>\u00a0 PROGRAMA:\u00a0<\/strong><a href=\"https:\/\/colvetcampus.es\/BIENESTAR-DURANTE-EL-TRANSPORTE-DE-RUMIANTES-Y-PORCINOS_es_4_79.html#!\" target=\"_blank\" rel=\"noopener\">Ver programa<\/a><br \/>\n<img loading=\"lazy\" decoding=\"async\" id=\"m_2662730675819321303_x0000_i1103\" src=\"https:\/\/ci4.googleusercontent.com\/proxy\/x3AJN6Ir8qJXb9KH10yGfagc8O5eWUEV9IEzEvmP-09IDteFeoTghXJPzDAXPfdSHMbRPOCVFhpI2Jt8SJ1iZjjw0v5Ntq55zmnXEEWDLdCwErRlNOlEmT7bh8_nPspWQyTqJ7xdhzOPT6iIFTjhJcAAuUmvSw=s0-d-e1-ft#https:\/\/mcusercontent.com\/c131463000c5688473b8b34ba\/images\/ae0f967a-ef5b-9186-1119-898ca601244f.png\" width=\"28\" height=\"28\" border=\"0\" data-bit=\"iit\" \/>\u00a0\u00a0<strong>PRECIO:<\/strong> 40 \u20ac (Exclusivo usuarios colegiados)<\/div>\n","protected":false},"excerpt":{"rendered":"<p>Entre los objetivos del curso destacan revisar las principales fases y pr\u00e1cticas durante el transporte de rumiantes y porcinos, conocer los principales problemas y la evaluaci\u00f3n de los indicadores de bienestar y saber las principales medidas para mejorar el bienestar. \u00a0 FECHA: 15 de enero a 15 de febrero de 2024 (10 horas) \u00a0 PONENTE: [&hellip;]<\/p>\n","protected":false},"author":106,"featured_media":41580,"template":"","meta":{"_monsterinsights_skip_tracking":false,"_monsterinsights_sitenote_active":false,"_monsterinsights_sitenote_note":"","_monsterinsights_sitenote_category":0,"footnotes":""},"tags":[150],"tribe_events_cat":[284],"class_list":["post-41583","tribe_events","type-tribe_events","status-publish","has-post-thumbnail","hentry","tag-no_formulari-es","tribe_events_cat-granja-es","cat_granja-es"],"yoast_head":"<!-- This site is optimized with the Yoast SEO plugin v27.0 - https:\/\/yoast.com\/product\/yoast-seo-wordpress\/ -->\n<title>Bienestar durante el transporte de rumiantes y porcinos. Edici\u00f3n 2 - COVB - Col\u00b7legi Oficial de Veterinaris de Barcelona<\/title>\n<meta name=\"description\" content=\"Entre los objetivos del curso destacan revisar las principales fases y pr\u00e1cticas durante el transporte de rumiantes y porcinos, conocer los principales\" \/>\n<meta name=\"robots\" content=\"index, follow, max-snippet:-1, max-image-preview:large, max-video-preview:-1\" \/>\n<link rel=\"canonical\" href=\"https:\/\/www.covb.cat\/es\/formacio\/bienestar-durante-el-transporte-de-rumiantes-y-porcinos-edicion-2\/\" \/>\n<meta property=\"og:locale\" content=\"es_ES\" \/>\n<meta property=\"og:type\" content=\"article\" \/>\n<meta property=\"og:title\" content=\"Bienestar durante el transporte de rumiantes y porcinos. Edici\u00f3n 2 - COVB - Col\u00b7legi Oficial de Veterinaris de Barcelona\" \/>\n<meta property=\"og:description\" content=\"Entre los objetivos del curso destacan revisar las principales fases y pr\u00e1cticas durante el transporte de rumiantes y porcinos, conocer los principales\" \/>\n<meta property=\"og:url\" content=\"https:\/\/www.covb.cat\/es\/formacio\/bienestar-durante-el-transporte-de-rumiantes-y-porcinos-edicion-2\/\" \/>\n<meta property=\"og:site_name\" content=\"COVB\" \/>\n<meta property=\"article:publisher\" content=\"https:\/\/www.facebook.com\/COVBcat\/\" \/>\n<meta property=\"article:modified_time\" content=\"2024-01-03T07:27:40+00:00\" \/>\n<meta property=\"og:image\" content=\"https:\/\/www.covb.cat\/wp-content\/uploads\/2024\/01\/1037051.jpg\" \/>\n\t<meta property=\"og:image:width\" content=\"550\" \/>\n\t<meta property=\"og:image:height\" content=\"246\" \/>\n\t<meta property=\"og:image:type\" content=\"image\/jpeg\" \/>\n<meta name=\"twitter:card\" content=\"summary_large_image\" \/>\n<meta name=\"twitter:site\" content=\"@COVBcat\" \/>\n<meta name=\"twitter:label1\" content=\"Tiempo de lectura\" \/>\n\t<meta name=\"twitter:data1\" content=\"2 minutos\" \/>\n<script type=\"application\/ld+json\" class=\"yoast-schema-graph\">{\"@context\":\"https:\/\/schema.org\",\"@graph\":[{\"@type\":\"WebPage\",\"@id\":\"https:\/\/www.covb.cat\/es\/formacio\/bienestar-durante-el-transporte-de-rumiantes-y-porcinos-edicion-2\/\",\"url\":\"https:\/\/www.covb.cat\/es\/formacio\/bienestar-durante-el-transporte-de-rumiantes-y-porcinos-edicion-2\/\",\"name\":\"Bienestar durante el transporte de rumiantes y porcinos. Edici\u00f3n 2 - COVB - Col\u00b7legi Oficial de Veterinaris de Barcelona\",\"isPartOf\":{\"@id\":\"https:\/\/www.covb.cat\/es\/#website\"},\"primaryImageOfPage\":{\"@id\":\"https:\/\/www.covb.cat\/es\/formacio\/bienestar-durante-el-transporte-de-rumiantes-y-porcinos-edicion-2\/#primaryimage\"},\"image\":{\"@id\":\"https:\/\/www.covb.cat\/es\/formacio\/bienestar-durante-el-transporte-de-rumiantes-y-porcinos-edicion-2\/#primaryimage\"},\"thumbnailUrl\":\"https:\/\/www.covb.cat\/wp-content\/uploads\/2024\/01\/1037051.jpg\",\"datePublished\":\"2024-01-03T07:26:04+00:00\",\"dateModified\":\"2024-01-03T07:27:40+00:00\",\"description\":\"Entre los objetivos del curso destacan revisar las principales fases y pr\u00e1cticas durante el transporte de rumiantes y porcinos, conocer los principales\",\"breadcrumb\":{\"@id\":\"https:\/\/www.covb.cat\/es\/formacio\/bienestar-durante-el-transporte-de-rumiantes-y-porcinos-edicion-2\/#breadcrumb\"},\"inLanguage\":\"es\",\"potentialAction\":[{\"@type\":\"ReadAction\",\"target\":[\"https:\/\/www.covb.cat\/es\/formacio\/bienestar-durante-el-transporte-de-rumiantes-y-porcinos-edicion-2\/\"]}]},{\"@type\":\"ImageObject\",\"inLanguage\":\"es\",\"@id\":\"https:\/\/www.covb.cat\/es\/formacio\/bienestar-durante-el-transporte-de-rumiantes-y-porcinos-edicion-2\/#primaryimage\",\"url\":\"https:\/\/www.covb.cat\/wp-content\/uploads\/2024\/01\/1037051.jpg\",\"contentUrl\":\"https:\/\/www.covb.cat\/wp-content\/uploads\/2024\/01\/1037051.jpg\",\"width\":550,\"height\":246},{\"@type\":\"BreadcrumbList\",\"@id\":\"https:\/\/www.covb.cat\/es\/formacio\/bienestar-durante-el-transporte-de-rumiantes-y-porcinos-edicion-2\/#breadcrumb\",\"itemListElement\":[{\"@type\":\"ListItem\",\"position\":1,\"name\":\"Inici\",\"item\":\"https:\/\/www.covb.cat\/es\/\"},{\"@type\":\"ListItem\",\"position\":2,\"name\":\"Esdeveniments\",\"item\":\"https:\/\/www.covb.cat\/formacions\/\"},{\"@type\":\"ListItem\",\"position\":3,\"name\":\"Bienestar durante el transporte de rumiantes y porcinos. Edici\u00f3n 2\"}]},{\"@type\":\"WebSite\",\"@id\":\"https:\/\/www.covb.cat\/es\/#website\",\"url\":\"https:\/\/www.covb.cat\/es\/\",\"name\":\"COVB\",\"description\":\"Col\u00b7legi Oficial de Veterinaris de Barcelona\",\"publisher\":{\"@id\":\"https:\/\/www.covb.cat\/es\/#organization\"},\"potentialAction\":[{\"@type\":\"SearchAction\",\"target\":{\"@type\":\"EntryPoint\",\"urlTemplate\":\"https:\/\/www.covb.cat\/es\/?s={search_term_string}\"},\"query-input\":{\"@type\":\"PropertyValueSpecification\",\"valueRequired\":true,\"valueName\":\"search_term_string\"}}],\"inLanguage\":\"es\"},{\"@type\":\"Organization\",\"@id\":\"https:\/\/www.covb.cat\/es\/#organization\",\"name\":\"COVB\",\"url\":\"https:\/\/www.covb.cat\/es\/\",\"logo\":{\"@type\":\"ImageObject\",\"inLanguage\":\"es\",\"@id\":\"https:\/\/www.covb.cat\/es\/#\/schema\/logo\/image\/\",\"url\":\"https:\/\/www.covb.cat\/wp-content\/uploads\/2018\/07\/favicon-covb.png\",\"contentUrl\":\"https:\/\/www.covb.cat\/wp-content\/uploads\/2018\/07\/favicon-covb.png\",\"width\":512,\"height\":512,\"caption\":\"COVB\"},\"image\":{\"@id\":\"https:\/\/www.covb.cat\/es\/#\/schema\/logo\/image\/\"},\"sameAs\":[\"https:\/\/www.facebook.com\/COVBcat\/\",\"https:\/\/x.com\/COVBcat\",\"https:\/\/www.youtube.com\/user\/covbcn\"]}]}<\/script>\n<!-- \/ Yoast SEO plugin. -->","yoast_head_json":{"title":"Bienestar durante el transporte de rumiantes y porcinos. Edici\u00f3n 2 - COVB - Col\u00b7legi Oficial de Veterinaris de Barcelona","description":"Entre los objetivos del curso destacan revisar las principales fases y pr\u00e1cticas durante el transporte de rumiantes y porcinos, conocer los principales","robots":{"index":"index","follow":"follow","max-snippet":"max-snippet:-1","max-image-preview":"max-image-preview:large","max-video-preview":"max-video-preview:-1"},"canonical":"https:\/\/www.covb.cat\/es\/formacio\/bienestar-durante-el-transporte-de-rumiantes-y-porcinos-edicion-2\/","og_locale":"es_ES","og_type":"article","og_title":"Bienestar durante el transporte de rumiantes y porcinos. Edici\u00f3n 2 - COVB - Col\u00b7legi Oficial de Veterinaris de Barcelona","og_description":"Entre los objetivos del curso destacan revisar las principales fases y pr\u00e1cticas durante el transporte de rumiantes y porcinos, conocer los principales","og_url":"https:\/\/www.covb.cat\/es\/formacio\/bienestar-durante-el-transporte-de-rumiantes-y-porcinos-edicion-2\/","og_site_name":"COVB","article_publisher":"https:\/\/www.facebook.com\/COVBcat\/","article_modified_time":"2024-01-03T07:27:40+00:00","og_image":[{"width":550,"height":246,"url":"https:\/\/www.covb.cat\/wp-content\/uploads\/2024\/01\/1037051.jpg","type":"image\/jpeg"}],"twitter_card":"summary_large_image","twitter_site":"@COVBcat","twitter_misc":{"Tiempo de lectura":"2 minutos"},"schema":{"@context":"https:\/\/schema.org","@graph":[{"@type":"WebPage","@id":"https:\/\/www.covb.cat\/es\/formacio\/bienestar-durante-el-transporte-de-rumiantes-y-porcinos-edicion-2\/","url":"https:\/\/www.covb.cat\/es\/formacio\/bienestar-durante-el-transporte-de-rumiantes-y-porcinos-edicion-2\/","name":"Bienestar durante el transporte de rumiantes y porcinos. Edici\u00f3n 2 - COVB - Col\u00b7legi Oficial de Veterinaris de Barcelona","isPartOf":{"@id":"https:\/\/www.covb.cat\/es\/#website"},"primaryImageOfPage":{"@id":"https:\/\/www.covb.cat\/es\/formacio\/bienestar-durante-el-transporte-de-rumiantes-y-porcinos-edicion-2\/#primaryimage"},"image":{"@id":"https:\/\/www.covb.cat\/es\/formacio\/bienestar-durante-el-transporte-de-rumiantes-y-porcinos-edicion-2\/#primaryimage"},"thumbnailUrl":"https:\/\/www.covb.cat\/wp-content\/uploads\/2024\/01\/1037051.jpg","datePublished":"2024-01-03T07:26:04+00:00","dateModified":"2024-01-03T07:27:40+00:00","description":"Entre los objetivos del curso destacan revisar las principales fases y pr\u00e1cticas durante el transporte de rumiantes y porcinos, conocer los principales","breadcrumb":{"@id":"https:\/\/www.covb.cat\/es\/formacio\/bienestar-durante-el-transporte-de-rumiantes-y-porcinos-edicion-2\/#breadcrumb"},"inLanguage":"es","potentialAction":[{"@type":"ReadAction","target":["https:\/\/www.covb.cat\/es\/formacio\/bienestar-durante-el-transporte-de-rumiantes-y-porcinos-edicion-2\/"]}]},{"@type":"ImageObject","inLanguage":"es","@id":"https:\/\/www.covb.cat\/es\/formacio\/bienestar-durante-el-transporte-de-rumiantes-y-porcinos-edicion-2\/#primaryimage","url":"https:\/\/www.covb.cat\/wp-content\/uploads\/2024\/01\/1037051.jpg","contentUrl":"https:\/\/www.covb.cat\/wp-content\/uploads\/2024\/01\/1037051.jpg","width":550,"height":246},{"@type":"BreadcrumbList","@id":"https:\/\/www.covb.cat\/es\/formacio\/bienestar-durante-el-transporte-de-rumiantes-y-porcinos-edicion-2\/#breadcrumb","itemListElement":[{"@type":"ListItem","position":1,"name":"Inici","item":"https:\/\/www.covb.cat\/es\/"},{"@type":"ListItem","position":2,"name":"Esdeveniments","item":"https:\/\/www.covb.cat\/formacions\/"},{"@type":"ListItem","position":3,"name":"Bienestar durante el transporte de rumiantes y porcinos. Edici\u00f3n 2"}]},{"@type":"WebSite","@id":"https:\/\/www.covb.cat\/es\/#website","url":"https:\/\/www.covb.cat\/es\/","name":"COVB","description":"Col\u00b7legi Oficial de Veterinaris de Barcelona","publisher":{"@id":"https:\/\/www.covb.cat\/es\/#organization"},"potentialAction":[{"@type":"SearchAction","target":{"@type":"EntryPoint","urlTemplate":"https:\/\/www.covb.cat\/es\/?s={search_term_string}"},"query-input":{"@type":"PropertyValueSpecification","valueRequired":true,"valueName":"search_term_string"}}],"inLanguage":"es"},{"@type":"Organization","@id":"https:\/\/www.covb.cat\/es\/#organization","name":"COVB","url":"https:\/\/www.covb.cat\/es\/","logo":{"@type":"ImageObject","inLanguage":"es","@id":"https:\/\/www.covb.cat\/es\/#\/schema\/logo\/image\/","url":"https:\/\/www.covb.cat\/wp-content\/uploads\/2018\/07\/favicon-covb.png","contentUrl":"https:\/\/www.covb.cat\/wp-content\/uploads\/2018\/07\/favicon-covb.png","width":512,"height":512,"caption":"COVB"},"image":{"@id":"https:\/\/www.covb.cat\/es\/#\/schema\/logo\/image\/"},"sameAs":["https:\/\/www.facebook.com\/COVBcat\/","https:\/\/x.com\/COVBcat","https:\/\/www.youtube.com\/user\/covbcn"]}]}},"jetpack_sharing_enabled":true,"_links":{"self":[{"href":"https:\/\/www.covb.cat\/es\/wp-json\/wp\/v2\/tribe_events\/41583","targetHints":{"allow":["GET"]}}],"collection":[{"href":"https:\/\/www.covb.cat\/es\/wp-json\/wp\/v2\/tribe_events"}],"about":[{"href":"https:\/\/www.covb.cat\/es\/wp-json\/wp\/v2\/types\/tribe_events"}],"author":[{"embeddable":true,"href":"https:\/\/www.covb.cat\/es\/wp-json\/wp\/v2\/users\/106"}],"version-history":[{"count":0,"href":"https:\/\/www.covb.cat\/es\/wp-json\/wp\/v2\/tribe_events\/41583\/revisions"}],"wp:featuredmedia":[{"embeddable":true,"href":"https:\/\/www.covb.cat\/es\/wp-json\/wp\/v2\/media\/41580"}],"wp:attachment":[{"href":"https:\/\/www.covb.cat\/es\/wp-json\/wp\/v2\/media?parent=41583"}],"wp:term":[{"taxonomy":"post_tag","embeddable":true,"href":"https:\/\/www.covb.cat\/es\/wp-json\/wp\/v2\/tags?post=41583"},{"taxonomy":"tribe_events_cat","embeddable":true,"href":"https:\/\/www.covb.cat\/es\/wp-json\/wp\/v2\/tribe_events_cat?post=41583"}],"curies":[{"name":"wp","href":"https:\/\/api.w.org\/{rel}","templated":true}]}}