{"id":36730,"date":"2023-09-20T10:53:38","date_gmt":"2023-09-20T08:53:38","guid":{"rendered":"https:\/\/www.covb.cat\/formacio\/ccvc-els-esmorzars-del-consell-el-dia-mundial-de-la-rabia\/"},"modified":"2023-09-20T10:55:21","modified_gmt":"2023-09-20T08:55:21","slug":"ccvc-els-esmorzars-del-consell-el-dia-mundial-de-la-rabia","status":"publish","type":"tribe_events","link":"https:\/\/www.covb.cat\/es\/formacio\/ccvc-els-esmorzars-del-consell-el-dia-mundial-de-la-rabia\/","title":{"rendered":"CCVC: Els esmorzars del Consell: El Dia Mundial de la R\u00e0bia"},"content":{"rendered":"<div>La mesa redonda analizar\u00e1 la rabia como problem\u00e1tica actual y global con <strong>Julio Benavides<\/strong>, director de Investigaci\u00f3n One Health, Unidad MIVEGEC, IRD de Montpellier, <strong>Nuria Ribas<\/strong>, jefe del servicio de Prevenci\u00f3n en Salud Animal, DACC de la Generalidad de Catalu\u00f1a, <strong>Mar\u00eda \u00c0ngels Calvo<\/strong>, catedr\u00e1tica de Sanidad Animal por la UAB y <strong>Jordi Manubens<\/strong>, veterinario especialista en cardiolog\u00eda; moderar\u00e1 <strong>Ricard Par\u00e9s<\/strong>, presidente del Consejo de Colegios Veterinarios de Catalu\u00f1a.<\/div>\n<div><\/div>\n<div><strong><img loading=\"lazy\" decoding=\"async\" id=\"m_2662730675819321303_x0000_i1107\" src=\"https:\/\/ci3.googleusercontent.com\/proxy\/nc8j_NXde-fFNkIiNf0STi7VJCQaxb8PSalHKGpSqk_rb6c6I8FZc1HXzgYyG0qr6RttEkIeOalzsuo10Sow3F2pkKS1c-gcyzE04b4b3CAQS0b8p1DhPuQHfv1r0j_mPWfJyi58h-1QReT0iETiRzGYAO-bUg=s0-d-e1-ft#https:\/\/mcusercontent.com\/c131463000c5688473b8b34ba\/images\/cfe4f8bc-80fa-1d5d-527e-2befac108207.png\" width=\"28\" height=\"28\" border=\"0\" data-bit=\"iit\" \/>\u00a0 FECHA:<\/strong><strong>\u00a0<\/strong>28 de septiembre de 2023 (10:00 horas a 11:30 horas)<br \/>\n<img loading=\"lazy\" decoding=\"async\" id=\"m_2662730675819321303_x0000_i1105\" src=\"https:\/\/ci3.googleusercontent.com\/proxy\/jBSB-fwn8cZiYMzfmqgtrRaRH22ahcXn-tE_DKc42tX2XA564lcYsCkN3mrvCoHLtEvsVmqW50doncwz7qMA9xKDZ36j1S3bClDFkJ6InCZrjaKO0IqLuTmTZoN6rpZnb_h1jiqZ0KdBtbBGUMsq5muRoSmHFg=s0-d-e1-ft#https:\/\/mcusercontent.com\/c131463000c5688473b8b34ba\/images\/bd10ff7a-1dfd-4113-4bb0-a9e2f943df1b.png\" width=\"25\" height=\"25\" border=\"0\" data-bit=\"iit\" \/><strong>\u00a0 \u00a0LUGAR:<\/strong> Transmisi\u00f3n en directo por el <a href=\"https:\/\/www.youtube.com\/@conselldecollegisdeveterin4077\/streams\" target=\"_blank\" rel=\"noopener\">Canal Youtube del CCVC<\/a><br \/>\n<strong><img loading=\"lazy\" decoding=\"async\" id=\"m_2662730675819321303_x0000_i1104\" src=\"https:\/\/ci5.googleusercontent.com\/proxy\/6AeJKxgjkZYKDKrSQOqc3D2DDpgVUtDaNeKOLZYox7M918qMk6UVWb2EM_rU7RcKvTkBu9OpbokWzTthVyclwmoHYj9l2uaF2ASjyK4e1TBzIkoEE6_9tsyu1QMGB8UJBbYpMteYxk1xFwaxgDbeRHQeaLNqfw=s0-d-e1-ft#https:\/\/mcusercontent.com\/c131463000c5688473b8b34ba\/images\/463ff97e-1894-e557-ba75-58337dec7bc8.png\" width=\"28\" height=\"28\" border=\"0\" data-bit=\"iit\" \/><\/strong><strong>\u00a0 PROGRAMA:\u00a0<\/strong><a href=\"https:\/\/mcusercontent.com\/c131463000c5688473b8b34ba\/files\/5133bfb1-dfff-e8c5-ea13-21374bbce595\/Programa_Esmorzars_del_Consell_R%C3%A0bia_28_setembre_2023.pdf\" target=\"_blank\" rel=\"noopener\">Ver programa<\/a><br \/>\n<img loading=\"lazy\" decoding=\"async\" id=\"m_2662730675819321303_x0000_i1103\" src=\"https:\/\/ci4.googleusercontent.com\/proxy\/x3AJN6Ir8qJXb9KH10yGfagc8O5eWUEV9IEzEvmP-09IDteFeoTghXJPzDAXPfdSHMbRPOCVFhpI2Jt8SJ1iZjjw0v5Ntq55zmnXEEWDLdCwErRlNOlEmT7bh8_nPspWQyTqJ7xdhzOPT6iIFTjhJcAAuUmvSw=s0-d-e1-ft#https:\/\/mcusercontent.com\/c131463000c5688473b8b34ba\/images\/ae0f967a-ef5b-9186-1119-898ca601244f.png\" width=\"28\" height=\"28\" border=\"0\" data-bit=\"iit\" \/>\u00a0\u00a0<strong>PRECIO:<\/strong> gratuito<\/div>\n","protected":false},"excerpt":{"rendered":"<p>La mesa redonda analizar\u00e1 la rabia como problem\u00e1tica actual y global con Julio Benavides, director de Investigaci\u00f3n One Health, Unidad MIVEGEC, IRD de Montpellier, Nuria Ribas, jefe del servicio de Prevenci\u00f3n en Salud Animal, DACC de la Generalidad de Catalu\u00f1a, Mar\u00eda \u00c0ngels Calvo, catedr\u00e1tica de Sanidad Animal por la UAB y Jordi Manubens, veterinario especialista [&hellip;]<\/p>\n","protected":false},"author":106,"featured_media":36727,"template":"","meta":{"_monsterinsights_skip_tracking":false,"_monsterinsights_sitenote_active":false,"_monsterinsights_sitenote_note":"","_monsterinsights_sitenote_category":0,"footnotes":""},"tags":[153],"tribe_events_cat":[294],"class_list":["post-36730","tribe_events","type-tribe_events","status-publish","has-post-thumbnail","hentry","tag-no_formulari-es-3","tribe_events_cat-salud-publica-y-seguridad-alimentaria","cat_salud-publica-y-seguridad-alimentaria"],"yoast_head":"<!-- This site is optimized with the Yoast SEO plugin v27.0 - https:\/\/yoast.com\/product\/yoast-seo-wordpress\/ -->\n<title>CCVC: Els esmorzars del Consell: El Dia Mundial de la R\u00e0bia - COVB - Col\u00b7legi Oficial de Veterinaris de Barcelona<\/title>\n<meta name=\"description\" content=\"La mesa redonda analizar\u00e1 la rabia como problem\u00e1tica actual y global con Julio Benavides, director de Investigaci\u00f3n One Health, Unidad MIVEGEC, IRD de\" \/>\n<meta name=\"robots\" content=\"index, follow, max-snippet:-1, max-image-preview:large, max-video-preview:-1\" \/>\n<link rel=\"canonical\" href=\"https:\/\/www.covb.cat\/es\/formacio\/ccvc-els-esmorzars-del-consell-el-dia-mundial-de-la-rabia\/\" \/>\n<meta property=\"og:locale\" content=\"es_ES\" \/>\n<meta property=\"og:type\" content=\"article\" \/>\n<meta property=\"og:title\" content=\"CCVC: Els esmorzars del Consell: El Dia Mundial de la R\u00e0bia - COVB - Col\u00b7legi Oficial de Veterinaris de Barcelona\" \/>\n<meta property=\"og:description\" content=\"La mesa redonda analizar\u00e1 la rabia como problem\u00e1tica actual y global con Julio Benavides, director de Investigaci\u00f3n One Health, Unidad MIVEGEC, IRD de\" \/>\n<meta property=\"og:url\" content=\"https:\/\/www.covb.cat\/es\/formacio\/ccvc-els-esmorzars-del-consell-el-dia-mundial-de-la-rabia\/\" \/>\n<meta property=\"og:site_name\" content=\"COVB\" \/>\n<meta property=\"article:publisher\" content=\"https:\/\/www.facebook.com\/COVBcat\/\" \/>\n<meta property=\"article:modified_time\" content=\"2023-09-20T08:55:21+00:00\" \/>\n<meta property=\"og:image\" content=\"https:\/\/www.covb.cat\/wp-content\/uploads\/2023\/09\/ccvc_rabia.jpg\" \/>\n\t<meta property=\"og:image:width\" content=\"1151\" \/>\n\t<meta property=\"og:image:height\" content=\"806\" \/>\n\t<meta property=\"og:image:type\" content=\"image\/jpeg\" \/>\n<meta name=\"twitter:card\" content=\"summary_large_image\" \/>\n<meta name=\"twitter:site\" content=\"@COVBcat\" \/>\n<meta name=\"twitter:label1\" content=\"Tiempo de lectura\" \/>\n\t<meta name=\"twitter:data1\" content=\"2 minutos\" \/>\n<script type=\"application\/ld+json\" class=\"yoast-schema-graph\">{\"@context\":\"https:\/\/schema.org\",\"@graph\":[{\"@type\":\"WebPage\",\"@id\":\"https:\/\/www.covb.cat\/es\/formacio\/ccvc-els-esmorzars-del-consell-el-dia-mundial-de-la-rabia\/\",\"url\":\"https:\/\/www.covb.cat\/es\/formacio\/ccvc-els-esmorzars-del-consell-el-dia-mundial-de-la-rabia\/\",\"name\":\"CCVC: Els esmorzars del Consell: El Dia Mundial de la R\u00e0bia - COVB - Col\u00b7legi Oficial de Veterinaris de Barcelona\",\"isPartOf\":{\"@id\":\"https:\/\/www.covb.cat\/es\/#website\"},\"primaryImageOfPage\":{\"@id\":\"https:\/\/www.covb.cat\/es\/formacio\/ccvc-els-esmorzars-del-consell-el-dia-mundial-de-la-rabia\/#primaryimage\"},\"image\":{\"@id\":\"https:\/\/www.covb.cat\/es\/formacio\/ccvc-els-esmorzars-del-consell-el-dia-mundial-de-la-rabia\/#primaryimage\"},\"thumbnailUrl\":\"https:\/\/www.covb.cat\/wp-content\/uploads\/2023\/09\/ccvc_rabia.jpg\",\"datePublished\":\"2023-09-20T08:53:38+00:00\",\"dateModified\":\"2023-09-20T08:55:21+00:00\",\"description\":\"La mesa redonda analizar\u00e1 la rabia como problem\u00e1tica actual y global con Julio Benavides, director de Investigaci\u00f3n One Health, Unidad MIVEGEC, IRD de\",\"breadcrumb\":{\"@id\":\"https:\/\/www.covb.cat\/es\/formacio\/ccvc-els-esmorzars-del-consell-el-dia-mundial-de-la-rabia\/#breadcrumb\"},\"inLanguage\":\"es\",\"potentialAction\":[{\"@type\":\"ReadAction\",\"target\":[\"https:\/\/www.covb.cat\/es\/formacio\/ccvc-els-esmorzars-del-consell-el-dia-mundial-de-la-rabia\/\"]}]},{\"@type\":\"ImageObject\",\"inLanguage\":\"es\",\"@id\":\"https:\/\/www.covb.cat\/es\/formacio\/ccvc-els-esmorzars-del-consell-el-dia-mundial-de-la-rabia\/#primaryimage\",\"url\":\"https:\/\/www.covb.cat\/wp-content\/uploads\/2023\/09\/ccvc_rabia.jpg\",\"contentUrl\":\"https:\/\/www.covb.cat\/wp-content\/uploads\/2023\/09\/ccvc_rabia.jpg\",\"width\":1151,\"height\":806},{\"@type\":\"BreadcrumbList\",\"@id\":\"https:\/\/www.covb.cat\/es\/formacio\/ccvc-els-esmorzars-del-consell-el-dia-mundial-de-la-rabia\/#breadcrumb\",\"itemListElement\":[{\"@type\":\"ListItem\",\"position\":1,\"name\":\"Inici\",\"item\":\"https:\/\/www.covb.cat\/es\/\"},{\"@type\":\"ListItem\",\"position\":2,\"name\":\"Esdeveniments\",\"item\":\"https:\/\/www.covb.cat\/formacions\/\"},{\"@type\":\"ListItem\",\"position\":3,\"name\":\"CCVC: Els esmorzars del Consell: El Dia Mundial de la R\u00e0bia\"}]},{\"@type\":\"WebSite\",\"@id\":\"https:\/\/www.covb.cat\/es\/#website\",\"url\":\"https:\/\/www.covb.cat\/es\/\",\"name\":\"COVB\",\"description\":\"Col\u00b7legi Oficial de Veterinaris de Barcelona\",\"publisher\":{\"@id\":\"https:\/\/www.covb.cat\/es\/#organization\"},\"potentialAction\":[{\"@type\":\"SearchAction\",\"target\":{\"@type\":\"EntryPoint\",\"urlTemplate\":\"https:\/\/www.covb.cat\/es\/?s={search_term_string}\"},\"query-input\":{\"@type\":\"PropertyValueSpecification\",\"valueRequired\":true,\"valueName\":\"search_term_string\"}}],\"inLanguage\":\"es\"},{\"@type\":\"Organization\",\"@id\":\"https:\/\/www.covb.cat\/es\/#organization\",\"name\":\"COVB\",\"url\":\"https:\/\/www.covb.cat\/es\/\",\"logo\":{\"@type\":\"ImageObject\",\"inLanguage\":\"es\",\"@id\":\"https:\/\/www.covb.cat\/es\/#\/schema\/logo\/image\/\",\"url\":\"https:\/\/www.covb.cat\/wp-content\/uploads\/2018\/07\/favicon-covb.png\",\"contentUrl\":\"https:\/\/www.covb.cat\/wp-content\/uploads\/2018\/07\/favicon-covb.png\",\"width\":512,\"height\":512,\"caption\":\"COVB\"},\"image\":{\"@id\":\"https:\/\/www.covb.cat\/es\/#\/schema\/logo\/image\/\"},\"sameAs\":[\"https:\/\/www.facebook.com\/COVBcat\/\",\"https:\/\/x.com\/COVBcat\",\"https:\/\/www.youtube.com\/user\/covbcn\"]}]}<\/script>\n<!-- \/ Yoast SEO plugin. -->","yoast_head_json":{"title":"CCVC: Els esmorzars del Consell: El Dia Mundial de la R\u00e0bia - COVB - Col\u00b7legi Oficial de Veterinaris de Barcelona","description":"La mesa redonda analizar\u00e1 la rabia como problem\u00e1tica actual y global con Julio Benavides, director de Investigaci\u00f3n One Health, Unidad MIVEGEC, IRD de","robots":{"index":"index","follow":"follow","max-snippet":"max-snippet:-1","max-image-preview":"max-image-preview:large","max-video-preview":"max-video-preview:-1"},"canonical":"https:\/\/www.covb.cat\/es\/formacio\/ccvc-els-esmorzars-del-consell-el-dia-mundial-de-la-rabia\/","og_locale":"es_ES","og_type":"article","og_title":"CCVC: Els esmorzars del Consell: El Dia Mundial de la R\u00e0bia - COVB - Col\u00b7legi Oficial de Veterinaris de Barcelona","og_description":"La mesa redonda analizar\u00e1 la rabia como problem\u00e1tica actual y global con Julio Benavides, director de Investigaci\u00f3n One Health, Unidad MIVEGEC, IRD de","og_url":"https:\/\/www.covb.cat\/es\/formacio\/ccvc-els-esmorzars-del-consell-el-dia-mundial-de-la-rabia\/","og_site_name":"COVB","article_publisher":"https:\/\/www.facebook.com\/COVBcat\/","article_modified_time":"2023-09-20T08:55:21+00:00","og_image":[{"width":1151,"height":806,"url":"https:\/\/www.covb.cat\/wp-content\/uploads\/2023\/09\/ccvc_rabia.jpg","type":"image\/jpeg"}],"twitter_card":"summary_large_image","twitter_site":"@COVBcat","twitter_misc":{"Tiempo de lectura":"2 minutos"},"schema":{"@context":"https:\/\/schema.org","@graph":[{"@type":"WebPage","@id":"https:\/\/www.covb.cat\/es\/formacio\/ccvc-els-esmorzars-del-consell-el-dia-mundial-de-la-rabia\/","url":"https:\/\/www.covb.cat\/es\/formacio\/ccvc-els-esmorzars-del-consell-el-dia-mundial-de-la-rabia\/","name":"CCVC: Els esmorzars del Consell: El Dia Mundial de la R\u00e0bia - COVB - Col\u00b7legi Oficial de Veterinaris de Barcelona","isPartOf":{"@id":"https:\/\/www.covb.cat\/es\/#website"},"primaryImageOfPage":{"@id":"https:\/\/www.covb.cat\/es\/formacio\/ccvc-els-esmorzars-del-consell-el-dia-mundial-de-la-rabia\/#primaryimage"},"image":{"@id":"https:\/\/www.covb.cat\/es\/formacio\/ccvc-els-esmorzars-del-consell-el-dia-mundial-de-la-rabia\/#primaryimage"},"thumbnailUrl":"https:\/\/www.covb.cat\/wp-content\/uploads\/2023\/09\/ccvc_rabia.jpg","datePublished":"2023-09-20T08:53:38+00:00","dateModified":"2023-09-20T08:55:21+00:00","description":"La mesa redonda analizar\u00e1 la rabia como problem\u00e1tica actual y global con Julio Benavides, director de Investigaci\u00f3n One Health, Unidad MIVEGEC, IRD de","breadcrumb":{"@id":"https:\/\/www.covb.cat\/es\/formacio\/ccvc-els-esmorzars-del-consell-el-dia-mundial-de-la-rabia\/#breadcrumb"},"inLanguage":"es","potentialAction":[{"@type":"ReadAction","target":["https:\/\/www.covb.cat\/es\/formacio\/ccvc-els-esmorzars-del-consell-el-dia-mundial-de-la-rabia\/"]}]},{"@type":"ImageObject","inLanguage":"es","@id":"https:\/\/www.covb.cat\/es\/formacio\/ccvc-els-esmorzars-del-consell-el-dia-mundial-de-la-rabia\/#primaryimage","url":"https:\/\/www.covb.cat\/wp-content\/uploads\/2023\/09\/ccvc_rabia.jpg","contentUrl":"https:\/\/www.covb.cat\/wp-content\/uploads\/2023\/09\/ccvc_rabia.jpg","width":1151,"height":806},{"@type":"BreadcrumbList","@id":"https:\/\/www.covb.cat\/es\/formacio\/ccvc-els-esmorzars-del-consell-el-dia-mundial-de-la-rabia\/#breadcrumb","itemListElement":[{"@type":"ListItem","position":1,"name":"Inici","item":"https:\/\/www.covb.cat\/es\/"},{"@type":"ListItem","position":2,"name":"Esdeveniments","item":"https:\/\/www.covb.cat\/formacions\/"},{"@type":"ListItem","position":3,"name":"CCVC: Els esmorzars del Consell: El Dia Mundial de la R\u00e0bia"}]},{"@type":"WebSite","@id":"https:\/\/www.covb.cat\/es\/#website","url":"https:\/\/www.covb.cat\/es\/","name":"COVB","description":"Col\u00b7legi Oficial de Veterinaris de Barcelona","publisher":{"@id":"https:\/\/www.covb.cat\/es\/#organization"},"potentialAction":[{"@type":"SearchAction","target":{"@type":"EntryPoint","urlTemplate":"https:\/\/www.covb.cat\/es\/?s={search_term_string}"},"query-input":{"@type":"PropertyValueSpecification","valueRequired":true,"valueName":"search_term_string"}}],"inLanguage":"es"},{"@type":"Organization","@id":"https:\/\/www.covb.cat\/es\/#organization","name":"COVB","url":"https:\/\/www.covb.cat\/es\/","logo":{"@type":"ImageObject","inLanguage":"es","@id":"https:\/\/www.covb.cat\/es\/#\/schema\/logo\/image\/","url":"https:\/\/www.covb.cat\/wp-content\/uploads\/2018\/07\/favicon-covb.png","contentUrl":"https:\/\/www.covb.cat\/wp-content\/uploads\/2018\/07\/favicon-covb.png","width":512,"height":512,"caption":"COVB"},"image":{"@id":"https:\/\/www.covb.cat\/es\/#\/schema\/logo\/image\/"},"sameAs":["https:\/\/www.facebook.com\/COVBcat\/","https:\/\/x.com\/COVBcat","https:\/\/www.youtube.com\/user\/covbcn"]}]}},"jetpack_sharing_enabled":true,"_links":{"self":[{"href":"https:\/\/www.covb.cat\/es\/wp-json\/wp\/v2\/tribe_events\/36730","targetHints":{"allow":["GET"]}}],"collection":[{"href":"https:\/\/www.covb.cat\/es\/wp-json\/wp\/v2\/tribe_events"}],"about":[{"href":"https:\/\/www.covb.cat\/es\/wp-json\/wp\/v2\/types\/tribe_events"}],"author":[{"embeddable":true,"href":"https:\/\/www.covb.cat\/es\/wp-json\/wp\/v2\/users\/106"}],"version-history":[{"count":0,"href":"https:\/\/www.covb.cat\/es\/wp-json\/wp\/v2\/tribe_events\/36730\/revisions"}],"wp:featuredmedia":[{"embeddable":true,"href":"https:\/\/www.covb.cat\/es\/wp-json\/wp\/v2\/media\/36727"}],"wp:attachment":[{"href":"https:\/\/www.covb.cat\/es\/wp-json\/wp\/v2\/media?parent=36730"}],"wp:term":[{"taxonomy":"post_tag","embeddable":true,"href":"https:\/\/www.covb.cat\/es\/wp-json\/wp\/v2\/tags?post=36730"},{"taxonomy":"tribe_events_cat","embeddable":true,"href":"https:\/\/www.covb.cat\/es\/wp-json\/wp\/v2\/tribe_events_cat?post=36730"}],"curies":[{"name":"wp","href":"https:\/\/api.w.org\/{rel}","templated":true}]}}