{"id":31492,"date":"2023-04-18T19:24:38","date_gmt":"2023-04-18T17:24:38","guid":{"rendered":"https:\/\/www.covb.cat\/formacio\/plan-de-captacion-de-talento-en-la-age-cuerpo-nacional-veterinario\/"},"modified":"2023-04-19T14:44:09","modified_gmt":"2023-04-19T12:44:09","slug":"plan-de-captacion-de-talento-en-la-age-cuerpo-nacional-veterinario","status":"publish","type":"tribe_events","link":"https:\/\/www.covb.cat\/es\/formacio\/plan-de-captacion-de-talento-en-la-age-cuerpo-nacional-veterinario\/","title":{"rendered":"Plan de Captaci\u00f3n de Talento en la AGE. Cuerpo Nacional Veterinario"},"content":{"rendered":"<p>Durante esta sesi\u00f3n se hablar\u00e1 de qu\u00e9 es el CNV, la proyecci\u00f3n profesional que ofrece, el proceso de selecci\u00f3n y las diversas experiencias que supone, as\u00ed como, se aprovechar\u00e1 para resolver las dudas de los participantes al respecto.<\/p>\n<div><\/div>\n<div><strong><img loading=\"lazy\" decoding=\"async\" src=\"https:\/\/mcusercontent.com\/c131463000c5688473b8b34ba\/images\/cfe4f8bc-80fa-1d5d-527e-2befac108207.png\" width=\"28\" height=\"28\" data-file-id=\"5434670\" \/>\u00a0 FECHA: <\/strong>2 de mayo de 2023 (17:00 horas)<br \/>\n<img loading=\"lazy\" decoding=\"async\" src=\"https:\/\/mcusercontent.com\/c131463000c5688473b8b34ba\/images\/0a000af8-7a55-8180-658e-10a35d0ee978.png\" width=\"26\" height=\"26\" data-file-id=\"5434666\" \/><strong>\u00a0 PONENTES: <\/strong>Luis Bouz\u00f3n Mouzo y Patricia Vastillo P\u00e9rez<br \/>\n<img loading=\"lazy\" decoding=\"async\" src=\"https:\/\/mcusercontent.com\/c131463000c5688473b8b34ba\/images\/bd10ff7a-1dfd-4113-4bb0-a9e2f943df1b.png\" width=\"25\" height=\"25\" data-file-id=\"5434718\" \/><strong>\u00a0 \u00a0LUGAR:<\/strong>\u00a0COVB (Av. de la Rep\u00fablica Argentina, 21, 25. 08023 Barcelona)<br \/>\n<strong><img loading=\"lazy\" decoding=\"async\" src=\"https:\/\/mcusercontent.com\/c131463000c5688473b8b34ba\/images\/463ff97e-1894-e557-ba75-58337dec7bc8.png\" width=\"28\" height=\"28\" data-file-id=\"5434662\" \/>\u00a0 PROGRAMA:\u00a0<\/strong><a href=\"https:\/\/mcusercontent.com\/c131463000c5688473b8b34ba\/files\/0431e1d2-57d5-c1bb-1b7a-39a29860f5be\/Colegio_veterinarios_Barna_2M_R_.pdf\" target=\"_blank\" rel=\"noopener\">Ver programa<\/a><br \/>\n<img loading=\"lazy\" decoding=\"async\" src=\"https:\/\/mcusercontent.com\/c131463000c5688473b8b34ba\/images\/ae0f967a-ef5b-9186-1119-898ca601244f.png\" width=\"28\" height=\"28\" data-file-id=\"5435146\" \/>\u00a0\u00a0<strong>PRECIO:<\/strong> Gratuito<\/div>\n<div><\/div>\n<div><a href=\"mailto:formacio@covb.cat?subject=Inscripci%C3%B3%3A%20Plan%20de%20Captaci%C3%B3n%20de%20Talento%20en%20la%20AGE.%20Cuerpo%20Nacional%20Veterinario\" target=\"_blank\" rel=\"noopener\"><img loading=\"lazy\" decoding=\"async\" src=\"https:\/\/mcusercontent.com\/c131463000c5688473b8b34ba\/images\/12d0ac03-2e8c-043d-7e0b-0596302c0d2e.png\" width=\"200\" height=\"38\" data-file-id=\"5434714\" \/><\/a><\/div>\n","protected":false},"excerpt":{"rendered":"<p>Durante esta sesi\u00f3n se hablar\u00e1 de qu\u00e9 es el CNV, la proyecci\u00f3n profesional que ofrece, el proceso de selecci\u00f3n y las diversas experiencias que supone, as\u00ed como, se aprovechar\u00e1 para resolver las dudas de los participantes al respecto. \u00a0 FECHA: 2 de mayo de 2023 (17:00 horas) \u00a0 PONENTES: Luis Bouz\u00f3n Mouzo y Patricia Vastillo [&hellip;]<\/p>\n","protected":false},"author":106,"featured_media":0,"template":"","meta":{"_monsterinsights_skip_tracking":false,"_monsterinsights_sitenote_active":false,"_monsterinsights_sitenote_note":"","_monsterinsights_sitenote_category":0,"footnotes":""},"tags":[],"tribe_events_cat":[286],"class_list":["post-31492","tribe_events","type-tribe_events","status-publish","hentry","tribe_events_cat-certificaciones","cat_certificaciones"],"yoast_head":"<!-- This site is optimized with the Yoast SEO plugin v27.0 - https:\/\/yoast.com\/product\/yoast-seo-wordpress\/ -->\n<title>Plan de Captaci\u00f3n de Talento en la AGE. Cuerpo Nacional Veterinario - COVB - Col\u00b7legi Oficial de Veterinaris de Barcelona<\/title>\n<meta name=\"description\" content=\"Durante esta sesi\u00f3n se hablar\u00e1 de qu\u00e9 es el CNV, la proyecci\u00f3n profesional que ofrece, el proceso de selecci\u00f3n y las diversas experiencias que supone, as\u00ed\" \/>\n<meta name=\"robots\" content=\"index, follow, max-snippet:-1, max-image-preview:large, max-video-preview:-1\" \/>\n<link rel=\"canonical\" href=\"https:\/\/www.covb.cat\/es\/formacio\/plan-de-captacion-de-talento-en-la-age-cuerpo-nacional-veterinario\/\" \/>\n<meta property=\"og:locale\" content=\"es_ES\" \/>\n<meta property=\"og:type\" content=\"article\" \/>\n<meta property=\"og:title\" content=\"Plan de Captaci\u00f3n de Talento en la AGE. Cuerpo Nacional Veterinario - COVB - Col\u00b7legi Oficial de Veterinaris de Barcelona\" \/>\n<meta property=\"og:description\" content=\"Durante esta sesi\u00f3n se hablar\u00e1 de qu\u00e9 es el CNV, la proyecci\u00f3n profesional que ofrece, el proceso de selecci\u00f3n y las diversas experiencias que supone, as\u00ed\" \/>\n<meta property=\"og:url\" content=\"https:\/\/www.covb.cat\/es\/formacio\/plan-de-captacion-de-talento-en-la-age-cuerpo-nacional-veterinario\/\" \/>\n<meta property=\"og:site_name\" content=\"COVB\" \/>\n<meta property=\"article:publisher\" content=\"https:\/\/www.facebook.com\/COVBcat\/\" \/>\n<meta property=\"article:modified_time\" content=\"2023-04-19T12:44:09+00:00\" \/>\n<meta property=\"og:image\" content=\"https:\/\/mcusercontent.com\/c131463000c5688473b8b34ba\/images\/cfe4f8bc-80fa-1d5d-527e-2befac108207.png\" \/>\n<meta name=\"twitter:card\" content=\"summary_large_image\" \/>\n<meta name=\"twitter:site\" content=\"@COVBcat\" \/>\n<meta name=\"twitter:label1\" content=\"Tiempo de lectura\" \/>\n\t<meta name=\"twitter:data1\" content=\"2 minutos\" \/>\n<script type=\"application\/ld+json\" class=\"yoast-schema-graph\">{\"@context\":\"https:\/\/schema.org\",\"@graph\":[{\"@type\":\"WebPage\",\"@id\":\"https:\/\/www.covb.cat\/es\/formacio\/plan-de-captacion-de-talento-en-la-age-cuerpo-nacional-veterinario\/\",\"url\":\"https:\/\/www.covb.cat\/es\/formacio\/plan-de-captacion-de-talento-en-la-age-cuerpo-nacional-veterinario\/\",\"name\":\"Plan de Captaci\u00f3n de Talento en la AGE. Cuerpo Nacional Veterinario - COVB - Col\u00b7legi Oficial de Veterinaris de Barcelona\",\"isPartOf\":{\"@id\":\"https:\/\/www.covb.cat\/es\/#website\"},\"primaryImageOfPage\":{\"@id\":\"https:\/\/www.covb.cat\/es\/formacio\/plan-de-captacion-de-talento-en-la-age-cuerpo-nacional-veterinario\/#primaryimage\"},\"image\":{\"@id\":\"https:\/\/www.covb.cat\/es\/formacio\/plan-de-captacion-de-talento-en-la-age-cuerpo-nacional-veterinario\/#primaryimage\"},\"thumbnailUrl\":\"https:\/\/mcusercontent.com\/c131463000c5688473b8b34ba\/images\/cfe4f8bc-80fa-1d5d-527e-2befac108207.png\",\"datePublished\":\"2023-04-18T17:24:38+00:00\",\"dateModified\":\"2023-04-19T12:44:09+00:00\",\"description\":\"Durante esta sesi\u00f3n se hablar\u00e1 de qu\u00e9 es el CNV, la proyecci\u00f3n profesional que ofrece, el proceso de selecci\u00f3n y las diversas experiencias que supone, as\u00ed\",\"breadcrumb\":{\"@id\":\"https:\/\/www.covb.cat\/es\/formacio\/plan-de-captacion-de-talento-en-la-age-cuerpo-nacional-veterinario\/#breadcrumb\"},\"inLanguage\":\"es\",\"potentialAction\":[{\"@type\":\"ReadAction\",\"target\":[\"https:\/\/www.covb.cat\/es\/formacio\/plan-de-captacion-de-talento-en-la-age-cuerpo-nacional-veterinario\/\"]}]},{\"@type\":\"ImageObject\",\"inLanguage\":\"es\",\"@id\":\"https:\/\/www.covb.cat\/es\/formacio\/plan-de-captacion-de-talento-en-la-age-cuerpo-nacional-veterinario\/#primaryimage\",\"url\":\"https:\/\/mcusercontent.com\/c131463000c5688473b8b34ba\/images\/cfe4f8bc-80fa-1d5d-527e-2befac108207.png\",\"contentUrl\":\"https:\/\/mcusercontent.com\/c131463000c5688473b8b34ba\/images\/cfe4f8bc-80fa-1d5d-527e-2befac108207.png\"},{\"@type\":\"BreadcrumbList\",\"@id\":\"https:\/\/www.covb.cat\/es\/formacio\/plan-de-captacion-de-talento-en-la-age-cuerpo-nacional-veterinario\/#breadcrumb\",\"itemListElement\":[{\"@type\":\"ListItem\",\"position\":1,\"name\":\"Inici\",\"item\":\"https:\/\/www.covb.cat\/es\/\"},{\"@type\":\"ListItem\",\"position\":2,\"name\":\"Esdeveniments\",\"item\":\"https:\/\/www.covb.cat\/formacions\/\"},{\"@type\":\"ListItem\",\"position\":3,\"name\":\"Plan de Captaci\u00f3n de Talento en la AGE. Cuerpo Nacional Veterinario\"}]},{\"@type\":\"WebSite\",\"@id\":\"https:\/\/www.covb.cat\/es\/#website\",\"url\":\"https:\/\/www.covb.cat\/es\/\",\"name\":\"COVB\",\"description\":\"Col\u00b7legi Oficial de Veterinaris de Barcelona\",\"publisher\":{\"@id\":\"https:\/\/www.covb.cat\/es\/#organization\"},\"potentialAction\":[{\"@type\":\"SearchAction\",\"target\":{\"@type\":\"EntryPoint\",\"urlTemplate\":\"https:\/\/www.covb.cat\/es\/?s={search_term_string}\"},\"query-input\":{\"@type\":\"PropertyValueSpecification\",\"valueRequired\":true,\"valueName\":\"search_term_string\"}}],\"inLanguage\":\"es\"},{\"@type\":\"Organization\",\"@id\":\"https:\/\/www.covb.cat\/es\/#organization\",\"name\":\"COVB\",\"url\":\"https:\/\/www.covb.cat\/es\/\",\"logo\":{\"@type\":\"ImageObject\",\"inLanguage\":\"es\",\"@id\":\"https:\/\/www.covb.cat\/es\/#\/schema\/logo\/image\/\",\"url\":\"https:\/\/www.covb.cat\/wp-content\/uploads\/2018\/07\/favicon-covb.png\",\"contentUrl\":\"https:\/\/www.covb.cat\/wp-content\/uploads\/2018\/07\/favicon-covb.png\",\"width\":512,\"height\":512,\"caption\":\"COVB\"},\"image\":{\"@id\":\"https:\/\/www.covb.cat\/es\/#\/schema\/logo\/image\/\"},\"sameAs\":[\"https:\/\/www.facebook.com\/COVBcat\/\",\"https:\/\/x.com\/COVBcat\",\"https:\/\/www.youtube.com\/user\/covbcn\"]}]}<\/script>\n<!-- \/ Yoast SEO plugin. -->","yoast_head_json":{"title":"Plan de Captaci\u00f3n de Talento en la AGE. Cuerpo Nacional Veterinario - COVB - Col\u00b7legi Oficial de Veterinaris de Barcelona","description":"Durante esta sesi\u00f3n se hablar\u00e1 de qu\u00e9 es el CNV, la proyecci\u00f3n profesional que ofrece, el proceso de selecci\u00f3n y las diversas experiencias que supone, as\u00ed","robots":{"index":"index","follow":"follow","max-snippet":"max-snippet:-1","max-image-preview":"max-image-preview:large","max-video-preview":"max-video-preview:-1"},"canonical":"https:\/\/www.covb.cat\/es\/formacio\/plan-de-captacion-de-talento-en-la-age-cuerpo-nacional-veterinario\/","og_locale":"es_ES","og_type":"article","og_title":"Plan de Captaci\u00f3n de Talento en la AGE. Cuerpo Nacional Veterinario - COVB - Col\u00b7legi Oficial de Veterinaris de Barcelona","og_description":"Durante esta sesi\u00f3n se hablar\u00e1 de qu\u00e9 es el CNV, la proyecci\u00f3n profesional que ofrece, el proceso de selecci\u00f3n y las diversas experiencias que supone, as\u00ed","og_url":"https:\/\/www.covb.cat\/es\/formacio\/plan-de-captacion-de-talento-en-la-age-cuerpo-nacional-veterinario\/","og_site_name":"COVB","article_publisher":"https:\/\/www.facebook.com\/COVBcat\/","article_modified_time":"2023-04-19T12:44:09+00:00","og_image":[{"url":"https:\/\/mcusercontent.com\/c131463000c5688473b8b34ba\/images\/cfe4f8bc-80fa-1d5d-527e-2befac108207.png","type":"","width":"","height":""}],"twitter_card":"summary_large_image","twitter_site":"@COVBcat","twitter_misc":{"Tiempo de lectura":"2 minutos"},"schema":{"@context":"https:\/\/schema.org","@graph":[{"@type":"WebPage","@id":"https:\/\/www.covb.cat\/es\/formacio\/plan-de-captacion-de-talento-en-la-age-cuerpo-nacional-veterinario\/","url":"https:\/\/www.covb.cat\/es\/formacio\/plan-de-captacion-de-talento-en-la-age-cuerpo-nacional-veterinario\/","name":"Plan de Captaci\u00f3n de Talento en la AGE. Cuerpo Nacional Veterinario - COVB - Col\u00b7legi Oficial de Veterinaris de Barcelona","isPartOf":{"@id":"https:\/\/www.covb.cat\/es\/#website"},"primaryImageOfPage":{"@id":"https:\/\/www.covb.cat\/es\/formacio\/plan-de-captacion-de-talento-en-la-age-cuerpo-nacional-veterinario\/#primaryimage"},"image":{"@id":"https:\/\/www.covb.cat\/es\/formacio\/plan-de-captacion-de-talento-en-la-age-cuerpo-nacional-veterinario\/#primaryimage"},"thumbnailUrl":"https:\/\/mcusercontent.com\/c131463000c5688473b8b34ba\/images\/cfe4f8bc-80fa-1d5d-527e-2befac108207.png","datePublished":"2023-04-18T17:24:38+00:00","dateModified":"2023-04-19T12:44:09+00:00","description":"Durante esta sesi\u00f3n se hablar\u00e1 de qu\u00e9 es el CNV, la proyecci\u00f3n profesional que ofrece, el proceso de selecci\u00f3n y las diversas experiencias que supone, as\u00ed","breadcrumb":{"@id":"https:\/\/www.covb.cat\/es\/formacio\/plan-de-captacion-de-talento-en-la-age-cuerpo-nacional-veterinario\/#breadcrumb"},"inLanguage":"es","potentialAction":[{"@type":"ReadAction","target":["https:\/\/www.covb.cat\/es\/formacio\/plan-de-captacion-de-talento-en-la-age-cuerpo-nacional-veterinario\/"]}]},{"@type":"ImageObject","inLanguage":"es","@id":"https:\/\/www.covb.cat\/es\/formacio\/plan-de-captacion-de-talento-en-la-age-cuerpo-nacional-veterinario\/#primaryimage","url":"https:\/\/mcusercontent.com\/c131463000c5688473b8b34ba\/images\/cfe4f8bc-80fa-1d5d-527e-2befac108207.png","contentUrl":"https:\/\/mcusercontent.com\/c131463000c5688473b8b34ba\/images\/cfe4f8bc-80fa-1d5d-527e-2befac108207.png"},{"@type":"BreadcrumbList","@id":"https:\/\/www.covb.cat\/es\/formacio\/plan-de-captacion-de-talento-en-la-age-cuerpo-nacional-veterinario\/#breadcrumb","itemListElement":[{"@type":"ListItem","position":1,"name":"Inici","item":"https:\/\/www.covb.cat\/es\/"},{"@type":"ListItem","position":2,"name":"Esdeveniments","item":"https:\/\/www.covb.cat\/formacions\/"},{"@type":"ListItem","position":3,"name":"Plan de Captaci\u00f3n de Talento en la AGE. Cuerpo Nacional Veterinario"}]},{"@type":"WebSite","@id":"https:\/\/www.covb.cat\/es\/#website","url":"https:\/\/www.covb.cat\/es\/","name":"COVB","description":"Col\u00b7legi Oficial de Veterinaris de Barcelona","publisher":{"@id":"https:\/\/www.covb.cat\/es\/#organization"},"potentialAction":[{"@type":"SearchAction","target":{"@type":"EntryPoint","urlTemplate":"https:\/\/www.covb.cat\/es\/?s={search_term_string}"},"query-input":{"@type":"PropertyValueSpecification","valueRequired":true,"valueName":"search_term_string"}}],"inLanguage":"es"},{"@type":"Organization","@id":"https:\/\/www.covb.cat\/es\/#organization","name":"COVB","url":"https:\/\/www.covb.cat\/es\/","logo":{"@type":"ImageObject","inLanguage":"es","@id":"https:\/\/www.covb.cat\/es\/#\/schema\/logo\/image\/","url":"https:\/\/www.covb.cat\/wp-content\/uploads\/2018\/07\/favicon-covb.png","contentUrl":"https:\/\/www.covb.cat\/wp-content\/uploads\/2018\/07\/favicon-covb.png","width":512,"height":512,"caption":"COVB"},"image":{"@id":"https:\/\/www.covb.cat\/es\/#\/schema\/logo\/image\/"},"sameAs":["https:\/\/www.facebook.com\/COVBcat\/","https:\/\/x.com\/COVBcat","https:\/\/www.youtube.com\/user\/covbcn"]}]}},"jetpack_sharing_enabled":true,"_links":{"self":[{"href":"https:\/\/www.covb.cat\/es\/wp-json\/wp\/v2\/tribe_events\/31492","targetHints":{"allow":["GET"]}}],"collection":[{"href":"https:\/\/www.covb.cat\/es\/wp-json\/wp\/v2\/tribe_events"}],"about":[{"href":"https:\/\/www.covb.cat\/es\/wp-json\/wp\/v2\/types\/tribe_events"}],"author":[{"embeddable":true,"href":"https:\/\/www.covb.cat\/es\/wp-json\/wp\/v2\/users\/106"}],"version-history":[{"count":0,"href":"https:\/\/www.covb.cat\/es\/wp-json\/wp\/v2\/tribe_events\/31492\/revisions"}],"wp:attachment":[{"href":"https:\/\/www.covb.cat\/es\/wp-json\/wp\/v2\/media?parent=31492"}],"wp:term":[{"taxonomy":"post_tag","embeddable":true,"href":"https:\/\/www.covb.cat\/es\/wp-json\/wp\/v2\/tags?post=31492"},{"taxonomy":"tribe_events_cat","embeddable":true,"href":"https:\/\/www.covb.cat\/es\/wp-json\/wp\/v2\/tribe_events_cat?post=31492"}],"curies":[{"name":"wp","href":"https:\/\/api.w.org\/{rel}","templated":true}]}}