{"id":24655,"date":"2022-11-08T19:18:02","date_gmt":"2022-11-08T18:18:02","guid":{"rendered":"https:\/\/www.covb.cat\/formacio\/avpc-professio-veterinaria-preparem-nos-pel-futur\/"},"modified":"2022-11-08T19:18:25","modified_gmt":"2022-11-08T18:18:25","slug":"avpc-professio-veterinaria-preparem-nos-pel-futur","status":"publish","type":"tribe_events","link":"https:\/\/www.covb.cat\/es\/formacio\/avpc-professio-veterinaria-preparem-nos-pel-futur\/","title":{"rendered":"AVPC: Professi\u00f3 veterin\u00e0ria: preparem-nos pel futur"},"content":{"rendered":"<div>L&#8217;Associaci\u00f3 de Veterinaris de Porc\u00ed de Catalunya ofereix aquesta jornada sobretot als veterinaris que estan relacionats amb el m\u00f3n del sector porc\u00ed, en la qual es parlar\u00e0 dels reptes normatius, sanitaris, de mercat, de comunicaci\u00f3 i de consum.<\/div>\n<div><\/div>\n<div><strong><img loading=\"lazy\" decoding=\"async\" src=\"https:\/\/mcusercontent.com\/c131463000c5688473b8b34ba\/images\/cfe4f8bc-80fa-1d5d-527e-2befac108207.png\" width=\"28\" height=\"28\" data-file-id=\"5434670\" \/>\u00a0 DATA:<\/strong>\u00a030 de novembre de 2022 (9:30 hores a 14:00 hores)<br \/>\n<img loading=\"lazy\" decoding=\"async\" src=\"https:\/\/mcusercontent.com\/c131463000c5688473b8b34ba\/images\/bd10ff7a-1dfd-4113-4bb0-a9e2f943df1b.png\" width=\"25\" height=\"25\" data-file-id=\"5434718\" \/><strong>\u00a0 \u00a0LLOC:<\/strong>\u00a0Mas d&#8217;Osor (Viladrau)<br \/>\n<strong><img loading=\"lazy\" decoding=\"async\" src=\"https:\/\/mcusercontent.com\/c131463000c5688473b8b34ba\/images\/463ff97e-1894-e557-ba75-58337dec7bc8.png\" width=\"28\" height=\"28\" data-file-id=\"5434662\" \/>\u00a0 PROGRAMA:\u00a0<\/strong><a href=\"https:\/\/mcusercontent.com\/c131463000c5688473b8b34ba\/files\/c13ccec8-dc18-0bab-dc84-57bda70edee8\/Jornada_AVPC_30_NOV_2022.pdf\" target=\"_blank\" rel=\"noopener\">Veure programa<\/a><br \/>\n<img loading=\"lazy\" decoding=\"async\" src=\"https:\/\/mcusercontent.com\/c131463000c5688473b8b34ba\/images\/ae0f967a-ef5b-9186-1119-898ca601244f.png\" width=\"28\" height=\"28\" data-file-id=\"5435146\" \/>\u00a0\u00a0<strong>PREU:\u00a0<\/strong>gratu\u00eft<\/div>\n<div><\/div>\n<div><\/div>\n","protected":false},"excerpt":{"rendered":"<p>L&#8217;Associaci\u00f3 de Veterinaris de Porc\u00ed de Catalunya ofereix aquesta jornada sobretot als veterinaris que estan relacionats amb el m\u00f3n del sector porc\u00ed, en la qual es parlar\u00e0 dels reptes normatius, sanitaris, de mercat, de comunicaci\u00f3 i de consum. \u00a0 DATA:\u00a030 de novembre de 2022 (9:30 hores a 14:00 hores) \u00a0 \u00a0LLOC:\u00a0Mas d&#8217;Osor (Viladrau) \u00a0 PROGRAMA:\u00a0Veure [&hellip;]<\/p>\n","protected":false},"author":106,"featured_media":24652,"template":"","meta":{"_monsterinsights_skip_tracking":false,"_monsterinsights_sitenote_active":false,"_monsterinsights_sitenote_note":"","_monsterinsights_sitenote_category":0,"footnotes":""},"tags":[150,153],"tribe_events_cat":[100],"class_list":["post-24655","tribe_events","type-tribe_events","status-publish","has-post-thumbnail","hentry","tag-no_formulari-es","tag-no_formulari-es-3","tribe_events_cat-pequenos-animales","cat_pequenos-animales"],"yoast_head":"<!-- This site is optimized with the Yoast SEO plugin v27.0 - https:\/\/yoast.com\/product\/yoast-seo-wordpress\/ -->\n<title>AVPC: Professi\u00f3 veterin\u00e0ria: preparem-nos pel futur - COVB - Col\u00b7legi Oficial de Veterinaris de Barcelona<\/title>\n<meta name=\"description\" content=\"L&#039;Associaci\u00f3 de Veterinaris de Porc\u00ed de Catalunya ofereix aquesta jornada sobretot als veterinaris que estan relacionats amb el m\u00f3n del sector porc\u00ed, en\" \/>\n<meta name=\"robots\" content=\"index, follow, max-snippet:-1, max-image-preview:large, max-video-preview:-1\" \/>\n<link rel=\"canonical\" href=\"https:\/\/www.covb.cat\/es\/formacio\/avpc-professio-veterinaria-preparem-nos-pel-futur\/\" \/>\n<meta property=\"og:locale\" content=\"es_ES\" \/>\n<meta property=\"og:type\" content=\"article\" \/>\n<meta property=\"og:title\" content=\"AVPC: Professi\u00f3 veterin\u00e0ria: preparem-nos pel futur - COVB - Col\u00b7legi Oficial de Veterinaris de Barcelona\" \/>\n<meta property=\"og:description\" content=\"L&#039;Associaci\u00f3 de Veterinaris de Porc\u00ed de Catalunya ofereix aquesta jornada sobretot als veterinaris que estan relacionats amb el m\u00f3n del sector porc\u00ed, en\" \/>\n<meta property=\"og:url\" content=\"https:\/\/www.covb.cat\/es\/formacio\/avpc-professio-veterinaria-preparem-nos-pel-futur\/\" \/>\n<meta property=\"og:site_name\" content=\"COVB\" \/>\n<meta property=\"article:publisher\" content=\"https:\/\/www.facebook.com\/COVBcat\/\" \/>\n<meta property=\"article:modified_time\" content=\"2022-11-08T18:18:25+00:00\" \/>\n<meta property=\"og:image\" content=\"https:\/\/www.covb.cat\/wp-content\/uploads\/2022\/11\/avpc.jpg\" \/>\n\t<meta property=\"og:image:width\" content=\"431\" \/>\n\t<meta property=\"og:image:height\" content=\"238\" \/>\n\t<meta property=\"og:image:type\" content=\"image\/jpeg\" \/>\n<meta name=\"twitter:card\" content=\"summary_large_image\" \/>\n<meta name=\"twitter:site\" content=\"@COVBcat\" \/>\n<meta name=\"twitter:label1\" content=\"Tiempo de lectura\" \/>\n\t<meta name=\"twitter:data1\" content=\"2 minutos\" \/>\n<script type=\"application\/ld+json\" class=\"yoast-schema-graph\">{\"@context\":\"https:\/\/schema.org\",\"@graph\":[{\"@type\":\"WebPage\",\"@id\":\"https:\/\/www.covb.cat\/es\/formacio\/avpc-professio-veterinaria-preparem-nos-pel-futur\/\",\"url\":\"https:\/\/www.covb.cat\/es\/formacio\/avpc-professio-veterinaria-preparem-nos-pel-futur\/\",\"name\":\"AVPC: Professi\u00f3 veterin\u00e0ria: preparem-nos pel futur - COVB - Col\u00b7legi Oficial de Veterinaris de Barcelona\",\"isPartOf\":{\"@id\":\"https:\/\/www.covb.cat\/es\/#website\"},\"primaryImageOfPage\":{\"@id\":\"https:\/\/www.covb.cat\/es\/formacio\/avpc-professio-veterinaria-preparem-nos-pel-futur\/#primaryimage\"},\"image\":{\"@id\":\"https:\/\/www.covb.cat\/es\/formacio\/avpc-professio-veterinaria-preparem-nos-pel-futur\/#primaryimage\"},\"thumbnailUrl\":\"https:\/\/www.covb.cat\/wp-content\/uploads\/2022\/11\/avpc.jpg\",\"datePublished\":\"2022-11-08T18:18:02+00:00\",\"dateModified\":\"2022-11-08T18:18:25+00:00\",\"description\":\"L'Associaci\u00f3 de Veterinaris de Porc\u00ed de Catalunya ofereix aquesta jornada sobretot als veterinaris que estan relacionats amb el m\u00f3n del sector porc\u00ed, en\",\"breadcrumb\":{\"@id\":\"https:\/\/www.covb.cat\/es\/formacio\/avpc-professio-veterinaria-preparem-nos-pel-futur\/#breadcrumb\"},\"inLanguage\":\"es\",\"potentialAction\":[{\"@type\":\"ReadAction\",\"target\":[\"https:\/\/www.covb.cat\/es\/formacio\/avpc-professio-veterinaria-preparem-nos-pel-futur\/\"]}]},{\"@type\":\"ImageObject\",\"inLanguage\":\"es\",\"@id\":\"https:\/\/www.covb.cat\/es\/formacio\/avpc-professio-veterinaria-preparem-nos-pel-futur\/#primaryimage\",\"url\":\"https:\/\/www.covb.cat\/wp-content\/uploads\/2022\/11\/avpc.jpg\",\"contentUrl\":\"https:\/\/www.covb.cat\/wp-content\/uploads\/2022\/11\/avpc.jpg\",\"width\":431,\"height\":238},{\"@type\":\"BreadcrumbList\",\"@id\":\"https:\/\/www.covb.cat\/es\/formacio\/avpc-professio-veterinaria-preparem-nos-pel-futur\/#breadcrumb\",\"itemListElement\":[{\"@type\":\"ListItem\",\"position\":1,\"name\":\"Inici\",\"item\":\"https:\/\/www.covb.cat\/es\/\"},{\"@type\":\"ListItem\",\"position\":2,\"name\":\"Esdeveniments\",\"item\":\"https:\/\/www.covb.cat\/formacions\/\"},{\"@type\":\"ListItem\",\"position\":3,\"name\":\"AVPC: Professi\u00f3 veterin\u00e0ria: preparem-nos pel futur\"}]},{\"@type\":\"WebSite\",\"@id\":\"https:\/\/www.covb.cat\/es\/#website\",\"url\":\"https:\/\/www.covb.cat\/es\/\",\"name\":\"COVB\",\"description\":\"Col\u00b7legi Oficial de Veterinaris de Barcelona\",\"publisher\":{\"@id\":\"https:\/\/www.covb.cat\/es\/#organization\"},\"potentialAction\":[{\"@type\":\"SearchAction\",\"target\":{\"@type\":\"EntryPoint\",\"urlTemplate\":\"https:\/\/www.covb.cat\/es\/?s={search_term_string}\"},\"query-input\":{\"@type\":\"PropertyValueSpecification\",\"valueRequired\":true,\"valueName\":\"search_term_string\"}}],\"inLanguage\":\"es\"},{\"@type\":\"Organization\",\"@id\":\"https:\/\/www.covb.cat\/es\/#organization\",\"name\":\"COVB\",\"url\":\"https:\/\/www.covb.cat\/es\/\",\"logo\":{\"@type\":\"ImageObject\",\"inLanguage\":\"es\",\"@id\":\"https:\/\/www.covb.cat\/es\/#\/schema\/logo\/image\/\",\"url\":\"https:\/\/www.covb.cat\/wp-content\/uploads\/2018\/07\/favicon-covb.png\",\"contentUrl\":\"https:\/\/www.covb.cat\/wp-content\/uploads\/2018\/07\/favicon-covb.png\",\"width\":512,\"height\":512,\"caption\":\"COVB\"},\"image\":{\"@id\":\"https:\/\/www.covb.cat\/es\/#\/schema\/logo\/image\/\"},\"sameAs\":[\"https:\/\/www.facebook.com\/COVBcat\/\",\"https:\/\/x.com\/COVBcat\",\"https:\/\/www.youtube.com\/user\/covbcn\"]}]}<\/script>\n<!-- \/ Yoast SEO plugin. -->","yoast_head_json":{"title":"AVPC: Professi\u00f3 veterin\u00e0ria: preparem-nos pel futur - COVB - Col\u00b7legi Oficial de Veterinaris de Barcelona","description":"L'Associaci\u00f3 de Veterinaris de Porc\u00ed de Catalunya ofereix aquesta jornada sobretot als veterinaris que estan relacionats amb el m\u00f3n del sector porc\u00ed, en","robots":{"index":"index","follow":"follow","max-snippet":"max-snippet:-1","max-image-preview":"max-image-preview:large","max-video-preview":"max-video-preview:-1"},"canonical":"https:\/\/www.covb.cat\/es\/formacio\/avpc-professio-veterinaria-preparem-nos-pel-futur\/","og_locale":"es_ES","og_type":"article","og_title":"AVPC: Professi\u00f3 veterin\u00e0ria: preparem-nos pel futur - COVB - Col\u00b7legi Oficial de Veterinaris de Barcelona","og_description":"L'Associaci\u00f3 de Veterinaris de Porc\u00ed de Catalunya ofereix aquesta jornada sobretot als veterinaris que estan relacionats amb el m\u00f3n del sector porc\u00ed, en","og_url":"https:\/\/www.covb.cat\/es\/formacio\/avpc-professio-veterinaria-preparem-nos-pel-futur\/","og_site_name":"COVB","article_publisher":"https:\/\/www.facebook.com\/COVBcat\/","article_modified_time":"2022-11-08T18:18:25+00:00","og_image":[{"width":431,"height":238,"url":"https:\/\/www.covb.cat\/wp-content\/uploads\/2022\/11\/avpc.jpg","type":"image\/jpeg"}],"twitter_card":"summary_large_image","twitter_site":"@COVBcat","twitter_misc":{"Tiempo de lectura":"2 minutos"},"schema":{"@context":"https:\/\/schema.org","@graph":[{"@type":"WebPage","@id":"https:\/\/www.covb.cat\/es\/formacio\/avpc-professio-veterinaria-preparem-nos-pel-futur\/","url":"https:\/\/www.covb.cat\/es\/formacio\/avpc-professio-veterinaria-preparem-nos-pel-futur\/","name":"AVPC: Professi\u00f3 veterin\u00e0ria: preparem-nos pel futur - COVB - Col\u00b7legi Oficial de Veterinaris de Barcelona","isPartOf":{"@id":"https:\/\/www.covb.cat\/es\/#website"},"primaryImageOfPage":{"@id":"https:\/\/www.covb.cat\/es\/formacio\/avpc-professio-veterinaria-preparem-nos-pel-futur\/#primaryimage"},"image":{"@id":"https:\/\/www.covb.cat\/es\/formacio\/avpc-professio-veterinaria-preparem-nos-pel-futur\/#primaryimage"},"thumbnailUrl":"https:\/\/www.covb.cat\/wp-content\/uploads\/2022\/11\/avpc.jpg","datePublished":"2022-11-08T18:18:02+00:00","dateModified":"2022-11-08T18:18:25+00:00","description":"L'Associaci\u00f3 de Veterinaris de Porc\u00ed de Catalunya ofereix aquesta jornada sobretot als veterinaris que estan relacionats amb el m\u00f3n del sector porc\u00ed, en","breadcrumb":{"@id":"https:\/\/www.covb.cat\/es\/formacio\/avpc-professio-veterinaria-preparem-nos-pel-futur\/#breadcrumb"},"inLanguage":"es","potentialAction":[{"@type":"ReadAction","target":["https:\/\/www.covb.cat\/es\/formacio\/avpc-professio-veterinaria-preparem-nos-pel-futur\/"]}]},{"@type":"ImageObject","inLanguage":"es","@id":"https:\/\/www.covb.cat\/es\/formacio\/avpc-professio-veterinaria-preparem-nos-pel-futur\/#primaryimage","url":"https:\/\/www.covb.cat\/wp-content\/uploads\/2022\/11\/avpc.jpg","contentUrl":"https:\/\/www.covb.cat\/wp-content\/uploads\/2022\/11\/avpc.jpg","width":431,"height":238},{"@type":"BreadcrumbList","@id":"https:\/\/www.covb.cat\/es\/formacio\/avpc-professio-veterinaria-preparem-nos-pel-futur\/#breadcrumb","itemListElement":[{"@type":"ListItem","position":1,"name":"Inici","item":"https:\/\/www.covb.cat\/es\/"},{"@type":"ListItem","position":2,"name":"Esdeveniments","item":"https:\/\/www.covb.cat\/formacions\/"},{"@type":"ListItem","position":3,"name":"AVPC: Professi\u00f3 veterin\u00e0ria: preparem-nos pel futur"}]},{"@type":"WebSite","@id":"https:\/\/www.covb.cat\/es\/#website","url":"https:\/\/www.covb.cat\/es\/","name":"COVB","description":"Col\u00b7legi Oficial de Veterinaris de Barcelona","publisher":{"@id":"https:\/\/www.covb.cat\/es\/#organization"},"potentialAction":[{"@type":"SearchAction","target":{"@type":"EntryPoint","urlTemplate":"https:\/\/www.covb.cat\/es\/?s={search_term_string}"},"query-input":{"@type":"PropertyValueSpecification","valueRequired":true,"valueName":"search_term_string"}}],"inLanguage":"es"},{"@type":"Organization","@id":"https:\/\/www.covb.cat\/es\/#organization","name":"COVB","url":"https:\/\/www.covb.cat\/es\/","logo":{"@type":"ImageObject","inLanguage":"es","@id":"https:\/\/www.covb.cat\/es\/#\/schema\/logo\/image\/","url":"https:\/\/www.covb.cat\/wp-content\/uploads\/2018\/07\/favicon-covb.png","contentUrl":"https:\/\/www.covb.cat\/wp-content\/uploads\/2018\/07\/favicon-covb.png","width":512,"height":512,"caption":"COVB"},"image":{"@id":"https:\/\/www.covb.cat\/es\/#\/schema\/logo\/image\/"},"sameAs":["https:\/\/www.facebook.com\/COVBcat\/","https:\/\/x.com\/COVBcat","https:\/\/www.youtube.com\/user\/covbcn"]}]}},"jetpack_sharing_enabled":true,"_links":{"self":[{"href":"https:\/\/www.covb.cat\/es\/wp-json\/wp\/v2\/tribe_events\/24655","targetHints":{"allow":["GET"]}}],"collection":[{"href":"https:\/\/www.covb.cat\/es\/wp-json\/wp\/v2\/tribe_events"}],"about":[{"href":"https:\/\/www.covb.cat\/es\/wp-json\/wp\/v2\/types\/tribe_events"}],"author":[{"embeddable":true,"href":"https:\/\/www.covb.cat\/es\/wp-json\/wp\/v2\/users\/106"}],"version-history":[{"count":0,"href":"https:\/\/www.covb.cat\/es\/wp-json\/wp\/v2\/tribe_events\/24655\/revisions"}],"wp:featuredmedia":[{"embeddable":true,"href":"https:\/\/www.covb.cat\/es\/wp-json\/wp\/v2\/media\/24652"}],"wp:attachment":[{"href":"https:\/\/www.covb.cat\/es\/wp-json\/wp\/v2\/media?parent=24655"}],"wp:term":[{"taxonomy":"post_tag","embeddable":true,"href":"https:\/\/www.covb.cat\/es\/wp-json\/wp\/v2\/tags?post=24655"},{"taxonomy":"tribe_events_cat","embeddable":true,"href":"https:\/\/www.covb.cat\/es\/wp-json\/wp\/v2\/tribe_events_cat?post=24655"}],"curies":[{"name":"wp","href":"https:\/\/api.w.org\/{rel}","templated":true}]}}