{"id":21665,"date":"2022-08-02T17:08:08","date_gmt":"2022-08-02T15:08:08","guid":{"rendered":"https:\/\/www.covb.cat\/formacio\/dacc-curs-inicial-sobre-els-aspectes-teorics-practics-i-legals-per-al-diagnostic-de-la-tuberculosi-bovina\/"},"modified":"2022-08-02T17:08:54","modified_gmt":"2022-08-02T15:08:54","slug":"dacc-curs-inicial-sobre-els-aspectes-teorics-practics-i-legals-per-al-diagnostic-de-la-tuberculosi-bovina","status":"publish","type":"tribe_events","link":"https:\/\/www.covb.cat\/es\/formacio\/dacc-curs-inicial-sobre-els-aspectes-teorics-practics-i-legals-per-al-diagnostic-de-la-tuberculosi-bovina\/","title":{"rendered":"DACC: Curs inicial sobre els aspectes te\u00f2rics, pr\u00e0ctics i legals per al diagn\u00f2stic de la tuberculosi bovina"},"content":{"rendered":"<div>L\u2019objectiu \u00e9s formar als professionals en aspectes de diagn\u00f2stic, d\u2019epidemiologia i mat\u00e8ries legals (normativa i programes oficials) de la tuberculosi bovina, aix\u00ed com, formar en la correcta realitzaci\u00f3 de la prova de camp, d\u2019acord amb el Programa normalitzat de treball. \u00c9s un curs\u00a0obligatori pels professionals que vulguin realitzar les proves de camp i pels professionals que hagin perdut l\u2019habilitaci\u00f3 i vulguin tornar a realitzar les proves.<\/div>\n<div><\/div>\n<div><strong><img loading=\"lazy\" decoding=\"async\" src=\"https:\/\/mcusercontent.com\/c131463000c5688473b8b34ba\/images\/cfe4f8bc-80fa-1d5d-527e-2befac108207.png\" width=\"28\" height=\"28\" data-file-id=\"5434670\" \/>\u00a0 DATA:<\/strong>\u00a024 i 27 d\u2019octubre del 2022<br \/>\n<img loading=\"lazy\" decoding=\"async\" src=\"https:\/\/mcusercontent.com\/c131463000c5688473b8b34ba\/images\/bd10ff7a-1dfd-4113-4bb0-a9e2f943df1b.png\" width=\"28\" height=\"28\" data-file-id=\"5434718\" \/>\u00a0\u00a0<strong>LLOC:<\/strong>\u00a0Col\u00b7legi oficial de veterinaris de Girona (part te\u00f2rica) i explotaci\u00f3 ramadera (part pr\u00e0ctica)<br \/>\n<strong><img loading=\"lazy\" decoding=\"async\" src=\"https:\/\/mcusercontent.com\/c131463000c5688473b8b34ba\/images\/463ff97e-1894-e557-ba75-58337dec7bc8.png\" width=\"28\" height=\"28\" data-file-id=\"5434662\" \/>\u00a0 PROGRAMA:\u00a0<\/strong>A principis de setembre s\u2019informar\u00e0 del programa i el proc\u00e9s d\u2019inscripci\u00f3.<\/div>\n","protected":false},"excerpt":{"rendered":"<p>L\u2019objectiu \u00e9s formar als professionals en aspectes de diagn\u00f2stic, d\u2019epidemiologia i mat\u00e8ries legals (normativa i programes oficials) de la tuberculosi bovina, aix\u00ed com, formar en la correcta realitzaci\u00f3 de la prova de camp, d\u2019acord amb el Programa normalitzat de treball. \u00c9s un curs\u00a0obligatori pels professionals que vulguin realitzar les proves de camp i pels professionals [&hellip;]<\/p>\n","protected":false},"author":106,"featured_media":11397,"template":"","meta":{"_monsterinsights_skip_tracking":false,"_monsterinsights_sitenote_active":false,"_monsterinsights_sitenote_note":"","_monsterinsights_sitenote_category":0,"footnotes":""},"tags":[150],"tribe_events_cat":[100],"class_list":["post-21665","tribe_events","type-tribe_events","status-publish","has-post-thumbnail","hentry","tag-no_formulari-es","tribe_events_cat-pequenos-animales","cat_pequenos-animales"],"yoast_head":"<!-- This site is optimized with the Yoast SEO plugin v27.0 - https:\/\/yoast.com\/product\/yoast-seo-wordpress\/ -->\n<title>DACC: Curs inicial sobre els aspectes te\u00f2rics, pr\u00e0ctics i legals per al diagn\u00f2stic de la tuberculosi bovina - COVB - Col\u00b7legi Oficial de Veterinaris de Barcelona<\/title>\n<meta name=\"description\" content=\"L\u2019objectiu \u00e9s formar als professionals en aspectes de diagn\u00f2stic, d\u2019epidemiologia i mat\u00e8ries legals (normativa i programes oficials) de la tuberculosi\" \/>\n<meta name=\"robots\" content=\"index, follow, max-snippet:-1, max-image-preview:large, max-video-preview:-1\" \/>\n<link rel=\"canonical\" href=\"https:\/\/www.covb.cat\/es\/formacio\/dacc-curs-inicial-sobre-els-aspectes-teorics-practics-i-legals-per-al-diagnostic-de-la-tuberculosi-bovina\/\" \/>\n<meta property=\"og:locale\" content=\"es_ES\" \/>\n<meta property=\"og:type\" content=\"article\" \/>\n<meta property=\"og:title\" content=\"DACC: Curs inicial sobre els aspectes te\u00f2rics, pr\u00e0ctics i legals per al diagn\u00f2stic de la tuberculosi bovina - COVB - Col\u00b7legi Oficial de Veterinaris de Barcelona\" \/>\n<meta property=\"og:description\" content=\"L\u2019objectiu \u00e9s formar als professionals en aspectes de diagn\u00f2stic, d\u2019epidemiologia i mat\u00e8ries legals (normativa i programes oficials) de la tuberculosi\" \/>\n<meta property=\"og:url\" content=\"https:\/\/www.covb.cat\/es\/formacio\/dacc-curs-inicial-sobre-els-aspectes-teorics-practics-i-legals-per-al-diagnostic-de-la-tuberculosi-bovina\/\" \/>\n<meta property=\"og:site_name\" content=\"COVB\" \/>\n<meta property=\"article:publisher\" content=\"https:\/\/www.facebook.com\/COVBcat\/\" \/>\n<meta property=\"article:modified_time\" content=\"2022-08-02T15:08:54+00:00\" \/>\n<meta property=\"og:image\" content=\"https:\/\/www.covb.cat\/wp-content\/uploads\/2021\/09\/tuberculosis_bovino.jpg\" \/>\n\t<meta property=\"og:image:width\" content=\"960\" \/>\n\t<meta property=\"og:image:height\" content=\"638\" \/>\n\t<meta property=\"og:image:type\" content=\"image\/jpeg\" \/>\n<meta name=\"twitter:card\" content=\"summary_large_image\" \/>\n<meta name=\"twitter:site\" content=\"@COVBcat\" \/>\n<meta name=\"twitter:label1\" content=\"Tiempo de lectura\" \/>\n\t<meta name=\"twitter:data1\" content=\"2 minutos\" \/>\n<script type=\"application\/ld+json\" class=\"yoast-schema-graph\">{\"@context\":\"https:\/\/schema.org\",\"@graph\":[{\"@type\":\"WebPage\",\"@id\":\"https:\/\/www.covb.cat\/es\/formacio\/dacc-curs-inicial-sobre-els-aspectes-teorics-practics-i-legals-per-al-diagnostic-de-la-tuberculosi-bovina\/\",\"url\":\"https:\/\/www.covb.cat\/es\/formacio\/dacc-curs-inicial-sobre-els-aspectes-teorics-practics-i-legals-per-al-diagnostic-de-la-tuberculosi-bovina\/\",\"name\":\"DACC: Curs inicial sobre els aspectes te\u00f2rics, pr\u00e0ctics i legals per al diagn\u00f2stic de la tuberculosi bovina - COVB - Col\u00b7legi Oficial de Veterinaris de Barcelona\",\"isPartOf\":{\"@id\":\"https:\/\/www.covb.cat\/es\/#website\"},\"primaryImageOfPage\":{\"@id\":\"https:\/\/www.covb.cat\/es\/formacio\/dacc-curs-inicial-sobre-els-aspectes-teorics-practics-i-legals-per-al-diagnostic-de-la-tuberculosi-bovina\/#primaryimage\"},\"image\":{\"@id\":\"https:\/\/www.covb.cat\/es\/formacio\/dacc-curs-inicial-sobre-els-aspectes-teorics-practics-i-legals-per-al-diagnostic-de-la-tuberculosi-bovina\/#primaryimage\"},\"thumbnailUrl\":\"https:\/\/www.covb.cat\/wp-content\/uploads\/2021\/09\/tuberculosis_bovino.jpg\",\"datePublished\":\"2022-08-02T15:08:08+00:00\",\"dateModified\":\"2022-08-02T15:08:54+00:00\",\"description\":\"L\u2019objectiu \u00e9s formar als professionals en aspectes de diagn\u00f2stic, d\u2019epidemiologia i mat\u00e8ries legals (normativa i programes oficials) de la tuberculosi\",\"breadcrumb\":{\"@id\":\"https:\/\/www.covb.cat\/es\/formacio\/dacc-curs-inicial-sobre-els-aspectes-teorics-practics-i-legals-per-al-diagnostic-de-la-tuberculosi-bovina\/#breadcrumb\"},\"inLanguage\":\"es\",\"potentialAction\":[{\"@type\":\"ReadAction\",\"target\":[\"https:\/\/www.covb.cat\/es\/formacio\/dacc-curs-inicial-sobre-els-aspectes-teorics-practics-i-legals-per-al-diagnostic-de-la-tuberculosi-bovina\/\"]}]},{\"@type\":\"ImageObject\",\"inLanguage\":\"es\",\"@id\":\"https:\/\/www.covb.cat\/es\/formacio\/dacc-curs-inicial-sobre-els-aspectes-teorics-practics-i-legals-per-al-diagnostic-de-la-tuberculosi-bovina\/#primaryimage\",\"url\":\"https:\/\/www.covb.cat\/wp-content\/uploads\/2021\/09\/tuberculosis_bovino.jpg\",\"contentUrl\":\"https:\/\/www.covb.cat\/wp-content\/uploads\/2021\/09\/tuberculosis_bovino.jpg\",\"width\":960,\"height\":638},{\"@type\":\"BreadcrumbList\",\"@id\":\"https:\/\/www.covb.cat\/es\/formacio\/dacc-curs-inicial-sobre-els-aspectes-teorics-practics-i-legals-per-al-diagnostic-de-la-tuberculosi-bovina\/#breadcrumb\",\"itemListElement\":[{\"@type\":\"ListItem\",\"position\":1,\"name\":\"Inici\",\"item\":\"https:\/\/www.covb.cat\/es\/\"},{\"@type\":\"ListItem\",\"position\":2,\"name\":\"Esdeveniments\",\"item\":\"https:\/\/www.covb.cat\/formacions\/\"},{\"@type\":\"ListItem\",\"position\":3,\"name\":\"DACC: Curs inicial sobre els aspectes te\u00f2rics, pr\u00e0ctics i legals per al diagn\u00f2stic de la tuberculosi bovina\"}]},{\"@type\":\"WebSite\",\"@id\":\"https:\/\/www.covb.cat\/es\/#website\",\"url\":\"https:\/\/www.covb.cat\/es\/\",\"name\":\"COVB\",\"description\":\"Col\u00b7legi Oficial de Veterinaris de Barcelona\",\"publisher\":{\"@id\":\"https:\/\/www.covb.cat\/es\/#organization\"},\"potentialAction\":[{\"@type\":\"SearchAction\",\"target\":{\"@type\":\"EntryPoint\",\"urlTemplate\":\"https:\/\/www.covb.cat\/es\/?s={search_term_string}\"},\"query-input\":{\"@type\":\"PropertyValueSpecification\",\"valueRequired\":true,\"valueName\":\"search_term_string\"}}],\"inLanguage\":\"es\"},{\"@type\":\"Organization\",\"@id\":\"https:\/\/www.covb.cat\/es\/#organization\",\"name\":\"COVB\",\"url\":\"https:\/\/www.covb.cat\/es\/\",\"logo\":{\"@type\":\"ImageObject\",\"inLanguage\":\"es\",\"@id\":\"https:\/\/www.covb.cat\/es\/#\/schema\/logo\/image\/\",\"url\":\"https:\/\/www.covb.cat\/wp-content\/uploads\/2018\/07\/favicon-covb.png\",\"contentUrl\":\"https:\/\/www.covb.cat\/wp-content\/uploads\/2018\/07\/favicon-covb.png\",\"width\":512,\"height\":512,\"caption\":\"COVB\"},\"image\":{\"@id\":\"https:\/\/www.covb.cat\/es\/#\/schema\/logo\/image\/\"},\"sameAs\":[\"https:\/\/www.facebook.com\/COVBcat\/\",\"https:\/\/x.com\/COVBcat\",\"https:\/\/www.youtube.com\/user\/covbcn\"]}]}<\/script>\n<!-- \/ Yoast SEO plugin. -->","yoast_head_json":{"title":"DACC: Curs inicial sobre els aspectes te\u00f2rics, pr\u00e0ctics i legals per al diagn\u00f2stic de la tuberculosi bovina - COVB - Col\u00b7legi Oficial de Veterinaris de Barcelona","description":"L\u2019objectiu \u00e9s formar als professionals en aspectes de diagn\u00f2stic, d\u2019epidemiologia i mat\u00e8ries legals (normativa i programes oficials) de la tuberculosi","robots":{"index":"index","follow":"follow","max-snippet":"max-snippet:-1","max-image-preview":"max-image-preview:large","max-video-preview":"max-video-preview:-1"},"canonical":"https:\/\/www.covb.cat\/es\/formacio\/dacc-curs-inicial-sobre-els-aspectes-teorics-practics-i-legals-per-al-diagnostic-de-la-tuberculosi-bovina\/","og_locale":"es_ES","og_type":"article","og_title":"DACC: Curs inicial sobre els aspectes te\u00f2rics, pr\u00e0ctics i legals per al diagn\u00f2stic de la tuberculosi bovina - COVB - Col\u00b7legi Oficial de Veterinaris de Barcelona","og_description":"L\u2019objectiu \u00e9s formar als professionals en aspectes de diagn\u00f2stic, d\u2019epidemiologia i mat\u00e8ries legals (normativa i programes oficials) de la tuberculosi","og_url":"https:\/\/www.covb.cat\/es\/formacio\/dacc-curs-inicial-sobre-els-aspectes-teorics-practics-i-legals-per-al-diagnostic-de-la-tuberculosi-bovina\/","og_site_name":"COVB","article_publisher":"https:\/\/www.facebook.com\/COVBcat\/","article_modified_time":"2022-08-02T15:08:54+00:00","og_image":[{"width":960,"height":638,"url":"https:\/\/www.covb.cat\/wp-content\/uploads\/2021\/09\/tuberculosis_bovino.jpg","type":"image\/jpeg"}],"twitter_card":"summary_large_image","twitter_site":"@COVBcat","twitter_misc":{"Tiempo de lectura":"2 minutos"},"schema":{"@context":"https:\/\/schema.org","@graph":[{"@type":"WebPage","@id":"https:\/\/www.covb.cat\/es\/formacio\/dacc-curs-inicial-sobre-els-aspectes-teorics-practics-i-legals-per-al-diagnostic-de-la-tuberculosi-bovina\/","url":"https:\/\/www.covb.cat\/es\/formacio\/dacc-curs-inicial-sobre-els-aspectes-teorics-practics-i-legals-per-al-diagnostic-de-la-tuberculosi-bovina\/","name":"DACC: Curs inicial sobre els aspectes te\u00f2rics, pr\u00e0ctics i legals per al diagn\u00f2stic de la tuberculosi bovina - COVB - Col\u00b7legi Oficial de Veterinaris de Barcelona","isPartOf":{"@id":"https:\/\/www.covb.cat\/es\/#website"},"primaryImageOfPage":{"@id":"https:\/\/www.covb.cat\/es\/formacio\/dacc-curs-inicial-sobre-els-aspectes-teorics-practics-i-legals-per-al-diagnostic-de-la-tuberculosi-bovina\/#primaryimage"},"image":{"@id":"https:\/\/www.covb.cat\/es\/formacio\/dacc-curs-inicial-sobre-els-aspectes-teorics-practics-i-legals-per-al-diagnostic-de-la-tuberculosi-bovina\/#primaryimage"},"thumbnailUrl":"https:\/\/www.covb.cat\/wp-content\/uploads\/2021\/09\/tuberculosis_bovino.jpg","datePublished":"2022-08-02T15:08:08+00:00","dateModified":"2022-08-02T15:08:54+00:00","description":"L\u2019objectiu \u00e9s formar als professionals en aspectes de diagn\u00f2stic, d\u2019epidemiologia i mat\u00e8ries legals (normativa i programes oficials) de la tuberculosi","breadcrumb":{"@id":"https:\/\/www.covb.cat\/es\/formacio\/dacc-curs-inicial-sobre-els-aspectes-teorics-practics-i-legals-per-al-diagnostic-de-la-tuberculosi-bovina\/#breadcrumb"},"inLanguage":"es","potentialAction":[{"@type":"ReadAction","target":["https:\/\/www.covb.cat\/es\/formacio\/dacc-curs-inicial-sobre-els-aspectes-teorics-practics-i-legals-per-al-diagnostic-de-la-tuberculosi-bovina\/"]}]},{"@type":"ImageObject","inLanguage":"es","@id":"https:\/\/www.covb.cat\/es\/formacio\/dacc-curs-inicial-sobre-els-aspectes-teorics-practics-i-legals-per-al-diagnostic-de-la-tuberculosi-bovina\/#primaryimage","url":"https:\/\/www.covb.cat\/wp-content\/uploads\/2021\/09\/tuberculosis_bovino.jpg","contentUrl":"https:\/\/www.covb.cat\/wp-content\/uploads\/2021\/09\/tuberculosis_bovino.jpg","width":960,"height":638},{"@type":"BreadcrumbList","@id":"https:\/\/www.covb.cat\/es\/formacio\/dacc-curs-inicial-sobre-els-aspectes-teorics-practics-i-legals-per-al-diagnostic-de-la-tuberculosi-bovina\/#breadcrumb","itemListElement":[{"@type":"ListItem","position":1,"name":"Inici","item":"https:\/\/www.covb.cat\/es\/"},{"@type":"ListItem","position":2,"name":"Esdeveniments","item":"https:\/\/www.covb.cat\/formacions\/"},{"@type":"ListItem","position":3,"name":"DACC: Curs inicial sobre els aspectes te\u00f2rics, pr\u00e0ctics i legals per al diagn\u00f2stic de la tuberculosi bovina"}]},{"@type":"WebSite","@id":"https:\/\/www.covb.cat\/es\/#website","url":"https:\/\/www.covb.cat\/es\/","name":"COVB","description":"Col\u00b7legi Oficial de Veterinaris de Barcelona","publisher":{"@id":"https:\/\/www.covb.cat\/es\/#organization"},"potentialAction":[{"@type":"SearchAction","target":{"@type":"EntryPoint","urlTemplate":"https:\/\/www.covb.cat\/es\/?s={search_term_string}"},"query-input":{"@type":"PropertyValueSpecification","valueRequired":true,"valueName":"search_term_string"}}],"inLanguage":"es"},{"@type":"Organization","@id":"https:\/\/www.covb.cat\/es\/#organization","name":"COVB","url":"https:\/\/www.covb.cat\/es\/","logo":{"@type":"ImageObject","inLanguage":"es","@id":"https:\/\/www.covb.cat\/es\/#\/schema\/logo\/image\/","url":"https:\/\/www.covb.cat\/wp-content\/uploads\/2018\/07\/favicon-covb.png","contentUrl":"https:\/\/www.covb.cat\/wp-content\/uploads\/2018\/07\/favicon-covb.png","width":512,"height":512,"caption":"COVB"},"image":{"@id":"https:\/\/www.covb.cat\/es\/#\/schema\/logo\/image\/"},"sameAs":["https:\/\/www.facebook.com\/COVBcat\/","https:\/\/x.com\/COVBcat","https:\/\/www.youtube.com\/user\/covbcn"]}]}},"jetpack_sharing_enabled":true,"_links":{"self":[{"href":"https:\/\/www.covb.cat\/es\/wp-json\/wp\/v2\/tribe_events\/21665","targetHints":{"allow":["GET"]}}],"collection":[{"href":"https:\/\/www.covb.cat\/es\/wp-json\/wp\/v2\/tribe_events"}],"about":[{"href":"https:\/\/www.covb.cat\/es\/wp-json\/wp\/v2\/types\/tribe_events"}],"author":[{"embeddable":true,"href":"https:\/\/www.covb.cat\/es\/wp-json\/wp\/v2\/users\/106"}],"version-history":[{"count":0,"href":"https:\/\/www.covb.cat\/es\/wp-json\/wp\/v2\/tribe_events\/21665\/revisions"}],"wp:featuredmedia":[{"embeddable":true,"href":"https:\/\/www.covb.cat\/es\/wp-json\/wp\/v2\/media\/11397"}],"wp:attachment":[{"href":"https:\/\/www.covb.cat\/es\/wp-json\/wp\/v2\/media?parent=21665"}],"wp:term":[{"taxonomy":"post_tag","embeddable":true,"href":"https:\/\/www.covb.cat\/es\/wp-json\/wp\/v2\/tags?post=21665"},{"taxonomy":"tribe_events_cat","embeddable":true,"href":"https:\/\/www.covb.cat\/es\/wp-json\/wp\/v2\/tribe_events_cat?post=21665"}],"curies":[{"name":"wp","href":"https:\/\/api.w.org\/{rel}","templated":true}]}}