{"id":657,"date":"2019-12-17T10:14:31","date_gmt":"2019-12-17T09:14:31","guid":{"rendered":"https:\/\/www.covb.cat\/?page_id=657"},"modified":"2026-03-31T12:21:39","modified_gmt":"2026-03-31T10:21:39","slug":"agenda-publica","status":"publish","type":"page","link":"https:\/\/www.covb.cat\/es\/colegio\/agenda-publica\/","title":{"rendered":"Agenda p\u00fablica de la Junta de Gobierno"},"content":{"rendered":"<h3><strong>AGENDA<\/strong><\/h3>\n<div class=\"row mb-5\">\n<div class=\"col-4 col-xs-12\">\n<link href=\"\/\/maxcdn.bootstrapcdn.com\/bootstrap\/4.0.0\/css\/bootstrap.min.css\" rel=\"stylesheet\" id=\"bootstrap-css\">\n<link rel=\"stylesheet\" href=\"\/\/code.jquery.com\/ui\/1.12.1\/themes\/base\/jquery-ui.css\">\n<link rel=\"stylesheet\" href=\"\/wp-content\/themes\/covb\/css\/zabuto_calendar.css?v=3\">\n<script src=\"https:\/\/code.jquery.com\/jquery-1.12.4.js\"><\/script>\n<script src=\"https:\/\/code.jquery.com\/ui\/1.12.1\/jquery-ui.js\"><\/script>\n<style>\n    .cnt_home_filters_checkbox {\n        margin-top: 10px;\n        margin-bottom: 30px;\n    }\n\n    .cnt_home_filters_title {\n        background: transparent;\n        padding: 6px;\n        text-align: left;\n        text-transform: uppercase;\n        font-weight: bold;\n    }\n\n    #overlay {\n        position: fixed;\n        display: none;\n        width: 100%;\n        height: 100%;\n        top: 0;\n        left: 0;\n        right: 0;\n        bottom: 0;\n        background-color: rgba(0, 0, 0, 0.5);\n        z-index: 10;\n        cursor: pointer;\n        text-align: center;\n        padding-top: 100px;\n        color: #FCC92E;\n        font-weight: bold;\n        font-size: 80px;\n        z-index: 999999;\n    }\n<\/style>\n<div class=\"row\">\n    <div class=\"col-lg-12 col-md-12 col-sm-12 col-xs-12\">\n        <div class=\"cnt_home_filters_title\">Busca por fecha<\/div>\n        <div id=\"my-calendar\"><\/div>\n    <\/div>\n<\/div>\n\n<script src=\"\/wp-content\/themes\/covb\/js\/zabuto_calendar.js\"><\/script>\n<script>\n    var eventData = [{\"date\":\"2023-03-01\",\"badge\":false,\"title\":\"Assist\\u00e8ncia acte inauguraci\\u00f3 PORCIFORUM. Ricard Par\\u00e9s com a President del CCVC\"},{\"date\":\"2023-03-13\",\"badge\":false,\"title\":\"Reuni\\u00f3 de la Fundaci\\u00f3 Agr\\u00edcola Catalana\"},{\"date\":\"2023-03-22\",\"badge\":false,\"title\":\"Signatura Conveni Banc de Sabadell\"},{\"date\":\"2023-03-29\",\"badge\":false,\"title\":\"Reuni\\u00f3 Junta de Govern\"},{\"date\":\"2023-03-31\",\"badge\":false,\"title\":\"Jornada sobre bioseguretat \\u2013 Mercat del Ram patrocinada pel Consell \\u2013 intervenci\\u00f3 d\\u2019Anna Romagosa a la pon\\u00e8ncia sobre bioseguretat\"},{\"date\":\"2023-04-01\",\"badge\":false,\"title\":\"Inauguraci\\u00f3n Mercat del Ram - Vic\"},{\"date\":\"2023-04-13\",\"badge\":false,\"title\":\"Acto de ingreso Acad\\u00e9mico N\\u00famerario electo\"},{\"date\":\"2023-04-13\",\"badge\":false,\"title\":\"Grupo de trabajo de porcino \\u2013 Consell\"},{\"date\":\"2023-04-19\",\"badge\":false,\"title\":\"Reuni\\u00f3n Asociaci\\u00f3n Veterinarios Municipales (CCVC)\"},{\"date\":\"2023-04-21\",\"badge\":false,\"title\":\"Asistencia al XXII Congreso de Especialidades Veterinarias\"},{\"date\":\"2023-04-25\",\"badge\":false,\"title\":\"Permanente del Consejo de Colegios Veterinarios de Catalu\\u00f1a. Ricard Par\\u00e9s, presidente del CCVC y vicepresidente del COVB\"},{\"date\":\"2023-04-27\",\"badge\":false,\"title\":\"Reuni\\u00f3n Junta de Gobierno\"},{\"date\":\"2023-04-26\",\"badge\":false,\"title\":\"Concierto de primavera del COVB\"},{\"date\":\"2023-05-31\",\"badge\":false,\"title\":\"Asamblea General Ordinaria del COVB\"},{\"date\":\"2023-05-17\",\"badge\":false,\"title\":\"Academia de Ciencias Veterinarias de Catalu\\u00f1a - Acad\\u00e9mico de Honor Jacinto Corbella y Corbella\"},{\"date\":\"2023-05-19\",\"badge\":false,\"title\":\"Asamblea General de Presidentes del CGCVE\"},{\"date\":\"2023-05-20\",\"badge\":false,\"title\":\"Centenario de la Organizaci\\u00f3n Colegial Veterinaria\"},{\"date\":\"2023-05-19\",\"badge\":false,\"title\":\"Acto de nombramiento de Presidente de Honor del Consejo General de Colegios Veterinarios de Espa\\u00f1a a D. Juan Jos\\u00e9 Badiola Diez\"},{\"date\":\"2023-06-11\",\"badge\":false,\"title\":\"II Torneo de P\\u00e1del del COVB\"},{\"date\":\"2023-06-08\",\"badge\":false,\"title\":\"ACVC - Sesi\\u00f3n p\\u00fablica extraordinaria en Lleida para la recepci\\u00f3n como Acad\\u00e9mico Numerario de: Dr. Lorenzo Fraile Sauce\"},{\"date\":\"2023-06-13\",\"badge\":false,\"title\":\"Jornada T\\u00e9cnica - PINSOS SANT ANTONI\"},{\"date\":\"2023-06-20\",\"badge\":false,\"title\":\"Junta de Gobierno\"},{\"date\":\"2023-06-29\",\"badge\":false,\"title\":\"Reuni\\u00f3n COVB con Grupo As\\u00eds\"},{\"date\":\"2023-07-05\",\"badge\":false,\"title\":\"Reuni\\u00f3n Canigat | Ricard Par\\u00e9s\"},{\"date\":\"2023-07-13\",\"badge\":false,\"title\":\"Reuni\\u00f3n Ricard Par\\u00e9s con CoDiNuCat\"},{\"date\":\"2023-07-15\",\"badge\":false,\"title\":\"Asamblea de presidentes en Madrid\"},{\"date\":\"2023-07-25\",\"badge\":false,\"title\":\"Junta de Gobierno\"},{\"date\":\"2023-10-21\",\"badge\":false,\"title\":\"IMPULS_VET . II Jornada Profesional de la Veterinaria de Barcelona\"},{\"date\":\"2023-10-04\",\"badge\":false,\"title\":\"San Francisco de As\\u00eds 2023\"},{\"date\":\"2023-09-17\",\"badge\":false,\"title\":\"II Jornada por el Mediambiente del COVB\"},{\"date\":\"2023-11-04\",\"badge\":false,\"title\":\"Elecciones - COVB 2023\"},{\"date\":\"2023-11-25\",\"badge\":false,\"title\":\"D\\u00eda del perro gu\\u00eda\"},{\"date\":\"2023-11-27\",\"badge\":false,\"title\":\"IV Encuentro intercolegial de Profesionales J\\u00f3venes\"},{\"date\":\"2023-12-20\",\"badge\":false,\"title\":\"Asamblea General Ordinaria del COVB\"},{\"date\":\"2023-12-18\",\"badge\":false,\"title\":\"Junta de Gobierno\"},{\"date\":\"2024-01-24\",\"badge\":false,\"title\":\"Barcelona Activa; Els animals de companyia t'ofereixen feina\"},{\"date\":\"2024-01-29\",\"badge\":false,\"title\":\"Junta de Gobierno del COVB\"}];\n\n    \/*[{    \"date\": \"2021-07-19\",\n            \"badge\": true,\n            \"title\": \"Example 1\"\n        },\n        {\n            \"date\": \"2021-07-24\",\n            \"badge\": true,\n            \"title\": \"Example 2\"\n        }\n    ];*\/\n    var current_selected_date = \"\";\n    var current_selected_category = \"\";\n\n    $(document).ready(function() {\n        $(\"#my-calendar\").zabuto_calendar({\n            today: true,\n            data: eventData,\n            action: function() {\n                myDateFunction(this.id);\n            }\n        });\n        var initial_id = $('.badge-today').parent().parent().attr('id');\n        current_selected_date = $(\"#\" + initial_id).data(\"date\");\n    });\n\n    function myDateFunction(id) {\n        var date = $(\"#\" + id).data(\"date\");\n        current_selected_date = date;\n        var hasEvent = $(\"#\" + id).data(\"hasEvent\");\n        cnt_refresh_activities(date, current_selected_category, 0);\n    }\n\n    function cnt_filter_category(id) {\n        $('.cnt_home_category').css('font-weight', '400');\n        $('#cnt_home_category_' + id).css('font-weight', 'bold');\n        current_selected_category = id;\n        cnt_refresh_activities(current_selected_date, id, 0);\n    }\n\n    function cnt_refresh_activities(date, category, permanent) {\n        jQuery('#overlay').show();\n        var ajaxurl = 'https:\/\/www.covb.cat\/wp-admin\/admin-ajax.php';\n        var cnt_permanentes = $('#cnt_permanentes').is(\":checked\");\n        jQuery.ajax({\n            type: \"post\",\n            url: ajaxurl,\n            data: {\n                action: \"cnt_search_events_compacted\",\n                date: current_selected_date,\n                categoria: 301,\n                permanent: cnt_permanentes\n            },\n            error: function(response) {\n                jQuery('#overlay').hide();\n                console.log('Error');\n            },\n            success: function(response) {\n                jQuery('#cnt_content_events_list').html(response);\n                jQuery('#overlay').hide();\n            }\n        })\n    }\n    \/\/https:\/\/github.com\/zabuto\/calendar\n    \/\/https:\/\/www.zabuto.com\/dev\/calendar\/examples\/show_data.html\n<\/script><\/div>\n<div class=\"col-8 col-xs-12 pt-2 pb-2\" style=\"background: #f8f8f8;\"><style>\n    .event-list {\n        width: 100%;\n    }\n\n    .event-list .event-item {\n        background-color: #ffffff;\n        border-radius: 8px;\n        box-shadow: 0px 0px 10px 0px rgba(82, 63, 105, 0.3);\n        -webkit-box-shadow: 0px 0px 10px 0px rgba(82, 63, 105, 0.3);\n        -moz-box-shadow: 0px 0px 10px 0px rgba(82, 63, 105, 0.3);\n        -ms-box-shadow: 0px 0px 10px 0px rgba(82, 63, 105, 0.3);\n        margin: 0;\n        cursor: pointer;\n        height: 350px;\n    }\n\n    .event-list .event-item:hover {\n        box-shadow: 0px 0px 30px 0px rgba(82, 63, 105, 0.5);\n        -webkit-box-shadow: 0px 0px 30px 0px rgba(82, 63, 105, 0.5);\n        -moz-box-shadow: 0px 0px 30px 0px rgba(82, 63, 105, 0.5);\n        -ms-box-shadow: 0px 0px 30px 0px rgba(82, 63, 105, 0.5);\n    }\n\n    .event-list .event-item-detail { \n        padding: 1rem;\n    }\n\n    .event-list .event-item.featured {\n        border: 1.5px solid #68cbd7;\n    }\n\n    .event-list .event-item .event-schedule {\n        color: #3c4142;\n        margin-bottom: 0.625rem;\n    }\n\n    .event-list .event-item .event-schedule .event-icon {\n        stroke-width: 1px;\n        width: 1.125rem;\n        height: 1.125rem;\n        margin: 0.3875rem 1rem 0 0;\n    }\n\n    .event-list .event-item .event-schedule .event-day {\n        font-size: 30px;\n        font-weight: 200;\n        margin-right: 1rem;\n        line-height: 100%;\n    }\n\n    .event-list .event-item .event-schedule .event-month-time {\n        font-weight: 200;\n        font-size: 13px;\n        display: flex;\n        line-height: 118%;\n        flex-direction: column;\n        justify-content: center;\n    }\n\n    .event-list .event-item .event-schedule .event-month-time span {\n        display: block;\n        text-transform: uppercase;\n    }\n\n    .event-list .event-item .event-title {\n        display: block;\n        margin-bottom: 0.625rem;\n        color: #3c4142;\n        height: 40px;\n        font-weight: bold;\n        font-size: 1em;\n    }\n\n    .event-list .event-item .event-title:hover {\n        color: #FAD404;\n        text-decoration: none;\n    }\n\n    .event-list .event-item .event-content {\n        color: #b1bac5;\n        margin-bottom: 0.625rem;\n        font-size: 15px;\n        font-weight: 300;\n        height: 71px;\n    }\n\n    .event-list .event-item .event-price {\n        color: #000;\n        margin-bottom: 0.625rem;\n        font-size: 12px;\n        font-weight: 300;\n        bottom: 0;\n        position: absolute;\n        right: 10px;\n        text-align: right;\n        display: block;\n    }\n\n    .event-list .event-item .event-venue {\n        color: #b1bac5;\n        margin-bottom: 0.625rem;\n        font-size: 12px;\n        font-weight: 300;\n    }\n\n    .event-list .event-item .event-participants {\n        padding: 0;\n        margin: 0;\n    }\n\n    .event-list .event-item .event-participants .event-user {\n        width: 48px;\n        cursor: pointer;\n        display: flex;\n        align-items: center;\n        justify-content: center;\n        border-radius: 50%;\n        border: 2px solid #ffffff;\n    }\n\n    .event-list .event-item .event-participants .event-user .event-user-inital {\n        font-size: 13px;\n        line-height: 100%;\n    }\n\n    .event-list .event-item .event-participants {\n        display: flex !important;\n    }\n\n    .event-list .event-item .event-participants .event-user .event-user-pic {\n        width: 100%;\n        border-radius: 50%;\n    }\n\n    .event-list .event-item .event-participants li+li {\n        margin-left: -10px;\n    }\n\n    .event-list .event-item .event-participants {\n        flex-direction: row !important;\n    }\n\n    .event-list .event-item .event-participants {\n        padding: 0;\n        margin: 0;\n    }\n\n    .bg-soft-primary {\n        background-color: #dce3fa;\n    }\n\n    .bg-soft-danger {\n        background-color: #fedce0;\n    }\n\n    .bg-soft-info {\n        background-color: #d7efff;\n    }\n\n    .bg-soft-success {\n        background-color: #d1f6f2;\n    }\n\n    .event-list .event-item .event-schedule,\n    .event-list .event-item .event-participants {\n        display: flex !important;\n    }\n\n    .owl-prev {\n        width: 100px;\n        height: 100%;\n        position: absolute;\n        top: 0;\n        margin-left: 0;\n        display: block !important;\n        background-image: linear-gradient(to right, #F4F7FD, transparent) !important;\n    }\n\n    .owl-prev .owl-nav-wrapper {\n        width: 40px;\n        height: 40px;\n        border-radius: 50%;\n        display: flex;\n        align-items: center;\n        justify-content: center;\n    }\n\n    .owl-prev .owl-nav-wrapper svg,\n    .owl-prev .owl-nav-wrapper i {\n        color: #ffffff;\n        width: 20px;\n        height: 20px;\n    }\n\n    .owl-next {\n        width: 100px;\n        height: 100%;\n        position: absolute;\n        top: 0;\n        right: 0;\n        display: block !important;\n        background-image: linear-gradient(to right, transparent, #F4F7FD) !important;\n    }\n\n    .owl-next .owl-nav-wrapper {\n        width: 40px;\n        height: 40px;\n        border-radius: 50%;\n        display: flex;\n        align-items: center;\n        justify-content: center;\n        margin-left: auto;\n    }\n\n    .owl-next .owl-nav-wrapper svg,\n    .owl-next .owl-nav-wrapper i {\n        color: #ffffff;\n        width: 20px;\n        height: 20px;\n    }\n\n    .owl-dots {\n        text-align: center;\n        margin-top: .5rem;\n    }\n\n    .owl-dots .owl-dot {\n        width: 10px;\n        height: 10px;\n        border-radius: 100%;\n        background: #cbcbcb !important;\n        margin-right: 5px;\n        display: inline-block;\n    }\n\n    .owl-dots .owl-dot.active {\n        background: #757575 !important;\n    }\n\n    .text-primary,\n    .task-list-wrapper .completed .remove {\n        color: #4e73e5 !important;\n    }\n\n    a:hover {\n        color: #0056b3;\n        text-decoration: none;\n    }\n\n    .tribe-events-c-messages__message {\n        display: none !important;\n    }\n\n    .tribe-events-widget-events-month__view-more {\n        display: none;\n    }\n\n    .price_before {\n        color: #bbc2d3;\n        text-decoration: line-through;\n        font-size: 1.1em;\n    }\n\n    .price_now {\n        color: #2a2a32;\n        font-size: 1.1em;\n        font-weight: bold;\n    }\n<\/style><div id='cnt_content_events_list' class='col-xs-12'><h4 class=\"mb-4\">\n    s\u00e1bado, 2 de mayo de 2026<\/h4>\n    <div>No se ha encontrado ninguna actividad para esta fecha.<\/div>\n<div id=\"overlay\"><i class=\"fa fa-circle-o-notch fa-spin\"><\/i><\/div><\/div><\/div>\n<\/div>\n<h2><strong>A\u00d1O 2026<\/strong><\/h2>\n<p><strong>ENERO<\/strong><\/p>\n<ul>\n<li>07-01-26\u00a0 \u00a0 \u00a0 \u00a0 \u00a0 Seguiment COVB<\/li>\n<li>08-01-26\u00a0 \u00a0 \u00a0 \u00a0 \u00a0Reuni\u00f3 Consell PPA<\/li>\n<li>13-01-26 \u00a0\u00a0\u00a0\u00a0\u00a0\u00a0\u00a0\u00a0 Reuni\u00f3 Consell<\/li>\n<li>13-01-26\u00a0 \u00a0 \u00a0 \u00a0 \u00a0 Reuni\u00f3 Consell-ERC<\/li>\n<li>13-01-26 \u00a0\u00a0\u00a0\u00a0\u00a0\u00a0\u00a0 \u00a0Permanent Consell<\/li>\n<li>14-01-26 \u00a0\u00a0\u00a0\u00a0\u00a0\u00a0\u00a0\u00a0 Reuni\u00f3 COVB-Intercol\u00b7legial<\/li>\n<li>14-01-26 \u00a0\u00a0\u00a0\u00a0\u00a0\u00a0\u00a0 \u00a0Reuni\u00f3 Fedefarma<\/li>\n<li>15-01-26 \u00a0\u00a0\u00a0\u00a0\u00a0\u00a0\u00a0\u00a0 Reuni\u00f3 Presidents Col\u00b7legis-UVIC<\/li>\n<li>19-01-26 \u00a0\u00a0\u00a0\u00a0\u00a0\u00a0\u00a0\u00a0 Reuni\u00f3 Comit\u00e8 Crisis\u00a0 -Medicaments-<\/li>\n<li>20-01-26 \u00a0\u00a0\u00a0\u00a0\u00a0\u00a0\u00a0\u00a0 Seguiment COVB<\/li>\n<li>21-01-26 \u00a0\u00a0\u00a0\u00a0\u00a0\u00a0\u00a0\u00a0 Reuni\u00f3 PPA \u2013 DARP<\/li>\n<li>26-01-26 \u00a0\u00a0\u00a0\u00a0\u00a0\u00a0\u00a0\u00a0 Junta Govern COVB<\/li>\n<li>27-01-26 \u00a0\u00a0\u00a0\u00a0\u00a0\u00a0\u00a0\u00a0 Seguiment COVB<\/li>\n<\/ul>\n<p>&nbsp;<\/p>\n<p><strong>FEBRERO:<\/strong><\/p>\n<ul>\n<li>03-02-2026 Seguimiento COVB<\/li>\n<li>03-02-2026 Reuni\u00f3n Inform\u00e1ticos COVB<\/li>\n<li>03-02-2026 Reuni\u00f3n Salud P\u00fablica<\/li>\n<li>03-02-2026 Comit\u00e9 de Crisis<\/li>\n<li>04-02-2026 Seguimiento COVB<\/li>\n<li>05-02-2026 Reuni\u00f3n PPA<\/li>\n<li>09-02-2026 Seguimiento COVB<\/li>\n<li>09-02-2026 Reuni\u00f3n Departamento Jur\u00eddico COVB<\/li>\n<li>10-02-2026 Reuni\u00f3n Consejo de Colegios Veterinarios de Catalu\u00f1a<\/li>\n<li>10-02-2026 Seguimiento COVB<\/li>\n<li>12-02-2026 Reuni\u00f3n Comit\u00e9 de Nutrici\u00f3n y Producci\u00f3n del COVB<\/li>\n<li>16-02-2026 Sesi\u00f3n inaugural de la Academia de Ciencias Veterinarias de Catalu\u00f1a<\/li>\n<li>17-02-2026 Seguimiento COVB<\/li>\n<li>18-02-2026 Reuni\u00f3n PPA<\/li>\n<li>19-02-2026 Jornada UAB JOV\u2019S<\/li>\n<li>23-02-2026 Reuni\u00f3n Junta de Gobierno del COVB<\/li>\n<li>24-02-2026 Seguimiento COVB<\/li>\n<li>24-02-2026 Reuni\u00f3n Permanente del CCVC<\/li>\n<li>26-02-2026 Entrega de distinci\u00f3n de entidad centenaria Ayuntamiento de Barcelona<\/li>\n<\/ul>\n<p>&nbsp;<\/p>\n<p><strong>MARZO:<\/strong><\/p>\n<ul>\n<li>03-03-26 Seguimiento COVB<\/li>\n<li>03-03-26 Reuni\u00f3n PPA<\/li>\n<li>03-03-26 Reuni\u00f3n Gestor\u00eda<\/li>\n<li>03-03-26 Plenario Consejo<\/li>\n<li>04-03-26 Reuni\u00f3n Comit\u00e9 Crisis RD666\/23<\/li>\n<li>09-03-26 Reuni\u00f3n DARPA<\/li>\n<li>12-03-26 Seguimiento COVB<\/li>\n<li>17-03-26 Seguimiento COVB<\/li>\n<li>23-03-26 Reuni\u00f3n Junta de Gobierno COVB<\/li>\n<li>24-03-26 Seguimiento COVB<\/li>\n<li>24-03-26 Permanente Consejo<\/li>\n<li>25-03-26 Reuni\u00f3n UAB Veterinarios Dermatosis<\/li>\n<\/ul>\n<h2><\/h2>\n<h2><strong>A\u00d1O 2025<\/strong><\/h2>\n<p><strong>ENERO<\/strong><\/p>\n<ul>\n<li>03\/01\/2025 Reuni\u00f3n seguimiento COVB<\/li>\n<li>09\/01\/2025 Reuni\u00f3n SR. Cuevillas-Abogados<\/li>\n<li>14\/01\/2025 Visita Drassanes \u2013 125 a\u00f1os COVB<br \/>\nReuni\u00f3n COVB \/ Smedical-Analitzadors<\/li>\n<li>16\/01\/2025 Reuni\u00f3n Fundaci\u00f3n Galatea<br \/>\nReuni\u00f3n Permanente CCVC<\/li>\n<li>18\/01\/2025 Reuni\u00f3n Colegio Vizcaya<\/li>\n<li>21\/01\/2025 Reuni\u00f3n seguimiento COVB<\/li>\n<li>22\/01\/2025 Reuni\u00f3n 125 a\u00f1os COVB<\/li>\n<li>27\/01\/2025 Junta Gobierno COVB<br \/>\nReuni\u00f3n CGCVE<\/li>\n<li>28\/01\/2025 Reuni\u00f3n Mili Voltes CCVC<\/li>\n<li>31\/01\/2025 Entrevista TV3<\/li>\n<\/ul>\n<p>&nbsp;<\/p>\n<p><strong>FEBRERO<\/strong><\/p>\n<ul>\n<li>02\/02\/2025 Manifestaci\u00f3n RD666\/23<\/li>\n<li>03\/02\/2025 Entrevista COVB con RTVE<\/li>\n<li>04\/02\/2025 Reuni\u00f3n Departamento Transici\u00f3n Ecol\u00f3gica<\/li>\n<li>05\/02\/2025 Entrevista Radio Barber\u00e0<br \/>\nReuni\u00f3n Seguimiento COVB<br \/>\nSesi\u00f3n Medicamentos Veterinarios<\/li>\n<li>12\/02\/2025 Reuni\u00f3n con el sr. Puigdollas de Geopork<\/li>\n<li>13\/02\/2025 Jornada J\u00f3venes en la UAB<\/li>\n<li>14\/02\/2025 Asamblea externa con los Presidentes del CGVE<\/li>\n<li>18\/02\/2025 Reuni\u00f3n Salud P\u00fablica<br \/>\nReuni\u00f3n Comit\u00e9 Nutrici\u00f3n &#8211; Producci\u00f3n<br \/>\nReuni\u00f3n 125 a\u00f1os COVB<\/li>\n<li>21\/02\/2025 Reuni\u00f3n Joan Capdevila<br \/>\nReuni\u00f3n Asociaciones \u2013 hoja de ruta RD666\/23<\/li>\n<li>24\/02\/2025 Reuni\u00f3n Consejo Madrid CGCVE<br \/>\nReuni\u00f3n Junta Gobierno<\/li>\n<li>26\/02\/2025 Reuni\u00f3n Permanente Consejo<br \/>\nReuni\u00f3n DARP<\/li>\n<li>28\/02\/2025 Reuni\u00f3n 125 a\u00f1os COVB<\/li>\n<\/ul>\n<p>&nbsp;<\/p>\n<p><strong>MARZO<\/strong><\/p>\n<ul>\n<li>04\/03\/2025 Reuni\u00f3n seguimiento COVB<br \/>\nReuni\u00f3n Plenario CCVC<br \/>\nReuni\u00f3n Diputados VOX Madrid<\/li>\n<li>05\/03\/2025 Manifestaci\u00f3n RD666\/23 en Madrid<br \/>\nReuni\u00f3n Congreso \u2013 CEVE \u2013 FESVET<\/li>\n<li>06\/03\/2025 Reuni\u00f3n Diputados Socialistas Madrid<\/li>\n<li>11\/03\/2025 Reuni\u00f3n Secretar\u00eda del Estado Sanidad (Madrid)<\/li>\n<li>12\/03\/2025 Reuni\u00f3n FESVET<\/li>\n<li>13\/03\/2025 Reuni\u00f3n 125 a\u00f1os COVB<\/li>\n<li>14\/03\/2025 Reuni\u00f3n Vetwarriors y Vetsunidos<\/li>\n<li>17\/03\/2025 Reuni\u00f3n Junta Gobierno<\/li>\n<li>18\/03\/2025 Permanente CCVC<br \/>\nReuni\u00f3n SR. Puigdollers de Gepork<\/li>\n<li>20\/03\/2025 Reuni\u00f3n seguimiento COVB<br \/>\nReuni\u00f3n Inform\u00e1ticos<\/li>\n<li>24\/03\/2025 Reuni\u00f3n Especialistas Veterinarios<\/li>\n<li>25\/03\/2025 Reuni\u00f3n Juntos en el Parlament<br \/>\nReuni\u00f3n seguimiento COVB<\/li>\n<li>28\/03\/2025 Reuni\u00f3n Medicorasse<br \/>\nReuni\u00f3n Vetwarriors y Vetsunidos<br \/>\nReuni\u00f3n comunicaci\u00f3n COVB<\/li>\n<li>31\/03\/2025 Reuni\u00f3n Junta Gobierno<\/li>\n<\/ul>\n<p>&nbsp;<\/p>\n<p><strong>ABRIL<\/strong><\/p>\n<ul>\n<li>01\/04\/2025 Reuni\u00f3n con la diputada Etna Estrems de ERC<\/li>\n<li>02\/04\/2025 Reuni\u00f3n FAADA<br \/>\nReuni\u00f3n seguimiento COVB<br \/>\nReuni\u00f3n Secretar\u00eda General DARP<\/li>\n<li>04\/04\/2025 Reuni\u00f3n con M\u00aa \u00c0ngels Calvo<br \/>\nReuni\u00f3n 125 a\u00f1os COVB<br \/>\nReuni\u00f3n Vetwarriors y Vetsunidos<\/li>\n<li>07\/04\/2025 Reuni\u00f3n SR.<\/li>\n<li>08\/04\/2025 Reuni\u00f3n seguimiento COVB<br \/>\nReuni\u00f3n en el Parlamento con el Grupo Socialista<\/li>\n<li>10\/04\/2025 Mesa Fomento<\/li>\n<li>15\/04\/2025 Reuni\u00f3n con M\u00aa \u00c0ngels Calvo<br \/>\nReuni\u00f3n seguimiento COVB<\/li>\n<li>16\/04\/2025 Reuni\u00f3n Allianz<\/li>\n<li>22\/04\/2025 Reuni\u00f3n UGT<\/li>\n<li>25\/04\/2025 Reuni\u00f3n Gospital<\/li>\n<li>28\/04\/2025 Reuni\u00f3n Junta Gobierno<\/li>\n<\/ul>\n<p>&nbsp;<\/p>\n<p><strong>MAYO<\/strong><\/p>\n<ul>\n<li>05\/05\/25 Reuni\u00f3n Gabinete Crisis Medicamentos<\/li>\n<li>06\/05\/25 Reuni\u00f3n DARP<\/li>\n<li>06\/05\/25\u00a0Reuni\u00f3n Vetwarrios \u2013 Vetsunidos<\/li>\n<li>06\/05\/25\u00a0Reuni\u00f3n Banco Sabadell<\/li>\n<li>06\/05\/25 Reuni\u00f3n Permanente del CCVC<\/li>\n<li>10\/05\/25 Paseo con Perros en Barcelona<\/li>\n<li>12\/05\/25 Reuni\u00f3n Gabinete Crisis Medicamentos<\/li>\n<li>12\/05\/25\u00a0Reuni\u00f3n CCVC<\/li>\n<li>12\/05\/25\u00a0Reuni\u00f3n DARP<\/li>\n<li>12\/05\/25\u00a0Reuni\u00f3n Junta de Gobierno COVB<\/li>\n<li>13\/05\/25 Seguimiento COVB<\/li>\n<li>15\/05\/25 Reuni\u00f3n Vetwarrios y Vetsunidos<\/li>\n<li>15\/05\/25\u00a0Reuni\u00f3n celebraci\u00f3n 125 a\u00f1os COVB<\/li>\n<li>19\/05\/25 Reuni\u00f3n Gabinete Crisis Medicamentos<\/li>\n<li>20\/05\/25 Reuni\u00f3n Vetwarrios y Vetsunidos<\/li>\n<li>20\/05\/25\u00a0Reuni\u00f3n ERC<\/li>\n<li>21\/05\/25 Reuni\u00f3n Consejo de M\u00e9dicos de Catalu\u00f1a<\/li>\n<li>21\/05\/25\u00a0Seguimiento COVB<\/li>\n<li>26\/05\/25 Reuni\u00f3n Gabinete Crisis<\/li>\n<li>27\/05\/25 Reuni\u00f3n Consejo de Farmac\u00e9uticos de Catalu\u00f1a<\/li>\n<li>28\/05\/25 Reuni\u00f3n Auditor\u00eda COVB<\/li>\n<li>28\/05\/25\u00a0Seguimiento COVB<\/li>\n<\/ul>\n<p>&nbsp;<\/p>\n<p><strong>JUNIO<\/strong><\/p>\n<ul>\n<li>03\/06\/25 Entrevista TVE2<\/li>\n<li>05\/06\/25 Plenario del CCVC<\/li>\n<li>10\/06\/25 Reuni\u00f3n COMB<\/li>\n<li>11\/06\/25 Charla COVB por Daniel Gim\u00e9nez -inauguraci\u00f3n-<\/li>\n<li>11\/06\/25 Reuni\u00f3n con la Sra. Ana M\u00aa Catal\u00e1n, coordinadora de la Unidad de Apoyo de la Direcci\u00f3n General de Derechos de los Animales.<\/li>\n<li>12\/06\/25 Asamblea General Colegiados del COVB<\/li>\n<li>13\/06\/25 Reuni\u00f3n Banco de Sabadell -Seguros-<\/li>\n<li>14\/06\/25 Asamblea Presidentes CGCVE<\/li>\n<li>16\/06\/25 Junta de Gobierno COVB<\/li>\n<li>16\/06\/25 Reuni\u00f3n asistencia votaciones<\/li>\n<li>17\/06\/25 Reuni\u00f3n Salud P\u00fablica, Sr. Xavier Llebaria\/Sra. Carme Chac\u00f3n<\/li>\n<li>17\/06\/25 Permanente CCVC<\/li>\n<li>19\/06\/25 Reuni\u00f3n Allianz<\/li>\n<li>26\/06\/25 Seguimiento COVB<\/li>\n<li>30\/06\/25 Comit\u00e9 de Crisis<\/li>\n<li>30\/06\/25 Asamblea Intercolegial CGCVE<\/li>\n<\/ul>\n<p>&nbsp;<\/p>\n<p><strong>JULIO<\/strong><\/p>\n<ul>\n<li>01\/07\/25 Reuni\u00f3n Parlamento ERC<\/li>\n<li>03\/07\/25 Visita a Drassanes 125 a\u00f1os<\/li>\n<li>07\/07\/25 Comit\u00e9 de Crisis<\/li>\n<li>09\/07\/25 Reuni\u00f3n Sra. Clara Pareja, Subdirectora Gral. de Ordenaci\u00f3n y Regulaci\u00f3n Sanitaria y Farmac\u00e9utica, en el Departamento de Salud.<\/li>\n<li>16\/07\/25 Reuni\u00f3n Medicorasse<\/li>\n<li>16\/07\/25 Seguimiento COVB<\/li>\n<li>16\/07\/25 Permanente CCVC<\/li>\n<li>17\/07\/25 Reuni\u00f3n Sr. \u00c1lvaro Mateos Amann, Presidente Colegio Veterinarios de Bizkaia<\/li>\n<li>21\/07\/25 Reuni\u00f3n para presentaci\u00f3n candidatura del Consejo<\/li>\n<li>22\/07\/25 Seguimiento COVB<\/li>\n<li>22\/07\/25 Reuni\u00f3n Allianz<\/li>\n<li>24\/07\/25 Reuni\u00f3n 125 a\u00f1os COVB<\/li>\n<li>24\/07\/25 Entrevistas personal COVB<\/li>\n<li>24\/07\/25 Junta de Gobierno COVB<\/li>\n<li>26\/07\/25 Votaci\u00f3n Presidente del CGCVE<\/li>\n<li>29\/07\/25 Reuni\u00f3n AVEPA<\/li>\n<li>29\/07\/25 Seguimiento COVB<\/li>\n<li>29\/07\/25 Comit\u00e9 de Crisis<\/li>\n<li>30\/07\/25 Entrevistas personal COVB<\/li>\n<\/ul>\n<p>&nbsp;<\/p>\n<p><strong>AGOSTO<\/strong><\/p>\n<ul>\n<li>05\/08\/25 Entrevistas personal COVB<\/li>\n<\/ul>\n<p>&nbsp;<\/p>\n<p><strong>SEPTIEMBRE<\/strong><\/p>\n<ul>\n<li>02\/09\/25 Reuni\u00f3n inform\u00e1ticos<\/li>\n<li>02\/09\/25 Permanente CCVC<\/li>\n<li>02\/09\/25 Seguimiento COVB<\/li>\n<li>02\/09\/25 Comit\u00e9 de Crisis<\/li>\n<li>03\/09\/25 Reuni\u00f3n AVEPA<\/li>\n<li>04\/09\/25 Reuni\u00f3n COVB-Estatutos<\/li>\n<li>04\/09\/25 Seguimiento COVB<\/li>\n<li>08\/09\/25 Reuni\u00f3n inform\u00e1ticos COVB<\/li>\n<li>09\/09\/25 Seguimiento COVB<\/li>\n<li>04\/09\/25 Reuni\u00f3n 125 a\u00f1os COVB<\/li>\n<li>10\/09\/25 Reuni\u00f3n Presidentes comit\u00e9s COVB<\/li>\n<li>11\/09\/25 Acto institucional Diada Nacional de Catalu\u00f1a<\/li>\n<li>13\/09\/25 Toma de posesi\u00f3n Presidente del CGCVE<\/li>\n<li>16\/09\/25 Junta de Gobierno<\/li>\n<li>17\/09\/25 Seguimiento COVB<\/li>\n<li>17\/09\/25 Asistencia 40 a\u00f1os CCVC<\/li>\n<li>22\/09\/25 Reuni\u00f3n de coordinaci\u00f3n Colegios Veterinarios y Farmac\u00e9uticos<\/li>\n<li>23\/09\/25 Comit\u00e9 de Crisis<\/li>\n<li>26\/09\/25 Reuni\u00f3n Comit\u00e9 de Nutrici\u00f3n y Producci\u00f3n del COVB<\/li>\n<li>26\/09\/25 Reuni\u00f3n 125 a\u00f1os COVB<\/li>\n<li>29\/09\/25 Reuni\u00f3n representantes C. Latre 125 a\u00f1os COVB<\/li>\n<li>29\/09\/25 Reuni\u00f3n CCVC<\/li>\n<li>30\/09\/25 Reuni\u00f3n en el DARP (rabia) Sra. N\u00faria Ribas e Ignasi Rodr\u00edguez<\/li>\n<li>30\/09\/25 Plenario CCVC<\/li>\n<li>30\/09\/25 Seguimiento COVB<\/li>\n<\/ul>\n<p>&nbsp;<\/p>\n<p><strong>OCTUBRE<\/strong><\/p>\n<ul>\n<li>01\/10\/25 Reuni\u00f3n DARP, Sra. Rosa Altisent, Directora General de Agricultura y Ganader\u00eda del DARP<\/li>\n<li>01\/10\/25 Seguimiento COVB<\/li>\n<li>01\/10\/25 Acto Acad\u00e9mico ACVC<\/li>\n<li>03\/10\/25 Reuni\u00f3n Consejer\u00eda de Interior con el Sr. Closa<\/li>\n<li>03\/10\/25 Firma convenio AVEPA-COVB<\/li>\n<li>03\/10\/25 Seguimiento COVB<\/li>\n<li>06\/10\/25 Reuni\u00f3n CCVC<\/li>\n<li>07\/10\/25 Reuni\u00f3n tesorero COVB<\/li>\n<li>07\/10\/25 Seguimiento COVB<\/li>\n<li>07\/10\/25 Reuni\u00f3n Comit\u00e9 de Crisis<\/li>\n<li>09\/10\/25 Seguimiento COVB<\/li>\n<li>09\/10\/25 Reuni\u00f3n comunicaci\u00f3n COVB<\/li>\n<li>10\/10\/25 Reuni\u00f3n 125 a\u00f1os COVB<\/li>\n<li>16\/10\/25 Desayunos CCVC<\/li>\n<li>16\/10\/25 Reuni\u00f3n Ana M\u00aa Catal\u00e1n, coordinadora de la Unidad de Apoyo de la Direcci\u00f3n General de Derechos de los Animales<\/li>\n<li>16\/10\/25 Seguimiento COVB<\/li>\n<li>21\/10\/25 Seguimiento COVB<\/li>\n<li>21\/10\/25 Reuni\u00f3n Salud P\u00fablica, Sr. Xavier Llebaria\/Sra. Carme Chac\u00f3n<\/li>\n<li>21\/10\/25 Permanente CCVC<\/li>\n<li>22\/10\/25 Reuni\u00f3n Comit\u00e9 de Crisis<\/li>\n<li>23\/10\/25 Acto acad\u00e9mico COVB y COMB<\/li>\n<li>27\/10\/25 Junta de Gobierno COVB<\/li>\n<\/ul>\n<p>&nbsp;<\/p>\n<p>&nbsp;<\/p>\n<p><strong>NOVIEMBRE<\/strong><\/p>\n<ul>\n<li>01\/11\/2025 | Inauguraci\u00f3n Curso N\u00facleos Zool\u00f3gicos<\/li>\n<li>01\/11\/2025 | Reuni\u00f3n Vet hospital (proyecto)<\/li>\n<li>03\/11\/2025 | Presentaci\u00f3n One Health (CCVC-Colegio de Farmac\u00e9uticos)<\/li>\n<li>04\/11\/2025 | Reuni\u00f3n Fedefarma<\/li>\n<li>04\/11\/2025 | Reuni\u00f3n Comit\u00e9 de Crisis (medicamentos)<\/li>\n<li>07\/11\/2025 | Reuni\u00f3n Ana M\u00aa Catal\u00e1n (ley de bienestar animal)<\/li>\n<li>07\/11\/2025 | Reuni\u00f3n Isabel Sol\u00e9 (Voluntariado sin techo)<\/li>\n<li>09\/11\/2025 | Concentraci\u00f3n RD666\/23 Plaza St. Jaume<\/li>\n<li>10\/11\/2025 | Junta de Gobierno COVB<\/li>\n<li>14\/11\/2025 | Reuni\u00f3n informe auditor\u00eda inform\u00e1tica<\/li>\n<li>14\/11\/2025 | Entrevista personal COVB<\/li>\n<li>15\/11\/2025 | Reuni\u00f3n AVEPA Elsa Beltr\u00e1n<\/li>\n<li>17\/11\/2025 | Reuni\u00f3n COVB Estatutos<\/li>\n<li>17\/11\/2025 | Intercolegial<\/li>\n<li>17\/11\/2025 | Academia de Ciencias Veterinarias de Catalu\u00f1a<\/li>\n<li>20\/11\/2025 | Permanente CCVC<\/li>\n<li>20\/11\/2025 | Reuni\u00f3n CCVC PPA<\/li>\n<li>21\/11\/2025 | Seguimiento COVB<\/li>\n<li>24\/11\/2025 | Acto Academia de Ciencias Veterinarias de Catalu\u00f1a<\/li>\n<li>25\/11\/2025 | Reuni\u00f3n COVB sede electr\u00f3nica<\/li>\n<li>25\/11\/2025 | Reuni\u00f3n Medicorase \u2013 Seguros<\/li>\n<li>25\/11\/2025 | Reuni\u00f3n Medicorase \u2013 Servicios Financieros<\/li>\n<li>25\/11\/2025 | Premio fotograf\u00eda CONSEJO<\/li>\n<li>27\/11\/2025 | Seguimiento COVB<\/li>\n<\/ul>\n<p>&nbsp;<\/p>\n<p><strong>DICIEMBRE<\/strong><\/p>\n<ul>\n<li>02\/12\/2025 | Plenario Consejo<\/li>\n<li>04\/12\/2025 | Reuni\u00f3n Sede electr\u00f3nica<\/li>\n<li>04\/12\/2025 | Seguimiento COVB<\/li>\n<li>04\/12\/2025 | Entrevista TV2 PPA<\/li>\n<li>05\/12\/2025 | Reuni\u00f3n Comit\u00e9 PPA<\/li>\n<li>05\/12\/2025 | Entrevista Betev\u00e9 PPA<\/li>\n<li>05\/12\/2025 | Reuni\u00f3n DARP PPA<\/li>\n<li>06\/12\/2025 | Reuni\u00f3n Comit\u00e9 de Crisis PPA &#8211; Consejo<\/li>\n<li>09\/12\/2025 | Reuni\u00f3n UAB Microcredencial<\/li>\n<li>10\/12\/2025 | Reuni\u00f3n Comit\u00e9s COVB<\/li>\n<li>10\/12\/2025 | Asamblea General de Colegiados<\/li>\n<li>10\/12\/2025 | Reuni\u00f3n Consejo Asesor (Madrid) Plan de desarrollo laboral y profesional<\/li>\n<li>11\/12\/2025 | Reuni\u00f3n COVB Comunicaci\u00f3n\/Marketing<\/li>\n<li>12\/12\/2025 | Seguimiento COVB<\/li>\n<li>13\/12\/2025 | Asamblea de Presidentes OCV<\/li>\n<li>15\/12\/2025 | Reuni\u00f3n RD666\/23 Comit\u00e9 de Crisis Madrid<\/li>\n<li>16\/12\/2025 | Reuni\u00f3n Consejo PPA<\/li>\n<li>17\/12\/2025 | Reuni\u00f3n Presidentes CCVC<\/li>\n<li>23\/12\/2025 | Reuni\u00f3n DARP PPA<\/li>\n<li>29\/12\/2025 | Reuni\u00f3n Junta de Gobierno COVB<\/li>\n<\/ul>\n<p>&nbsp;<\/p>\n<h2><strong>A\u00d1O 2024<\/strong><\/h2>\n<p><strong>ENERO<\/strong><\/p>\n<ul>\n<li>04\/01\/2024 | Reuni\u00f3n Mediolanum<\/li>\n<li>11\/01\/2024 | Reuni\u00f3n Consejo Plenario<\/li>\n<li>12\/01\/2024 | Reuni\u00f3n Medicorasse\/ Reuni\u00f3n presidenta Academia M\u00aa \u00c0ngels Calvo<\/li>\n<li>16\/01\/2024 | Reuni\u00f3n presidenta Comit\u00e9 Deontolog\u00eda Marta Arboix<\/li>\n<li>16\/01\/2024 | Reuni\u00f3n Allianz<\/li>\n<li>24\/01\/2024 | Reuni\u00f3n Sabadell Colectivos\/Reuni\u00f3n Consejer\u00eda con consejero David Mascort (Dep. d\u2019Acci\u00f3 Clim\u00e0tica y Agenda Rural \/ Reuni\u00f3n Consejo Permanente<\/li>\n<li>25\/01\/2024 | Reuni\u00f3n presidente AVHIC<\/li>\n<li>26\/01\/2024 | Reuni\u00f3n Zegri abogados<\/li>\n<li>29\/01\/2024 | Reuni\u00f3n Junta de Gobierno del COVB<\/li>\n<\/ul>\n<p><strong>FEBRERO<\/strong><\/p>\n<ul>\n<li>01\/02\/24 | Reuni\u00f3n Allianz, Convenio Colaboraci\u00f3n Renting y compra veh\u00edculos ocasi\u00f3n<\/li>\n<li>06\/02\/24 | Reuni\u00f3n AlaOeste, Comunicaci\u00f3n COVB<\/li>\n<li>06\/02\/24 | Reuni\u00f3n Col\u00b7legi de Metges<\/li>\n<li>08\/02\/24 | Reuni\u00f3n Servicio de Actividades Cineg\u00e9ticas, Dept. de Acci\u00f3n Clim\u00e1tica, Alimentaci\u00f3n y Agenda Rural, Campa\u00f1a identificaci\u00f3n hurones<\/li>\n<li>13\/02\/24 | Reuni\u00f3n Ayuntamiento de Barcelona, colaboraci\u00f3n COVB<\/li>\n<li>15\/02\/24 | Reuni\u00f3n Auditor\u00eda PICH<\/li>\n<li>15\/02\/24 | Reuni\u00f3n Permanente COVB<\/li>\n<li>20\/02\/24 | Reuni\u00f3n Permanente del Consell de Col\u00b7legis Veterinaris de Catalunya<\/li>\n<li>20\/02\/24 | Asamblea General Extraordinaria del COVB<\/li>\n<li>22\/02\/24 | Reuni\u00f3n con Caixa d\u2019Enginyers<\/li>\n<li>22\/02\/24 | Salud P\u00fablica: Sesi\u00f3n \u00abLes resist\u00e8ncies antimicrobianes i la seva vigil\u00e0ncia en aig\u00fces i aliments\u00bb<\/li>\n<li>26\/02\/24 | Reuni\u00f3n Junta de Gobierno del COVB<\/li>\n<li>29\/02\/24 | Reuni\u00f3n despacho Cuevillas: Convenio para acosos en redes sociales y morosidad clientes<\/li>\n<li>29\/02\/24 | Reuni\u00f3n OPTIM -Actividades COVB-CCVC<\/li>\n<li>29\/02\/24 | Inauguraci\u00f3n Curso Acad\u00e9mico de la Acad\u00e8mia de Ci\u00e8ncies Veterin\u00e0ries de Catalunya<\/li>\n<\/ul>\n<p><strong>MARZO<\/strong><\/p>\n<ul>\n<li>12\/03\/24 | Reuni\u00f3n Consell Col\u00b7legis Veterinaris de Catalunya<\/li>\n<li>12\/03\/24 | Reuni\u00f3n Advocats Zegr\u00ed<\/li>\n<li>13\/03\/24 | Reuni\u00f3n Comit\u00e9 Granjas<\/li>\n<li>14\/03\/24 | Reuni\u00f3n Auditores\u00a0 -Auditoria \u00a02023-<\/li>\n<li>19\/03\/24 | Reuni\u00f3n Medicorasse<\/li>\n<li>19\/03\/24 | Reuni\u00f3n Permanente Consell Col\u00b7legis Veterinaris de Catalunya<\/li>\n<li>21\/03\/24 | Reuni\u00f3n Junta Gobierno COVB<\/li>\n<\/ul>\n<p><strong>ABRIL<\/strong><\/p>\n<ul>\n<li>03\/04\/24 | Reuni\u00f3n Asessres COVB (Sellar\u00e9s Assessors)<\/li>\n<li>08\/04\/24 | Reuni\u00f3n Plenario COVB<\/li>\n<li>09\/04\/24 | Reuni\u00f3n Plenario Consell<\/li>\n<li>09\/04\/24 | Reuni\u00f3n Comit\u00e9 Granjas<\/li>\n<li>09\/04\/24 | Reuni\u00f3n Gif-Vet Consell<\/li>\n<li>11\/04\/24 | Presentaci\u00f3n libro Sr. Lluis Vila Quera (Vic)<\/li>\n<li>15\/04\/24 | Reuni\u00f3n Departament de Salut<\/li>\n<li>18\/04\/24 | Jornada Ocupacional -Facultat de Veterin\u00e0ria-<\/li>\n<li>24\/04\/24 | Reuni\u00f3n Plenario Consell<\/li>\n<li>30\/04\/24 | Reuni\u00f3n COLVEMA<\/li>\n<li>30\/04\/24 | Reuni\u00f3n Junta Gobierno COVB<\/li>\n<\/ul>\n<p><strong>MAYO<\/strong><\/p>\n<ul>\n<li>02\/05\/2024 | Academia de Ciencias Veterinarias de Catalu\u00f1a, homenaje Sr. Fernando Royo.<\/li>\n<li>02\/05\/2024 | Reuni\u00f3n Abogados Cuevillas<\/li>\n<li>03\/05\/2023 | Reuni\u00f3n Intercolegial<\/li>\n<li>06\/05\/2024 | Reuni\u00f3n Auditores COVB<\/li>\n<li>10\/05\/2024 | Firma Convenio Gospital (Vall\u00e8s)<\/li>\n<li>13\/05\/2024 | Reuni\u00f3n Junta Gobierno COVB<\/li>\n<li>14\/05\/2024 | Reuni\u00f3n Mediolanum<\/li>\n<li>14\/05\/2024 | Sesi\u00f3n Mediciamentos (Mili Voltes)<\/li>\n<li>14\/05\/2024 | Reuni\u00f3n abogados Zegr\u00ed<\/li>\n<li>16\/05\/2024 | Reuni\u00f3n FAADA<\/li>\n<li>16\/05\/2024 | Reuni\u00f3n presidente CEVE, Sr. Sebasti\u00e0 Rotger<\/li>\n<li>21\/05\/2024 | Reuni\u00f3n Permanente Consell<\/li>\n<li>21\/05\/2024 | Reuni\u00f3n FAADA-CCVC<\/li>\n<\/ul>\n<p><strong>JUNIO<\/strong><\/p>\n<ul>\n<li>04\/06\/2024 | Asamblea General Intercolegial-Consejo<\/li>\n<li>06\/06\/2024 | Reuni\u00f3n Decano Facultad Veterinaria, Sr. Manel L\u00f3p\u00e9z y Sr. Xavier Manteca<\/li>\n<li>06\/06\/2024 | Reuni\u00f3n Comit\u00e9 Granjas<\/li>\n<li>11\/06\/2024 | Reuni\u00f3n Consejo Colegios Farmac\u00e9uticos de Catalu\u00f1a<\/li>\n<li>11\/06\/2024 | Reuni\u00f3n COVB<\/li>\n<li>11\/06\/2024 | Reuni\u00f3n Intercolegial 2 \u00abAcreditaciones Profesionales\u00bb<\/li>\n<li>13\/06\/2024 | Reuni\u00f3n COVB<\/li>\n<li>14\/06\/2024 | Jornada sobre la ley estatal de protecci\u00f3n de los derechos y bienestar animal.<\/li>\n<li>17\/06\/2024 | Reuni\u00f3n Junta Gobierno COVB<\/li>\n<li>18\/06\/2024 | Reuni\u00f3n Presidente Consejo Colegios Veterinarios de Espa\u00f1a, Sr. Lu\u00eds Alberto Calvo<\/li>\n<li>18\/06\/2024 | Reuni\u00f3n COVB<\/li>\n<li>18\/06\/2024 | Plenario Consejo<\/li>\n<li>20\/06\/2024 | Asamblea General Ordinaria y Extraordinaria del COVB<\/li>\n<li>21\/06\/2024 | Reuni\u00f3n Intercolegial<\/li>\n<li>28\/06\/2024 | Reuni\u00f3n comunicaci\u00f3n COVB<\/li>\n<\/ul>\n<p><strong>JULIO<\/strong><\/p>\n<ul>\n<li>02\/07\/24 |Reuni\u00f3n Despacho Cuevillas<\/li>\n<li>02\/07\/24 |Reuni\u00f3n proceso selecci\u00f3n Departamento Comunicaci\u00f3n COVB<\/li>\n<li>08\/07\/24 |Reuni\u00f3n Departament Salut de la Generalitat<\/li>\n<li>08\/07\/24 | Reuni\u00f3n Permanent Consell<\/li>\n<li>11\/07\/24 |Reuni\u00f3n COVB<\/li>\n<li>12\/07\/24 |Reuni\u00f3n formaci\u00f3n subvencionada<\/li>\n<li>18\/07\/24 |Reuni\u00f3n proceso selecci\u00f3n Departamento Comunicaci\u00f3n COVB<\/li>\n<li>22\/07\/24 |Reuni\u00f3n Junta de Gobierno del COVB<\/li>\n<li>23\/07\/24 |Reuni\u00f3n Consell-AIAC<\/li>\n<li>31\/07\/24 |Reuni\u00f3n COVB<\/li>\n<li>31\/07\/24 |Reunin\u00f3 Junta de Gobierno Extraordin\u00e0ria del COVB<\/li>\n<\/ul>\n<p><strong>SETEMBRE<\/strong><\/p>\n<ul>\n<li>04\/09\/24 |Reuni\u00f3n Permanente Consell<\/li>\n<li>05\/09\/24 |Reuni\u00f3n Egara formaci\u00f3n COVB<\/li>\n<li>09\/09\/24 |Reuni\u00f3n FHVC-UAB<\/li>\n<li>09\/09\/24 |Jornada UAB-COVB<\/li>\n<li>11\/09\/24 |Acto Diada de Catalu\u00f1a<\/li>\n<li>10\/09\/24 |Reuni\u00f3n Banco de Sabadell<\/li>\n<li>10\/09\/24 |Reuni\u00f3n COVB<\/li>\n<li>10\/09\/24 |Reuni\u00f3n Consell GIF-VET<\/li>\n<li>10\/09\/24 |Reuni\u00f3n comunicaci\u00f3n COVB<\/li>\n<li>17\/09\/24 |Reuni\u00f3n AVEDE<\/li>\n<li>18\/09\/24 |Reuni\u00f3n formaci\u00f3n COVB<\/li>\n<li>20\/09\/24 |Reuni\u00f3n Comit\u00e9 de Granjas COVB<\/li>\n<li>25\/09\/24 |Reuni\u00f3n arquitecto\/actividad COVB<\/li>\n<li>25\/09\/24 |Reuni\u00f3n Plenario Consell<\/li>\n<li>30\/09\/24 |Jornada One Health Cambio Clim\u00e1tico y enfermedades emergentes<\/li>\n<li>30\/09\/24 |Reuni\u00f3n Junta Gobierno COVB<\/li>\n<\/ul>\n<p><strong>OCTUBRE<\/strong><\/p>\n<ul>\n<li>01\/10\/2024 |Reuni\u00f3n COVB seguimiento<\/li>\n<li>02\/10\/2024 |Reuni\u00f3n comunicaci\u00f3n COVB<\/li>\n<li>03\/10\/2024 |Jornada Departamento de Salud<\/li>\n<li>05\/10\/2024 |Celebraci\u00f3n COVB Festividad Sant Francesc<\/li>\n<li>08\/10\/2024 |Reuni\u00f3n COVB seguimiento<\/li>\n<li>09\/10\/2024 |Reuni\u00f3n comunicaci\u00f3n COVB<\/li>\n<li>15\/10\/2024 |Reuni\u00f3n Permanente CCVC<\/li>\n<li>17\/10\/2024 |Reuni\u00f3n COVB seguimiento<\/li>\n<li>18\/10\/2024 |Reuni\u00f3n Dr. Esteve Fern\u00e0ndez, Secretari de Salut P\u00fablica<\/li>\n<li>25\/10\/2024 |Reuni\u00f3n Presidente del Col.legio de Alicante, Sr. Gonzalo Moreno del Val<\/li>\n<li>28\/10\/2024 |Reuni\u00f3n COVB seguimiento<\/li>\n<li>28\/10\/2024 |Reuni\u00f3n Junta de Gobierno del COVB<\/li>\n<\/ul>\n<p><strong>NOVEMBRE<\/strong><\/p>\n<ul>\n<li>04\/11\/2024 |Reuni\u00f3n Consell-Conselleria Agricultura Sr. Oscar Ordeig<\/li>\n<li>05\/11\/2024 | Reuni\u00f3n seguimiento COVB<\/li>\n<li>07\/11\/2024 | Reuni\u00f3n Consejo General Colegios Veterinarios de Espa\u00f1a<\/li>\n<li>08\/11\/2024 | Reuni\u00f3 Col\u00b7legi de Metges \u2013 Fundaci\u00f3n Galatea<\/li>\n<li>08\/11\/2024 |Reuni\u00f3n Facultad UAB Decano Sr. Manel L\u00f3pez<\/li>\n<li>11\/11\/2024 |Reuni\u00f3n Junta de Gobierno<\/li>\n<li>13\/11\/2024 |Reuni\u00f3n seguimiento COVB<\/li>\n<li>14\/11\/2024 | Reuni\u00f3n Consejo General Colegios Veterinarios de Espa\u00f1a (Prescrivet)<\/li>\n<li>14\/11\/2024 | Reuni\u00f3n Consejo Junta Directiva Intercol.legial<\/li>\n<li>14\/11\/2024 | Reuni\u00f3n Comit\u00e9s del COVB<\/li>\n<li>19\/11\/2024 | Presentaci\u00f3n de equipos anal\u00edticos material sanitari.<\/li>\n<li>19\/11\/2024 | Reuni\u00f3n de la Permanente del Consell<\/li>\n<li>21\/11\/2024 | Reuni\u00f3n seguimiento COVB<\/li>\n<li>21\/11\/2024 | Acto Acad\u00e9mia Ciencias Veterinarias de Catalu\u00f1a<\/li>\n<li>22\/11\/2024 | Reuni\u00f3n Gesti\u00f3n T\u00e9cnica del COVB<\/li>\n<li>26\/11\/2024| Reuni\u00f3n celebraci\u00f3n 125 anys COVB<\/li>\n<li>28\/11\/2024 | Reuni\u00f3n Comit\u00e9 Granjas<\/li>\n<\/ul>\n<p><strong>DESEMBRE<\/strong><\/p>\n<ul>\n<li>02\/12\/2024 Reuni\u00f3n UAB con el Decano SR.<\/li>\n<li>03\/12\/2024 Reuni\u00f3n Prensa-Comunicaci\u00f3n COVB<\/li>\n<li>04\/12\/2024 Reuni\u00f3n 125 a\u00f1os COVB<br \/>\nReuni\u00f3n Plenario CCVC<\/li>\n<li>10\/12\/2024 Reuni\u00f3n Microcredenciales<\/li>\n<li>11\/12\/2024 Asamblea COVB<\/li>\n<li>13\/12\/2024 Reuni\u00f3n seguimiento COVB<\/li>\n<li>21\/12\/2024 Asamblea Madrid Presidentes<\/li>\n<li>23\/12\/2024 Reuni\u00f3n 125 a\u00f1os COVB<br \/>\nReuni\u00f3n Junta COVB<\/li>\n<\/ul>\n<p>&nbsp;<\/p>\n<h2><strong>A\u00d1O 2023<\/strong><\/h2>\n<p><strong>ENERO<\/strong><\/p>\n<ul>\n<li>03\/01\/2023 | Reuni\u00f3n del Consejo de Colegios Veterinarios de Catalu\u00f1a, con el director general de Pol\u00edticas Ambientales y Medio natural del Departamento de Acci\u00f3n Clim\u00e1tica, Marc Vilahur. Ricard Par\u00e9s, presidente del CCVC y vicepresidente del COVB<\/li>\n<li>04\/01\/2023 | Reuni\u00f3n con el consejero de Sanidad, Manel Balcells, en la cual tambi\u00e9n estar\u00e1 Carmen Cabezas i Xavier Llebaria. Ricard Par\u00e9s, presidente del CCVC y vicepresidente del COVB<\/li>\n<li>10\/01\/2023 | Permanente del Consejo de Colegios Veterinarios de Catalu\u00f1a. Ricard Par\u00e9s, presidente del CCVC y vicepresidente del COVB<\/li>\n<li>14\/01\/2023 | Reuni\u00f3n del REIAC a Madrid. Ricard Par\u00e9s, presidente del CCVC y vicepresidente del COVB<\/li>\n<li>18\/01\/2023 | Reuni\u00f3n del Comit\u00e9 de granjas (Vic) Ricard Par\u00e9s, vicepresidente del COVB<\/li>\n<li>25\/01\/2023 | Reuni\u00f3n de Junta de Gobierno del COVB<\/li>\n<li>27\/01\/2023 | Acto de la Academia de Ciencias Veterinarias de Catalu\u00f1a (Joan Capdevila entra como acad\u00e9mico). Ricard Par\u00e9s vicepresidente del COVB<\/li>\n<li>31\/01\/2023 | Reuni\u00f3n Fundaci\u00f3n Galatea. Marta Legido, Tesorera del COVB.<\/li>\n<\/ul>\n<p><strong>FEBRERO<\/strong><\/p>\n<ul>\n<li>1\/02\/2023 | Asistencia a las Jornadas de porcino de la UAB.<\/li>\n<li>7\/02\/2023 | Reuni\u00f3n de la Permanente del Consejo<\/li>\n<li>9\/02\/2023 | Reuni\u00f3n con la s\u00edndica de agravios \/ Firma del convenio con Fundaci\u00f3n Aura<\/li>\n<li>15\/02\/2023 | Premis Vets 2023<\/li>\n<li>15\/02\/2023 | Presentaci\u00f3n del bar\u00f3metro de seguridad alimentaria del Departamento de Salud. (Pabell\u00f3n Ave Maria \u2013 Travessera de las Cortes 131).<\/li>\n<li>17\/02\/2023 | Premios Albeitar Consejo Andaluz de Colegios Veterinarios.<\/li>\n<li>22\/02\/2023 | Reuni\u00f3n de Ricard Par\u00e9s, Nieves Picallo y Tania P\u00e9rez con Matilde S\u00e1nchez Morillo (Proyecto perros con el Hospital San Juan de Manantial)<\/li>\n<li>27\/02\/2023 | Junta de Gobierno del COVB<\/li>\n<\/ul>\n<p style=\"font-weight: 400;\"><strong>MARZO<\/strong><\/p>\n<ul>\n<li>01\/03\/2023 | Asistencia acto inauguraci\u00f3n PORCIFORUM. Ricard Par\u00e9s como Presidente del CCVC.<\/li>\n<li>13\/03\/2023 | Reuni\u00f3n de la Fundaci\u00f3n Agr\u00edcola Catalana<\/li>\n<li>22\/03\/2023 | Firma Convenio Banco de Sabadell<\/li>\n<li>29\/03\/2023 | Reuni\u00f3n Junta de Gobierno del COVB<\/li>\n<li>31\/03\/2023 | Jornada sobre bioseguridad \u2013 Mercado del Ramo patrocinada por el Consejo \u2013 intervenci\u00f3n de Anna Romagosa a la ponencia sobre bioseguridad<\/li>\n<\/ul>\n<p><strong>ABRIL<\/strong><\/p>\n<ul>\n<li>01\/04\/2023 | Mercado del ramo \u2013 Vic<\/li>\n<li>13\/04\/2023 | Grupo de trabajo de porcino \u2013 Consejo<\/li>\n<li>13\/04\/2023 | Acto de ingreso Acad\u00e9mico Numerario electo<\/li>\n<li>19\/04\/2023 | Reuni\u00f3n Asociaci\u00f3n Veterinarios Municipales \u2013 Consejo<\/li>\n<li>19\/04\/2023 | Asamblea General Extraordinaria de personas Colegiadas<\/li>\n<li>21-22\/04\/2023 | Asistencia de Ricard Par\u00e9s al Congreso de Especialidades de AVEPA (Bilbao)<\/li>\n<li>26\/04\/2023 | Concierto de Primavera del COVB<\/li>\n<li>27\/04\/2023 | Reuni\u00f3n Junta de Gobierno del COVB<\/li>\n<\/ul>\n<p><strong>MAYO<\/strong><\/p>\n<ul>\n<li>\n<div>17\/05\/2023 | Academia de Ciencias Veterinarias de Catalu\u00f1a &#8211; Acad\u00e9mico de Honor Jacinto Corbella y Corbella<\/div>\n<\/li>\n<li>\n<div>19\/05\/2023 | Asamblea General de Presidentes del CGCVE<\/div>\n<\/li>\n<li>19\/05\/2023 | Acto de nombramiento de Presidente de Honor del Consejo General de Colegios Veterinarios de Espa\u00f1a a D. Juan Jos\u00e9 Badiola Diez<\/li>\n<li>20\/05\/2023 | Centenario del\u00a0Organizaci\u00f3n\u00a0Colegial\u00a0Veterinaria<\/li>\n<li>\n<div>31\/05\/2023 |\u00a0Asamblea General Ordinaria del COVB<\/div>\n<\/li>\n<\/ul>\n<p><strong>JUNIO<\/strong><\/p>\n<p>01\/06\/2023 | Acto de celebraci\u00f3n de los 10 a\u00f1os de vida del CoDiNuCat<\/p>\n<ul>\n<li>08\/06\/2023 | Academia de Ciencias Veterinarias de Catalu\u00f1a &#8211; Sesi\u00f3n p\u00fablica extraordinaria en Lleida para la recepci\u00f3n como Acad\u00e9mico Numerario de: Dr. Lorenzo Fraile Sauce<\/li>\n<li>11\/06\/2023 | II Torneo de P\u00e1del del COVB<\/li>\n<li>13\/06\/2023 | Jornada T\u00e9cnica &#8211; PINSOS SANT ANTONI. Asistencia de Ricard Par\u00e9s<\/li>\n<li>29\/06\/2023 | Reuni\u00f3n COVB con Grupo As\u00eds<\/li>\n<\/ul>\n<p><strong>JULIO<\/strong><\/p>\n<ul>\n<li>05\/07\/2023 | Reuni\u00f3n Canigat | Ricard Par\u00e9s. Vicepresidente<\/li>\n<li>06\/07\/2023 | Gala Aura Fundaci\u00f3n | Ricard Par\u00e9s. Vicepresident<\/li>\n<li>13\/07\/2023 | Reuni\u00f3n Ricard Par\u00e9s con CoDiNuCat | Ricard Par\u00e9s. Vicepresidente<\/li>\n<li>15\/07\/2023 | Asamblea de presidentes en Madrid | Ricard Par\u00e9s. Vicepresidente<\/li>\n<li>20\/07\/2023 | Reuni\u00f3n Fundaci\u00f3 Agr\u00edcola Catalana | Ricard Par\u00e9s. Vicepresidente<\/li>\n<li>25\/07\/2023 | Junta de Gobierno del COVB<\/li>\n<\/ul>\n<p><strong>SEPTIEMBRE<\/strong><\/p>\n<ul>\n<li>17\/09\/2023 | II Jornada por el Mediambiente del COVB<\/li>\n<\/ul>\n<p><strong>OCTUBRE<\/strong><\/p>\n<ul>\n<li>04\/10\/23 | Fiesta San Francisco de As\u00eds 2023<\/li>\n<li>21\/10\/23 | IMPULS_VET . II Jornada Profesional de la Veterinaria de Barcelona<\/li>\n<\/ul>\n<p><strong>NOVIEMBRE<\/strong><\/p>\n<ul>\n<li>04\/11\/23 | Elecciones al COVB 2023<\/li>\n<li>25\/11\/23 | D\u00eda del Perro Gu\u00eda | Carol Garc\u00eda. Vocal<\/li>\n<li>27\/11\/23 | IV Encuentro intercolegial de Profesionales J\u00f3venes | Representantes de la Junta de Gobierno<\/li>\n<\/ul>\n<p><strong>DICIEMBRE<\/strong><\/p>\n<ul>\n<li>18\/12\/23 | Junta de Gobierno<\/li>\n<li>20\/12\/23 | Asamblea General Ordinaria<\/li>\n<\/ul>\n<p>&nbsp;<\/p>\n<h3><strong>A\u00d1O 2022<\/strong><\/h3>\n<p><strong>ENERO<\/strong><\/p>\n<ul>\n<li>26\/01\/2022 | Junta de Gobierno<\/li>\n<\/ul>\n<p><strong>FEBRERO<\/strong><\/p>\n<ul>\n<li>4\/02\/2022 | Sesi\u00f3n Inaugural del Curso Acad\u00e9mico 2022 de l&#8217;Acad\u00e8mia de Ci\u00e8ncies Veterin\u00e0ries de Catalunya | Ricard Par\u00e9s, presidente del CCVC y vicepresidente del COVB<\/li>\n<li>10\/02\/2022 | Reuni\u00f3n de Permanente (CCVC). | Ricard Par\u00e9s, presidente del CCVC y vicepresidente del COVB<\/li>\n<li>10\/02\/2022 | Firma del convenio de colaboraci\u00f3n con la UAB. | Ricard Par\u00e9s, presidente del CCVC y vicepresidente del COVB<\/li>\n<li>23\/02\/2022 | Junta de Gobierno del COVB<\/li>\n<li>23\/02\/2022 Jornada CEXGAN (CCVC) | Ricard Par\u00e9s, presidente del CCVC y vicepresidente del COVB.<\/li>\n<li>21\/02\/2022:\u00a0 Reuni\u00f3n con el Consejero de Salud Dr. Josep Maria Argimon. | Ricard Par\u00e9s. Vicepresidente<\/li>\n<\/ul>\n<p><strong>MARZO<\/strong><\/p>\n<ul>\n<li>17\/03\/2022 Reuni\u00f3n de Permanente (CCVC)<\/li>\n<li>22\/03\/2022: El Colegio Oficial de Veterinarios de Barcelona celebra los Premis VETS 2021 en el Auditorio Axa de Barcelona. Asisten I\u00f1igo Lyon, Ricard Par\u00e9s y Marta Legido<\/li>\n<li>23 y 24 \/03\/2022 | PORCIFORUM. Ricard Par\u00e9s, inaugura junto con la Presidenta del Colegio de Veterinarios de LLEIDA, Carmen L\u00f3pez el PorciForum 2022. | Ricard Par\u00e9s, presidente del CCVC y vicepresidente del COVB<\/li>\n<li>30\/03\/2022 | Junta de Gobierno<\/li>\n<li>30\/03\/2022 | Jornada One Health organizada por el CCVC con la participaci\u00f3n del consejero de salud. | Ricard Par\u00e9s, presidente del CCVC y vicepresidente del COVB<\/li>\n<\/ul>\n<p><strong>ABRIL<\/strong><\/p>\n<ul>\n<li>4\/04\/2022 | Reuni\u00f3n con PROGATO. | Ricard Par\u00e9s. Vicepresidente.<\/li>\n<li>7\/04\/2022 | Reuni\u00f3n de Permanente (CCVC). | Ricard Par\u00e9s, presidente del CCVC y vicepresidente del COVB.<\/li>\n<li>19\/04\/2022 | Jornada \u201cOs damos la bienvenida a la profesi\u00f3n\u201d a la UAB. | Ricard Par\u00e9s. Vicepresidente.<\/li>\n<li>20\/04\/2022 | Junta de Gobierno Extraordinaria<\/li>\n<li>22\/04\/2022 | Asistencia en el Congreso de AVEPA de Zaragoza. Firma del Convenio Consejo-AVEPA. | Ricard Par\u00e9s. Vicepresidente.<\/li>\n<li>28\/04\/2022 | Junta de Gobierno<\/li>\n<\/ul>\n<p><strong>MAYO<\/strong><\/p>\n<ul>\n<li>03\/05\/2022 | Reuni\u00f3n del Consejo General de Colegios Veterinarios de Espa\u00f1a (Madrid) | Ricard Par\u00e9s. Vicepresidente.<\/li>\n<li>04\/05\/2022 | Aparici\u00f3n en Catalunya R\u00e0dio | Ricard Par\u00e9s. Vicepresidente.<\/li>\n<li>05\/05\/2022 | Acto CCVC (Homenantge Puchal) | Ricard Par\u00e9s. Vicepresidente.<\/li>\n<li>11\/05\/2022 | Junta de Gobierno<\/li>\n<li>13\/05\/2022 | Acto de conmemoraci\u00f3n de los 25 a\u00f1os del Consejo Andaluz de Colegios Oficiales de Veterinarios a Sevilla. | Ricard Par\u00e9s. Vicepresidente.<\/li>\n<li>20\/05\/2022 | Reuni\u00f3n con la Diputaci\u00f3n de Barcelona (En representaci\u00f3n del CCVC). | Ricard Par\u00e9s, presidente del CCVC y vicepresidente del COVB.<\/li>\n<\/ul>\n<p><strong>JUNIO<\/strong><\/p>\n<ul>\n<li>01\/06\/2022 | Permanente (Consejo) | Ricard Par\u00e9s, presidente del CCVC y vicepresidente del COVB.<\/li>\n<li>02\/06\/2022 | Junta de Gobierno.<\/li>\n<li>02\/06\/2022 | Reuni\u00f3n con la Diputaci\u00f3n de Tarragona. (En representaci\u00f3n del CCVC) | Ricard Par\u00e9s. Vicepresidente.<\/li>\n<li>4-5\/06\/2022 | Reuni\u00f3n al Colegio Oficial de Veterinarios de Pontevedra | Ricard Par\u00e9s. Vicepresidente.<\/li>\n<li>08\/06\/2022| Asamblea General Ordinaria y Extraordinaria del COVB.<\/li>\n<li>28\/06\/2022| Reuni\u00f3n con la Diputaci\u00f3n de Lleida. (En representaci\u00f3n del CCVC) | Ricard Par\u00e9s. Vicepresidente.<\/li>\n<li>17\/06\/2022 | Firma del convenio por personas sin hogar con el Ayuntamiento de Barcelona. | Ricard Par\u00e9s. Vicepresidente.<\/li>\n<\/ul>\n<p><strong>JULIO<\/strong><\/p>\n<ul>\n<li>1\/07\/2022| Reuni\u00f3n con la Diputaci\u00f3n de Girona. (En representaci\u00f3n del CCVC). | Ricard Par\u00e9s, presidente del CCVC y vicepresidente del COVB.<\/li>\n<li>08\/07\/2022| Reuni\u00f3n con el Comit\u00e9 Cient\u00edfico de la Y Jornada Veterinaria de Barcelona. | Ricard Par\u00e9s. Vicepresidente.<\/li>\n<li>13\/07\/2022 | Junta de Gobierno. | Ricard Par\u00e9s. Vicepresidente.<\/li>\n<li>14\/07\/2022| Firma del convenio de colaboraci\u00f3n con el Ayuntamiento de Badalona. | Ricard Par\u00e9s, presidente del CCVC y vicepresidente del COVB.<\/li>\n<li>16\/07\/2022 | Asamblea con los Presidentes del Consejo General de Colegios Veterinarios de Espa\u00f1a| Ricard Par\u00e9s. Vicepresidente.<\/li>\n<li>19\/07\/2022 | Reuni\u00f3n con el Colegio Oficial de Farmac\u00e9uticos de Barcelona. | Ricard Par\u00e9s. Vicepresidente.<\/li>\n<li>29\/07\/2022 | Reuni\u00f3n Departamento de Salud. (En representaci\u00f3n del CCVC) | Ricard Par\u00e9s, presidente del CCVC y vicepresidente del COVB.<\/li>\n<\/ul>\n<p><strong>AGOSTO<\/strong><\/p>\n<ul>\n<li>09\/08\/2022 | Reuni\u00f3n CCVC\u00a0 con Comunicacio y el departamento de Gesti\u00f3n T\u00e9cnica. | Ricard Par\u00e9s. Vicepresidente.<\/li>\n<li>30\/08\/2022 | Permanente (CCVC) | Ricard Par\u00e9s. Vicepresidente.<\/li>\n<\/ul>\n<p><strong>SEPTIEMBRE<\/strong><\/p>\n<ul>\n<li>13\/09\/2022 | II Jornada formativa \u201cOs damos la bienvenida a la profesi\u00f3n\u201d organizada por el CCVC dentro del convenio con la Facultad de Veterinaria de la UAB. ) | Ricard Par\u00e9s, presidente del CCVC y vicepresidente del COVB.<\/li>\n<li>15-17\/09\/2022 | I Congreso Internacional de Sanidad y Bienestar en Le\u00f3n. | Ricard Par\u00e9s. Vicepresidente.<\/li>\n<li>18\/09\/2022 | I Jornada solidaria por el medio ambiente para conmemorar el D\u00eda Mundial de las Playas y a la posterior visita al CRAM. \u00a0| Ricard Par\u00e9s. Vicepresidente.<\/li>\n<li>22\/09\/2022 | Junta de Gobierno | Ricard Par\u00e9s. Vicepresidente.<\/li>\n<li>23\/09\/2022 | Acto de celebraci\u00f3n de los 50 a\u00f1os del spAm a Matar\u00f3. | Ricard Par\u00e9s. Vicepresidente.<\/li>\n<li>28\/09\/2022 | Reuni\u00f3n con el Jurado de los Premios VETS 2022 | Ricard Par\u00e9s. Vicepresidente.<\/li>\n<\/ul>\n<p><strong>OCTUBRE<\/strong><\/p>\n<ul>\n<li>02\/10\/2022 | I Torneo de P\u00e1del del COVB\u00a0\u00a0| Ricard Par\u00e9s. Vicepresidente.<\/li>\n<li>02\/10\/2022 | Jornada de presentaci\u00f3n del Anteproyecto de Ley de Protecci\u00f3n, Derechos y Bienestar de los Animales y de la Red de Ayuntamientos para la Protecci\u00f3n Animal (RAPA). | Ricard Par\u00e9s. Vicepresidente.<\/li>\n<li>15-16 \/10\/2022| Feria Mascoting 2022. | Ricard Par\u00e9s. Vicepresidente.<\/li>\n<li>18\/10\/2022 | Junta de Gobierno<\/li>\n<li>22\/10\/2022 | II Jornada #vinculosquedanvida en el Colegio Oficial de Veterinarios de Barcelona. | Ricard Par\u00e9s. Vicepresidente.<\/li>\n<li>28\/10\/2022 | Junta de Gobierno Extraordinaria<\/li>\n<\/ul>\n<p><strong>NOVIEMBRE<\/strong><\/p>\n<ul>\n<li>12\/11\/2022| I Jornada Veterinaria de Barcelona. | Ricard Par\u00e9s. Vicepresidente.<\/li>\n<li>23\/11\/2022| Asamblea General Ordinaria y Extraordinaria del \u201cCOVB\u201d<\/li>\n<li>30\/11\/2022 | Jornada de la Asociaci\u00f3n de Veterinarios de Porcino de Catalu\u00f1a | Ricard Par\u00e9s. Vicepresidente.<\/li>\n<li>30\/11\/2022 | Sesi\u00f3n de bienvenida a nuevos colegiados y nuevas colegiadas | Ricard Par\u00e9s. Vicepresidente.<\/li>\n<li>30\/11\/2022 | 9.\u00ba Concurso Fotograf\u00eda \u00bb El mundo animal\u201d | Ricard Par\u00e9s. Vicepresidente.<\/li>\n<\/ul>\n<p><strong>DICIEMBRE<\/strong><\/p>\n<ul>\n<li>01\/12\/2022 | Reuni\u00f3n con Sra. Carla Cornell\u00e0, presidenta de FAADA. | Ricard Par\u00e9s. Vicepresidente.<\/li>\n<li>13\/12\/2022 | Reuni\u00f3n con el Jurado de los Premios VETS 2022. | Ricard Par\u00e9s. Vicepresidente.<\/li>\n<li>17\/12\/2022 | Asamblea de Presidentes del\u00a0Consejo\u00a0General de\u00a0Colegios\u00a0Veterinarios\u00a0de Espa\u00f1a| Ricard\u00a0Par\u00e9s. Vicepresidente.<\/li>\n<\/ul>\n<p>&nbsp;<\/p>\n<p>&nbsp;<\/p>\n<h3><strong>A\u00d1O 2021<\/strong><\/h3>\n<p>&nbsp;<\/p>\n<p><strong>ENERO<\/strong><\/p>\n<ul>\n<li>21\/01\/2021 | Reuni\u00f3n comunicaci\u00f3n Fundaci\u00f3n Galatea | 16:00h | Modalidad en l\u00ednea | Asistentes: Marta Legido (tesorera) y Ricard Par\u00e9s (vicepresidente).<\/li>\n<li>27\/01\/2021 | Reuni\u00f3n de la Permanente del Consell de Col\u00b7legis Veterinarios de Catalu\u00f1a | 16:00h | Asistente: Ricard Par\u00e9s (vicepresidente).<\/li>\n<li>28\/01\/2021 | Reuni\u00f3n telem\u00e1tica con el Miniseri de Agricultura sobre el veterinario de explotaci\u00f3n | Asistente: Ricard Par\u00e9s (vicepresidente) en representaci\u00f3n del Consejo.<\/li>\n<li>28\/01\/2021 | Acto de la Academia de Ciencias Veterinarias de Catalu\u00f1a | 18:00h.<\/li>\n<li>28\/01\/2021 | Reuni\u00f3n Comit\u00e9 Cient\u00edfico y de \u00c9tica del Zoo | 18:00h | Asistentes: Marta Legido (tesorera).<\/li>\n<\/ul>\n<p><strong>FEBRERO<\/strong><\/p>\n<ul>\n<li>1\/02\/2021 | Reuni\u00f3n con la Directora del CReSA. Renovaci\u00f3n del convenio Consejo- del CReSA para lo estudio de SARS-COV-2 \u00a0en muestras de animales | Ricard Par\u00e9s. Vicepresidente del COVB.<\/li>\n<li>2\/02\/2021 | Participaci\u00f3n en la reuni\u00f3n del Consejo con la decana de la facultad de veterinaria de la UAB. Competencias de la profesi\u00f3n veterinaria e intrusismo profesional | Vicepresidente del COVB.<\/li>\n<li>3\/02\/2021 | Reuni\u00f3n interna en el COVB | Vicepresidente del COVB.<\/li>\n<\/ul>\n<p><strong>MARZO<\/strong><\/p>\n<ul>\n<li>8\/03\/2021 | Reuni\u00f3n de Plenario en el Consell. | Ricard Par\u00e9s (Vicepresidente)<\/li>\n<li>9\/03\/2021 | Reuni\u00f3n con veterinarios de Acupuntura. | Ricard Par\u00e9s (Vicepresidente)<\/li>\n<li>10\/03\/2021 | Reuni\u00f3n con el Ayuntamiento de Sant Cugat para presentar convenios del Consejo con Ayuntamientos. | Ricard Par\u00e9s (Vicepresidente).<\/li>\n<li>11\/03\/2021 | Reuni\u00f3n del Comit\u00e9 de Veterinarios por la Protecci\u00f3n de los Animales. | Ricard Par\u00e9s (Vicepresidente).<\/li>\n<li>24\/03\/21 | Assambleas de Colgiados (Ordinaria y Extraordinaria)<\/li>\n<li>24\/03\/21 |\u00a0Reuni\u00f3n\u00a0Junta de\u00a0Gobierno\u00a0del\u00a0COVB<\/li>\n<\/ul>\n<p><strong>ABRIL<\/strong><\/p>\n<ul>\n<li>16\/04\/2021 | Firma del convenio del Comit\u00e9 de protecci\u00f3n del COVB con el ICAB. | Ricard Par\u00e9s. Vicepresidente.<\/li>\n<li>20\/04\/2021 | Reuni\u00f3n previa del Consejo sobre veterinario de explotaci\u00f3n. | Ricard Par\u00e9s. Vicepresidente.<\/li>\n<li>21\/04\/2021 | Reuni\u00f3n de Junta del COVB. | Ricard Par\u00e9s. Vicepresidente.<\/li>\n<li>26\/04\/2021 | Reuni\u00f3n de la Permanente al Consejo de Veterinarios de Catalu\u00f1a. | \u00a0Ricard Par\u00e9s. Vicepresidente.<\/li>\n<li>28\/04\/2021 | Acto de la Academia de Ciencias Veterinarias de Catalu\u00f1a. Ricard\u00a0Par\u00e9s. Vicepresidente.<\/li>\n<\/ul>\n<p><strong><span lang=\"CA\">MAYO<\/span><\/strong><u><\/u><\/p>\n<ul>\n<li>18\/05\/2021 | Plenario del Consejo de Colegios Veterinarios de Catalu\u00f1a. | Ricard Par\u00e9s. Vicepresidente.<\/li>\n<li>20\/05\/2021 | Reuni\u00f3n en l\u00ednea de la Interritorial del Consejo General de Colegios Veterinarios de Espa\u00f1a | Ricard Par\u00e9s. Vicepresidente.<\/li>\n<li>21\/05\/2021 | Reuni\u00f3n en l\u00ednea del Consell de Col\u00b7legis Veterinaris de Catalunya con la Diputaci\u00f3n de Barcelona. | Ricard Par\u00e9s. Vicepresidente.<\/li>\n<li>22\/05\/2021 | Elecciones nuevo vocal de la Junta del Consejo General de Colegios Veterinarios de Espa\u00f1a (Mesa electoral a Madrid). | Ricard Par\u00e9s. Vicepresidente.<\/li>\n<li>25\/05\/2021 | Reuni\u00f3n con el Ayuntamiento de Terrassa. Ricard Par\u00e9s. Vicepresidente.<\/li>\n<li>26\/05\/2021 |\u00a0Reuni\u00f3n\u00a0de Junta de\u00a0Gobierno\u00a0del\u00a0COVB. Ricard\u00a0Par\u00e9s.\u00a0Vicepresidente.<\/li>\n<\/ul>\n<p><strong>JUNIO<\/strong><\/p>\n<ul>\n<li>07\/06\/2021 | 9.00 horas &#8211; Reuni\u00f3n del Consell de Col\u00b7legis Veterinaris de Catalu\u00f1a con la Subdirecci\u00f3n de Ganader\u00eda del Departamento de Agricultura de la Generalitat de Catalu\u00f1a. | Ricard Par\u00e9s. Vicepresidente.<\/li>\n<li>07\/06\/2021 | 11.00 horas &#8211; Reuni\u00f3n con la periodista Divina Beas de EFE | Ricard Par\u00e9s. Vicepresidente.<\/li>\n<li>09\/06\/2021 | 10.30 horas &#8211; Comparecencia en el Departamento de Trabajo (caso Marta Palau). | Ricard Par\u00e9s. Vicepresidente.<\/li>\n<li>09\/06\/2021 | 13.45 horas &#8211; Comer con el Sr. Joaquim Aragon\u00e8s de AVEPA | \u00a0Ricard Par\u00e9s. Vicepresidente. I\u00f1igo Lyon. Secretario y Manel Oms. Vocal de Junta del COVB<\/li>\n<li>09\/06\/2021 | 17.00 horas &#8211; 2.\u00aa edici\u00f3n del Curso de Antibi\u00f3ticos organizado por el Consll de Col\u00b7legis Veterinaris de Catalunya con el Sr. Carles Crist\u00f2for, UAB. | Ricard Par\u00e9s. Vicepresidente.<\/li>\n<li>10\/06\/2021 | Reuni\u00f3n del Comit\u00e9 de Deontolog\u00eda (miembros entrantes y salientes). Ricard Par\u00e9s. Vicepresidente.<\/li>\n<li>15\/06\/2021 | 9.00 horas &#8211; Reuni\u00f3n Permanente del Consejo de Colegios Veterinarios de Catalu\u00f1a (Temas a tratar: convenio con AVHIC) | Ricard Par\u00e9s. Vicepresidente.<\/li>\n<li>15\/06\/2021 | Reuni\u00f3n con el Comit\u00e9 de la Veterinaria para la Protecci\u00f3n de los Animales | Ricard Par\u00e9s. Vicepresidente.<\/li>\n<li>16\/06\/2021 | Prueba de la asamblea con Councilbox | Ricard Par\u00e9s. Vicepresidente.<\/li>\n<li>16\/06\/2021 | 15.30 horas &#8211; Reuni\u00f3n con Medicorasse (Temas a tratar. Seguro de vida) | \u00a0Ricard Par\u00e9s. Vicepresidente.<\/li>\n<li>16\/06\/2021 | 17.00 horas &#8211; 2.\u00aa edici\u00f3n del Curso de Antibi\u00f3ticos organizado por el Consejo de Colegios Veterinarios de Catalu\u00f1a con el Sr. Jordi Balielles | Ricard Par\u00e9s. Vicepresidente.<\/li>\n<li>17\/06\/2021 | Reuni\u00f3n del Comit\u00e9 de Deontolog\u00eda. Ricard Par\u00e9s. Vicepresidente.<\/li>\n<\/ul>\n<p><strong>OCTUBRE<\/strong><\/p>\n<ul>\n<li>18\/10\/2021 | 15:00 h. Reuni\u00f3n con Sandra Guaita, diputada del PSC al Congr\u00e9s de los Diputados de Madrid. Es la ponente del PSC por la ley de protecci\u00f3n animal.<\/li>\n<li>20\/10\/2021 | Reuni\u00f3n interna con I\u00f1igo.<\/li>\n<li>20\/10\/2021 | 16:00 h. Reuni\u00f3n de Permamnent del Consejo.<\/li>\n<li>23\/10\/2021 | COMIDA DE ST FRANCESC<\/li>\n<\/ul>\n<p><strong>NOVIEMBRE<\/strong><\/p>\n<ul>\n<li>16\/11\/2021 | Reuni\u00f3n de Permanente del Consejo<\/li>\n<li>17\/11\/2021 | 18:30 h: REUNI\u00d3N DE FOCUS GROUP 3 con veterinarios colegiados.<\/li>\n<li>18\/11\/2021 | 18:30 h: REUNI\u00d3N DE FOCUS GROUP 2 con veterinarios colegiados.<\/li>\n<li>19\/11\/2021 | 10:00 h: Reuni\u00f3n de los Presidentas del Consejo con Carmen Cabezas, Secretar\u00eda de Salud P\u00fablica del Departamento de Sanidad.<\/li>\n<li>22\/11\/2021 | 12:00 h: Firma del Convenio de colaboraci\u00f3n entre el Consejo de Colegios Veterinarios de Catalu\u00f1a y la Facultad de Veterinaria de la UAB.<\/li>\n<li>24\/11\/2021 |\u00a0Asamblea\u00a0del\u00a0COVB\u00a0(encomendera\u00a0y\u00a0extraordinaria)<\/li>\n<\/ul>\n<p><strong>DICIEMBRE<\/strong><\/p>\n<ul>\n<li>09\/12\/2021 | 11:00 h: Reuni\u00f3n en el COVB con Imma Cerv\u00f3s, gerente de la regi\u00f3n sanitaria del Servicio Catalana de la Salud en la Catalu\u00f1a Central.<\/li>\n<li>15\/12\/2021 | 11:00 h: Reuni\u00f3n de los a presidentes del Consejo con el director general de Protecci\u00f3 animal.<\/li>\n<li>15\/12\/2021 | 18:30 h: Reuni\u00f3n del Jurado de los Premis Vet.<\/li>\n<li>18\/12\/2021 | Asamblea general del\u00a0Consejo\u00a0a Madrid<\/li>\n<\/ul>\n<p>&nbsp;<\/p>\n<h3><strong>A\u00d1O 2020<\/strong><\/h3>\n<p>&nbsp;<\/p>\n<p><strong>ENERO<\/strong><\/p>\n<p><strong>FEBRERO<\/strong><\/p>\n<ul>\n<li>06\/02\/20 | Consejo Municipal de Convivencia, Defensa y Protecci\u00f3n de los Animales de Barcelona | Edificio Nov\u00edssim | Asistente: Ricard Par\u00e9s.<\/li>\n<\/ul>\n<p><strong>MARZO<\/strong><\/p>\n<p><strong>ABRIL<\/strong><\/p>\n<p><strong>MAYO<\/strong><\/p>\n<p><strong>JUNIO<\/strong><\/p>\n<ul>\n<li>22\/06\/20 | Visita DG Derechos Animales, entidades del Consejo\u00a0Municipal de Convivencia, Defensa y Protecci\u00f3n de los Animales de Barcelona | Edificio Nov\u00edssim | Asistente: Marta Legido.<\/li>\n<\/ul>\n<p><strong>JULIO<\/strong><\/p>\n<ul>\n<li>09\/07\/20 | Consejo Municipal de Convivencia, Defensa y Protecci\u00f3n de los Animales de Barcelona | Edificio Nov\u00edssim | Asistente: Marta Legido.<\/li>\n<li>17\/07\/20 | Comisi\u00f3n de Bienestar Animal de Terrassa | Centro C\u00edvico President Maci\u00e0 | Asistente: Marta Legido.<\/li>\n<\/ul>\n<p><strong>AGOSTO<\/strong><\/p>\n<p><strong>SEPTIEMBRE<\/strong><\/p>\n<p><strong>OCTUBRE<\/strong><\/p>\n<p><strong>NOVIEMBRE<\/strong><\/p>\n<p><strong>DICIEMBRE<\/strong><\/p>\n","protected":false},"excerpt":{"rendered":"<p>AGENDA A\u00d1O 2026 ENERO 07-01-26\u00a0 \u00a0 \u00a0 \u00a0 \u00a0 Seguiment COVB 08-01-26\u00a0 \u00a0 \u00a0 \u00a0 \u00a0Reuni\u00f3 Consell PPA 13-01-26 \u00a0\u00a0\u00a0\u00a0\u00a0\u00a0\u00a0\u00a0 Reuni\u00f3 Consell 13-01-26\u00a0 \u00a0 \u00a0 \u00a0 \u00a0 Reuni\u00f3 Consell-ERC 13-01-26 \u00a0\u00a0\u00a0\u00a0\u00a0\u00a0\u00a0 \u00a0Permanent Consell 14-01-26 \u00a0\u00a0\u00a0\u00a0\u00a0\u00a0\u00a0\u00a0 Reuni\u00f3 COVB-Intercol\u00b7legial 14-01-26 \u00a0\u00a0\u00a0\u00a0\u00a0\u00a0\u00a0 \u00a0Reuni\u00f3 Fedefarma 15-01-26 \u00a0\u00a0\u00a0\u00a0\u00a0\u00a0\u00a0\u00a0 Reuni\u00f3 Presidents Col\u00b7legis-UVIC 19-01-26 \u00a0\u00a0\u00a0\u00a0\u00a0\u00a0\u00a0\u00a0 Reuni\u00f3 Comit\u00e8 Crisis\u00a0 -Medicaments- 20-01-26 \u00a0\u00a0\u00a0\u00a0\u00a0\u00a0\u00a0\u00a0 Seguiment [&hellip;]<\/p>\n","protected":false},"author":2282,"featured_media":0,"parent":87,"menu_order":0,"comment_status":"closed","ping_status":"closed","template":"","meta":{"_monsterinsights_skip_tracking":false,"_monsterinsights_sitenote_active":false,"_monsterinsights_sitenote_note":"","_monsterinsights_sitenote_category":0,"footnotes":""},"class_list":["post-657","page","type-page","status-publish","hentry"],"yoast_head":"<!-- This site is optimized with the Yoast SEO plugin v27.0 - https:\/\/yoast.com\/product\/yoast-seo-wordpress\/ -->\n<title>Agenda p\u00fablica de la Junta de Gobierno - COVB - Col\u00b7legi Oficial de Veterinaris de Barcelona<\/title>\n<meta name=\"description\" content=\"AGENDA A\u00d1O 2026 ENERO 07-01-26\u00a0 \u00a0 \u00a0 \u00a0 \u00a0 Seguiment COVB 08-01-26\u00a0 \u00a0 \u00a0 \u00a0 \u00a0Reuni\u00f3 Consell PPA 13-01-26 \u00a0\u00a0\u00a0\u00a0\u00a0\u00a0\u00a0\u00a0 Reuni\u00f3 Consell 13-01-26\u00a0 \u00a0 \u00a0 \u00a0 \u00a0 Reuni\u00f3\" \/>\n<meta name=\"robots\" content=\"index, follow, max-snippet:-1, max-image-preview:large, max-video-preview:-1\" \/>\n<link rel=\"canonical\" href=\"https:\/\/www.covb.cat\/es\/colegio\/agenda-publica\/\" \/>\n<meta property=\"og:locale\" content=\"es_ES\" \/>\n<meta property=\"og:type\" content=\"article\" \/>\n<meta property=\"og:title\" content=\"Agenda p\u00fablica de la Junta de Gobierno - COVB - Col\u00b7legi Oficial de Veterinaris de Barcelona\" \/>\n<meta property=\"og:description\" content=\"AGENDA A\u00d1O 2026 ENERO 07-01-26\u00a0 \u00a0 \u00a0 \u00a0 \u00a0 Seguiment COVB 08-01-26\u00a0 \u00a0 \u00a0 \u00a0 \u00a0Reuni\u00f3 Consell PPA 13-01-26 \u00a0\u00a0\u00a0\u00a0\u00a0\u00a0\u00a0\u00a0 Reuni\u00f3 Consell 13-01-26\u00a0 \u00a0 \u00a0 \u00a0 \u00a0 Reuni\u00f3\" \/>\n<meta property=\"og:url\" content=\"https:\/\/www.covb.cat\/es\/colegio\/agenda-publica\/\" \/>\n<meta property=\"og:site_name\" content=\"COVB\" \/>\n<meta property=\"article:publisher\" content=\"https:\/\/www.facebook.com\/COVBcat\/\" \/>\n<meta property=\"article:modified_time\" content=\"2026-03-31T10:21:39+00:00\" \/>\n<meta name=\"twitter:card\" content=\"summary_large_image\" \/>\n<meta name=\"twitter:site\" content=\"@COVBcat\" \/>\n<meta name=\"twitter:label1\" content=\"Tiempo de lectura\" \/>\n\t<meta name=\"twitter:data1\" content=\"26 minutos\" \/>\n<script type=\"application\/ld+json\" class=\"yoast-schema-graph\">{\"@context\":\"https:\/\/schema.org\",\"@graph\":[{\"@type\":\"WebPage\",\"@id\":\"https:\/\/www.covb.cat\/es\/colegio\/agenda-publica\/\",\"url\":\"https:\/\/www.covb.cat\/es\/colegio\/agenda-publica\/\",\"name\":\"Agenda p\u00fablica de la Junta de Gobierno - COVB - Col\u00b7legi Oficial de Veterinaris de Barcelona\",\"isPartOf\":{\"@id\":\"https:\/\/www.covb.cat\/es\/#website\"},\"datePublished\":\"2019-12-17T09:14:31+00:00\",\"dateModified\":\"2026-03-31T10:21:39+00:00\",\"description\":\"AGENDA A\u00d1O 2026 ENERO 07-01-26\u00a0 \u00a0 \u00a0 \u00a0 \u00a0 Seguiment COVB 08-01-26\u00a0 \u00a0 \u00a0 \u00a0 \u00a0Reuni\u00f3 Consell PPA 13-01-26 \u00a0\u00a0\u00a0\u00a0\u00a0\u00a0\u00a0\u00a0 Reuni\u00f3 Consell 13-01-26\u00a0 \u00a0 \u00a0 \u00a0 \u00a0 Reuni\u00f3\",\"breadcrumb\":{\"@id\":\"https:\/\/www.covb.cat\/es\/colegio\/agenda-publica\/#breadcrumb\"},\"inLanguage\":\"es\",\"potentialAction\":[{\"@type\":\"ReadAction\",\"target\":[\"https:\/\/www.covb.cat\/es\/colegio\/agenda-publica\/\"]}]},{\"@type\":\"BreadcrumbList\",\"@id\":\"https:\/\/www.covb.cat\/es\/colegio\/agenda-publica\/#breadcrumb\",\"itemListElement\":[{\"@type\":\"ListItem\",\"position\":1,\"name\":\"Inici\",\"item\":\"https:\/\/www.covb.cat\/es\/\"},{\"@type\":\"ListItem\",\"position\":2,\"name\":\"Colegio\",\"item\":\"https:\/\/www.covb.cat\/es\/colegio\/\"},{\"@type\":\"ListItem\",\"position\":3,\"name\":\"Agenda p\u00fablica de la Junta de Gobierno\"}]},{\"@type\":\"WebSite\",\"@id\":\"https:\/\/www.covb.cat\/es\/#website\",\"url\":\"https:\/\/www.covb.cat\/es\/\",\"name\":\"COVB\",\"description\":\"Col\u00b7legi Oficial de Veterinaris de Barcelona\",\"publisher\":{\"@id\":\"https:\/\/www.covb.cat\/es\/#organization\"},\"potentialAction\":[{\"@type\":\"SearchAction\",\"target\":{\"@type\":\"EntryPoint\",\"urlTemplate\":\"https:\/\/www.covb.cat\/es\/?s={search_term_string}\"},\"query-input\":{\"@type\":\"PropertyValueSpecification\",\"valueRequired\":true,\"valueName\":\"search_term_string\"}}],\"inLanguage\":\"es\"},{\"@type\":\"Organization\",\"@id\":\"https:\/\/www.covb.cat\/es\/#organization\",\"name\":\"COVB\",\"url\":\"https:\/\/www.covb.cat\/es\/\",\"logo\":{\"@type\":\"ImageObject\",\"inLanguage\":\"es\",\"@id\":\"https:\/\/www.covb.cat\/es\/#\/schema\/logo\/image\/\",\"url\":\"https:\/\/www.covb.cat\/wp-content\/uploads\/2018\/07\/favicon-covb.png\",\"contentUrl\":\"https:\/\/www.covb.cat\/wp-content\/uploads\/2018\/07\/favicon-covb.png\",\"width\":512,\"height\":512,\"caption\":\"COVB\"},\"image\":{\"@id\":\"https:\/\/www.covb.cat\/es\/#\/schema\/logo\/image\/\"},\"sameAs\":[\"https:\/\/www.facebook.com\/COVBcat\/\",\"https:\/\/x.com\/COVBcat\",\"https:\/\/www.youtube.com\/user\/covbcn\"]}]}<\/script>\n<!-- \/ Yoast SEO plugin. -->","yoast_head_json":{"title":"Agenda p\u00fablica de la Junta de Gobierno - COVB - Col\u00b7legi Oficial de Veterinaris de Barcelona","description":"AGENDA A\u00d1O 2026 ENERO 07-01-26\u00a0 \u00a0 \u00a0 \u00a0 \u00a0 Seguiment COVB 08-01-26\u00a0 \u00a0 \u00a0 \u00a0 \u00a0Reuni\u00f3 Consell PPA 13-01-26 \u00a0\u00a0\u00a0\u00a0\u00a0\u00a0\u00a0\u00a0 Reuni\u00f3 Consell 13-01-26\u00a0 \u00a0 \u00a0 \u00a0 \u00a0 Reuni\u00f3","robots":{"index":"index","follow":"follow","max-snippet":"max-snippet:-1","max-image-preview":"max-image-preview:large","max-video-preview":"max-video-preview:-1"},"canonical":"https:\/\/www.covb.cat\/es\/colegio\/agenda-publica\/","og_locale":"es_ES","og_type":"article","og_title":"Agenda p\u00fablica de la Junta de Gobierno - COVB - Col\u00b7legi Oficial de Veterinaris de Barcelona","og_description":"AGENDA A\u00d1O 2026 ENERO 07-01-26\u00a0 \u00a0 \u00a0 \u00a0 \u00a0 Seguiment COVB 08-01-26\u00a0 \u00a0 \u00a0 \u00a0 \u00a0Reuni\u00f3 Consell PPA 13-01-26 \u00a0\u00a0\u00a0\u00a0\u00a0\u00a0\u00a0\u00a0 Reuni\u00f3 Consell 13-01-26\u00a0 \u00a0 \u00a0 \u00a0 \u00a0 Reuni\u00f3","og_url":"https:\/\/www.covb.cat\/es\/colegio\/agenda-publica\/","og_site_name":"COVB","article_publisher":"https:\/\/www.facebook.com\/COVBcat\/","article_modified_time":"2026-03-31T10:21:39+00:00","twitter_card":"summary_large_image","twitter_site":"@COVBcat","twitter_misc":{"Tiempo de lectura":"26 minutos"},"schema":{"@context":"https:\/\/schema.org","@graph":[{"@type":"WebPage","@id":"https:\/\/www.covb.cat\/es\/colegio\/agenda-publica\/","url":"https:\/\/www.covb.cat\/es\/colegio\/agenda-publica\/","name":"Agenda p\u00fablica de la Junta de Gobierno - COVB - Col\u00b7legi Oficial de Veterinaris de Barcelona","isPartOf":{"@id":"https:\/\/www.covb.cat\/es\/#website"},"datePublished":"2019-12-17T09:14:31+00:00","dateModified":"2026-03-31T10:21:39+00:00","description":"AGENDA A\u00d1O 2026 ENERO 07-01-26\u00a0 \u00a0 \u00a0 \u00a0 \u00a0 Seguiment COVB 08-01-26\u00a0 \u00a0 \u00a0 \u00a0 \u00a0Reuni\u00f3 Consell PPA 13-01-26 \u00a0\u00a0\u00a0\u00a0\u00a0\u00a0\u00a0\u00a0 Reuni\u00f3 Consell 13-01-26\u00a0 \u00a0 \u00a0 \u00a0 \u00a0 Reuni\u00f3","breadcrumb":{"@id":"https:\/\/www.covb.cat\/es\/colegio\/agenda-publica\/#breadcrumb"},"inLanguage":"es","potentialAction":[{"@type":"ReadAction","target":["https:\/\/www.covb.cat\/es\/colegio\/agenda-publica\/"]}]},{"@type":"BreadcrumbList","@id":"https:\/\/www.covb.cat\/es\/colegio\/agenda-publica\/#breadcrumb","itemListElement":[{"@type":"ListItem","position":1,"name":"Inici","item":"https:\/\/www.covb.cat\/es\/"},{"@type":"ListItem","position":2,"name":"Colegio","item":"https:\/\/www.covb.cat\/es\/colegio\/"},{"@type":"ListItem","position":3,"name":"Agenda p\u00fablica de la Junta de Gobierno"}]},{"@type":"WebSite","@id":"https:\/\/www.covb.cat\/es\/#website","url":"https:\/\/www.covb.cat\/es\/","name":"COVB","description":"Col\u00b7legi Oficial de Veterinaris de Barcelona","publisher":{"@id":"https:\/\/www.covb.cat\/es\/#organization"},"potentialAction":[{"@type":"SearchAction","target":{"@type":"EntryPoint","urlTemplate":"https:\/\/www.covb.cat\/es\/?s={search_term_string}"},"query-input":{"@type":"PropertyValueSpecification","valueRequired":true,"valueName":"search_term_string"}}],"inLanguage":"es"},{"@type":"Organization","@id":"https:\/\/www.covb.cat\/es\/#organization","name":"COVB","url":"https:\/\/www.covb.cat\/es\/","logo":{"@type":"ImageObject","inLanguage":"es","@id":"https:\/\/www.covb.cat\/es\/#\/schema\/logo\/image\/","url":"https:\/\/www.covb.cat\/wp-content\/uploads\/2018\/07\/favicon-covb.png","contentUrl":"https:\/\/www.covb.cat\/wp-content\/uploads\/2018\/07\/favicon-covb.png","width":512,"height":512,"caption":"COVB"},"image":{"@id":"https:\/\/www.covb.cat\/es\/#\/schema\/logo\/image\/"},"sameAs":["https:\/\/www.facebook.com\/COVBcat\/","https:\/\/x.com\/COVBcat","https:\/\/www.youtube.com\/user\/covbcn"]}]}},"jetpack_sharing_enabled":true,"_links":{"self":[{"href":"https:\/\/www.covb.cat\/es\/wp-json\/wp\/v2\/pages\/657","targetHints":{"allow":["GET"]}}],"collection":[{"href":"https:\/\/www.covb.cat\/es\/wp-json\/wp\/v2\/pages"}],"about":[{"href":"https:\/\/www.covb.cat\/es\/wp-json\/wp\/v2\/types\/page"}],"author":[{"embeddable":true,"href":"https:\/\/www.covb.cat\/es\/wp-json\/wp\/v2\/users\/2282"}],"replies":[{"embeddable":true,"href":"https:\/\/www.covb.cat\/es\/wp-json\/wp\/v2\/comments?post=657"}],"version-history":[{"count":21,"href":"https:\/\/www.covb.cat\/es\/wp-json\/wp\/v2\/pages\/657\/revisions"}],"predecessor-version":[{"id":68463,"href":"https:\/\/www.covb.cat\/es\/wp-json\/wp\/v2\/pages\/657\/revisions\/68463"}],"up":[{"embeddable":true,"href":"https:\/\/www.covb.cat\/es\/wp-json\/wp\/v2\/pages\/87"}],"wp:attachment":[{"href":"https:\/\/www.covb.cat\/es\/wp-json\/wp\/v2\/media?parent=657"}],"curies":[{"name":"wp","href":"https:\/\/api.w.org\/{rel}","templated":true}]}}