{"id":4980,"date":"2021-01-21T15:57:51","date_gmt":"2021-01-21T14:57:51","guid":{"rendered":"https:\/\/www.covb.cat\/?page_id=4980"},"modified":"2021-01-21T18:31:50","modified_gmt":"2021-01-21T17:31:50","slug":"programa-assis-fundacion-galatea","status":"publish","type":"page","link":"https:\/\/www.covb.cat\/es\/colegio\/programa-assis-fundacion-galatea\/","title":{"rendered":"PROGRAMA ASS\u00cdS &#8211; FUNDACI\u00d3N GALATEA"},"content":{"rendered":"<p><strong>La atenci\u00f3n de la salud de los profesionales veterinarios<\/strong><\/p>\n<p>El COVB mantiene, con la colaboraci\u00f3n de la Fundaci\u00f3n Galatea, el Programa Ass\u00eds, el proyecto asistencial dedicado a la atenci\u00f3n de la salud de los profesionales veterinarios colegiados.<\/p>\n<p>Este recurso se ofrece a los colegiados que lo soliciten, de manera confidencial y gratuita, a trav\u00e9s del tel\u00e9fono m\u00f3vil directo 660 509 582, o llamando a la Fundaci\u00f3n Galatea al 935 678 856.<\/p>\n<p>Los profesionales veterinarios, por la naturaleza de la actividad que realizan, se enfrentan a factores espec\u00edficos de riesgo psicosocial derivados de la presi\u00f3n asistencial, la toma de decisiones situadas entre la vida y la muerte, la necesidad de actualizaci\u00f3n constante, el trabajo en organizaciones complejas o la coordinaci\u00f3n de equipos multidisciplinarios, entre otros. Estos factores, si no se gestionan de manera correcta, pueden provocar s\u00edndromes de agotamiento f\u00edsico y mental, estr\u00e9s emocional, depresi\u00f3n y otros problemas psicol\u00f3gicos.<\/p>\n<p>Para atender estas situaciones, el COVB mantiene, desde el 2011, un convenio con la Fundaci\u00f3n Galatea, organizaci\u00f3n con un modelo \u00fanico y un proyecto pionero a nivel internacional para la atenci\u00f3n y la promoci\u00f3n de los estilos de vida saludables entre los profesionales de la salud. A trav\u00e9s del Programa Ass\u00eds del COVB, y con la colaboraci\u00f3n de la Fundaci\u00f3n Galatea, se ofrece un proyecto para la rehabilitaci\u00f3n y reinserci\u00f3n laboral de los profesionales veterinarios con problemas de salud mental y adicciones.<\/p>\n<p><strong>Con la garant\u00eda de la Fundaci\u00f3n Galatea<\/strong><\/p>\n<p>La Fundaci\u00f3n Galatea fue creada en el 2001 por el Consejo de Colegios de M\u00e9dicos de Catalu\u00f1a, a ra\u00edz de la experiencia acumulada en otros programas de atenci\u00f3n y con el objetivo de velar por la salud y el bienestar de los profesionales de la salud, as\u00ed como para garantizar una mejor calidad asistencial a la ciudadan\u00eda.<\/p>\n<p>Gracias al apoyo de diversas entidades promotoras, como el COVB, la Fundaci\u00f3n Galatea ofrece programas comprometidos con la salud de los profesionales de la salud. Cuenta con el patrocinio de la compa\u00f1\u00eda Almirall y el EAP Dreta de l&#8217;Eixample, y con la colaboraci\u00f3n de Catsalut &#8211; Servei Catal\u00e0 de Salut y la Fundaci\u00f3n para la Protecci\u00f3n Social de la OMC.<\/p>\n<p><strong>Servicios del Programa Ass\u00eds del COVB \u2013 Fundaci\u00f3n Galatea<\/strong><\/p>\n<ul>\n<li>Programas asistenciales. Los programas asistenciales dan apoyo a los profesionales de la salud con enfermedades mentales o conductas de adicci\u00f3n. Los colectivos que se atienden desde los servicios de la Cl\u00ednica Galatea son: medicina, enfermer\u00eda, veterinaria, farmacia, psicolog\u00eda, odontolog\u00eda y trabajo social.<\/li>\n<li>Servicio de Apoyo Emocional a los Profesionales de la Salud (SEPS). El SEPS da respuesta a una problem\u00e1tica concreta de los profesionales de la salud que no solo aborda los trastornos mentales, sino tambi\u00e9n el malestar emocional relacionado con el ejercicio de la profesi\u00f3n.<\/li>\n<li>Programas de prevenci\u00f3n y promoci\u00f3n de la salud. En el marco de los programas de prevenci\u00f3n y promoci\u00f3n de la salud se revisan los estilos de vida y las condiciones de trabajo de los profesionales de la salud, con la finalidad de dise\u00f1ar intervenciones que ayuden a prevenir el estr\u00e9s y mejoren el bienestar y la calidad de vida.<\/li>\n<\/ul>\n<p><strong>Para m\u00e1s informaci\u00f3n y contacto:<\/strong><\/p>\n<p>Fundaci\u00f3n Galatea [http:\/\/www.fgalatea.org\/]<\/p>\n<p>Tel\u00e9fonos: 660 509 582 &#8211; 935 678 856<\/p>\n<p>&nbsp;<\/p>\n","protected":false},"excerpt":{"rendered":"<p>La atenci\u00f3n de la salud de los profesionales veterinarios El COVB mantiene, con la colaboraci\u00f3n de la Fundaci\u00f3n Galatea, el Programa Ass\u00eds, el proyecto asistencial dedicado a la atenci\u00f3n de la salud de los profesionales veterinarios colegiados. Este recurso se ofrece a los colegiados que lo soliciten, de manera confidencial y gratuita, a trav\u00e9s del [&hellip;]<\/p>\n","protected":false},"author":106,"featured_media":1588,"parent":87,"menu_order":5,"comment_status":"closed","ping_status":"closed","template":"","meta":{"_monsterinsights_skip_tracking":false,"_monsterinsights_sitenote_active":false,"_monsterinsights_sitenote_note":"","_monsterinsights_sitenote_category":0,"footnotes":""},"class_list":["post-4980","page","type-page","status-publish","has-post-thumbnail","hentry"],"yoast_head":"<!-- This site is optimized with the Yoast SEO plugin v27.0 - https:\/\/yoast.com\/product\/yoast-seo-wordpress\/ -->\n<title>PROGRAMA ASS\u00cdS - FUNDACI\u00d3N GALATEA - COVB - Col\u00b7legi Oficial de Veterinaris de Barcelona<\/title>\n<meta name=\"description\" content=\"La atenci\u00f3n de la salud de los profesionales veterinarios El COVB mantiene, con la colaboraci\u00f3n de la Fundaci\u00f3n Galatea, el Programa Ass\u00eds, el proyecto\" \/>\n<meta name=\"robots\" content=\"index, follow, max-snippet:-1, max-image-preview:large, max-video-preview:-1\" \/>\n<link rel=\"canonical\" href=\"https:\/\/www.covb.cat\/es\/colegio\/programa-assis-fundacion-galatea\/\" \/>\n<meta property=\"og:locale\" content=\"es_ES\" \/>\n<meta property=\"og:type\" content=\"article\" \/>\n<meta property=\"og:title\" content=\"PROGRAMA ASS\u00cdS - FUNDACI\u00d3N GALATEA - COVB - Col\u00b7legi Oficial de Veterinaris de Barcelona\" \/>\n<meta property=\"og:description\" content=\"La atenci\u00f3n de la salud de los profesionales veterinarios El COVB mantiene, con la colaboraci\u00f3n de la Fundaci\u00f3n Galatea, el Programa Ass\u00eds, el proyecto\" \/>\n<meta property=\"og:url\" content=\"https:\/\/www.covb.cat\/es\/colegio\/programa-assis-fundacion-galatea\/\" \/>\n<meta property=\"og:site_name\" content=\"COVB\" \/>\n<meta property=\"article:publisher\" content=\"https:\/\/www.facebook.com\/COVBcat\/\" \/>\n<meta property=\"article:modified_time\" content=\"2021-01-21T17:31:50+00:00\" \/>\n<meta property=\"og:image\" content=\"https:\/\/www.covb.cat\/wp-content\/uploads\/2020\/06\/photo-1522403236043-29876aa85962.jpg\" \/>\n\t<meta property=\"og:image:width\" content=\"1350\" \/>\n\t<meta property=\"og:image:height\" content=\"900\" \/>\n\t<meta property=\"og:image:type\" content=\"image\/jpeg\" \/>\n<meta name=\"twitter:card\" content=\"summary_large_image\" \/>\n<meta name=\"twitter:site\" content=\"@COVBcat\" \/>\n<meta name=\"twitter:label1\" content=\"Tiempo de lectura\" \/>\n\t<meta name=\"twitter:data1\" content=\"3 minutos\" \/>\n<script type=\"application\/ld+json\" class=\"yoast-schema-graph\">{\"@context\":\"https:\/\/schema.org\",\"@graph\":[{\"@type\":\"WebPage\",\"@id\":\"https:\/\/www.covb.cat\/es\/colegio\/programa-assis-fundacion-galatea\/\",\"url\":\"https:\/\/www.covb.cat\/es\/colegio\/programa-assis-fundacion-galatea\/\",\"name\":\"PROGRAMA ASS\u00cdS - FUNDACI\u00d3N GALATEA - COVB - Col\u00b7legi Oficial de Veterinaris de Barcelona\",\"isPartOf\":{\"@id\":\"https:\/\/www.covb.cat\/es\/#website\"},\"primaryImageOfPage\":{\"@id\":\"https:\/\/www.covb.cat\/es\/colegio\/programa-assis-fundacion-galatea\/#primaryimage\"},\"image\":{\"@id\":\"https:\/\/www.covb.cat\/es\/colegio\/programa-assis-fundacion-galatea\/#primaryimage\"},\"thumbnailUrl\":\"https:\/\/www.covb.cat\/wp-content\/uploads\/2020\/06\/photo-1522403236043-29876aa85962.jpg\",\"datePublished\":\"2021-01-21T14:57:51+00:00\",\"dateModified\":\"2021-01-21T17:31:50+00:00\",\"description\":\"La atenci\u00f3n de la salud de los profesionales veterinarios El COVB mantiene, con la colaboraci\u00f3n de la Fundaci\u00f3n Galatea, el Programa Ass\u00eds, el proyecto\",\"breadcrumb\":{\"@id\":\"https:\/\/www.covb.cat\/es\/colegio\/programa-assis-fundacion-galatea\/#breadcrumb\"},\"inLanguage\":\"es\",\"potentialAction\":[{\"@type\":\"ReadAction\",\"target\":[\"https:\/\/www.covb.cat\/es\/colegio\/programa-assis-fundacion-galatea\/\"]}]},{\"@type\":\"ImageObject\",\"inLanguage\":\"es\",\"@id\":\"https:\/\/www.covb.cat\/es\/colegio\/programa-assis-fundacion-galatea\/#primaryimage\",\"url\":\"https:\/\/www.covb.cat\/wp-content\/uploads\/2020\/06\/photo-1522403236043-29876aa85962.jpg\",\"contentUrl\":\"https:\/\/www.covb.cat\/wp-content\/uploads\/2020\/06\/photo-1522403236043-29876aa85962.jpg\",\"width\":1350,\"height\":900},{\"@type\":\"BreadcrumbList\",\"@id\":\"https:\/\/www.covb.cat\/es\/colegio\/programa-assis-fundacion-galatea\/#breadcrumb\",\"itemListElement\":[{\"@type\":\"ListItem\",\"position\":1,\"name\":\"Inici\",\"item\":\"https:\/\/www.covb.cat\/es\/\"},{\"@type\":\"ListItem\",\"position\":2,\"name\":\"Colegio\",\"item\":\"https:\/\/www.covb.cat\/es\/colegio\/\"},{\"@type\":\"ListItem\",\"position\":3,\"name\":\"PROGRAMA ASS\u00cdS &#8211; FUNDACI\u00d3N GALATEA\"}]},{\"@type\":\"WebSite\",\"@id\":\"https:\/\/www.covb.cat\/es\/#website\",\"url\":\"https:\/\/www.covb.cat\/es\/\",\"name\":\"COVB\",\"description\":\"Col\u00b7legi Oficial de Veterinaris de Barcelona\",\"publisher\":{\"@id\":\"https:\/\/www.covb.cat\/es\/#organization\"},\"potentialAction\":[{\"@type\":\"SearchAction\",\"target\":{\"@type\":\"EntryPoint\",\"urlTemplate\":\"https:\/\/www.covb.cat\/es\/?s={search_term_string}\"},\"query-input\":{\"@type\":\"PropertyValueSpecification\",\"valueRequired\":true,\"valueName\":\"search_term_string\"}}],\"inLanguage\":\"es\"},{\"@type\":\"Organization\",\"@id\":\"https:\/\/www.covb.cat\/es\/#organization\",\"name\":\"COVB\",\"url\":\"https:\/\/www.covb.cat\/es\/\",\"logo\":{\"@type\":\"ImageObject\",\"inLanguage\":\"es\",\"@id\":\"https:\/\/www.covb.cat\/es\/#\/schema\/logo\/image\/\",\"url\":\"https:\/\/www.covb.cat\/wp-content\/uploads\/2018\/07\/favicon-covb.png\",\"contentUrl\":\"https:\/\/www.covb.cat\/wp-content\/uploads\/2018\/07\/favicon-covb.png\",\"width\":512,\"height\":512,\"caption\":\"COVB\"},\"image\":{\"@id\":\"https:\/\/www.covb.cat\/es\/#\/schema\/logo\/image\/\"},\"sameAs\":[\"https:\/\/www.facebook.com\/COVBcat\/\",\"https:\/\/x.com\/COVBcat\",\"https:\/\/www.youtube.com\/user\/covbcn\"]}]}<\/script>\n<!-- \/ Yoast SEO plugin. -->","yoast_head_json":{"title":"PROGRAMA ASS\u00cdS - FUNDACI\u00d3N GALATEA - COVB - Col\u00b7legi Oficial de Veterinaris de Barcelona","description":"La atenci\u00f3n de la salud de los profesionales veterinarios El COVB mantiene, con la colaboraci\u00f3n de la Fundaci\u00f3n Galatea, el Programa Ass\u00eds, el proyecto","robots":{"index":"index","follow":"follow","max-snippet":"max-snippet:-1","max-image-preview":"max-image-preview:large","max-video-preview":"max-video-preview:-1"},"canonical":"https:\/\/www.covb.cat\/es\/colegio\/programa-assis-fundacion-galatea\/","og_locale":"es_ES","og_type":"article","og_title":"PROGRAMA ASS\u00cdS - FUNDACI\u00d3N GALATEA - COVB - Col\u00b7legi Oficial de Veterinaris de Barcelona","og_description":"La atenci\u00f3n de la salud de los profesionales veterinarios El COVB mantiene, con la colaboraci\u00f3n de la Fundaci\u00f3n Galatea, el Programa Ass\u00eds, el proyecto","og_url":"https:\/\/www.covb.cat\/es\/colegio\/programa-assis-fundacion-galatea\/","og_site_name":"COVB","article_publisher":"https:\/\/www.facebook.com\/COVBcat\/","article_modified_time":"2021-01-21T17:31:50+00:00","og_image":[{"width":1350,"height":900,"url":"https:\/\/www.covb.cat\/wp-content\/uploads\/2020\/06\/photo-1522403236043-29876aa85962.jpg","type":"image\/jpeg"}],"twitter_card":"summary_large_image","twitter_site":"@COVBcat","twitter_misc":{"Tiempo de lectura":"3 minutos"},"schema":{"@context":"https:\/\/schema.org","@graph":[{"@type":"WebPage","@id":"https:\/\/www.covb.cat\/es\/colegio\/programa-assis-fundacion-galatea\/","url":"https:\/\/www.covb.cat\/es\/colegio\/programa-assis-fundacion-galatea\/","name":"PROGRAMA ASS\u00cdS - FUNDACI\u00d3N GALATEA - COVB - Col\u00b7legi Oficial de Veterinaris de Barcelona","isPartOf":{"@id":"https:\/\/www.covb.cat\/es\/#website"},"primaryImageOfPage":{"@id":"https:\/\/www.covb.cat\/es\/colegio\/programa-assis-fundacion-galatea\/#primaryimage"},"image":{"@id":"https:\/\/www.covb.cat\/es\/colegio\/programa-assis-fundacion-galatea\/#primaryimage"},"thumbnailUrl":"https:\/\/www.covb.cat\/wp-content\/uploads\/2020\/06\/photo-1522403236043-29876aa85962.jpg","datePublished":"2021-01-21T14:57:51+00:00","dateModified":"2021-01-21T17:31:50+00:00","description":"La atenci\u00f3n de la salud de los profesionales veterinarios El COVB mantiene, con la colaboraci\u00f3n de la Fundaci\u00f3n Galatea, el Programa Ass\u00eds, el proyecto","breadcrumb":{"@id":"https:\/\/www.covb.cat\/es\/colegio\/programa-assis-fundacion-galatea\/#breadcrumb"},"inLanguage":"es","potentialAction":[{"@type":"ReadAction","target":["https:\/\/www.covb.cat\/es\/colegio\/programa-assis-fundacion-galatea\/"]}]},{"@type":"ImageObject","inLanguage":"es","@id":"https:\/\/www.covb.cat\/es\/colegio\/programa-assis-fundacion-galatea\/#primaryimage","url":"https:\/\/www.covb.cat\/wp-content\/uploads\/2020\/06\/photo-1522403236043-29876aa85962.jpg","contentUrl":"https:\/\/www.covb.cat\/wp-content\/uploads\/2020\/06\/photo-1522403236043-29876aa85962.jpg","width":1350,"height":900},{"@type":"BreadcrumbList","@id":"https:\/\/www.covb.cat\/es\/colegio\/programa-assis-fundacion-galatea\/#breadcrumb","itemListElement":[{"@type":"ListItem","position":1,"name":"Inici","item":"https:\/\/www.covb.cat\/es\/"},{"@type":"ListItem","position":2,"name":"Colegio","item":"https:\/\/www.covb.cat\/es\/colegio\/"},{"@type":"ListItem","position":3,"name":"PROGRAMA ASS\u00cdS &#8211; FUNDACI\u00d3N GALATEA"}]},{"@type":"WebSite","@id":"https:\/\/www.covb.cat\/es\/#website","url":"https:\/\/www.covb.cat\/es\/","name":"COVB","description":"Col\u00b7legi Oficial de Veterinaris de Barcelona","publisher":{"@id":"https:\/\/www.covb.cat\/es\/#organization"},"potentialAction":[{"@type":"SearchAction","target":{"@type":"EntryPoint","urlTemplate":"https:\/\/www.covb.cat\/es\/?s={search_term_string}"},"query-input":{"@type":"PropertyValueSpecification","valueRequired":true,"valueName":"search_term_string"}}],"inLanguage":"es"},{"@type":"Organization","@id":"https:\/\/www.covb.cat\/es\/#organization","name":"COVB","url":"https:\/\/www.covb.cat\/es\/","logo":{"@type":"ImageObject","inLanguage":"es","@id":"https:\/\/www.covb.cat\/es\/#\/schema\/logo\/image\/","url":"https:\/\/www.covb.cat\/wp-content\/uploads\/2018\/07\/favicon-covb.png","contentUrl":"https:\/\/www.covb.cat\/wp-content\/uploads\/2018\/07\/favicon-covb.png","width":512,"height":512,"caption":"COVB"},"image":{"@id":"https:\/\/www.covb.cat\/es\/#\/schema\/logo\/image\/"},"sameAs":["https:\/\/www.facebook.com\/COVBcat\/","https:\/\/x.com\/COVBcat","https:\/\/www.youtube.com\/user\/covbcn"]}]}},"jetpack_sharing_enabled":true,"_links":{"self":[{"href":"https:\/\/www.covb.cat\/es\/wp-json\/wp\/v2\/pages\/4980","targetHints":{"allow":["GET"]}}],"collection":[{"href":"https:\/\/www.covb.cat\/es\/wp-json\/wp\/v2\/pages"}],"about":[{"href":"https:\/\/www.covb.cat\/es\/wp-json\/wp\/v2\/types\/page"}],"author":[{"embeddable":true,"href":"https:\/\/www.covb.cat\/es\/wp-json\/wp\/v2\/users\/106"}],"replies":[{"embeddable":true,"href":"https:\/\/www.covb.cat\/es\/wp-json\/wp\/v2\/comments?post=4980"}],"version-history":[{"count":0,"href":"https:\/\/www.covb.cat\/es\/wp-json\/wp\/v2\/pages\/4980\/revisions"}],"up":[{"embeddable":true,"href":"https:\/\/www.covb.cat\/es\/wp-json\/wp\/v2\/pages\/87"}],"wp:featuredmedia":[{"embeddable":true,"href":"https:\/\/www.covb.cat\/es\/wp-json\/wp\/v2\/media\/1588"}],"wp:attachment":[{"href":"https:\/\/www.covb.cat\/es\/wp-json\/wp\/v2\/media?parent=4980"}],"curies":[{"name":"wp","href":"https:\/\/api.w.org\/{rel}","templated":true}]}}