{"id":101,"date":"2018-07-17T17:25:09","date_gmt":"2018-07-17T15:25:09","guid":{"rendered":"https:\/\/www.covb.cat\/?page_id=101"},"modified":"2024-01-24T14:36:59","modified_gmt":"2024-01-24T13:36:59","slug":"que-es-el-covb","status":"publish","type":"page","link":"https:\/\/www.covb.cat\/es\/colegio\/que-es-el-covb\/","title":{"rendered":"\u00bfQu\u00e9 es el COVB?"},"content":{"rendered":"<h2><span class=\"Y2IQFc\" lang=\"es\">\u00bfQu\u00e9 es el COVB?<\/span><\/h2>\n<p>El Colegio Oficial de Veterinarios de Barcelona (COVB) est\u00e1 formado por unos 3.000 profesionales del sector veterinario. Su<strong> misi\u00f3n<\/strong> es garantizar un buen ejercicio profesional, respetuoso con los derechos y los intereses de la sociedad. Para conseguir este objetivo, se ordena el ejercicio de la profesi\u00f3n y se promueven y organizan cursos de formaci\u00f3n, acuerdos con otras entidades y conferencias sobre temas de inter\u00e9s, entre otras acciones, promoviendo la excelencia y la regulaci\u00f3n de los servicios que los veterinarios deben ofrecer.<\/p>\n<p>El<strong> objetivo<\/strong> principal del COVB es convertirse en un instrumento \u00fatil, mediante la recogida de propuestas, sugerencias, observaciones y cr\u00edticas de sus colegiados y de la ciudadan\u00eda. Adem\u00e1s, ente sus prop\u00f3sitos tambi\u00e9n destaca el de convertirse en un \u00f3rgano de consulta \u00fatil para la profesi\u00f3n.<\/p>\n<p>&nbsp;<\/p>\n<h2><span class=\"Y2IQFc\" lang=\"es\">Historia del COVB <\/span><\/h2>\n<p><span class=\"Y2IQFc\" lang=\"es\">La primera asociaci\u00f3n veterinaria de la provincia de Barcelona se fund\u00f3 en 1900, promovida por la revista La Veterinaria Catalana. Fue el embri\u00f3n del actual Colegio Oficial de Veterinarios de Barcelona (COVB), fundado en 1904, gracias al Real Decreto de la Instrucci\u00f3n General de la Salud P\u00fablica que autoriz\u00f3 la constituci\u00f3n de colegios oficiales m\u00e9dicos, farmac\u00e9uticos y veterinarios. El primer presidente del Colegio fue Manuel Mart\u00ednez, quien, cuatro a\u00f1os m\u00e1s tarde, cedi\u00f3 el puesto al cient\u00edfico y fil\u00f3sofo Ramon Turr\u00f3. El primer local social se situ\u00f3 en el primer piso del n\u00famero 22 de la calle Tallers de Barcelona. <\/span><\/p>\n<p><span class=\"Y2IQFc\" lang=\"es\">M\u00e1s de un siglo despu\u00e9s, el COVB se ha convertido en una instituci\u00f3n plena y representativa de la profesi\u00f3n veterinaria en la provincia de Barcelona. Hoy en d\u00eda, tiene personalidad jur\u00eddica propia y plena capacidad para el cumplimiento de sus fines.<\/span><\/p>\n<p>&nbsp;<\/p>\n<p><strong>Relaci\u00f3n de presidentes del COVB<\/strong><\/p>\n<div class=\"table-responsive\">\n<table>\n<tbody>\n<tr>\n<td><strong>Presidente<\/strong><\/td>\n<td><strong>Periodo<\/strong><\/td>\n<\/tr>\n<tr>\n<td>Sr. Manuel Mart\u00ednez Rabanete<\/td>\n<td>1900 \u2013 1904<\/td>\n<\/tr>\n<tr>\n<td width=\"333\">Sr. Ramon Turr\u00f3 Darder<\/td>\n<td>1904 \u2013 1914<\/td>\n<\/tr>\n<tr>\n<td width=\"333\">Sr. Francisco Sugra\u00f1\u00e9s Bardag\u00ed<\/td>\n<td>1914 \u2013 1916\u00a0i 1920 \u2013 1922<\/td>\n<\/tr>\n<tr>\n<td>Sr. Antonio Darder<\/td>\n<td>1916 \u2013 1917<\/td>\n<\/tr>\n<tr>\n<td>Sr. Cayetano L\u00f3pez L\u00f3pez<\/td>\n<td>1918 \u2013 1920<\/td>\n<\/tr>\n<tr>\n<td>Sr. Pablo Mart\u00ed Freixas<\/td>\n<td>1922 \u2013 1924<\/td>\n<\/tr>\n<tr>\n<td>Sr. Jos\u00e9 Rueda Vilanova<\/td>\n<td>1924 \u2013 1928 i\u00a01939 \u2013 1940<\/td>\n<\/tr>\n<tr>\n<td>Sr. Pedro Farreras Sampere<\/td>\n<td>1928 \u2013 1930<\/td>\n<\/tr>\n<tr>\n<td>Sr. Alberto Brugal<\/td>\n<td>1930 \u2013 1931\u00a0i 1934 \u2013 1936<\/td>\n<\/tr>\n<tr>\n<td>Sr. Joaqu\u00edn Gratac\u00f3s<\/td>\n<td>1931 \u2013 1934<\/td>\n<\/tr>\n<tr>\n<td>Sr. Jos\u00e9 Vidal Munn\u00e9 (COVC)<\/td>\n<td>1934 \u2013 1936<\/td>\n<\/tr>\n<tr>\n<td>\u00a0\u00a0\u00a0\u00a0 Delegado de la ciudad\u00a0 de Barcelona<\/td>\n<td><\/td>\n<\/tr>\n<tr>\n<td>\u00a0\u00a0\u00a0\u00a0\u00a0\u00a0\u00a0 Sr. Cirilo R. Dan\u00e9s<\/td>\n<td><\/td>\n<\/tr>\n<tr>\n<td>\u00a0\u00a0\u00a0\u00a0 Delegado de la provincia de Barcelona<\/td>\n<td><\/td>\n<\/tr>\n<tr>\n<td>\u00a0\u00a0\u00a0\u00a0\u00a0\u00a0\u00a0 Sr. Alberto Brugal<\/td>\n<td><\/td>\n<\/tr>\n<tr>\n<td>Sr. Jaume Pag\u00e8s Basach (COVC)<\/td>\n<td>1936 \u2013 1939<\/td>\n<\/tr>\n<tr>\n<td>Sr. Benigno Garc\u00eda Neira<\/td>\n<td>1940 i\u00a01943 \u2013 1944<\/td>\n<\/tr>\n<tr>\n<td>Sr. Jos\u00e9 Mar\u00eda Beltr\u00e1n<\/td>\n<td>1940 \u2013 1941<\/td>\n<\/tr>\n<tr>\n<td>Sr. Bartolom\u00e9 Palmer<\/td>\n<td>1941 \u2013 1943<\/td>\n<\/tr>\n<tr>\n<td>Sr. Jos\u00e9 Villarig<\/td>\n<td>1944 \u2013 1946<\/td>\n<\/tr>\n<tr>\n<td>Sr. Aniceto Puigdollers<\/td>\n<td>1946 \u2013 1949<\/td>\n<\/tr>\n<tr>\n<td>Sr. Alfredo Albiol Gas<\/td>\n<td>1949 \u2013 1953<\/td>\n<\/tr>\n<tr>\n<td>Sr. Antonio Riera Adroher<\/td>\n<td>1953 \u2013 1954<\/td>\n<\/tr>\n<tr>\n<td>Sr. Jos\u00e9 S\u00e9culi Brillas<\/td>\n<td>1954 \u2013 1977<\/td>\n<\/tr>\n<tr>\n<td width=\"333\">Sr. Pedro Costa Batllori<\/td>\n<td>1977 \u2013 1980<\/td>\n<\/tr>\n<tr>\n<td>Sr. Agust\u00ed Carol Foix<\/td>\n<td>1980 \u2013 1983<\/td>\n<\/tr>\n<tr>\n<td width=\"333\">Sr. Buenaventura Claveguera Claveguera<\/td>\n<td>1980 \u2013 1983 (en funciones)<\/td>\n<\/tr>\n<tr>\n<td>Sr. Francesc Monn\u00e9 Orga<\/td>\n<td>1983 \u2013 1991<\/td>\n<\/tr>\n<tr>\n<td>Sr. Joaquim Sabat\u00e9 Aranda<\/td>\n<td>1991 \u2013 1996<\/td>\n<\/tr>\n<tr>\n<td>Sr. Jaume Balagu\u00e9 Estrems<\/td>\n<td>1996 \u2013 2000<\/td>\n<\/tr>\n<tr>\n<td>Sr. Francesc Monn\u00e9 Orga<\/td>\n<td>2000 \u2013 2008<\/td>\n<\/tr>\n<tr>\n<td>Sra. Mar\u00eda Teresa Mora Ventura<\/td>\n<td>2008 \u2013 2010<\/td>\n<\/tr>\n<tr>\n<td>Sr. Emili Revilla Vallbona<\/td>\n<td>2010 \u2013 2012 (en funciones)<\/td>\n<\/tr>\n<tr>\n<td>Sr. Josep. A. G\u00f3mez Muro<\/td>\n<td>2012 \u2013 2018<\/td>\n<\/tr>\n<tr>\n<td>Sra. Marta Legido Mateo<\/td>\n<td>2018 \u2013 2019<\/td>\n<\/tr>\n<tr>\n<td>Sr. Ricard Par\u00e9s Casanova<\/td>\n<td>2019 \u20132023 (Vicepresidente)<\/td>\n<\/tr>\n<tr>\n<td>Sr. Joan Mesi\u00e0 Garc\u00eda<\/td>\n<td>2023 &#8211; Actualidad<\/td>\n<\/tr>\n<\/tbody>\n<\/table>\n<\/div>\n<p>&nbsp;<\/p>\n<h2>Missi\u00f3n y valores<\/h2>\n<pre id=\"tw-target-text\" class=\"tw-data-text tw-text-large tw-ta\" dir=\"ltr\" data-placeholder=\"Traducci\u00f3n\"><span class=\"Y2IQFc\" lang=\"es\">\u00a0<\/span><\/pre>\n","protected":false},"excerpt":{"rendered":"<p>\u00bfQu\u00e9 es el COVB? El Colegio Oficial de Veterinarios de Barcelona (COVB) est\u00e1 formado por unos 3.000 profesionales del sector veterinario. Su misi\u00f3n es garantizar un buen ejercicio profesional, respetuoso con los derechos y los intereses de la sociedad. Para conseguir este objetivo, se ordena el ejercicio de la profesi\u00f3n y se promueven y organizan [&hellip;]<\/p>\n","protected":false},"author":1,"featured_media":0,"parent":87,"menu_order":0,"comment_status":"closed","ping_status":"closed","template":"page-template-missio-valors-historia.php","meta":{"_monsterinsights_skip_tracking":false,"_monsterinsights_sitenote_active":false,"_monsterinsights_sitenote_note":"","_monsterinsights_sitenote_category":0,"footnotes":""},"class_list":["post-101","page","type-page","status-publish","hentry"],"yoast_head":"<!-- This site is optimized with the Yoast SEO plugin v27.0 - https:\/\/yoast.com\/product\/yoast-seo-wordpress\/ -->\n<title>\u00bfQu\u00e9 es el COVB? - COVB - Col\u00b7legi Oficial de Veterinaris de Barcelona<\/title>\n<meta name=\"description\" content=\"\u00bfQu\u00e9 es el COVB? El Colegio Oficial de Veterinarios de Barcelona (COVB) est\u00e1 formado por unos 3.000 profesionales del sector veterinario. Su misi\u00f3n es\" \/>\n<meta name=\"robots\" content=\"index, follow, max-snippet:-1, max-image-preview:large, max-video-preview:-1\" \/>\n<link rel=\"canonical\" href=\"https:\/\/www.covb.cat\/es\/colegio\/que-es-el-covb\/\" \/>\n<meta property=\"og:locale\" content=\"es_ES\" \/>\n<meta property=\"og:type\" content=\"article\" \/>\n<meta property=\"og:title\" content=\"\u00bfQu\u00e9 es el COVB? - COVB - Col\u00b7legi Oficial de Veterinaris de Barcelona\" \/>\n<meta property=\"og:description\" content=\"\u00bfQu\u00e9 es el COVB? El Colegio Oficial de Veterinarios de Barcelona (COVB) est\u00e1 formado por unos 3.000 profesionales del sector veterinario. Su misi\u00f3n es\" \/>\n<meta property=\"og:url\" content=\"https:\/\/www.covb.cat\/es\/colegio\/que-es-el-covb\/\" \/>\n<meta property=\"og:site_name\" content=\"COVB\" \/>\n<meta property=\"article:publisher\" content=\"https:\/\/www.facebook.com\/COVBcat\/\" \/>\n<meta property=\"article:modified_time\" content=\"2024-01-24T13:36:59+00:00\" \/>\n<meta name=\"twitter:card\" content=\"summary_large_image\" \/>\n<meta name=\"twitter:site\" content=\"@COVBcat\" \/>\n<meta name=\"twitter:label1\" content=\"Tiempo de lectura\" \/>\n\t<meta name=\"twitter:data1\" content=\"3 minutos\" \/>\n<script type=\"application\/ld+json\" class=\"yoast-schema-graph\">{\"@context\":\"https:\/\/schema.org\",\"@graph\":[{\"@type\":\"WebPage\",\"@id\":\"https:\/\/www.covb.cat\/es\/colegio\/que-es-el-covb\/\",\"url\":\"https:\/\/www.covb.cat\/es\/colegio\/que-es-el-covb\/\",\"name\":\"\u00bfQu\u00e9 es el COVB? - COVB - Col\u00b7legi Oficial de Veterinaris de Barcelona\",\"isPartOf\":{\"@id\":\"https:\/\/www.covb.cat\/es\/#website\"},\"datePublished\":\"2018-07-17T15:25:09+00:00\",\"dateModified\":\"2024-01-24T13:36:59+00:00\",\"description\":\"\u00bfQu\u00e9 es el COVB? El Colegio Oficial de Veterinarios de Barcelona (COVB) est\u00e1 formado por unos 3.000 profesionales del sector veterinario. Su misi\u00f3n es\",\"breadcrumb\":{\"@id\":\"https:\/\/www.covb.cat\/es\/colegio\/que-es-el-covb\/#breadcrumb\"},\"inLanguage\":\"es\",\"potentialAction\":[{\"@type\":\"ReadAction\",\"target\":[\"https:\/\/www.covb.cat\/es\/colegio\/que-es-el-covb\/\"]}]},{\"@type\":\"BreadcrumbList\",\"@id\":\"https:\/\/www.covb.cat\/es\/colegio\/que-es-el-covb\/#breadcrumb\",\"itemListElement\":[{\"@type\":\"ListItem\",\"position\":1,\"name\":\"Inici\",\"item\":\"https:\/\/www.covb.cat\/es\/\"},{\"@type\":\"ListItem\",\"position\":2,\"name\":\"Colegio\",\"item\":\"https:\/\/www.covb.cat\/es\/colegio\/\"},{\"@type\":\"ListItem\",\"position\":3,\"name\":\"\u00bfQu\u00e9 es el COVB?\"}]},{\"@type\":\"WebSite\",\"@id\":\"https:\/\/www.covb.cat\/es\/#website\",\"url\":\"https:\/\/www.covb.cat\/es\/\",\"name\":\"COVB\",\"description\":\"Col\u00b7legi Oficial de Veterinaris de Barcelona\",\"publisher\":{\"@id\":\"https:\/\/www.covb.cat\/es\/#organization\"},\"potentialAction\":[{\"@type\":\"SearchAction\",\"target\":{\"@type\":\"EntryPoint\",\"urlTemplate\":\"https:\/\/www.covb.cat\/es\/?s={search_term_string}\"},\"query-input\":{\"@type\":\"PropertyValueSpecification\",\"valueRequired\":true,\"valueName\":\"search_term_string\"}}],\"inLanguage\":\"es\"},{\"@type\":\"Organization\",\"@id\":\"https:\/\/www.covb.cat\/es\/#organization\",\"name\":\"COVB\",\"url\":\"https:\/\/www.covb.cat\/es\/\",\"logo\":{\"@type\":\"ImageObject\",\"inLanguage\":\"es\",\"@id\":\"https:\/\/www.covb.cat\/es\/#\/schema\/logo\/image\/\",\"url\":\"https:\/\/www.covb.cat\/wp-content\/uploads\/2018\/07\/favicon-covb.png\",\"contentUrl\":\"https:\/\/www.covb.cat\/wp-content\/uploads\/2018\/07\/favicon-covb.png\",\"width\":512,\"height\":512,\"caption\":\"COVB\"},\"image\":{\"@id\":\"https:\/\/www.covb.cat\/es\/#\/schema\/logo\/image\/\"},\"sameAs\":[\"https:\/\/www.facebook.com\/COVBcat\/\",\"https:\/\/x.com\/COVBcat\",\"https:\/\/www.youtube.com\/user\/covbcn\"]}]}<\/script>\n<!-- \/ Yoast SEO plugin. -->","yoast_head_json":{"title":"\u00bfQu\u00e9 es el COVB? - COVB - Col\u00b7legi Oficial de Veterinaris de Barcelona","description":"\u00bfQu\u00e9 es el COVB? El Colegio Oficial de Veterinarios de Barcelona (COVB) est\u00e1 formado por unos 3.000 profesionales del sector veterinario. Su misi\u00f3n es","robots":{"index":"index","follow":"follow","max-snippet":"max-snippet:-1","max-image-preview":"max-image-preview:large","max-video-preview":"max-video-preview:-1"},"canonical":"https:\/\/www.covb.cat\/es\/colegio\/que-es-el-covb\/","og_locale":"es_ES","og_type":"article","og_title":"\u00bfQu\u00e9 es el COVB? - COVB - Col\u00b7legi Oficial de Veterinaris de Barcelona","og_description":"\u00bfQu\u00e9 es el COVB? El Colegio Oficial de Veterinarios de Barcelona (COVB) est\u00e1 formado por unos 3.000 profesionales del sector veterinario. Su misi\u00f3n es","og_url":"https:\/\/www.covb.cat\/es\/colegio\/que-es-el-covb\/","og_site_name":"COVB","article_publisher":"https:\/\/www.facebook.com\/COVBcat\/","article_modified_time":"2024-01-24T13:36:59+00:00","twitter_card":"summary_large_image","twitter_site":"@COVBcat","twitter_misc":{"Tiempo de lectura":"3 minutos"},"schema":{"@context":"https:\/\/schema.org","@graph":[{"@type":"WebPage","@id":"https:\/\/www.covb.cat\/es\/colegio\/que-es-el-covb\/","url":"https:\/\/www.covb.cat\/es\/colegio\/que-es-el-covb\/","name":"\u00bfQu\u00e9 es el COVB? - COVB - Col\u00b7legi Oficial de Veterinaris de Barcelona","isPartOf":{"@id":"https:\/\/www.covb.cat\/es\/#website"},"datePublished":"2018-07-17T15:25:09+00:00","dateModified":"2024-01-24T13:36:59+00:00","description":"\u00bfQu\u00e9 es el COVB? El Colegio Oficial de Veterinarios de Barcelona (COVB) est\u00e1 formado por unos 3.000 profesionales del sector veterinario. Su misi\u00f3n es","breadcrumb":{"@id":"https:\/\/www.covb.cat\/es\/colegio\/que-es-el-covb\/#breadcrumb"},"inLanguage":"es","potentialAction":[{"@type":"ReadAction","target":["https:\/\/www.covb.cat\/es\/colegio\/que-es-el-covb\/"]}]},{"@type":"BreadcrumbList","@id":"https:\/\/www.covb.cat\/es\/colegio\/que-es-el-covb\/#breadcrumb","itemListElement":[{"@type":"ListItem","position":1,"name":"Inici","item":"https:\/\/www.covb.cat\/es\/"},{"@type":"ListItem","position":2,"name":"Colegio","item":"https:\/\/www.covb.cat\/es\/colegio\/"},{"@type":"ListItem","position":3,"name":"\u00bfQu\u00e9 es el COVB?"}]},{"@type":"WebSite","@id":"https:\/\/www.covb.cat\/es\/#website","url":"https:\/\/www.covb.cat\/es\/","name":"COVB","description":"Col\u00b7legi Oficial de Veterinaris de Barcelona","publisher":{"@id":"https:\/\/www.covb.cat\/es\/#organization"},"potentialAction":[{"@type":"SearchAction","target":{"@type":"EntryPoint","urlTemplate":"https:\/\/www.covb.cat\/es\/?s={search_term_string}"},"query-input":{"@type":"PropertyValueSpecification","valueRequired":true,"valueName":"search_term_string"}}],"inLanguage":"es"},{"@type":"Organization","@id":"https:\/\/www.covb.cat\/es\/#organization","name":"COVB","url":"https:\/\/www.covb.cat\/es\/","logo":{"@type":"ImageObject","inLanguage":"es","@id":"https:\/\/www.covb.cat\/es\/#\/schema\/logo\/image\/","url":"https:\/\/www.covb.cat\/wp-content\/uploads\/2018\/07\/favicon-covb.png","contentUrl":"https:\/\/www.covb.cat\/wp-content\/uploads\/2018\/07\/favicon-covb.png","width":512,"height":512,"caption":"COVB"},"image":{"@id":"https:\/\/www.covb.cat\/es\/#\/schema\/logo\/image\/"},"sameAs":["https:\/\/www.facebook.com\/COVBcat\/","https:\/\/x.com\/COVBcat","https:\/\/www.youtube.com\/user\/covbcn"]}]}},"jetpack_sharing_enabled":true,"_links":{"self":[{"href":"https:\/\/www.covb.cat\/es\/wp-json\/wp\/v2\/pages\/101","targetHints":{"allow":["GET"]}}],"collection":[{"href":"https:\/\/www.covb.cat\/es\/wp-json\/wp\/v2\/pages"}],"about":[{"href":"https:\/\/www.covb.cat\/es\/wp-json\/wp\/v2\/types\/page"}],"author":[{"embeddable":true,"href":"https:\/\/www.covb.cat\/es\/wp-json\/wp\/v2\/users\/1"}],"replies":[{"embeddable":true,"href":"https:\/\/www.covb.cat\/es\/wp-json\/wp\/v2\/comments?post=101"}],"version-history":[{"count":0,"href":"https:\/\/www.covb.cat\/es\/wp-json\/wp\/v2\/pages\/101\/revisions"}],"up":[{"embeddable":true,"href":"https:\/\/www.covb.cat\/es\/wp-json\/wp\/v2\/pages\/87"}],"wp:attachment":[{"href":"https:\/\/www.covb.cat\/es\/wp-json\/wp\/v2\/media?parent=101"}],"curies":[{"name":"wp","href":"https:\/\/api.w.org\/{rel}","templated":true}]}}